{"id":62,"date":"2024-08-05T09:40:36","date_gmt":"2024-08-05T09:40:36","guid":{"rendered":"https:\/\/dummy.xtemos.com\/woodmart2\/vegetables-gutenberg\/?page_id=62"},"modified":"2026-06-18T12:54:21","modified_gmt":"2026-06-18T16:54:21","slug":"home-vegetables","status":"publish","type":"page","link":"https:\/\/new.madeinmarruecos.cl\/","title":{"rendered":"Inicio"},"content":{"rendered":"\n<div class=\"wp-block-wd-row wd-7ee77f25\">\n<div class=\"wp-block-wd-column wd-78c5e11e\">\n<div class=\"wp-block-wd-slider wd-slider wd-carousel-container wd-anim-slide wd-autoplay-on wd-5cb3a331\"><div class=\"wd-carousel-inner\"><div class=\"wd-carousel wd-grid\" data-effect=\"slide\" data-wrap=\"yes\" data-autoheight=\"yes\" data-sliding_speed=\"700\" style=\"--wd-col-lg:1;--wd-col-md:1;--wd-col-sm:1;\" data-autoplay=\"yes\" data-speed=\"25000\"><div class=\"wd-carousel-wrap\">\n<div class=\"wp-block-wd-slider-item wd-slide wd-carousel-item wd-f2f65823\"><div class=\"wd-slide-container\">\n<h2 class=\"wp-block-wd-title title wd-b7269839 wd-custom-width\">Get Discounts on Fresh Vegetables &amp; Fruits<\/h2>\n\n\n\n<div class=\"wp-block-wd-container wd-dir-row wd-align-is-lg-center wd-48cd1ac4\">\n<h2 class=\"wp-block-wd-title title wd-0cb76c42 wd-custom-width\">Up to &#8211; 10%<\/h2>\n\n\n\n<div class=\"wp-block-wd-icon wd-bd101b9d\"><img decoding=\"async\" class=\"wp-image-258\" src=\"https:\/\/new.madeinmarruecos.cl\/wp-content\/uploads\/2024\/08\/vg-slider-1-label.svg\" alt=\"\"\/><\/div>\n<\/div>\n\n\n\n<div class=\"wp-block-wd-container wd-dir-row wd-dir-row-md wd-dir-row-sm wd-align-is-lg-center wd-45d9bf7d\">\n<a class=\"wp-block-wd-button btn btn-style-default btn-color-white btn-size-default btn-shape-semi-round wd-46d3b53e\" href=\"#\"><span>Shop Now<\/span><\/a>\n\n\n\n<p class=\"wp-block-wd-paragraph wd-hide-sm wd-dcf2b8d3 wd-custom-width\">Discount will apply when you order products with our delivery from 11 am &#8211; 4 pm<\/p>\n<\/div>\n<\/div><div class=\"wd-slide-bg wd-fill\"><img loading=\"lazy\" decoding=\"async\" width=\"855\" height=\"380\" src=\"https:\/\/new.madeinmarruecos.cl\/wp-content\/uploads\/2024\/08\/vg-slider-1-opt.jpg\" class=\"wp-image-257\" alt=\"\"\/><\/div><\/div>\n\n\n\n<div class=\"wp-block-wd-slider-item wd-slide wd-carousel-item wd-0b2497ac\"><div class=\"wd-slide-container\">\n<div class=\"wp-block-wd-image wd-block-image wd-077b722d\"><img decoding=\"async\" class=\"wp-image-270\" src=\"https:\/\/new.madeinmarruecos.cl\/wp-content\/uploads\/2024\/08\/vg-slider-2-label.svg\" alt=\"\"\/><\/div>\n\n\n\n<h2 class=\"wp-block-wd-title title wd-422105fb wd-custom-width\">Save up 30% on The Original Oatly milk<\/h2>\n<\/div><div class=\"wd-slide-bg wd-fill\"><img loading=\"lazy\" decoding=\"async\" width=\"855\" height=\"380\" src=\"https:\/\/new.madeinmarruecos.cl\/wp-content\/uploads\/2024\/08\/vg-slider-2-opt.jpg\" class=\"wp-image-269\" alt=\"\"\/><\/div><\/div>\n\n\n\n<div class=\"wp-block-wd-slider-item wd-slide wd-carousel-item wd-bdf11031\"><div class=\"wd-slide-container\">\n<h2 class=\"wp-block-wd-title title wd-3469ecab\">Get pack of fish at a discount<\/h2>\n\n\n\n<div class=\"wp-block-wd-container wd-dir-row wd-align-is-lg-center wd-99bf29fc\">\n<h2 class=\"wp-block-wd-title title wd-b03845eb\">Every 3rd unit<\/h2>\n\n\n\n<div class=\"wp-block-wd-image wd-block-image wd-961e8b06\"><img decoding=\"async\" class=\"wp-image-280\" src=\"https:\/\/new.madeinmarruecos.cl\/wp-content\/uploads\/2024\/08\/vg-slider-3-label.svg\" alt=\"\"\/><\/div>\n<\/div>\n\n\n\n<div class=\"wp-block-wd-divider wd-style-line wd-type-svg wd-96113b68\"><\/div>\n\n\n\n<p class=\"wp-block-wd-paragraph wd-ac74a77b\">Promotion runs 05\/10\/2024 &#8211; 15\/01\/2024<\/p>\n<\/div><div class=\"wd-slide-bg wd-fill\"><img loading=\"lazy\" decoding=\"async\" width=\"855\" height=\"380\" src=\"https:\/\/new.madeinmarruecos.cl\/wp-content\/uploads\/2024\/08\/vg-slider-3-opt.jpg\" class=\"wp-image-275\" alt=\"\"\/><\/div><\/div>\n\n\n\n<div class=\"wp-block-wd-slider-item wd-slide wd-carousel-item wd-e2d3ff65\"><div class=\"wd-slide-container\">\n<div class=\"wp-block-wd-container wd-dir-row wd-align-is-lg-center wd-align wd-3bf4ff2a\">\n<h2 class=\"wp-block-wd-title title wd-65a5032f\">Free Delivery<\/h2>\n\n\n\n<div class=\"wp-block-wd-icon wd-b50d75e9\"><img decoding=\"async\" class=\"wp-image-290\" src=\"https:\/\/new.madeinmarruecos.cl\/wp-content\/uploads\/2024\/08\/vg-slider-4-label-icon.svg\" alt=\"\"\/><\/div>\n<\/div>\n\n\n\n<h2 class=\"wp-block-wd-title title wd-align wd-0149cddd\">For Own Backed Goods<\/h2>\n\n\n\n<a class=\"wp-block-wd-button btn btn-style-default btn-color-black btn-size-default btn-shape-semi-round wd-9c58aee3\" href=\"#\"><span>Make an Order<\/span><\/a>\n<\/div><div class=\"wd-slide-bg wd-fill\"><img loading=\"lazy\" decoding=\"async\" width=\"855\" height=\"380\" src=\"https:\/\/new.madeinmarruecos.cl\/wp-content\/uploads\/2024\/08\/vg-slider-4-opt.jpg\" class=\"wp-image-289\" alt=\"\"\/><\/div><\/div>\n<\/div><\/div><div class=\"wd-nav-arrows wd-slider-arrows wd-custom-style wd-pos-sep wd-style-2 color-scheme-dark wd-hover-1\"><div class=\"wd-btn-arrow wd-prev\"><div class=\"wd-arrow-inner\"><\/div><\/div><div class=\"wd-btn-arrow wd-next\"><div class=\"wd-arrow-inner\"><\/div><\/div><\/div><\/div><div class=\"wd-nav-pagin-wrap wd-slider-pagin wd-custom-style wd-style-shape-3 wd-align color-scheme-dark\"><ul class=\"wd-nav-pagin\"><\/ul><\/div><\/div>\n<\/div>\n\n\n\n<div class=\"wp-block-wd-column wd-68cf5da5\">\n<div class=\"wp-block-wd-cover wd-hover-parent wd-align wd-hover-zoom-in wd-9c7e52a6\"><div class=\"wd-block-cover-img\"><\/div><a class=\"wd-block-cover-link wd-fill\" href=\"#\" aria-label=\"Cover link\"><\/a>\n<div class=\"wp-block-wd-container wd-dir-col wd-8a7c3692\">\n<p class=\"wp-block-wd-paragraph wd-9954a520\">SAVE UP TO 35% ON<\/p>\n\n\n\n<h2 class=\"wp-block-wd-title title wd-542a462d\">Energy Drinks<\/h2>\n\n\n\n<a class=\"wp-block-wd-button btn btn-style-link btn-size-large wd-e3298443\" href=\"#\"><span>Shop Now<\/span><\/a>\n<\/div>\n<\/div>\n<\/div>\n\n\n\n<div class=\"wp-block-wd-column wd-faf1641a\">\n<div class=\"wp-block-wd-cover wd-hover-parent wd-align wd-hover-zoom-in wd-b6d82624\"><div class=\"wd-block-cover-img\"><\/div><a class=\"wd-block-cover-link wd-fill\" href=\"#\" aria-label=\"Cover link\"><\/a>\n<div class=\"wp-block-wd-container wd-dir-col wd-f33c4c6d\">\n<p class=\"wp-block-wd-paragraph wd-7acdc47b\">GET DISCOUNT -15% ON<\/p>\n\n\n\n<h2 class=\"wp-block-wd-title title wd-80a25a76\">Plant Nuggets<\/h2>\n\n\n\n<a class=\"wp-block-wd-button btn btn-style-link btn-size-large wd-8bcfb55d\" href=\"#\"><span>Buy Now<\/span><\/a>\n<\/div>\n<\/div>\n<\/div>\n<\/div>\n\n\n\t\t<div id=\"\" class=\"wd-marquee wd-621c2848\" >\n\t\t\t<div class=\"wd-marquee-content\">\n\t\t\t\t\n\n<div class=\"wp-block-wd-marquee-item wd-marquee-item wd-16c0b13b\">\n<div class=\"wp-block-wd-icon wd-97dbff5a\"><img decoding=\"async\" class=\"wp-image-304\" src=\"https:\/\/new.madeinmarruecos.cl\/wp-content\/uploads\/2024\/08\/vg-delivery.svg\" alt=\"\"\/><\/div>\n\n\n\n<p class=\"wp-block-wd-paragraph wd-ec3997a3\">Despacho Gratis en pedidos sobre $150.000*<\/p>\n<\/div>\n\n\n\n<div class=\"wp-block-wd-marquee-item wd-marquee-item wd-055b32d1\">\n<div class=\"wp-block-wd-icon wd-5c689704\"><img decoding=\"async\" class=\"wp-image-306\" src=\"https:\/\/new.madeinmarruecos.cl\/wp-content\/uploads\/2024\/08\/vg-payment.svg\" alt=\"\"\/><\/div>\n\n\n\n<p class=\"wp-block-wd-paragraph wd-b9650d46\">Pagos con tarjetas o transferencia<\/p>\n<\/div>\n\n\n\n<div class=\"wp-block-wd-marquee-item wd-marquee-item wd-8cf53286\">\n<div class=\"wp-block-wd-icon wd-4f1d0f96\"><img decoding=\"async\" class=\"wp-image-307\" src=\"https:\/\/new.madeinmarruecos.cl\/wp-content\/uploads\/2024\/08\/vg-support.svg\" alt=\"\"\/><\/div>\n\n\n\n<p class=\"wp-block-wd-paragraph wd-aa6ff85a\">Estamos aqu\u00ed para ayudarte<\/p>\n<\/div>\n\n\t\t\t<\/div>\n\t\t\t<div class=\"wd-marquee-content\">\n\t\t\t\t\n\n<div class=\"wp-block-wd-marquee-item wd-marquee-item wd-16c0b13b\">\n<div class=\"wp-block-wd-icon wd-97dbff5a\"><img decoding=\"async\" class=\"wp-image-304\" src=\"https:\/\/new.madeinmarruecos.cl\/wp-content\/uploads\/2024\/08\/vg-delivery.svg\" alt=\"\"\/><\/div>\n\n\n\n<p class=\"wp-block-wd-paragraph wd-ec3997a3\">Despacho Gratis en pedidos sobre $150.000*<\/p>\n<\/div>\n\n\n\n<div class=\"wp-block-wd-marquee-item wd-marquee-item wd-055b32d1\">\n<div class=\"wp-block-wd-icon wd-5c689704\"><img decoding=\"async\" class=\"wp-image-306\" src=\"https:\/\/new.madeinmarruecos.cl\/wp-content\/uploads\/2024\/08\/vg-payment.svg\" alt=\"\"\/><\/div>\n\n\n\n<p class=\"wp-block-wd-paragraph wd-b9650d46\">Pagos con tarjetas o transferencia<\/p>\n<\/div>\n\n\n\n<div class=\"wp-block-wd-marquee-item wd-marquee-item wd-8cf53286\">\n<div class=\"wp-block-wd-icon wd-4f1d0f96\"><img decoding=\"async\" class=\"wp-image-307\" src=\"https:\/\/new.madeinmarruecos.cl\/wp-content\/uploads\/2024\/08\/vg-support.svg\" alt=\"\"\/><\/div>\n\n\n\n<p class=\"wp-block-wd-paragraph wd-aa6ff85a\">Estamos aqu\u00ed para ayudarte<\/p>\n<\/div>\n\n\t\t\t<\/div>\n\t\t<\/div>\n\t\t\n\n\n<div class=\"wp-block-wd-section wd-e7bdb61c\">\n<div class=\"wp-block-wd-container wd-dir-col wd-bc45ca9d\">\n<div class=\"wp-block-wd-collapsible-content wd-effect-fade wd-dad2128b\">\n<div class=\"wp-block-wd-container wd-dir-col wd-e5f61853\">\n<h2 class=\"wp-block-wd-title title wd-b59225cd\">Made in Marruecos &#8211; Artesan\u00eda de Origen.<\/h2>\n\n\n\n<p class=\"wp-block-wd-paragraph wd-b1699a85\"><\/p>\n\n\n\n<p class=\"wp-block-wd-paragraph wd-016194bc\">Enam\u00f3rate de nuestra artesan\u00eda \u00fanica y hecha a mano, directamente desde el m\u00e1gico\u00a0<strong>Marruecos<\/strong>. En\u00a0<strong>Made in Marruecos<\/strong>\u00a0cada pieza es seleccionada con esmero, reflejando la pasi\u00f3n y el talento de los artesanos marroqu\u00edes. Desde elegantes\u00a0<a href=\"https:\/\/www.madeinmarruecos.cl\/deco\/alfombras-beniourain\/\"><strong>alfombras Beni Ourain<\/strong><\/a>\u00a0y\u00a0<a href=\"https:\/\/www.madeinmarruecos.cl\/deco\/alfombra-vintage\/\"><strong>alfombras vintage<\/strong><\/a>, hasta magn\u00edficos\u00a0<a href=\"https:\/\/www.madeinmarruecos.cl\/chile\/cojines\/\"><strong>cojines<\/strong><\/a>,\u00a0<a href=\"https:\/\/www.madeinmarruecos.cl\/chile\/mantas-y-pieceras\/\"><strong>mantas<\/strong><\/a>,\u00a0<strong><a href=\"https:\/\/www.madeinmarruecos.cl\/chile\/puffs-de-cuero\/\">puffs de cuero<\/a>,\u00a0<a href=\"https:\/\/www.madeinmarruecos.cl\/chile\/teteras\/\">teteras<\/a>,\u00a0<a href=\"https:\/\/www.madeinmarruecos.cl\/chile\/belleza\/\">cosm\u00e9tica marroqu\u00ed\u00a0<\/a><\/strong>y m\u00e1s.<\/p>\n\n\n\n<p class=\"wp-block-wd-paragraph wd-e30669d4\">\u00a1Haz que t\u00fa y tu hogar brillen con la belleza y la autenticidad de\u00a0<strong>Made in Marruecos<\/strong>!<\/p>\n\n\n\n<h3 class=\"wp-block-wd-title title wd-6637f15b\"><strong>En Made in Marruecos realizamos env\u00edos a TODO Chile y el mundo.<\/strong><\/h3>\n<\/div>\n<\/div>\n<\/div>\n<\/div>\n\n\n\n\n\n<h2 class=\"wp-block-wd-title title wd-58fc4293\">Categorias principales<\/h2>\n\n\n\t\t\t\t<div class=\"products wd-carousel-container wd-cats-element  wd-03f44902 wd-img-width wd-products-with-bg wd-cats\">\n\t\t\t\t\t<div class=\"wd-carousel-inner\">\n\t\t\t\t\t\t<div class=\"wd-carousel wd-grid\" data-scroll_per_page=\"yes\" style=\"--wd-col-lg:4;--wd-col-md:2;--wd-col-sm:1;--wd-gap-lg:20px;--wd-gap-sm:10px;\">\n\t\t\t\t\t\t\t<div class=\"wd-carousel-wrap\">\n\t\t\t\t\t\t\t\t\t\t\t\t\t\t\t\t\t<div class=\"wd-carousel-item\">\n\t\t\t\t\t\t\t\t\t\t\n<div class=\"wd-cat cat-design-side without-product-count wd-with-subcat product-category product first\" data-loop=\"1\">\n\t\t\t<div class=\"wd-cat-wrap\">\n\t\n\t<div class=\"wd-cat-inner\">\n\t\t<a class=\"wd-fill\" href=\"https:\/\/new.madeinmarruecos.cl\/?product_cat=puffs-de-cuero\" aria-label=\"Puffs de Cuero\"><\/a>\n\t\t<div class=\"wd-cat-thumb\">\n\t\t\t\t\t\t<div class=\"wd-cat-image\">\n\t\t\t\t\n\t\t\t\t<img loading=\"lazy\" decoding=\"async\" width=\"1200\" height=\"1200\" src=\"https:\/\/new.madeinmarruecos.cl\/wp-content\/uploads\/woocommerce-placeholder.webp\" class=\"woocommerce-placeholder wp-post-image\" alt=\"Marcador\" \/>\t\t\t<\/div>\n\t\t<\/div>\n\t\t<div class=\"wd-cat-content\">\n\t\t\t<div class=\"wd-cat-header\">\n\t\t\t\t<h3 class=\"wd-entities-title\">\n\t\t\t\t\t<a href=\"https:\/\/new.madeinmarruecos.cl\/?product_cat=puffs-de-cuero\">\n\t\t\t\t\t\tPuffs de Cuero\t\t\t\t\t<\/a>\n\t\t\t\t<\/h3>\n\n\t\t\t\t\t\t\t<\/div>\n\n\t\t\t\t\t<\/div>\n\t<\/div>\n\n\t\t\t<\/div>\n\t<\/div>\n\t\t\t\t\t\t\t\t\t<\/div>\n\t\t\t\t\t\t\t\t\t\t\t\t\t\t\t\t\t<div class=\"wd-carousel-item\">\n\t\t\t\t\t\t\t\t\t\t\n<div class=\"wd-cat cat-design-side without-product-count wd-with-subcat product-category product\" data-loop=\"2\">\n\t\t\t<div class=\"wd-cat-wrap\">\n\t\n\t<div class=\"wd-cat-inner\">\n\t\t<a class=\"wd-fill\" href=\"https:\/\/new.madeinmarruecos.cl\/?product_cat=mantas-y-pieceras\" aria-label=\"Mantas y Pieceras\"><\/a>\n\t\t<div class=\"wd-cat-thumb\">\n\t\t\t\t\t\t<div class=\"wd-cat-image\">\n\t\t\t\t\n\t\t\t\t<img loading=\"lazy\" decoding=\"async\" width=\"1200\" height=\"1200\" src=\"https:\/\/new.madeinmarruecos.cl\/wp-content\/uploads\/woocommerce-placeholder.webp\" class=\"woocommerce-placeholder wp-post-image\" alt=\"Marcador\" \/>\t\t\t<\/div>\n\t\t<\/div>\n\t\t<div class=\"wd-cat-content\">\n\t\t\t<div class=\"wd-cat-header\">\n\t\t\t\t<h3 class=\"wd-entities-title\">\n\t\t\t\t\t<a href=\"https:\/\/new.madeinmarruecos.cl\/?product_cat=mantas-y-pieceras\">\n\t\t\t\t\t\tMantas y Pieceras\t\t\t\t\t<\/a>\n\t\t\t\t<\/h3>\n\n\t\t\t\t\t\t\t<\/div>\n\n\t\t\t\t\t<\/div>\n\t<\/div>\n\n\t\t\t<\/div>\n\t<\/div>\n\t\t\t\t\t\t\t\t\t<\/div>\n\t\t\t\t\t\t\t\t\t\t\t\t\t\t\t\t\t<div class=\"wd-carousel-item\">\n\t\t\t\t\t\t\t\t\t\t\n<div class=\"wd-cat cat-design-side without-product-count wd-with-subcat product-category product\" data-loop=\"3\">\n\t\t\t<div class=\"wd-cat-wrap\">\n\t\n\t<div class=\"wd-cat-inner\">\n\t\t<a class=\"wd-fill\" href=\"https:\/\/new.madeinmarruecos.cl\/?product_cat=alfombrasstock-chile\" aria-label=\"Alfombras&gt;Stock Chile\"><\/a>\n\t\t<div class=\"wd-cat-thumb\">\n\t\t\t\t\t\t<div class=\"wd-cat-image\">\n\t\t\t\t\n\t\t\t\t<img loading=\"lazy\" decoding=\"async\" width=\"1200\" height=\"1200\" src=\"https:\/\/new.madeinmarruecos.cl\/wp-content\/uploads\/woocommerce-placeholder.webp\" class=\"woocommerce-placeholder wp-post-image\" alt=\"Marcador\" \/>\t\t\t<\/div>\n\t\t<\/div>\n\t\t<div class=\"wd-cat-content\">\n\t\t\t<div class=\"wd-cat-header\">\n\t\t\t\t<h3 class=\"wd-entities-title\">\n\t\t\t\t\t<a href=\"https:\/\/new.madeinmarruecos.cl\/?product_cat=alfombrasstock-chile\">\n\t\t\t\t\t\tAlfombras&gt;Stock Chile\t\t\t\t\t<\/a>\n\t\t\t\t<\/h3>\n\n\t\t\t\t\t\t\t<\/div>\n\n\t\t\t\t\t<\/div>\n\t<\/div>\n\n\t\t\t<\/div>\n\t<\/div>\n\t\t\t\t\t\t\t\t\t<\/div>\n\t\t\t\t\t\t\t\t\t\t\t\t\t\t\t\t\t<div class=\"wd-carousel-item\">\n\t\t\t\t\t\t\t\t\t\t\n<div class=\"wd-cat cat-design-side without-product-count wd-with-subcat product-category product last\" data-loop=\"4\">\n\t\t\t<div class=\"wd-cat-wrap\">\n\t\n\t<div class=\"wd-cat-inner\">\n\t\t<a class=\"wd-fill\" href=\"https:\/\/new.madeinmarruecos.cl\/?product_cat=cojines\" aria-label=\"Cojines\"><\/a>\n\t\t<div class=\"wd-cat-thumb\">\n\t\t\t\t\t\t<div class=\"wd-cat-image\">\n\t\t\t\t\n\t\t\t\t<img loading=\"lazy\" decoding=\"async\" width=\"1200\" height=\"1200\" src=\"https:\/\/new.madeinmarruecos.cl\/wp-content\/uploads\/woocommerce-placeholder.webp\" class=\"woocommerce-placeholder wp-post-image\" alt=\"Marcador\" \/>\t\t\t<\/div>\n\t\t<\/div>\n\t\t<div class=\"wd-cat-content\">\n\t\t\t<div class=\"wd-cat-header\">\n\t\t\t\t<h3 class=\"wd-entities-title\">\n\t\t\t\t\t<a href=\"https:\/\/new.madeinmarruecos.cl\/?product_cat=cojines\">\n\t\t\t\t\t\tCojines\t\t\t\t\t<\/a>\n\t\t\t\t<\/h3>\n\n\t\t\t\t\t\t\t<\/div>\n\n\t\t\t\t\t<\/div>\n\t<\/div>\n\n\t\t\t<\/div>\n\t<\/div>\n\t\t\t\t\t\t\t\t\t<\/div>\n\t\t\t\t\t\t\t\t\t\t\t\t\t\t\t\t\t<div class=\"wd-carousel-item\">\n\t\t\t\t\t\t\t\t\t\t\n<div class=\"wd-cat cat-design-side without-product-count wd-with-subcat product-category product first\" data-loop=\"5\">\n\t\t\t<div class=\"wd-cat-wrap\">\n\t\n\t<div class=\"wd-cat-inner\">\n\t\t<a class=\"wd-fill\" href=\"https:\/\/new.madeinmarruecos.cl\/?product_cat=belleza\" aria-label=\"Belleza\"><\/a>\n\t\t<div class=\"wd-cat-thumb\">\n\t\t\t\t\t\t<div class=\"wd-cat-image\">\n\t\t\t\t\n\t\t\t\t<img loading=\"lazy\" decoding=\"async\" width=\"1200\" height=\"1200\" src=\"https:\/\/new.madeinmarruecos.cl\/wp-content\/uploads\/woocommerce-placeholder.webp\" class=\"woocommerce-placeholder wp-post-image\" alt=\"Marcador\" \/>\t\t\t<\/div>\n\t\t<\/div>\n\t\t<div class=\"wd-cat-content\">\n\t\t\t<div class=\"wd-cat-header\">\n\t\t\t\t<h3 class=\"wd-entities-title\">\n\t\t\t\t\t<a href=\"https:\/\/new.madeinmarruecos.cl\/?product_cat=belleza\">\n\t\t\t\t\t\tBelleza\t\t\t\t\t<\/a>\n\t\t\t\t<\/h3>\n\n\t\t\t\t\t\t\t<\/div>\n\n\t\t\t\t\t<\/div>\n\t<\/div>\n\n\t\t\t<\/div>\n\t<\/div>\n\t\t\t\t\t\t\t\t\t<\/div>\n\t\t\t\t\t\t\t\t\t\t\t\t\t\t\t<\/div>\n\t\t\t\t\t\t<\/div>\n\n\t\t\t\t\t\t\t\t<div class=\"wd-nav-arrows wd-pos-sep wd-hover-1 wd-icon-1\">\n\t\t\t<div class=\"wd-btn-arrow wd-prev wd-disabled\">\n\t\t\t\t<div class=\"wd-arrow-inner\"><\/div>\n\t\t\t<\/div>\n\t\t\t<div class=\"wd-btn-arrow wd-next\">\n\t\t\t\t<div class=\"wd-arrow-inner\"><\/div>\n\t\t\t<\/div>\n\t\t<\/div>\n\t\t\t\t\t\t\t<\/div>\n\n\t\t\t\t\t\t\t\t\t\t\t\t<div class=\"wd-nav-scroll\"><\/div>\n\t\t\t\t\t\t<\/div>\n\t\t\t\t\n\n\n<div class=\"wp-block-wd-container wd-dir-row wd-align-is-lg-center wd-d3432583\">\n<h2 class=\"wp-block-wd-title title wd-design-with-image wd-icon-start wd-b28762a3\"><span>Productos con Descuentos<\/span>\n<div class=\"wp-block-wd-icon wd-50227a63\"><img decoding=\"async\" class=\"wp-image-206\" src=\"https:\/\/new.madeinmarruecos.cl\/wp-content\/uploads\/2024\/08\/vg-primary-discount.svg\" alt=\"\"\/><\/div>\n<\/h2>\n\n\n\n<a class=\"wp-block-wd-button btn btn-style-link btn-color-primary btn-size-large wd-fcfd4d09\" href=\"\/shop\"><span>Todos los Productos<\/span><\/a>\n<\/div>\n\n\n\n\n\n<div class=\"wp-block-wd-container wd-dir-row wd-align-is-lg-center wd-fb760021\">\n<h2 class=\"wp-block-wd-title title wd-d53593d1\">Puffs de cuero<\/h2>\n\n\n\n<a class=\"wp-block-wd-button btn btn-style-link btn-color-primary btn-size-large wd-1cf71312\" href=\"\/shop\"><span>Todos los Productos<\/span><\/a>\n<\/div>\n\n\n\t\t\t\n\t\t\t<div id=\"carousel-422\" class=\"wd-carousel-container  wd-74508fc1 wd-products-element wd-products products wd-loop-builder-off wd-quantity-enabled wd-products-with-bg title-line-one\">\n\t\t\t\t\n\t\t\t\t\t\t\t\n\t\t\t\t<div class=\"wd-carousel-inner\">\n\t\t\t\t\t<div class=\" wd-carousel wd-grid\" data-scroll_per_page=\"yes\" style=\"--wd-col-lg:5.5;--wd-col-md:3.5;--wd-col-sm:1.5;--wd-gap-lg:20px;--wd-gap-sm:10px;\">\n\t\t\t\t\t\t<div class=\"wd-carousel-wrap\">\n\t\t\t\t\t\t\t\t\t<div class=\"wd-carousel-item\">\n\t\t\t\t\t\t\t\t\t\t\t<div class=\"wd-product wd-hover-buttons-on-hover product-grid-item product type-product post-2758 status-publish instock product_cat-puffs-de-cuero product_tag-asientos-de-cuero product_tag-canela product_tag-pouf product_tag-pouf-cyber-days product_tag-pouf-redondo product_tag-pouf-turco product_tag-pouff product_tag-poufs-de-cuero product_tag-puf product_tag-puf-cyber-days product_tag-puff product_tag-puff-arabe product_tag-puff-camel product_tag-puff-cyber-days product_tag-puff-redondo product_tag-puff-turco product_tag-pufs-de-cuero has-post-thumbnail purchasable product-type-simple\" data-loop=\"1\" data-id=\"2758\">\n\t\n<div class=\"wd-product-wrapper product-wrapper\">\n\t<div class=\"wd-product-thumb product-element-top wd-quick-shop\">\n\t\t<a href=\"https:\/\/new.madeinmarruecos.cl\/?product=puf-de-cuero-camel-smocked-edicion-limitada\" class=\"wd-product-img-link product-image-link\" tabindex=\"-1\" aria-label=\"Puf de Cuero Camel SMOCKED (Edici\u00f3n limitada)\">\n\t\t\t<img loading=\"lazy\" decoding=\"async\" width=\"300\" height=\"300\" src=\"https:\/\/new.madeinmarruecos.cl\/wp-content\/uploads\/2026\/06\/puf-de-cuero-camel-smocked-edicion-limitada-1-300x300.jpg\" class=\"attachment-medium size-medium\" alt=\"Puf de cuero camel smocked edicion limitada Puf de cuero camel smocked edicion limitada\" srcset=\"https:\/\/new.madeinmarruecos.cl\/wp-content\/uploads\/2026\/06\/puf-de-cuero-camel-smocked-edicion-limitada-1-300x300.jpg 300w, https:\/\/new.madeinmarruecos.cl\/wp-content\/uploads\/2026\/06\/puf-de-cuero-camel-smocked-edicion-limitada-1-150x150.jpg 150w, https:\/\/new.madeinmarruecos.cl\/wp-content\/uploads\/2026\/06\/puf-de-cuero-camel-smocked-edicion-limitada-1-768x768.jpg 768w, https:\/\/new.madeinmarruecos.cl\/wp-content\/uploads\/2026\/06\/puf-de-cuero-camel-smocked-edicion-limitada-1-600x600.jpg 600w, https:\/\/new.madeinmarruecos.cl\/wp-content\/uploads\/2026\/06\/puf-de-cuero-camel-smocked-edicion-limitada-1.jpg 1000w\" sizes=\"auto, (max-width: 300px) 100vw, 300px\" \/>\t\t<\/a>\n\n\t\t\t\t\t<div class=\"wd-product-img-hover hover-img\">\n\t\t\t\t<img loading=\"lazy\" decoding=\"async\" width=\"300\" height=\"300\" src=\"https:\/\/new.madeinmarruecos.cl\/wp-content\/uploads\/2026\/06\/puf-de-cuero-camel-smocked-edicion-limitada-2-300x300.jpg\" class=\"attachment-medium size-medium\" alt=\"Puf de cuero camel smocked edicion limitada Puf de cuero camel smocked edicion limitada\" srcset=\"https:\/\/new.madeinmarruecos.cl\/wp-content\/uploads\/2026\/06\/puf-de-cuero-camel-smocked-edicion-limitada-2-300x300.jpg 300w, https:\/\/new.madeinmarruecos.cl\/wp-content\/uploads\/2026\/06\/puf-de-cuero-camel-smocked-edicion-limitada-2-150x150.jpg 150w, https:\/\/new.madeinmarruecos.cl\/wp-content\/uploads\/2026\/06\/puf-de-cuero-camel-smocked-edicion-limitada-2-768x768.jpg 768w, https:\/\/new.madeinmarruecos.cl\/wp-content\/uploads\/2026\/06\/puf-de-cuero-camel-smocked-edicion-limitada-2-600x600.jpg 600w, https:\/\/new.madeinmarruecos.cl\/wp-content\/uploads\/2026\/06\/puf-de-cuero-camel-smocked-edicion-limitada-2.jpg 1000w\" sizes=\"auto, (max-width: 300px) 100vw, 300px\" \/>\t\t\t<\/div>\n\t\t\t\n\t\t<div class=\"wd-buttons wd-pos-r-t\">\n\t\t\t\t\t\t<div class=\"wd-wishlist-btn wd-action-btn wd-style-icon wd-wishlist-icon\">\n\t\t\t\t<a class=\"\" href=\"https:\/\/new.madeinmarruecos.cl\/?page_id=76\" data-key=\"1ca7a93047\" data-product-id=\"2758\" rel=\"nofollow\">\n\t\t\t\t\t<span class=\"wd-action-icon\">\n\t\t\t\t\t\t<span class=\"wd-check-icon\"><\/span>\n\t\t\t\t\t<\/span>\n\t\t\t\t\t<span class=\"wd-action-text\">A\u00f1adir a la lista de deseos<\/span>\n\t\t\t\t<\/a>\n\t\t\t<\/div>\n\t\t\t\t<\/div>\n\t<\/div>\n\n\t<div class=\"product-element-bottom\">\n\n\t\t<div class=\"wd-product-header\">\n\t\t\t<h3 class=\"wd-entities-title\"><a href=\"https:\/\/new.madeinmarruecos.cl\/?product=puf-de-cuero-camel-smocked-edicion-limitada\">Puf de Cuero Camel SMOCKED (Edici\u00f3n limitada)<\/a><\/h3>\n\t\t\t\t\t<\/div>\n\n\t\t\t\t<div class=\"wd-product-cats\">\n\t\t\t\t\t\t<a href=\"https:\/\/new.madeinmarruecos.cl\/?product_cat=puffs-de-cuero\" rel=\"tag\">Puffs de Cuero<\/a>\t\t<\/div>\n\t\t\n\t\t\n\t\t<div class=\"wrap-price\">\n\t\t\t\n\t<span class=\"price\"><span class=\"woocommerce-Price-amount amount\"><bdi><span class=\"woocommerce-Price-currencySymbol\">&#36;<\/span>89.990<\/bdi><\/span><\/span>\n\n\t\t\t\t\t<\/div>\n\n\t\t\n\t\t\n\t\t\n\t\t\n\t\t<div class=\"wd-product-footer\">\n\t\t\t<div class=\"wd-add-btn wd-add-btn-replace\">\n\t\t\t\t<a href=\"\/index.php?rest_route=%2Fwp%2Fv2%2Fpages%2F62&#038;add-to-cart=2758\"  data-quantity=\"1\" class=\"button product_type_simple add_to_cart_button ajax_add_to_cart add-to-cart-loop\" data-product_id=\"2758\" data-product_sku=\"POUF-R-CAMEL-SMOCKED\" aria-label=\"A\u00f1adir al carrito: &ldquo;Puf de Cuero Camel SMOCKED (Edici\u00f3n limitada)&rdquo;\" rel=\"nofollow\" data-success_message=\"\u00abPuf de Cuero Camel SMOCKED (Edici\u00f3n limitada)\u00bb se ha a\u00f1adido a tu carrito\" role=\"button\"><span class=\"wd-action-icon\"><span class=\"wd-check-icon\"><\/span><\/span><span class=\"wd-action-text\">A\u00f1adir al carrito<\/span><\/a>\t\t\t<\/div>\n\n\t\t\t\t\t<\/div>\n\t<\/div>\n<\/div>\n<\/div>\n\t\t\t\t\t<\/div>\n\t\t\t\t<div class=\"wd-carousel-item\">\n\t\t\t\t\t\t\t\t\t\t\t<div class=\"wd-product wd-hover-buttons-on-hover product-grid-item product type-product post-2230 status-publish outofstock product_cat-puffs-de-cuero product_tag-asientos-de-cuero product_tag-camel product_tag-caramelo product_tag-invierno product_tag-otono product_tag-pouf product_tag-pouf-camel product_tag-pouf-cyber-days product_tag-pouf-redondo product_tag-pouf-turco product_tag-pouff product_tag-poufs-de-cuero product_tag-primavera product_tag-puf product_tag-puf-cuero product_tag-puf-cyber-days product_tag-puff product_tag-puff-arabe product_tag-puff-camel product_tag-puff-cyber-days product_tag-puff-redondo product_tag-puff-turco product_tag-pufs-de-cuero product_tag-verano has-post-thumbnail purchasable product-type-simple\" data-loop=\"2\" data-id=\"2230\">\n\t\n<div class=\"wd-product-wrapper product-wrapper\">\n\t<div class=\"wd-product-thumb product-element-top wd-quick-shop\">\n\t\t<a href=\"https:\/\/new.madeinmarruecos.cl\/?product=puff-camel-de-cuero-sin-bordados\" class=\"wd-product-img-link product-image-link\" tabindex=\"-1\" aria-label=\"Puff Camel de Cuero Sin Bordados\">\n\t\t\t<img loading=\"lazy\" decoding=\"async\" width=\"300\" height=\"300\" src=\"https:\/\/new.madeinmarruecos.cl\/wp-content\/uploads\/2026\/06\/Puff-Camel-de-Cuero-Sin-Bordados-pouf-marroqui-original-3-300x300.jpg\" class=\"attachment-medium size-medium\" alt=\"puerta marroqui de cedro\" srcset=\"https:\/\/new.madeinmarruecos.cl\/wp-content\/uploads\/2026\/06\/Puff-Camel-de-Cuero-Sin-Bordados-pouf-marroqui-original-3-300x300.jpg 300w, https:\/\/new.madeinmarruecos.cl\/wp-content\/uploads\/2026\/06\/Puff-Camel-de-Cuero-Sin-Bordados-pouf-marroqui-original-3-1024x1024.jpg 1024w, https:\/\/new.madeinmarruecos.cl\/wp-content\/uploads\/2026\/06\/Puff-Camel-de-Cuero-Sin-Bordados-pouf-marroqui-original-3-150x150.jpg 150w, https:\/\/new.madeinmarruecos.cl\/wp-content\/uploads\/2026\/06\/Puff-Camel-de-Cuero-Sin-Bordados-pouf-marroqui-original-3-768x768.jpg 768w, https:\/\/new.madeinmarruecos.cl\/wp-content\/uploads\/2026\/06\/Puff-Camel-de-Cuero-Sin-Bordados-pouf-marroqui-original-3-600x600.jpg 600w, https:\/\/new.madeinmarruecos.cl\/wp-content\/uploads\/2026\/06\/Puff-Camel-de-Cuero-Sin-Bordados-pouf-marroqui-original-3.jpg 1080w\" sizes=\"auto, (max-width: 300px) 100vw, 300px\" \/>\t\t<\/a>\n\n\t\t\t\t\t<div class=\"product-labels labels-rounded-sm\">\n\t\t\t\t<span class=\"out-of-stock product-label wd-shape-round-sm\">Agotado<\/span>\t\t\t<\/div>\n\t\t\t\t\t\t<div class=\"wd-product-img-hover hover-img\">\n\t\t\t\t<img loading=\"lazy\" decoding=\"async\" width=\"300\" height=\"300\" src=\"https:\/\/new.madeinmarruecos.cl\/wp-content\/uploads\/2026\/06\/Puff-Camel-de-Cuero-Sin-Bordados-pouf-marroqui-original-1-300x300.jpg\" class=\"attachment-medium size-medium\" alt=\"puerta marroqui de cedro\" srcset=\"https:\/\/new.madeinmarruecos.cl\/wp-content\/uploads\/2026\/06\/Puff-Camel-de-Cuero-Sin-Bordados-pouf-marroqui-original-1-300x300.jpg 300w, https:\/\/new.madeinmarruecos.cl\/wp-content\/uploads\/2026\/06\/Puff-Camel-de-Cuero-Sin-Bordados-pouf-marroqui-original-1-150x150.jpg 150w, https:\/\/new.madeinmarruecos.cl\/wp-content\/uploads\/2026\/06\/Puff-Camel-de-Cuero-Sin-Bordados-pouf-marroqui-original-1-768x768.jpg 768w, https:\/\/new.madeinmarruecos.cl\/wp-content\/uploads\/2026\/06\/Puff-Camel-de-Cuero-Sin-Bordados-pouf-marroqui-original-1-600x600.jpg 600w, https:\/\/new.madeinmarruecos.cl\/wp-content\/uploads\/2026\/06\/Puff-Camel-de-Cuero-Sin-Bordados-pouf-marroqui-original-1.jpg 900w\" sizes=\"auto, (max-width: 300px) 100vw, 300px\" \/>\t\t\t<\/div>\n\t\t\t\n\t\t<div class=\"wd-buttons wd-pos-r-t\">\n\t\t\t\t\t\t<div class=\"wd-wishlist-btn wd-action-btn wd-style-icon wd-wishlist-icon\">\n\t\t\t\t<a class=\"\" href=\"https:\/\/new.madeinmarruecos.cl\/?page_id=76\" data-key=\"1ca7a93047\" data-product-id=\"2230\" rel=\"nofollow\">\n\t\t\t\t\t<span class=\"wd-action-icon\">\n\t\t\t\t\t\t<span class=\"wd-check-icon\"><\/span>\n\t\t\t\t\t<\/span>\n\t\t\t\t\t<span class=\"wd-action-text\">A\u00f1adir a la lista de deseos<\/span>\n\t\t\t\t<\/a>\n\t\t\t<\/div>\n\t\t\t\t<\/div>\n\t<\/div>\n\n\t<div class=\"product-element-bottom\">\n\n\t\t<div class=\"wd-product-header\">\n\t\t\t<h3 class=\"wd-entities-title\"><a href=\"https:\/\/new.madeinmarruecos.cl\/?product=puff-camel-de-cuero-sin-bordados\">Puff Camel de Cuero Sin Bordados<\/a><\/h3>\n\t\t\t\t\t<\/div>\n\n\t\t\t\t<div class=\"wd-product-cats\">\n\t\t\t\t\t\t<a href=\"https:\/\/new.madeinmarruecos.cl\/?product_cat=puffs-de-cuero\" rel=\"tag\">Puffs de Cuero<\/a>\t\t<\/div>\n\t\t\n\t\t\n\t\t<div class=\"wrap-price\">\n\t\t\t\n\t<span class=\"price\"><span class=\"woocommerce-Price-amount amount\"><bdi><span class=\"woocommerce-Price-currencySymbol\">&#36;<\/span>89.990<\/bdi><\/span><\/span>\n\n\t\t\t\t\t<\/div>\n\n\t\t\n\t\t\n\t\t\n\t\t\n\t\t<div class=\"wd-product-footer\">\n\t\t\t<div class=\"wd-add-btn wd-add-btn-replace\">\n\t\t\t\t<a href=\"https:\/\/new.madeinmarruecos.cl\/?product=puff-camel-de-cuero-sin-bordados\"  data-quantity=\"1\" class=\"button product_type_simple add-to-cart-loop\" data-product_id=\"2230\" data-product_sku=\"POUF-R-CAMEL-1\" aria-label=\"Lee m\u00e1s sobre &ldquo;Puff Camel de Cuero Sin Bordados&rdquo;\" rel=\"nofollow\" data-success_message=\"\"><span class=\"wd-action-icon\"><span class=\"wd-check-icon\"><\/span><\/span><span class=\"wd-action-text\">Leer m\u00e1s<\/span><\/a>\t\t\t<\/div>\n\n\t\t\t\t\t<\/div>\n\t<\/div>\n<\/div>\n<\/div>\n\t\t\t\t\t<\/div>\n\t\t\t\t<div class=\"wd-carousel-item\">\n\t\t\t\t\t\t\t\t\t\t\t<div class=\"wd-product wd-hover-buttons-on-hover product-grid-item product type-product post-2070 status-publish last outofstock product_cat-puffs-de-cuero product_tag-asientos-de-cuero product_tag-azul product_tag-pouf product_tag-pouf-cyber-days product_tag-pouf-redondo product_tag-pouf-turco product_tag-pouff product_tag-poufs-de-cuero product_tag-puf product_tag-puf-cyber-days product_tag-puff product_tag-puff-cyber-days product_tag-puff-redondo product_tag-puff-turco product_tag-pufs-de-cuero has-post-thumbnail purchasable product-type-simple\" data-loop=\"3\" data-id=\"2070\">\n\t\n<div class=\"wd-product-wrapper product-wrapper\">\n\t<div class=\"wd-product-thumb product-element-top wd-quick-shop\">\n\t\t<a href=\"https:\/\/new.madeinmarruecos.cl\/?product=puff-de-cuero-azul\" class=\"wd-product-img-link product-image-link\" tabindex=\"-1\" aria-label=\"Puff de cuero Azul\">\n\t\t\t<img loading=\"lazy\" decoding=\"async\" width=\"300\" height=\"235\" src=\"https:\/\/new.madeinmarruecos.cl\/wp-content\/uploads\/2026\/06\/puff-azul-de-cuero-silla-baja-redonda-de-cuero-desde-marruecos-5-300x235.jpg\" class=\"attachment-medium size-medium\" alt=\"\u25b7 Puff de cuero Azul : Puff Natural 100% Original Made in Marruecos \u25b7 Puff de cuero Azul : Puff Natural 100% Original Made in Marruecos \u25b7 Puff de cuero Azul : Puff Natural 100% Original Made in Marruecos \u25b7 Puff de cuero Azul : Puff Natural 100% Original Made in Marruecos \u25b7 Puff de cuero Azul : Puff Natural 100% Original Made in Marruecos POUFS MARROQU\u00cdES\" srcset=\"https:\/\/new.madeinmarruecos.cl\/wp-content\/uploads\/2026\/06\/puff-azul-de-cuero-silla-baja-redonda-de-cuero-desde-marruecos-5-300x235.jpg 300w, https:\/\/new.madeinmarruecos.cl\/wp-content\/uploads\/2026\/06\/puff-azul-de-cuero-silla-baja-redonda-de-cuero-desde-marruecos-5-768x602.jpg 768w, https:\/\/new.madeinmarruecos.cl\/wp-content\/uploads\/2026\/06\/puff-azul-de-cuero-silla-baja-redonda-de-cuero-desde-marruecos-5-150x118.jpg 150w, https:\/\/new.madeinmarruecos.cl\/wp-content\/uploads\/2026\/06\/puff-azul-de-cuero-silla-baja-redonda-de-cuero-desde-marruecos-5.jpg 800w\" sizes=\"auto, (max-width: 300px) 100vw, 300px\" \/>\t\t<\/a>\n\n\t\t\t\t\t<div class=\"product-labels labels-rounded-sm\">\n\t\t\t\t<span class=\"out-of-stock product-label wd-shape-round-sm\">Agotado<\/span>\t\t\t<\/div>\n\t\t\t\t\t\t<div class=\"wd-product-img-hover hover-img\">\n\t\t\t\t<img loading=\"lazy\" decoding=\"async\" width=\"300\" height=\"235\" src=\"https:\/\/new.madeinmarruecos.cl\/wp-content\/uploads\/2026\/06\/puff-azul-de-cuero-silla-baja-redonda-de-cuero-desde-marruecos-3-300x235.jpg\" class=\"attachment-medium size-medium\" alt=\"ASIENTO DE CUERO MARROQU\u00cd Made in Marruecos\" srcset=\"https:\/\/new.madeinmarruecos.cl\/wp-content\/uploads\/2026\/06\/puff-azul-de-cuero-silla-baja-redonda-de-cuero-desde-marruecos-3-300x235.jpg 300w, https:\/\/new.madeinmarruecos.cl\/wp-content\/uploads\/2026\/06\/puff-azul-de-cuero-silla-baja-redonda-de-cuero-desde-marruecos-3-768x602.jpg 768w, https:\/\/new.madeinmarruecos.cl\/wp-content\/uploads\/2026\/06\/puff-azul-de-cuero-silla-baja-redonda-de-cuero-desde-marruecos-3-150x118.jpg 150w, https:\/\/new.madeinmarruecos.cl\/wp-content\/uploads\/2026\/06\/puff-azul-de-cuero-silla-baja-redonda-de-cuero-desde-marruecos-3.jpg 800w\" sizes=\"auto, (max-width: 300px) 100vw, 300px\" \/>\t\t\t<\/div>\n\t\t\t\n\t\t<div class=\"wd-buttons wd-pos-r-t\">\n\t\t\t\t\t\t<div class=\"wd-wishlist-btn wd-action-btn wd-style-icon wd-wishlist-icon\">\n\t\t\t\t<a class=\"\" href=\"https:\/\/new.madeinmarruecos.cl\/?page_id=76\" data-key=\"1ca7a93047\" data-product-id=\"2070\" rel=\"nofollow\">\n\t\t\t\t\t<span class=\"wd-action-icon\">\n\t\t\t\t\t\t<span class=\"wd-check-icon\"><\/span>\n\t\t\t\t\t<\/span>\n\t\t\t\t\t<span class=\"wd-action-text\">A\u00f1adir a la lista de deseos<\/span>\n\t\t\t\t<\/a>\n\t\t\t<\/div>\n\t\t\t\t<\/div>\n\t<\/div>\n\n\t<div class=\"product-element-bottom\">\n\n\t\t<div class=\"wd-product-header\">\n\t\t\t<h3 class=\"wd-entities-title\"><a href=\"https:\/\/new.madeinmarruecos.cl\/?product=puff-de-cuero-azul\">Puff de cuero Azul<\/a><\/h3>\n\t\t\t\t\t<\/div>\n\n\t\t\t\t<div class=\"wd-product-cats\">\n\t\t\t\t\t\t<a href=\"https:\/\/new.madeinmarruecos.cl\/?product_cat=puffs-de-cuero\" rel=\"tag\">Puffs de Cuero<\/a>\t\t<\/div>\n\t\t\n\t\t\n\t\t<div class=\"wrap-price\">\n\t\t\t\n\t<span class=\"price\"><span class=\"woocommerce-Price-amount amount\"><bdi><span class=\"woocommerce-Price-currencySymbol\">&#36;<\/span>89.990<\/bdi><\/span><\/span>\n\n\t\t\t\t\t<\/div>\n\n\t\t\n\t\t\n\t\t\n\t\t\n\t\t<div class=\"wd-product-footer\">\n\t\t\t<div class=\"wd-add-btn wd-add-btn-replace\">\n\t\t\t\t<a href=\"https:\/\/new.madeinmarruecos.cl\/?product=puff-de-cuero-azul\"  data-quantity=\"1\" class=\"button product_type_simple add-to-cart-loop\" data-product_id=\"2070\" data-product_sku=\"POUF-R-AZUL\" aria-label=\"Lee m\u00e1s sobre &ldquo;Puff de cuero Azul&rdquo;\" rel=\"nofollow\" data-success_message=\"\"><span class=\"wd-action-icon\"><span class=\"wd-check-icon\"><\/span><\/span><span class=\"wd-action-text\">Leer m\u00e1s<\/span><\/a>\t\t\t<\/div>\n\n\t\t\t\t\t<\/div>\n\t<\/div>\n<\/div>\n<\/div>\n\t\t\t\t\t<\/div>\n\t\t\t\t<div class=\"wd-carousel-item\">\n\t\t\t\t\t\t\t\t\t\t\t<div class=\"wd-product wd-hover-buttons-on-hover product-grid-item product type-product post-2247 status-publish first instock product_cat-puffs-de-cuero product_tag-asientos-de-cuero product_tag-azul product_tag-invierno product_tag-otono product_tag-pouf product_tag-pouf-cyber-days product_tag-pouf-redondo product_tag-pouf-turco product_tag-pouff product_tag-poufs-de-cuero product_tag-primavera product_tag-puf product_tag-puf-cyber-days product_tag-puff product_tag-puff-arabe product_tag-puff-cyber-days product_tag-puff-redondo product_tag-puff-turco product_tag-pufs-de-cuero product_tag-verano has-post-thumbnail purchasable product-type-simple\" data-loop=\"4\" data-id=\"2247\">\n\t\n<div class=\"wd-product-wrapper product-wrapper\">\n\t<div class=\"wd-product-thumb product-element-top wd-quick-shop\">\n\t\t<a href=\"https:\/\/new.madeinmarruecos.cl\/?product=puff-de-cuero-azul-claro\" class=\"wd-product-img-link product-image-link\" tabindex=\"-1\" aria-label=\"Puff de cuero Azul claro\">\n\t\t\t<img loading=\"lazy\" decoding=\"async\" width=\"300\" height=\"300\" src=\"https:\/\/new.madeinmarruecos.cl\/wp-content\/uploads\/2026\/06\/puff-de-cuero-azul-claro-4-300x300.jpg\" class=\"attachment-medium size-medium\" alt=\"puff de cuero azul claro puff de cuero azul claro puff de cuero azul claro puff de cuero azul claro puff de cuero azul claro\" srcset=\"https:\/\/new.madeinmarruecos.cl\/wp-content\/uploads\/2026\/06\/puff-de-cuero-azul-claro-4-300x300.jpg 300w, https:\/\/new.madeinmarruecos.cl\/wp-content\/uploads\/2026\/06\/puff-de-cuero-azul-claro-4-150x150.jpg 150w, https:\/\/new.madeinmarruecos.cl\/wp-content\/uploads\/2026\/06\/puff-de-cuero-azul-claro-4-768x768.jpg 768w, https:\/\/new.madeinmarruecos.cl\/wp-content\/uploads\/2026\/06\/puff-de-cuero-azul-claro-4-600x600.jpg 600w, https:\/\/new.madeinmarruecos.cl\/wp-content\/uploads\/2026\/06\/puff-de-cuero-azul-claro-4.jpg 1000w\" sizes=\"auto, (max-width: 300px) 100vw, 300px\" \/>\t\t<\/a>\n\n\t\t\t\t\t<div class=\"wd-product-img-hover hover-img\">\n\t\t\t\t<img loading=\"lazy\" decoding=\"async\" width=\"300\" height=\"300\" src=\"https:\/\/new.madeinmarruecos.cl\/wp-content\/uploads\/2026\/06\/puff-de-cuero-azul-claro-5-300x300.jpg\" class=\"attachment-medium size-medium\" alt=\"\" srcset=\"https:\/\/new.madeinmarruecos.cl\/wp-content\/uploads\/2026\/06\/puff-de-cuero-azul-claro-5-300x300.jpg 300w, https:\/\/new.madeinmarruecos.cl\/wp-content\/uploads\/2026\/06\/puff-de-cuero-azul-claro-5-150x150.jpg 150w, https:\/\/new.madeinmarruecos.cl\/wp-content\/uploads\/2026\/06\/puff-de-cuero-azul-claro-5-768x768.jpg 768w, https:\/\/new.madeinmarruecos.cl\/wp-content\/uploads\/2026\/06\/puff-de-cuero-azul-claro-5-600x600.jpg 600w, https:\/\/new.madeinmarruecos.cl\/wp-content\/uploads\/2026\/06\/puff-de-cuero-azul-claro-5.jpg 1000w\" sizes=\"auto, (max-width: 300px) 100vw, 300px\" \/>\t\t\t<\/div>\n\t\t\t\n\t\t<div class=\"wd-buttons wd-pos-r-t\">\n\t\t\t\t\t\t<div class=\"wd-wishlist-btn wd-action-btn wd-style-icon wd-wishlist-icon\">\n\t\t\t\t<a class=\"\" href=\"https:\/\/new.madeinmarruecos.cl\/?page_id=76\" data-key=\"1ca7a93047\" data-product-id=\"2247\" rel=\"nofollow\">\n\t\t\t\t\t<span class=\"wd-action-icon\">\n\t\t\t\t\t\t<span class=\"wd-check-icon\"><\/span>\n\t\t\t\t\t<\/span>\n\t\t\t\t\t<span class=\"wd-action-text\">A\u00f1adir a la lista de deseos<\/span>\n\t\t\t\t<\/a>\n\t\t\t<\/div>\n\t\t\t\t<\/div>\n\t<\/div>\n\n\t<div class=\"product-element-bottom\">\n\n\t\t<div class=\"wd-product-header\">\n\t\t\t<h3 class=\"wd-entities-title\"><a href=\"https:\/\/new.madeinmarruecos.cl\/?product=puff-de-cuero-azul-claro\">Puff de cuero Azul claro<\/a><\/h3>\n\t\t\t\t\t<\/div>\n\n\t\t\t\t<div class=\"wd-product-cats\">\n\t\t\t\t\t\t<a href=\"https:\/\/new.madeinmarruecos.cl\/?product_cat=puffs-de-cuero\" rel=\"tag\">Puffs de Cuero<\/a>\t\t<\/div>\n\t\t\n\t\t\n\t\t<div class=\"wrap-price\">\n\t\t\t\n\t<span class=\"price\"><span class=\"woocommerce-Price-amount amount\"><bdi><span class=\"woocommerce-Price-currencySymbol\">&#36;<\/span>89.990<\/bdi><\/span><\/span>\n\n\t\t\t\t\t<\/div>\n\n\t\t\n\t\t\n\t\t\n\t\t\n\t\t<div class=\"wd-product-footer\">\n\t\t\t<div class=\"wd-add-btn wd-add-btn-replace\">\n\t\t\t\t<a href=\"\/index.php?rest_route=%2Fwp%2Fv2%2Fpages%2F62&#038;add-to-cart=2247\"  data-quantity=\"1\" class=\"button product_type_simple add_to_cart_button ajax_add_to_cart add-to-cart-loop\" data-product_id=\"2247\" data-product_sku=\"POUF-R-AZUL-CLARO\" aria-label=\"A\u00f1adir al carrito: &ldquo;Puff de cuero Azul claro&rdquo;\" rel=\"nofollow\" data-success_message=\"\u00abPuff de cuero Azul claro\u00bb se ha a\u00f1adido a tu carrito\" role=\"button\"><span class=\"wd-action-icon\"><span class=\"wd-check-icon\"><\/span><\/span><span class=\"wd-action-text\">A\u00f1adir al carrito<\/span><\/a>\t\t\t<\/div>\n\n\t\t\t\t\t<\/div>\n\t<\/div>\n<\/div>\n<\/div>\n\t\t\t\t\t<\/div>\n\t\t\t\t<div class=\"wd-carousel-item\">\n\t\t\t\t\t\t\t\t\t\t\t<div class=\"wd-product wd-hover-buttons-on-hover product-grid-item product type-product post-2249 status-publish outofstock product_cat-puffs-de-cuero product_tag-asientos-de-cuero product_tag-camel-oscuro product_tag-pouf product_tag-pouf-cuadrado product_tag-pouf-cubo product_tag-pouf-cyber-days product_tag-pouf-turco product_tag-pouff product_tag-poufs-de-cuero product_tag-puf product_tag-puf-cuero product_tag-puf-cyber-days product_tag-puff product_tag-puff-arabe product_tag-puff-cuadrado product_tag-puff-cubo product_tag-puff-cyber-days product_tag-puff-turco product_tag-pufs-de-cuero has-post-thumbnail purchasable product-type-simple\" data-loop=\"5\" data-id=\"2249\">\n\t\n<div class=\"wd-product-wrapper product-wrapper\">\n\t<div class=\"wd-product-thumb product-element-top wd-quick-shop\">\n\t\t<a href=\"https:\/\/new.madeinmarruecos.cl\/?product=puff-de-cuero-azul-marino-con-trenzado\" class=\"wd-product-img-link product-image-link\" tabindex=\"-1\" aria-label=\"Puff de cuero azul marino con trenzado\">\n\t\t\t<img loading=\"lazy\" decoding=\"async\" width=\"300\" height=\"300\" src=\"https:\/\/new.madeinmarruecos.cl\/wp-content\/uploads\/2026\/06\/puff-negro-de-cuero-trenzado-1-300x300.jpg\" class=\"attachment-medium size-medium\" alt=\"puff azul marico de cuero trenzado puff azul marico de cuero trenzado puff azul marico de cuero trenzado puff azul marico de cuero trenzado puff azul marico de cuero trenzado\" srcset=\"https:\/\/new.madeinmarruecos.cl\/wp-content\/uploads\/2026\/06\/puff-negro-de-cuero-trenzado-1-300x300.jpg 300w, https:\/\/new.madeinmarruecos.cl\/wp-content\/uploads\/2026\/06\/puff-negro-de-cuero-trenzado-1-150x150.jpg 150w, https:\/\/new.madeinmarruecos.cl\/wp-content\/uploads\/2026\/06\/puff-negro-de-cuero-trenzado-1-768x768.jpg 768w, https:\/\/new.madeinmarruecos.cl\/wp-content\/uploads\/2026\/06\/puff-negro-de-cuero-trenzado-1-600x600.jpg 600w, https:\/\/new.madeinmarruecos.cl\/wp-content\/uploads\/2026\/06\/puff-negro-de-cuero-trenzado-1.jpg 1000w\" sizes=\"auto, (max-width: 300px) 100vw, 300px\" \/>\t\t<\/a>\n\n\t\t\t\t\t<div class=\"product-labels labels-rounded-sm\">\n\t\t\t\t<span class=\"out-of-stock product-label wd-shape-round-sm\">Agotado<\/span>\t\t\t<\/div>\n\t\t\t\t\t\t<div class=\"wd-product-img-hover hover-img\">\n\t\t\t\t<img loading=\"lazy\" decoding=\"async\" width=\"300\" height=\"300\" src=\"https:\/\/new.madeinmarruecos.cl\/wp-content\/uploads\/2026\/06\/puff-negro-de-cuero-trenzado-2-300x300.jpg\" class=\"attachment-medium size-medium\" alt=\"\" srcset=\"https:\/\/new.madeinmarruecos.cl\/wp-content\/uploads\/2026\/06\/puff-negro-de-cuero-trenzado-2-300x300.jpg 300w, https:\/\/new.madeinmarruecos.cl\/wp-content\/uploads\/2026\/06\/puff-negro-de-cuero-trenzado-2-150x150.jpg 150w, https:\/\/new.madeinmarruecos.cl\/wp-content\/uploads\/2026\/06\/puff-negro-de-cuero-trenzado-2-768x768.jpg 768w, https:\/\/new.madeinmarruecos.cl\/wp-content\/uploads\/2026\/06\/puff-negro-de-cuero-trenzado-2-600x600.jpg 600w, https:\/\/new.madeinmarruecos.cl\/wp-content\/uploads\/2026\/06\/puff-negro-de-cuero-trenzado-2.jpg 1000w\" sizes=\"auto, (max-width: 300px) 100vw, 300px\" \/>\t\t\t<\/div>\n\t\t\t\n\t\t<div class=\"wd-buttons wd-pos-r-t\">\n\t\t\t\t\t\t<div class=\"wd-wishlist-btn wd-action-btn wd-style-icon wd-wishlist-icon\">\n\t\t\t\t<a class=\"\" href=\"https:\/\/new.madeinmarruecos.cl\/?page_id=76\" data-key=\"1ca7a93047\" data-product-id=\"2249\" rel=\"nofollow\">\n\t\t\t\t\t<span class=\"wd-action-icon\">\n\t\t\t\t\t\t<span class=\"wd-check-icon\"><\/span>\n\t\t\t\t\t<\/span>\n\t\t\t\t\t<span class=\"wd-action-text\">A\u00f1adir a la lista de deseos<\/span>\n\t\t\t\t<\/a>\n\t\t\t<\/div>\n\t\t\t\t<\/div>\n\t<\/div>\n\n\t<div class=\"product-element-bottom\">\n\n\t\t<div class=\"wd-product-header\">\n\t\t\t<h3 class=\"wd-entities-title\"><a href=\"https:\/\/new.madeinmarruecos.cl\/?product=puff-de-cuero-azul-marino-con-trenzado\">Puff de cuero azul marino con trenzado<\/a><\/h3>\n\t\t\t\t\t<\/div>\n\n\t\t\t\t<div class=\"wd-product-cats\">\n\t\t\t\t\t\t<a href=\"https:\/\/new.madeinmarruecos.cl\/?product_cat=puffs-de-cuero\" rel=\"tag\">Puffs de Cuero<\/a>\t\t<\/div>\n\t\t\n\t\t\n\t\t<div class=\"wrap-price\">\n\t\t\t\n\t<span class=\"price\"><span class=\"woocommerce-Price-amount amount\"><bdi><span class=\"woocommerce-Price-currencySymbol\">&#36;<\/span>110.000<\/bdi><\/span><\/span>\n\n\t\t\t\t\t<\/div>\n\n\t\t\n\t\t\n\t\t\n\t\t\n\t\t<div class=\"wd-product-footer\">\n\t\t\t<div class=\"wd-add-btn wd-add-btn-replace\">\n\t\t\t\t<a href=\"https:\/\/new.madeinmarruecos.cl\/?product=puff-de-cuero-azul-marino-con-trenzado\"  data-quantity=\"1\" class=\"button product_type_simple add-to-cart-loop\" data-product_id=\"2249\" data-product_sku=\"POUF-C-TRENZADO-AZULMARINO\" aria-label=\"Lee m\u00e1s sobre &ldquo;Puff de cuero azul marino con trenzado&rdquo;\" rel=\"nofollow\" data-success_message=\"\"><span class=\"wd-action-icon\"><span class=\"wd-check-icon\"><\/span><\/span><span class=\"wd-action-text\">Leer m\u00e1s<\/span><\/a>\t\t\t<\/div>\n\n\t\t\t\t\t<\/div>\n\t<\/div>\n<\/div>\n<\/div>\n\t\t\t\t\t<\/div>\n\t\t\t\t<div class=\"wd-carousel-item\">\n\t\t\t\t\t\t\t\t\t\t\t<div class=\"wd-product wd-hover-buttons-on-hover product-grid-item product type-product post-2761 status-publish instock product_cat-puffs-de-cuero product_tag-asientos-de-cuero product_tag-blanco product_tag-decoracion-nordica product_tag-invierno product_tag-otono product_tag-pouf product_tag-pouf-blanco product_tag-pouf-cyber-days product_tag-pouf-redondo product_tag-pouf-turco product_tag-pouff product_tag-poufs-de-cuero product_tag-primavera product_tag-puf product_tag-puf-cyber-days product_tag-puff product_tag-puff-arabe product_tag-puff-camel product_tag-puff-cyber-days product_tag-puff-redondo product_tag-puff-turco product_tag-pufs-de-cuero product_tag-verano has-post-thumbnail purchasable product-type-simple\" data-loop=\"6\" data-id=\"2761\">\n\t\n<div class=\"wd-product-wrapper product-wrapper\">\n\t<div class=\"wd-product-thumb product-element-top wd-quick-shop\">\n\t\t<a href=\"https:\/\/new.madeinmarruecos.cl\/?product=puff-de-cuero-blanco\" class=\"wd-product-img-link product-image-link\" tabindex=\"-1\" aria-label=\"Puff de cuero blanco\">\n\t\t\t<img loading=\"lazy\" decoding=\"async\" width=\"300\" height=\"300\" src=\"https:\/\/new.madeinmarruecos.cl\/wp-content\/uploads\/2026\/06\/puff-de-cuero-blanco-1-1-300x300.jpg\" class=\"attachment-medium size-medium\" alt=\"Puff de cuero blanco marroqui - Hecho a mano en Marruecos puff-de-cuero-blanco-2 Puff de cuero blanco marroqui - Hecho a mano en Marruecos Puff de cuero negro marroqui - Hecho a mano en Marruecos Puff de cuero negro marroqui - Hecho a mano en Marruecos Puff de cuero negro marroqui - Hecho a mano en Marruecos Puff de cuero negro marroqui - Hecho a mano en Marruecos Puff de cuero camel marroqui - Hecho a mano en Marruecos Puff de cuero camel marroqui - Hecho a mano en Marruecos Puff de cuero camel marroqui - Hecho a mano en Marruecos Puff de cuero camel marroqui - Hecho a mano en Marruecos Puff de cuero camel marroqui - Hecho a mano en Marruecos Puff de cuero blanco marroqui - Hecho a mano en Marruecos\" srcset=\"https:\/\/new.madeinmarruecos.cl\/wp-content\/uploads\/2026\/06\/puff-de-cuero-blanco-1-1-300x300.jpg 300w, https:\/\/new.madeinmarruecos.cl\/wp-content\/uploads\/2026\/06\/puff-de-cuero-blanco-1-1-150x150.jpg 150w, https:\/\/new.madeinmarruecos.cl\/wp-content\/uploads\/2026\/06\/puff-de-cuero-blanco-1-1-768x768.jpg 768w, https:\/\/new.madeinmarruecos.cl\/wp-content\/uploads\/2026\/06\/puff-de-cuero-blanco-1-1-600x600.jpg 600w, https:\/\/new.madeinmarruecos.cl\/wp-content\/uploads\/2026\/06\/puff-de-cuero-blanco-1-1.jpg 1000w\" sizes=\"auto, (max-width: 300px) 100vw, 300px\" \/>\t\t<\/a>\n\n\t\t\t\t\t<div class=\"wd-product-img-hover hover-img\">\n\t\t\t\t<img loading=\"lazy\" decoding=\"async\" width=\"300\" height=\"300\" src=\"https:\/\/new.madeinmarruecos.cl\/wp-content\/uploads\/2026\/06\/puff-de-cuero-blanco-2-1-300x300.jpg\" class=\"attachment-medium size-medium\" alt=\"\" srcset=\"https:\/\/new.madeinmarruecos.cl\/wp-content\/uploads\/2026\/06\/puff-de-cuero-blanco-2-1-300x300.jpg 300w, https:\/\/new.madeinmarruecos.cl\/wp-content\/uploads\/2026\/06\/puff-de-cuero-blanco-2-1-150x150.jpg 150w, https:\/\/new.madeinmarruecos.cl\/wp-content\/uploads\/2026\/06\/puff-de-cuero-blanco-2-1-768x768.jpg 768w, https:\/\/new.madeinmarruecos.cl\/wp-content\/uploads\/2026\/06\/puff-de-cuero-blanco-2-1-600x600.jpg 600w, https:\/\/new.madeinmarruecos.cl\/wp-content\/uploads\/2026\/06\/puff-de-cuero-blanco-2-1.jpg 1000w\" sizes=\"auto, (max-width: 300px) 100vw, 300px\" \/>\t\t\t<\/div>\n\t\t\t\n\t\t<div class=\"wd-buttons wd-pos-r-t\">\n\t\t\t\t\t\t<div class=\"wd-wishlist-btn wd-action-btn wd-style-icon wd-wishlist-icon\">\n\t\t\t\t<a class=\"\" href=\"https:\/\/new.madeinmarruecos.cl\/?page_id=76\" data-key=\"1ca7a93047\" data-product-id=\"2761\" rel=\"nofollow\">\n\t\t\t\t\t<span class=\"wd-action-icon\">\n\t\t\t\t\t\t<span class=\"wd-check-icon\"><\/span>\n\t\t\t\t\t<\/span>\n\t\t\t\t\t<span class=\"wd-action-text\">A\u00f1adir a la lista de deseos<\/span>\n\t\t\t\t<\/a>\n\t\t\t<\/div>\n\t\t\t\t<\/div>\n\t<\/div>\n\n\t<div class=\"product-element-bottom\">\n\n\t\t<div class=\"wd-product-header\">\n\t\t\t<h3 class=\"wd-entities-title\"><a href=\"https:\/\/new.madeinmarruecos.cl\/?product=puff-de-cuero-blanco\">Puff de cuero blanco<\/a><\/h3>\n\t\t\t\t\t<\/div>\n\n\t\t\t\t<div class=\"wd-product-cats\">\n\t\t\t\t\t\t<a href=\"https:\/\/new.madeinmarruecos.cl\/?product_cat=puffs-de-cuero\" rel=\"tag\">Puffs de Cuero<\/a>\t\t<\/div>\n\t\t\n\t\t\n\t\t<div class=\"wrap-price\">\n\t\t\t\n\t<span class=\"price\"><span class=\"woocommerce-Price-amount amount\"><bdi><span class=\"woocommerce-Price-currencySymbol\">&#36;<\/span>89.990<\/bdi><\/span><\/span>\n\n\t\t\t\t\t<\/div>\n\n\t\t\n\t\t\n\t\t\n\t\t\n\t\t<div class=\"wd-product-footer\">\n\t\t\t<div class=\"wd-add-btn wd-add-btn-replace\">\n\t\t\t\t<a href=\"\/index.php?rest_route=%2Fwp%2Fv2%2Fpages%2F62&#038;add-to-cart=2761\"  data-quantity=\"1\" class=\"button product_type_simple add_to_cart_button ajax_add_to_cart add-to-cart-loop\" data-product_id=\"2761\" data-product_sku=\"POUF-R-BLANCO-1\" aria-label=\"A\u00f1adir al carrito: &ldquo;Puff de cuero blanco&rdquo;\" rel=\"nofollow\" data-success_message=\"\u00abPuff de cuero blanco\u00bb se ha a\u00f1adido a tu carrito\" role=\"button\"><span class=\"wd-action-icon\"><span class=\"wd-check-icon\"><\/span><\/span><span class=\"wd-action-text\">A\u00f1adir al carrito<\/span><\/a>\t\t\t<\/div>\n\n\t\t\t\t\t<\/div>\n\t<\/div>\n<\/div>\n<\/div>\n\t\t\t\t\t<\/div>\n\t\t\t\t<div class=\"wd-carousel-item\">\n\t\t\t\t\t\t\t\t\t\t\t<div class=\"wd-product wd-hover-buttons-on-hover product-grid-item product type-product post-2083 status-publish last outofstock product_cat-puffs-de-cuero product_tag-amarillo product_tag-asientos-de-cuero product_tag-blanco product_tag-pouf product_tag-pouf-cyber-days product_tag-pouf-redondo product_tag-pouf-turco product_tag-pouff product_tag-poufs-de-cuero product_tag-puf product_tag-puf-cyber-days product_tag-puff product_tag-puff-arabe product_tag-puff-cyber-days product_tag-puff-redondo product_tag-puff-turco product_tag-pufs-de-cuero has-post-thumbnail purchasable product-type-simple\" data-loop=\"7\" data-id=\"2083\">\n\t\n<div class=\"wd-product-wrapper product-wrapper\">\n\t<div class=\"wd-product-thumb product-element-top wd-quick-shop\">\n\t\t<a href=\"https:\/\/new.madeinmarruecos.cl\/?product=puff-de-cuero-blanco-bordados-amarillo\" class=\"wd-product-img-link product-image-link\" tabindex=\"-1\" aria-label=\"Puff de Cuero Blanco &#8211; Bordados Amarillo\">\n\t\t\t<img loading=\"lazy\" decoding=\"async\" width=\"300\" height=\"300\" src=\"https:\/\/new.madeinmarruecos.cl\/wp-content\/uploads\/2026\/06\/puff-de-cuero-blanco-con-amarillo-pouf-marroqui-asiento-de-cuero-genuino-3-300x300.jpg\" class=\"attachment-medium size-medium\" alt=\"\" srcset=\"https:\/\/new.madeinmarruecos.cl\/wp-content\/uploads\/2026\/06\/puff-de-cuero-blanco-con-amarillo-pouf-marroqui-asiento-de-cuero-genuino-3-300x300.jpg 300w, https:\/\/new.madeinmarruecos.cl\/wp-content\/uploads\/2026\/06\/puff-de-cuero-blanco-con-amarillo-pouf-marroqui-asiento-de-cuero-genuino-3-150x150.jpg 150w, https:\/\/new.madeinmarruecos.cl\/wp-content\/uploads\/2026\/06\/puff-de-cuero-blanco-con-amarillo-pouf-marroqui-asiento-de-cuero-genuino-3-768x768.jpg 768w, https:\/\/new.madeinmarruecos.cl\/wp-content\/uploads\/2026\/06\/puff-de-cuero-blanco-con-amarillo-pouf-marroqui-asiento-de-cuero-genuino-3-600x600.jpg 600w, https:\/\/new.madeinmarruecos.cl\/wp-content\/uploads\/2026\/06\/puff-de-cuero-blanco-con-amarillo-pouf-marroqui-asiento-de-cuero-genuino-3.jpg 1000w\" sizes=\"auto, (max-width: 300px) 100vw, 300px\" \/>\t\t<\/a>\n\n\t\t\t\t\t<div class=\"product-labels labels-rounded-sm\">\n\t\t\t\t<span class=\"out-of-stock product-label wd-shape-round-sm\">Agotado<\/span>\t\t\t<\/div>\n\t\t\t\t\t\t<div class=\"wd-product-img-hover hover-img\">\n\t\t\t\t<img loading=\"lazy\" decoding=\"async\" width=\"300\" height=\"300\" src=\"https:\/\/new.madeinmarruecos.cl\/wp-content\/uploads\/2026\/06\/puff-de-cuero-blanco-con-amarillo-pouf-marroqui-asiento-de-cuero-genuino-1-300x300.jpg\" class=\"attachment-medium size-medium\" alt=\"\" srcset=\"https:\/\/new.madeinmarruecos.cl\/wp-content\/uploads\/2026\/06\/puff-de-cuero-blanco-con-amarillo-pouf-marroqui-asiento-de-cuero-genuino-1-300x300.jpg 300w, https:\/\/new.madeinmarruecos.cl\/wp-content\/uploads\/2026\/06\/puff-de-cuero-blanco-con-amarillo-pouf-marroqui-asiento-de-cuero-genuino-1-150x150.jpg 150w, https:\/\/new.madeinmarruecos.cl\/wp-content\/uploads\/2026\/06\/puff-de-cuero-blanco-con-amarillo-pouf-marroqui-asiento-de-cuero-genuino-1-768x768.jpg 768w, https:\/\/new.madeinmarruecos.cl\/wp-content\/uploads\/2026\/06\/puff-de-cuero-blanco-con-amarillo-pouf-marroqui-asiento-de-cuero-genuino-1-600x600.jpg 600w, https:\/\/new.madeinmarruecos.cl\/wp-content\/uploads\/2026\/06\/puff-de-cuero-blanco-con-amarillo-pouf-marroqui-asiento-de-cuero-genuino-1.jpg 1000w\" sizes=\"auto, (max-width: 300px) 100vw, 300px\" \/>\t\t\t<\/div>\n\t\t\t\n\t\t<div class=\"wd-buttons wd-pos-r-t\">\n\t\t\t\t\t\t<div class=\"wd-wishlist-btn wd-action-btn wd-style-icon wd-wishlist-icon\">\n\t\t\t\t<a class=\"\" href=\"https:\/\/new.madeinmarruecos.cl\/?page_id=76\" data-key=\"1ca7a93047\" data-product-id=\"2083\" rel=\"nofollow\">\n\t\t\t\t\t<span class=\"wd-action-icon\">\n\t\t\t\t\t\t<span class=\"wd-check-icon\"><\/span>\n\t\t\t\t\t<\/span>\n\t\t\t\t\t<span class=\"wd-action-text\">A\u00f1adir a la lista de deseos<\/span>\n\t\t\t\t<\/a>\n\t\t\t<\/div>\n\t\t\t\t<\/div>\n\t<\/div>\n\n\t<div class=\"product-element-bottom\">\n\n\t\t<div class=\"wd-product-header\">\n\t\t\t<h3 class=\"wd-entities-title\"><a href=\"https:\/\/new.madeinmarruecos.cl\/?product=puff-de-cuero-blanco-bordados-amarillo\">Puff de Cuero Blanco &#8211; Bordados Amarillo<\/a><\/h3>\n\t\t\t\t\t<\/div>\n\n\t\t\t\t<div class=\"wd-product-cats\">\n\t\t\t\t\t\t<a href=\"https:\/\/new.madeinmarruecos.cl\/?product_cat=puffs-de-cuero\" rel=\"tag\">Puffs de Cuero<\/a>\t\t<\/div>\n\t\t\n\t\t\n\t\t<div class=\"wrap-price\">\n\t\t\t\n\t<span class=\"price\"><span class=\"woocommerce-Price-amount amount\"><bdi><span class=\"woocommerce-Price-currencySymbol\">&#36;<\/span>89.990<\/bdi><\/span><\/span>\n\n\t\t\t\t\t<\/div>\n\n\t\t\n\t\t\n\t\t\n\t\t\n\t\t<div class=\"wd-product-footer\">\n\t\t\t<div class=\"wd-add-btn wd-add-btn-replace\">\n\t\t\t\t<a href=\"https:\/\/new.madeinmarruecos.cl\/?product=puff-de-cuero-blanco-bordados-amarillo\"  data-quantity=\"1\" class=\"button product_type_simple add-to-cart-loop\" data-product_id=\"2083\" data-product_sku=\"POUF-R-BLANCO-BA\" aria-label=\"Lee m\u00e1s sobre &ldquo;Puff de Cuero Blanco - Bordados Amarillo&rdquo;\" rel=\"nofollow\" data-success_message=\"\"><span class=\"wd-action-icon\"><span class=\"wd-check-icon\"><\/span><\/span><span class=\"wd-action-text\">Leer m\u00e1s<\/span><\/a>\t\t\t<\/div>\n\n\t\t\t\t\t<\/div>\n\t<\/div>\n<\/div>\n<\/div>\n\t\t\t\t\t<\/div>\n\t\t\t\t<div class=\"wd-carousel-item\">\n\t\t\t\t\t\t\t\t\t\t\t<div class=\"wd-product wd-hover-buttons-on-hover product-grid-item product type-product post-2081 status-publish first outofstock product_cat-puffs-de-cuero product_tag-asientos-de-cuero product_tag-blanco product_tag-celeste product_tag-invierno product_tag-otono product_tag-pouf product_tag-pouf-cyber-days product_tag-pouf-redondo product_tag-pouf-turco product_tag-pouff product_tag-poufs-de-cuero product_tag-primavera product_tag-puf product_tag-puf-cyber-days product_tag-puff product_tag-puff-cyber-days product_tag-puff-redondo product_tag-puff-turco product_tag-pufs-de-cuero product_tag-verano has-post-thumbnail purchasable product-type-simple\" data-loop=\"8\" data-id=\"2081\">\n\t\n<div class=\"wd-product-wrapper product-wrapper\">\n\t<div class=\"wd-product-thumb product-element-top wd-quick-shop\">\n\t\t<a href=\"https:\/\/new.madeinmarruecos.cl\/?product=puff-de-cuero-blanco-bordados-celeste\" class=\"wd-product-img-link product-image-link\" tabindex=\"-1\" aria-label=\"Puff de Cuero Blanco &#8211; Bordados Celeste\">\n\t\t\t<img loading=\"lazy\" decoding=\"async\" width=\"300\" height=\"300\" src=\"https:\/\/new.madeinmarruecos.cl\/wp-content\/uploads\/2026\/06\/puff-blanco-y-celeste-pouf-de-cuero-marroqui-1-300x300.jpg\" class=\"attachment-medium size-medium\" alt=\"puff-blanco-y-celeste-pouf-de-cuero-marroqui-1 puff-blanco-y-celeste-pouf-de-cuero-marroqui-2 puff-blanco-y-celeste-pouf-de-cuero-marroqui-3 \u25b7 Puff de Cuero Blanco con Bordados Celeste Made in Marruecos \u25b7 Puff de Cuero Blanco con Bordados Celeste Made in Marruecos PUFF DE CUERO BLANCO CON AMARILLO\" srcset=\"https:\/\/new.madeinmarruecos.cl\/wp-content\/uploads\/2026\/06\/puff-blanco-y-celeste-pouf-de-cuero-marroqui-1-300x300.jpg 300w, https:\/\/new.madeinmarruecos.cl\/wp-content\/uploads\/2026\/06\/puff-blanco-y-celeste-pouf-de-cuero-marroqui-1-150x150.jpg 150w, https:\/\/new.madeinmarruecos.cl\/wp-content\/uploads\/2026\/06\/puff-blanco-y-celeste-pouf-de-cuero-marroqui-1-768x768.jpg 768w, https:\/\/new.madeinmarruecos.cl\/wp-content\/uploads\/2026\/06\/puff-blanco-y-celeste-pouf-de-cuero-marroqui-1-600x600.jpg 600w, https:\/\/new.madeinmarruecos.cl\/wp-content\/uploads\/2026\/06\/puff-blanco-y-celeste-pouf-de-cuero-marroqui-1.jpg 1000w\" sizes=\"auto, (max-width: 300px) 100vw, 300px\" \/>\t\t<\/a>\n\n\t\t\t\t\t<div class=\"product-labels labels-rounded-sm\">\n\t\t\t\t<span class=\"out-of-stock product-label wd-shape-round-sm\">Agotado<\/span>\t\t\t<\/div>\n\t\t\t\t\t\t<div class=\"wd-product-img-hover hover-img\">\n\t\t\t\t<img loading=\"lazy\" decoding=\"async\" width=\"300\" height=\"300\" src=\"https:\/\/new.madeinmarruecos.cl\/wp-content\/uploads\/2026\/06\/puff-blanco-y-celeste-pouf-de-cuero-marroqui-2-300x300.jpg\" class=\"attachment-medium size-medium\" alt=\"POUF MARROQUI\" srcset=\"https:\/\/new.madeinmarruecos.cl\/wp-content\/uploads\/2026\/06\/puff-blanco-y-celeste-pouf-de-cuero-marroqui-2-300x300.jpg 300w, https:\/\/new.madeinmarruecos.cl\/wp-content\/uploads\/2026\/06\/puff-blanco-y-celeste-pouf-de-cuero-marroqui-2-150x150.jpg 150w, https:\/\/new.madeinmarruecos.cl\/wp-content\/uploads\/2026\/06\/puff-blanco-y-celeste-pouf-de-cuero-marroqui-2-768x768.jpg 768w, https:\/\/new.madeinmarruecos.cl\/wp-content\/uploads\/2026\/06\/puff-blanco-y-celeste-pouf-de-cuero-marroqui-2-600x600.jpg 600w, https:\/\/new.madeinmarruecos.cl\/wp-content\/uploads\/2026\/06\/puff-blanco-y-celeste-pouf-de-cuero-marroqui-2.jpg 1000w\" sizes=\"auto, (max-width: 300px) 100vw, 300px\" \/>\t\t\t<\/div>\n\t\t\t\n\t\t<div class=\"wd-buttons wd-pos-r-t\">\n\t\t\t\t\t\t<div class=\"wd-wishlist-btn wd-action-btn wd-style-icon wd-wishlist-icon\">\n\t\t\t\t<a class=\"\" href=\"https:\/\/new.madeinmarruecos.cl\/?page_id=76\" data-key=\"1ca7a93047\" data-product-id=\"2081\" rel=\"nofollow\">\n\t\t\t\t\t<span class=\"wd-action-icon\">\n\t\t\t\t\t\t<span class=\"wd-check-icon\"><\/span>\n\t\t\t\t\t<\/span>\n\t\t\t\t\t<span class=\"wd-action-text\">A\u00f1adir a la lista de deseos<\/span>\n\t\t\t\t<\/a>\n\t\t\t<\/div>\n\t\t\t\t<\/div>\n\t<\/div>\n\n\t<div class=\"product-element-bottom\">\n\n\t\t<div class=\"wd-product-header\">\n\t\t\t<h3 class=\"wd-entities-title\"><a href=\"https:\/\/new.madeinmarruecos.cl\/?product=puff-de-cuero-blanco-bordados-celeste\">Puff de Cuero Blanco &#8211; Bordados Celeste<\/a><\/h3>\n\t\t\t\t\t<\/div>\n\n\t\t\t\t<div class=\"wd-product-cats\">\n\t\t\t\t\t\t<a href=\"https:\/\/new.madeinmarruecos.cl\/?product_cat=puffs-de-cuero\" rel=\"tag\">Puffs de Cuero<\/a>\t\t<\/div>\n\t\t\n\t\t\n\t\t<div class=\"wrap-price\">\n\t\t\t\n\t<span class=\"price\"><span class=\"woocommerce-Price-amount amount\"><bdi><span class=\"woocommerce-Price-currencySymbol\">&#36;<\/span>89.990<\/bdi><\/span><\/span>\n\n\t\t\t\t\t<\/div>\n\n\t\t\n\t\t\n\t\t\n\t\t\n\t\t<div class=\"wd-product-footer\">\n\t\t\t<div class=\"wd-add-btn wd-add-btn-replace\">\n\t\t\t\t<a href=\"https:\/\/new.madeinmarruecos.cl\/?product=puff-de-cuero-blanco-bordados-celeste\"  data-quantity=\"1\" class=\"button product_type_simple add-to-cart-loop\" data-product_id=\"2081\" data-product_sku=\"POUF-R-BLANCO-BCI\" aria-label=\"Lee m\u00e1s sobre &ldquo;Puff de Cuero Blanco - Bordados Celeste&rdquo;\" rel=\"nofollow\" data-success_message=\"\"><span class=\"wd-action-icon\"><span class=\"wd-check-icon\"><\/span><\/span><span class=\"wd-action-text\">Leer m\u00e1s<\/span><\/a>\t\t\t<\/div>\n\n\t\t\t\t\t<\/div>\n\t<\/div>\n<\/div>\n<\/div>\n\t\t\t\t\t<\/div>\n\t\t\t\t<div class=\"wd-carousel-item\">\n\t\t\t\t\t\t\t\t\t\t\t<div class=\"wd-product wd-hover-buttons-on-hover product-grid-item product type-product post-2060 status-publish instock product_cat-puffs-de-cuero product_tag-asientos-de-cuero product_tag-blanco product_tag-decoracion-nordica product_tag-invierno product_tag-otono product_tag-pouf product_tag-pouf-blanco product_tag-pouf-cyber-days product_tag-pouf-redondo product_tag-pouf-turco product_tag-pouff product_tag-poufs-de-cuero product_tag-primavera product_tag-puf product_tag-puf-cyber-days product_tag-puff product_tag-puff-arabe product_tag-puff-camel product_tag-puff-cyber-days product_tag-puff-redondo product_tag-puff-turco product_tag-pufs-de-cuero product_tag-verano has-post-thumbnail purchasable product-type-simple\" data-loop=\"9\" data-id=\"2060\">\n\t\n<div class=\"wd-product-wrapper product-wrapper\">\n\t<div class=\"wd-product-thumb product-element-top wd-quick-shop\">\n\t\t<a href=\"https:\/\/new.madeinmarruecos.cl\/?product=puff-de-cuero-blanco-bordados-gris\" class=\"wd-product-img-link product-image-link\" tabindex=\"-1\" aria-label=\"Puff de cuero blanco &#8211; bordados gris\">\n\t\t\t<img loading=\"lazy\" decoding=\"async\" width=\"300\" height=\"298\" src=\"https:\/\/new.madeinmarruecos.cl\/wp-content\/uploads\/2026\/06\/pouf-blanco-de-cuero-redondo-desde-marruecos-pouf-marroqui-1-300x298.jpg\" class=\"attachment-medium size-medium\" alt=\"\u25b7 Puff de cuero blanco : Puff Natural 100% Original Made in Marruecos \u25b7 Puff de cuero blanco : Puff Natural 100% Original Made in Marruecos \u25b7 Puff de cuero blanco : Puff Natural 100% Original Made in Marruecos Puff de cuero blanco con bordados\" srcset=\"https:\/\/new.madeinmarruecos.cl\/wp-content\/uploads\/2026\/06\/pouf-blanco-de-cuero-redondo-desde-marruecos-pouf-marroqui-1-300x298.jpg 300w, https:\/\/new.madeinmarruecos.cl\/wp-content\/uploads\/2026\/06\/pouf-blanco-de-cuero-redondo-desde-marruecos-pouf-marroqui-1-150x149.jpg 150w, https:\/\/new.madeinmarruecos.cl\/wp-content\/uploads\/2026\/06\/pouf-blanco-de-cuero-redondo-desde-marruecos-pouf-marroqui-1.jpg 600w\" sizes=\"auto, (max-width: 300px) 100vw, 300px\" \/>\t\t<\/a>\n\n\t\t\t\t\t<div class=\"wd-product-img-hover hover-img\">\n\t\t\t\t<img loading=\"lazy\" decoding=\"async\" width=\"300\" height=\"200\" src=\"https:\/\/new.madeinmarruecos.cl\/wp-content\/uploads\/2026\/06\/8-1-300x200.jpg\" class=\"attachment-medium size-medium\" alt=\"puff original de marruecos \u25b7 Puff de cuero blanco : Puff Natural 100% Original Made in Marruecos POUF DE CUERO BLANCO Y NEGRO\" srcset=\"https:\/\/new.madeinmarruecos.cl\/wp-content\/uploads\/2026\/06\/8-1-300x200.jpg 300w, https:\/\/new.madeinmarruecos.cl\/wp-content\/uploads\/2026\/06\/8-1-768x512.jpg 768w, https:\/\/new.madeinmarruecos.cl\/wp-content\/uploads\/2026\/06\/8-1-150x100.jpg 150w, https:\/\/new.madeinmarruecos.cl\/wp-content\/uploads\/2026\/06\/8-1.jpg 1024w\" sizes=\"auto, (max-width: 300px) 100vw, 300px\" \/>\t\t\t<\/div>\n\t\t\t\n\t\t<div class=\"wd-buttons wd-pos-r-t\">\n\t\t\t\t\t\t<div class=\"wd-wishlist-btn wd-action-btn wd-style-icon wd-wishlist-icon\">\n\t\t\t\t<a class=\"\" href=\"https:\/\/new.madeinmarruecos.cl\/?page_id=76\" data-key=\"1ca7a93047\" data-product-id=\"2060\" rel=\"nofollow\">\n\t\t\t\t\t<span class=\"wd-action-icon\">\n\t\t\t\t\t\t<span class=\"wd-check-icon\"><\/span>\n\t\t\t\t\t<\/span>\n\t\t\t\t\t<span class=\"wd-action-text\">A\u00f1adir a la lista de deseos<\/span>\n\t\t\t\t<\/a>\n\t\t\t<\/div>\n\t\t\t\t<\/div>\n\t<\/div>\n\n\t<div class=\"product-element-bottom\">\n\n\t\t<div class=\"wd-product-header\">\n\t\t\t<h3 class=\"wd-entities-title\"><a href=\"https:\/\/new.madeinmarruecos.cl\/?product=puff-de-cuero-blanco-bordados-gris\">Puff de cuero blanco &#8211; bordados gris<\/a><\/h3>\n\t\t\t\t\t<\/div>\n\n\t\t\t\t<div class=\"wd-product-cats\">\n\t\t\t\t\t\t<a href=\"https:\/\/new.madeinmarruecos.cl\/?product_cat=puffs-de-cuero\" rel=\"tag\">Puffs de Cuero<\/a>\t\t<\/div>\n\t\t\n\t\t\n\t\t<div class=\"wrap-price\">\n\t\t\t\n\t<span class=\"price\"><span class=\"woocommerce-Price-amount amount\"><bdi><span class=\"woocommerce-Price-currencySymbol\">&#36;<\/span>89.990<\/bdi><\/span><\/span>\n\n\t\t\t\t\t<\/div>\n\n\t\t\n\t\t\n\t\t\n\t\t\n\t\t<div class=\"wd-product-footer\">\n\t\t\t<div class=\"wd-add-btn wd-add-btn-replace\">\n\t\t\t\t<a href=\"\/index.php?rest_route=%2Fwp%2Fv2%2Fpages%2F62&#038;add-to-cart=2060\"  data-quantity=\"1\" class=\"button product_type_simple add_to_cart_button ajax_add_to_cart add-to-cart-loop\" data-product_id=\"2060\" data-product_sku=\"POUF-R-BLANCO\" aria-label=\"A\u00f1adir al carrito: &ldquo;Puff de cuero blanco - bordados gris&rdquo;\" rel=\"nofollow\" data-success_message=\"\u00abPuff de cuero blanco - bordados gris\u00bb se ha a\u00f1adido a tu carrito\" role=\"button\"><span class=\"wd-action-icon\"><span class=\"wd-check-icon\"><\/span><\/span><span class=\"wd-action-text\">A\u00f1adir al carrito<\/span><\/a>\t\t\t<\/div>\n\n\t\t\t\t\t<\/div>\n\t<\/div>\n<\/div>\n<\/div>\n\t\t\t\t\t<\/div>\n\t\t\t\t<div class=\"wd-carousel-item\">\n\t\t\t\t\t\t\t\t\t\t\t<div class=\"wd-product wd-hover-buttons-on-hover product-grid-item product type-product post-2065 status-publish instock product_cat-puffs-de-cuero product_tag-asientos-de-cuero product_tag-blanco product_tag-decoracion-nordica product_tag-invierno product_tag-liquidacion product_tag-otono product_tag-pouf product_tag-pouf-cyber-days product_tag-pouf-redondo product_tag-pouf-turco product_tag-pouff product_tag-poufs-de-cuero product_tag-primavera product_tag-puf product_tag-puf-cyber-days product_tag-puff product_tag-puff-arabe product_tag-puff-cyber-days product_tag-puff-redondo product_tag-puff-turco product_tag-pufs-de-cuero product_tag-verano has-post-thumbnail purchasable product-type-simple\" data-loop=\"10\" data-id=\"2065\">\n\t\n<div class=\"wd-product-wrapper product-wrapper\">\n\t<div class=\"wd-product-thumb product-element-top wd-quick-shop\">\n\t\t<a href=\"https:\/\/new.madeinmarruecos.cl\/?product=puff-de-cuero-blanco-bordados-negros\" class=\"wd-product-img-link product-image-link\" tabindex=\"-1\" aria-label=\"Puff de Cuero blanco &#8211; bordados negros\">\n\t\t\t<img loading=\"lazy\" decoding=\"async\" width=\"300\" height=\"300\" src=\"https:\/\/new.madeinmarruecos.cl\/wp-content\/uploads\/2026\/06\/pouf-blanco-y-negro-de-cuero-redondo-desde-marruecos-pouf-marroqui-5-300x300.jpg\" class=\"attachment-medium size-medium\" alt=\"\u25b7 Puff de Cuero blanco con bordados negros - Made in Marruecos\" srcset=\"https:\/\/new.madeinmarruecos.cl\/wp-content\/uploads\/2026\/06\/pouf-blanco-y-negro-de-cuero-redondo-desde-marruecos-pouf-marroqui-5-300x300.jpg 300w, https:\/\/new.madeinmarruecos.cl\/wp-content\/uploads\/2026\/06\/pouf-blanco-y-negro-de-cuero-redondo-desde-marruecos-pouf-marroqui-5-150x150.jpg 150w, https:\/\/new.madeinmarruecos.cl\/wp-content\/uploads\/2026\/06\/pouf-blanco-y-negro-de-cuero-redondo-desde-marruecos-pouf-marroqui-5.jpg 600w\" sizes=\"auto, (max-width: 300px) 100vw, 300px\" \/>\t\t<\/a>\n\n\t\t\t\t\t<div class=\"wd-product-img-hover hover-img\">\n\t\t\t\t<img loading=\"lazy\" decoding=\"async\" width=\"300\" height=\"251\" src=\"https:\/\/new.madeinmarruecos.cl\/wp-content\/uploads\/2026\/06\/pouf-blanco-y-negro-de-cuero-redondo-desde-marruecos-pouf-marroqui-6-300x251.jpg\" class=\"attachment-medium size-medium\" alt=\"\u25b7 Puff de Cuero blanco con bordados negros - Made in Marruecos\" srcset=\"https:\/\/new.madeinmarruecos.cl\/wp-content\/uploads\/2026\/06\/pouf-blanco-y-negro-de-cuero-redondo-desde-marruecos-pouf-marroqui-6-300x251.jpg 300w, https:\/\/new.madeinmarruecos.cl\/wp-content\/uploads\/2026\/06\/pouf-blanco-y-negro-de-cuero-redondo-desde-marruecos-pouf-marroqui-6-150x126.jpg 150w, https:\/\/new.madeinmarruecos.cl\/wp-content\/uploads\/2026\/06\/pouf-blanco-y-negro-de-cuero-redondo-desde-marruecos-pouf-marroqui-6.jpg 600w\" sizes=\"auto, (max-width: 300px) 100vw, 300px\" \/>\t\t\t<\/div>\n\t\t\t\n\t\t<div class=\"wd-buttons wd-pos-r-t\">\n\t\t\t\t\t\t<div class=\"wd-wishlist-btn wd-action-btn wd-style-icon wd-wishlist-icon\">\n\t\t\t\t<a class=\"\" href=\"https:\/\/new.madeinmarruecos.cl\/?page_id=76\" data-key=\"1ca7a93047\" data-product-id=\"2065\" rel=\"nofollow\">\n\t\t\t\t\t<span class=\"wd-action-icon\">\n\t\t\t\t\t\t<span class=\"wd-check-icon\"><\/span>\n\t\t\t\t\t<\/span>\n\t\t\t\t\t<span class=\"wd-action-text\">A\u00f1adir a la lista de deseos<\/span>\n\t\t\t\t<\/a>\n\t\t\t<\/div>\n\t\t\t\t<\/div>\n\t<\/div>\n\n\t<div class=\"product-element-bottom\">\n\n\t\t<div class=\"wd-product-header\">\n\t\t\t<h3 class=\"wd-entities-title\"><a href=\"https:\/\/new.madeinmarruecos.cl\/?product=puff-de-cuero-blanco-bordados-negros\">Puff de Cuero blanco &#8211; bordados negros<\/a><\/h3>\n\t\t\t\t\t<\/div>\n\n\t\t\t\t<div class=\"wd-product-cats\">\n\t\t\t\t\t\t<a href=\"https:\/\/new.madeinmarruecos.cl\/?product_cat=puffs-de-cuero\" rel=\"tag\">Puffs de Cuero<\/a>\t\t<\/div>\n\t\t\n\t\t\n\t\t<div class=\"wrap-price\">\n\t\t\t\n\t<span class=\"price\"><span class=\"woocommerce-Price-amount amount\"><bdi><span class=\"woocommerce-Price-currencySymbol\">&#36;<\/span>89.990<\/bdi><\/span><\/span>\n\n\t\t\t\t\t<\/div>\n\n\t\t\n\t\t\n\t\t\n\t\t\n\t\t<div class=\"wd-product-footer\">\n\t\t\t<div class=\"wd-add-btn wd-add-btn-replace\">\n\t\t\t\t<a href=\"\/index.php?rest_route=%2Fwp%2Fv2%2Fpages%2F62&#038;add-to-cart=2065\"  data-quantity=\"1\" class=\"button product_type_simple add_to_cart_button ajax_add_to_cart add-to-cart-loop\" data-product_id=\"2065\" data-product_sku=\"POUF-R-BLANCO-N\" aria-label=\"A\u00f1adir al carrito: &ldquo;Puff de Cuero blanco - bordados negros&rdquo;\" rel=\"nofollow\" data-success_message=\"\u00abPuff de Cuero blanco - bordados negros\u00bb se ha a\u00f1adido a tu carrito\" role=\"button\"><span class=\"wd-action-icon\"><span class=\"wd-check-icon\"><\/span><\/span><span class=\"wd-action-text\">A\u00f1adir al carrito<\/span><\/a>\t\t\t<\/div>\n\n\t\t\t\t\t<\/div>\n\t<\/div>\n<\/div>\n<\/div>\n\t\t\t\t\t<\/div>\n\t\t\t\t<div class=\"wd-carousel-item\">\n\t\t\t\t\t\t\t\t\t\t\t<div class=\"wd-product wd-hover-buttons-on-hover product-grid-item product type-product post-2075 status-publish last instock product_cat-puffs-de-cuero product_tag-asientos-de-cuero product_tag-camel product_tag-caramelo product_tag-invierno product_tag-otono product_tag-para-mama product_tag-pouf product_tag-pouf-camel product_tag-pouf-cyber-days product_tag-pouf-redondo product_tag-pouff product_tag-poufs-de-cuero product_tag-primavera product_tag-puf product_tag-puf-cuero product_tag-puf-cyber-days product_tag-puff product_tag-puff-camel product_tag-puff-cyber-days product_tag-puff-redondo product_tag-puff-turco product_tag-pufs-de-cuero product_tag-regalo product_tag-verano has-post-thumbnail purchasable product-type-simple\" data-loop=\"11\" data-id=\"2075\">\n\t\n<div class=\"wd-product-wrapper product-wrapper\">\n\t<div class=\"wd-product-thumb product-element-top wd-quick-shop\">\n\t\t<a href=\"https:\/\/new.madeinmarruecos.cl\/?product=puff-de-cuero-camel\" class=\"wd-product-img-link product-image-link\" tabindex=\"-1\" aria-label=\"Puff de Cuero Camel\">\n\t\t\t<img loading=\"lazy\" decoding=\"async\" width=\"300\" height=\"300\" src=\"https:\/\/new.madeinmarruecos.cl\/wp-content\/uploads\/2026\/06\/pouf-camel-de-cuero-redondo-desde-marruecos-pouf-marroqui-1-300x300.jpg\" class=\"attachment-medium size-medium\" alt=\"\u25b7 Puff de Cuero Camel : Pouf Camel 100% Original Made in Marruecos Puff de cuero camel marroqui - Hecho a mano en Marruecos Puff de cuero camel marroqui - Hecho a mano en Marruecos Puff de cuero camel marroqui - Hecho a mano en Marruecos Puff de cuero camel marroqui - Hecho a mano en Marruecos \u25b7 Puff de Cuero Camel : Pouf Camel 100% Original Made in Marruecos \u25b7 Puff de Cuero Camel : Pouf Camel 100% Original Made in Marruecos \u25b7 Puff de Cuero Camel : Pouf Camel 100% Original Made in Marruecos \u25b7 Puff de Cuero Camel : Pouf Camel 100% Original Made in Marruecos \u25b7 Puff de Cuero Camel : Pouf Camel 100% Original Made in Marruecos \u25b7 Puff de Cuero Camel : Pouf Camel 100% Original Made in Marruecos POUF AUT\u00c9NTICO DE CUERO CON DISE\u00d1OS\" srcset=\"https:\/\/new.madeinmarruecos.cl\/wp-content\/uploads\/2026\/06\/pouf-camel-de-cuero-redondo-desde-marruecos-pouf-marroqui-1-300x300.jpg 300w, https:\/\/new.madeinmarruecos.cl\/wp-content\/uploads\/2026\/06\/pouf-camel-de-cuero-redondo-desde-marruecos-pouf-marroqui-1-150x150.jpg 150w, https:\/\/new.madeinmarruecos.cl\/wp-content\/uploads\/2026\/06\/pouf-camel-de-cuero-redondo-desde-marruecos-pouf-marroqui-1.jpg 600w\" sizes=\"auto, (max-width: 300px) 100vw, 300px\" \/>\t\t<\/a>\n\n\t\t\t\t\t<div class=\"wd-product-img-hover hover-img\">\n\t\t\t\t<img loading=\"lazy\" decoding=\"async\" width=\"300\" height=\"300\" src=\"https:\/\/new.madeinmarruecos.cl\/wp-content\/uploads\/2026\/06\/pouf-camel-de-cuero-redondo-desde-marruecos-pouf-marroqui-2-300x300.jpg\" class=\"attachment-medium size-medium\" alt=\"HERMOSO ASIENTO MARROQUI POUF AUTENTICO DE CUERO COLOR CHOCOLATE BORDADO A MANO\" srcset=\"https:\/\/new.madeinmarruecos.cl\/wp-content\/uploads\/2026\/06\/pouf-camel-de-cuero-redondo-desde-marruecos-pouf-marroqui-2-300x300.jpg 300w, https:\/\/new.madeinmarruecos.cl\/wp-content\/uploads\/2026\/06\/pouf-camel-de-cuero-redondo-desde-marruecos-pouf-marroqui-2-150x150.jpg 150w, https:\/\/new.madeinmarruecos.cl\/wp-content\/uploads\/2026\/06\/pouf-camel-de-cuero-redondo-desde-marruecos-pouf-marroqui-2.jpg 600w\" sizes=\"auto, (max-width: 300px) 100vw, 300px\" \/>\t\t\t<\/div>\n\t\t\t\n\t\t<div class=\"wd-buttons wd-pos-r-t\">\n\t\t\t\t\t\t<div class=\"wd-wishlist-btn wd-action-btn wd-style-icon wd-wishlist-icon\">\n\t\t\t\t<a class=\"\" href=\"https:\/\/new.madeinmarruecos.cl\/?page_id=76\" data-key=\"1ca7a93047\" data-product-id=\"2075\" rel=\"nofollow\">\n\t\t\t\t\t<span class=\"wd-action-icon\">\n\t\t\t\t\t\t<span class=\"wd-check-icon\"><\/span>\n\t\t\t\t\t<\/span>\n\t\t\t\t\t<span class=\"wd-action-text\">A\u00f1adir a la lista de deseos<\/span>\n\t\t\t\t<\/a>\n\t\t\t<\/div>\n\t\t\t\t<\/div>\n\t<\/div>\n\n\t<div class=\"product-element-bottom\">\n\n\t\t<div class=\"wd-product-header\">\n\t\t\t<h3 class=\"wd-entities-title\"><a href=\"https:\/\/new.madeinmarruecos.cl\/?product=puff-de-cuero-camel\">Puff de Cuero Camel<\/a><\/h3>\n\t\t\t\t\t<\/div>\n\n\t\t\t\t<div class=\"wd-product-cats\">\n\t\t\t\t\t\t<a href=\"https:\/\/new.madeinmarruecos.cl\/?product_cat=puffs-de-cuero\" rel=\"tag\">Puffs de Cuero<\/a>\t\t<\/div>\n\t\t\n\t\t\n\t\t<div class=\"wrap-price\">\n\t\t\t\n\t<span class=\"price\"><span class=\"woocommerce-Price-amount amount\"><bdi><span class=\"woocommerce-Price-currencySymbol\">&#36;<\/span>89.990<\/bdi><\/span><\/span>\n\n\t\t\t\t\t<\/div>\n\n\t\t\n\t\t\n\t\t\n\t\t\n\t\t<div class=\"wd-product-footer\">\n\t\t\t<div class=\"wd-add-btn wd-add-btn-replace\">\n\t\t\t\t<a href=\"\/index.php?rest_route=%2Fwp%2Fv2%2Fpages%2F62&#038;add-to-cart=2075\"  data-quantity=\"1\" class=\"button product_type_simple add_to_cart_button ajax_add_to_cart add-to-cart-loop\" data-product_id=\"2075\" data-product_sku=\"POUF-R-CAMEL-R\" aria-label=\"A\u00f1adir al carrito: &ldquo;Puff de Cuero Camel&rdquo;\" rel=\"nofollow\" data-success_message=\"\u00abPuff de Cuero Camel\u00bb se ha a\u00f1adido a tu carrito\" role=\"button\"><span class=\"wd-action-icon\"><span class=\"wd-check-icon\"><\/span><\/span><span class=\"wd-action-text\">A\u00f1adir al carrito<\/span><\/a>\t\t\t<\/div>\n\n\t\t\t\t\t<\/div>\n\t<\/div>\n<\/div>\n<\/div>\n\t\t\t\t\t<\/div>\n\t\t\t\t<div class=\"wd-carousel-item\">\n\t\t\t\t\t\t\t\t\t\t\t<div class=\"wd-product wd-hover-buttons-on-hover product-grid-item product type-product post-2746 status-publish first instock product_cat-puffs-de-cuero product_tag-asientos-de-cuero product_tag-camel product_tag-caramelo product_tag-para-mama product_tag-pouf product_tag-pouf-camel product_tag-pouf-cyber-days product_tag-pouf-redondo product_tag-pouff product_tag-poufs-de-cuero product_tag-puf product_tag-puf-cuero product_tag-puf-cyber-days product_tag-puff product_tag-puff-camel product_tag-puff-cyber-days product_tag-puff-redondo product_tag-puff-turco product_tag-pufs-de-cuero has-post-thumbnail purchasable product-type-simple\" data-loop=\"12\" data-id=\"2746\">\n\t\n<div class=\"wd-product-wrapper product-wrapper\">\n\t<div class=\"wd-product-thumb product-element-top wd-quick-shop\">\n\t\t<a href=\"https:\/\/new.madeinmarruecos.cl\/?product=puff-de-cuero-camel-bordado-negro\" class=\"wd-product-img-link product-image-link\" tabindex=\"-1\" aria-label=\"Puff de Cuero Camel Bordado negro\">\n\t\t\t<img loading=\"lazy\" decoding=\"async\" width=\"300\" height=\"300\" src=\"https:\/\/new.madeinmarruecos.cl\/wp-content\/uploads\/2026\/06\/pouf-camel-de-cuero-marroqui-bordado-negro-1-300x300.jpg\" class=\"attachment-medium size-medium\" alt=\"pouf camel de cuero marroqui bordado negro\" srcset=\"https:\/\/new.madeinmarruecos.cl\/wp-content\/uploads\/2026\/06\/pouf-camel-de-cuero-marroqui-bordado-negro-1-300x300.jpg 300w, https:\/\/new.madeinmarruecos.cl\/wp-content\/uploads\/2026\/06\/pouf-camel-de-cuero-marroqui-bordado-negro-1-1024x1024.jpg 1024w, https:\/\/new.madeinmarruecos.cl\/wp-content\/uploads\/2026\/06\/pouf-camel-de-cuero-marroqui-bordado-negro-1-150x150.jpg 150w, https:\/\/new.madeinmarruecos.cl\/wp-content\/uploads\/2026\/06\/pouf-camel-de-cuero-marroqui-bordado-negro-1-768x768.jpg 768w, https:\/\/new.madeinmarruecos.cl\/wp-content\/uploads\/2026\/06\/pouf-camel-de-cuero-marroqui-bordado-negro-1-600x600.jpg 600w, https:\/\/new.madeinmarruecos.cl\/wp-content\/uploads\/2026\/06\/pouf-camel-de-cuero-marroqui-bordado-negro-1.jpg 1200w\" sizes=\"auto, (max-width: 300px) 100vw, 300px\" \/>\t\t<\/a>\n\n\t\t\t\t\t<div class=\"wd-product-img-hover hover-img\">\n\t\t\t\t<img loading=\"lazy\" decoding=\"async\" width=\"300\" height=\"300\" src=\"https:\/\/new.madeinmarruecos.cl\/wp-content\/uploads\/2026\/06\/pouf-camel-de-cuero-marroqui-bordado-negro-2-300x300.jpg\" class=\"attachment-medium size-medium\" alt=\"pouf camel de cuero marroqui bordado negro\" srcset=\"https:\/\/new.madeinmarruecos.cl\/wp-content\/uploads\/2026\/06\/pouf-camel-de-cuero-marroqui-bordado-negro-2-300x300.jpg 300w, https:\/\/new.madeinmarruecos.cl\/wp-content\/uploads\/2026\/06\/pouf-camel-de-cuero-marroqui-bordado-negro-2-1024x1024.jpg 1024w, https:\/\/new.madeinmarruecos.cl\/wp-content\/uploads\/2026\/06\/pouf-camel-de-cuero-marroqui-bordado-negro-2-150x150.jpg 150w, https:\/\/new.madeinmarruecos.cl\/wp-content\/uploads\/2026\/06\/pouf-camel-de-cuero-marroqui-bordado-negro-2-768x768.jpg 768w, https:\/\/new.madeinmarruecos.cl\/wp-content\/uploads\/2026\/06\/pouf-camel-de-cuero-marroqui-bordado-negro-2-600x600.jpg 600w, https:\/\/new.madeinmarruecos.cl\/wp-content\/uploads\/2026\/06\/pouf-camel-de-cuero-marroqui-bordado-negro-2.jpg 1200w\" sizes=\"auto, (max-width: 300px) 100vw, 300px\" \/>\t\t\t<\/div>\n\t\t\t\n\t\t<div class=\"wd-buttons wd-pos-r-t\">\n\t\t\t\t\t\t<div class=\"wd-wishlist-btn wd-action-btn wd-style-icon wd-wishlist-icon\">\n\t\t\t\t<a class=\"\" href=\"https:\/\/new.madeinmarruecos.cl\/?page_id=76\" data-key=\"1ca7a93047\" data-product-id=\"2746\" rel=\"nofollow\">\n\t\t\t\t\t<span class=\"wd-action-icon\">\n\t\t\t\t\t\t<span class=\"wd-check-icon\"><\/span>\n\t\t\t\t\t<\/span>\n\t\t\t\t\t<span class=\"wd-action-text\">A\u00f1adir a la lista de deseos<\/span>\n\t\t\t\t<\/a>\n\t\t\t<\/div>\n\t\t\t\t<\/div>\n\t<\/div>\n\n\t<div class=\"product-element-bottom\">\n\n\t\t<div class=\"wd-product-header\">\n\t\t\t<h3 class=\"wd-entities-title\"><a href=\"https:\/\/new.madeinmarruecos.cl\/?product=puff-de-cuero-camel-bordado-negro\">Puff de Cuero Camel Bordado negro<\/a><\/h3>\n\t\t\t\t\t<\/div>\n\n\t\t\t\t<div class=\"wd-product-cats\">\n\t\t\t\t\t\t<a href=\"https:\/\/new.madeinmarruecos.cl\/?product_cat=puffs-de-cuero\" rel=\"tag\">Puffs de Cuero<\/a>\t\t<\/div>\n\t\t\n\t\t\n\t\t<div class=\"wrap-price\">\n\t\t\t\n\t<span class=\"price\"><span class=\"woocommerce-Price-amount amount\"><bdi><span class=\"woocommerce-Price-currencySymbol\">&#36;<\/span>89.990<\/bdi><\/span><\/span>\n\n\t\t\t\t\t<\/div>\n\n\t\t\n\t\t\n\t\t\n\t\t\n\t\t<div class=\"wd-product-footer\">\n\t\t\t<div class=\"wd-add-btn wd-add-btn-replace\">\n\t\t\t\t<a href=\"\/index.php?rest_route=%2Fwp%2Fv2%2Fpages%2F62&#038;add-to-cart=2746\"  data-quantity=\"1\" class=\"button product_type_simple add_to_cart_button ajax_add_to_cart add-to-cart-loop\" data-product_id=\"2746\" data-product_sku=\"POUF-R-CAMEL-Negro\" aria-label=\"A\u00f1adir al carrito: &ldquo;Puff de Cuero Camel Bordado negro&rdquo;\" rel=\"nofollow\" data-success_message=\"\u00abPuff de Cuero Camel Bordado negro\u00bb se ha a\u00f1adido a tu carrito\" role=\"button\"><span class=\"wd-action-icon\"><span class=\"wd-check-icon\"><\/span><\/span><span class=\"wd-action-text\">A\u00f1adir al carrito<\/span><\/a>\t\t\t<\/div>\n\n\t\t\t\t\t<\/div>\n\t<\/div>\n<\/div>\n<\/div>\n\t\t\t\t\t<\/div>\n\t\t\t\t\t\t\t\t<\/div>\n\t\t\t\t\t<\/div>\n\n\t\t\t\t\t\t\t<div class=\"wd-nav-arrows wd-pos-sep wd-hover-1 wd-icon-1\">\n\t\t\t<div class=\"wd-btn-arrow wd-prev wd-disabled\">\n\t\t\t\t<div class=\"wd-arrow-inner\"><\/div>\n\t\t\t<\/div>\n\t\t\t<div class=\"wd-btn-arrow wd-next\">\n\t\t\t\t<div class=\"wd-arrow-inner\"><\/div>\n\t\t\t<\/div>\n\t\t<\/div>\n\t\t\t\t\t\t<\/div>\n\n\t\t\t\t\t\t\t\t\t\t\t\t\t<div class=\"wd-nav-scroll\"><\/div>\n\t\t\t\t\t<\/div>\n\t\t\t\t\t\t\n\n\n<div class=\"wp-block-wd-container wd-dir-row wd-align-is-lg-center wd-edf71bb5\">\n<h2 class=\"wp-block-wd-title title wd-116d7a30\">Alfombras<\/h2>\n\n\n\n<a class=\"wp-block-wd-button btn btn-style-link btn-color-primary btn-size-large wd-040514f9\" href=\"\/shop\"><span>Todos los Productos<\/span><\/a>\n<\/div>\n\n\n\t\t\t\n\t\t\t<div id=\"carousel-854\" class=\"wd-carousel-container  wd-08c668e2 wd-products-element wd-products products wd-loop-builder-off wd-quantity-enabled wd-products-with-bg title-line-one\">\n\t\t\t\t\n\t\t\t\t\t\t\t\n\t\t\t\t<div class=\"wd-carousel-inner\">\n\t\t\t\t\t<div class=\" wd-carousel wd-grid\" data-scroll_per_page=\"yes\" style=\"--wd-col-lg:5.5;--wd-col-md:3.5;--wd-col-sm:1.5;--wd-gap-lg:20px;--wd-gap-sm:10px;\">\n\t\t\t\t\t\t<div class=\"wd-carousel-wrap\">\n\t\t\t\t\t\t\t\t\t<div class=\"wd-carousel-item\">\n\t\t\t\t\t\t\t\t\t\t\t<div class=\"wd-product wd-hover-buttons-on-hover product-grid-item product type-product post-2836 status-publish outofstock product_cat-alfombrasstock-chile product_tag-alfombra-200x300-cm product_tag-alfombra-2x3-mts product_tag-alfombra-azilal product_tag-alfombra-cyber-days product_tag-alfombra-de-colores product_tag-alfombra-de-lana product_tag-alfombra-grande product_tag-alfombra-mediana product_tag-alfombra-para-comedor product_tag-alfombra-para-dormitorio product_tag-alfombra-para-living product_tag-alfombra-para-sala-de-estar product_tag-alfombras-azilal product_tag-alfombras-cyber-days product_tag-alfombras-de-lana product_tag-invierno has-post-thumbnail purchasable product-type-simple\" data-loop=\"1\" data-id=\"2836\">\n\t\n<div class=\"wd-product-wrapper product-wrapper\">\n\t<div class=\"wd-product-thumb product-element-top wd-quick-shop\">\n\t\t<a href=\"https:\/\/new.madeinmarruecos.cl\/?product=alfombra-azilal-de-colores-az11-196x290-cm\" class=\"wd-product-img-link product-image-link\" tabindex=\"-1\" aria-label=\"Alfombra Azilal de colores AZ11 &#8211; 196X290 cm\">\n\t\t\t<img loading=\"lazy\" decoding=\"async\" width=\"300\" height=\"200\" src=\"https:\/\/new.madeinmarruecos.cl\/wp-content\/uploads\/2026\/06\/alfombra-de-lana-az11-azul-rosado-modelo-azilal-1-300x200.jpg\" class=\"attachment-medium size-medium\" alt=\"Alfombra Azilal AZ11 - 196x290cm Alfombra de colores hecha a mano en Marruecos Alfombra Azilal AZ11 - 196x290cm Alfombra de colores hecha a mano en Marruecos Alfombra Azilal AZ11 - 196x290cm Alfombra de colores hecha a mano en Marruecos Alfombra Azilal AZ11 - 196x290cm Alfombra de colores hecha a mano en Marruecos Alfombra Azilal AZ11 - 196x290cm Alfombra de colores hecha a mano en Marruecos Alfombra Azilal AZ11 - 196x290cm Alfombra de colores hecha a mano en Marruecos Alfombra Azilal AZ11 - 196x290cm Alfombra de colores hecha a mano en Marruecos Alfombra Azilal AZ11 - 196x290cm Alfombra de colores hecha a mano en Marruecos Alfombra Azilal AZ11 - 196x290cm Alfombra de colores hecha a mano en Marruecos\" srcset=\"https:\/\/new.madeinmarruecos.cl\/wp-content\/uploads\/2026\/06\/alfombra-de-lana-az11-azul-rosado-modelo-azilal-1-300x200.jpg 300w, https:\/\/new.madeinmarruecos.cl\/wp-content\/uploads\/2026\/06\/alfombra-de-lana-az11-azul-rosado-modelo-azilal-1-768x512.jpg 768w, https:\/\/new.madeinmarruecos.cl\/wp-content\/uploads\/2026\/06\/alfombra-de-lana-az11-azul-rosado-modelo-azilal-1-150x100.jpg 150w, https:\/\/new.madeinmarruecos.cl\/wp-content\/uploads\/2026\/06\/alfombra-de-lana-az11-azul-rosado-modelo-azilal-1.jpg 1000w\" sizes=\"auto, (max-width: 300px) 100vw, 300px\" \/>\t\t<\/a>\n\n\t\t\t\t\t<div class=\"product-labels labels-rounded-sm\">\n\t\t\t\t<span class=\"out-of-stock product-label wd-shape-round-sm\">Agotado<\/span>\t\t\t<\/div>\n\t\t\t\t\t\t<div class=\"wd-product-img-hover hover-img\">\n\t\t\t\t<img loading=\"lazy\" decoding=\"async\" width=\"300\" height=\"200\" src=\"https:\/\/new.madeinmarruecos.cl\/wp-content\/uploads\/2026\/06\/alfombra-de-lana-az11-azul-rosado-modelo-azilal-9-300x200.jpg\" class=\"attachment-medium size-medium\" alt=\"\" srcset=\"https:\/\/new.madeinmarruecos.cl\/wp-content\/uploads\/2026\/06\/alfombra-de-lana-az11-azul-rosado-modelo-azilal-9-300x200.jpg 300w, https:\/\/new.madeinmarruecos.cl\/wp-content\/uploads\/2026\/06\/alfombra-de-lana-az11-azul-rosado-modelo-azilal-9-768x512.jpg 768w, https:\/\/new.madeinmarruecos.cl\/wp-content\/uploads\/2026\/06\/alfombra-de-lana-az11-azul-rosado-modelo-azilal-9-150x100.jpg 150w, https:\/\/new.madeinmarruecos.cl\/wp-content\/uploads\/2026\/06\/alfombra-de-lana-az11-azul-rosado-modelo-azilal-9.jpg 1000w\" sizes=\"auto, (max-width: 300px) 100vw, 300px\" \/>\t\t\t<\/div>\n\t\t\t\n\t\t<div class=\"wd-buttons wd-pos-r-t\">\n\t\t\t\t\t\t<div class=\"wd-wishlist-btn wd-action-btn wd-style-icon wd-wishlist-icon\">\n\t\t\t\t<a class=\"\" href=\"https:\/\/new.madeinmarruecos.cl\/?page_id=76\" data-key=\"1ca7a93047\" data-product-id=\"2836\" rel=\"nofollow\">\n\t\t\t\t\t<span class=\"wd-action-icon\">\n\t\t\t\t\t\t<span class=\"wd-check-icon\"><\/span>\n\t\t\t\t\t<\/span>\n\t\t\t\t\t<span class=\"wd-action-text\">A\u00f1adir a la lista de deseos<\/span>\n\t\t\t\t<\/a>\n\t\t\t<\/div>\n\t\t\t\t<\/div>\n\t<\/div>\n\n\t<div class=\"product-element-bottom\">\n\n\t\t<div class=\"wd-product-header\">\n\t\t\t<h3 class=\"wd-entities-title\"><a href=\"https:\/\/new.madeinmarruecos.cl\/?product=alfombra-azilal-de-colores-az11-196x290-cm\">Alfombra Azilal de colores AZ11 &#8211; 196X290 cm<\/a><\/h3>\n\t\t\t\t\t<\/div>\n\n\t\t\t\t<div class=\"wd-product-cats\">\n\t\t\t\t\t\t<a href=\"https:\/\/new.madeinmarruecos.cl\/?product_cat=alfombrasstock-chile\" rel=\"tag\">Alfombras&gt;Stock Chile<\/a>\t\t<\/div>\n\t\t\n\t\t\n\t\t<div class=\"wrap-price\">\n\t\t\t\n\t<span class=\"price\"><span class=\"woocommerce-Price-amount amount\"><bdi><span class=\"woocommerce-Price-currencySymbol\">&#36;<\/span>700.000<\/bdi><\/span><\/span>\n\n\t\t\t\t\t<\/div>\n\n\t\t\n\t\t\n\t\t\n\t\t\n\t\t<div class=\"wd-product-footer\">\n\t\t\t<div class=\"wd-add-btn wd-add-btn-replace\">\n\t\t\t\t<a href=\"https:\/\/new.madeinmarruecos.cl\/?product=alfombra-azilal-de-colores-az11-196x290-cm\"  data-quantity=\"1\" class=\"button product_type_simple add-to-cart-loop\" data-product_id=\"2836\" data-product_sku=\"AZ11\" aria-label=\"Lee m\u00e1s sobre &ldquo;Alfombra Azilal de colores AZ11 - 196X290 cm&rdquo;\" rel=\"nofollow\" data-success_message=\"\"><span class=\"wd-action-icon\"><span class=\"wd-check-icon\"><\/span><\/span><span class=\"wd-action-text\">Leer m\u00e1s<\/span><\/a>\t\t\t<\/div>\n\n\t\t\t\t\t<\/div>\n\t<\/div>\n<\/div>\n<\/div>\n\t\t\t\t\t<\/div>\n\t\t\t\t<div class=\"wd-carousel-item\">\n\t\t\t\t\t\t\t\t\t\t\t<div class=\"wd-product wd-hover-buttons-on-hover product-grid-item product type-product post-2237 status-publish instock product_cat-alfombrasstock-chile product_tag-alfombra-300x400-cm product_tag-alfombra-3x4-mts product_tag-alfombra-cyber-days product_tag-alfombra-de-lana product_tag-alfombra-extra-grande product_tag-alfombra-grande-de-lana product_tag-alfombra-para-comedor product_tag-alfombra-para-dormitorio product_tag-alfombra-para-living product_tag-alfombra-para-sala-de-estar product_tag-alfombras-beni-ourain product_tag-alfombras-beniourain product_tag-alfombras-cyber-days product_tag-alfombras-de-lana product_tag-invierno has-post-thumbnail purchasable product-type-simple\" data-loop=\"2\" data-id=\"2237\">\n\t\n<div class=\"wd-product-wrapper product-wrapper\">\n\t<div class=\"wd-product-thumb product-element-top wd-quick-shop\">\n\t\t<a href=\"https:\/\/new.madeinmarruecos.cl\/?product=alfombra-beni-ourain-3x4-mts-beni-87\" class=\"wd-product-img-link product-image-link\" tabindex=\"-1\" aria-label=\"Alfombra Beni Ourain 3&#215;4 mts BENI-87\">\n\t\t\t<img loading=\"lazy\" decoding=\"async\" width=\"300\" height=\"225\" src=\"https:\/\/new.madeinmarruecos.cl\/wp-content\/uploads\/2026\/06\/alfombra-beniourain-87-alfombra-de-lana-natural-1-300x225.jpg\" class=\"attachment-medium size-medium\" alt=\"Alfombra Beni Ourain BENI-87 alfombra-beniourain-87-alfombra-de-lana-natural-2 alfombra-beniourain-87-alfombra-de-lana-natural-3 alfombra-beniourain-87-alfombra-de-lana-natural-4 alfombra-beniourain-87-alfombra-de-lana-natural-5 alfombra-beniourain-87-alfombra-de-lana-natural-6 alfombra-beniourain-87-alfombra-de-lana-natural-7 alfombra-beniourain-87-alfombra-de-lana-natural-8 alfombra-beniourain-87-alfombra-de-lana-natural-9 alfombra-beniourain-87-alfombra-de-lana-natural-1-1024x768 iap_640x640.5198537123_6r3pfgs8\" srcset=\"https:\/\/new.madeinmarruecos.cl\/wp-content\/uploads\/2026\/06\/alfombra-beniourain-87-alfombra-de-lana-natural-1-300x225.jpg 300w, https:\/\/new.madeinmarruecos.cl\/wp-content\/uploads\/2026\/06\/alfombra-beniourain-87-alfombra-de-lana-natural-1-1024x768.jpg 1024w, https:\/\/new.madeinmarruecos.cl\/wp-content\/uploads\/2026\/06\/alfombra-beniourain-87-alfombra-de-lana-natural-1-768x576.jpg 768w, https:\/\/new.madeinmarruecos.cl\/wp-content\/uploads\/2026\/06\/alfombra-beniourain-87-alfombra-de-lana-natural-1-1536x1152.jpg 1536w, https:\/\/new.madeinmarruecos.cl\/wp-content\/uploads\/2026\/06\/alfombra-beniourain-87-alfombra-de-lana-natural-1-1200x900.jpg 1200w, https:\/\/new.madeinmarruecos.cl\/wp-content\/uploads\/2026\/06\/alfombra-beniourain-87-alfombra-de-lana-natural-1-150x113.jpg 150w, https:\/\/new.madeinmarruecos.cl\/wp-content\/uploads\/2026\/06\/alfombra-beniourain-87-alfombra-de-lana-natural-1.jpg 2020w\" sizes=\"auto, (max-width: 300px) 100vw, 300px\" \/>\t\t<\/a>\n\n\t\t\t\t\t<div class=\"wd-product-img-hover hover-img\">\n\t\t\t\t<img loading=\"lazy\" decoding=\"async\" width=\"225\" height=\"300\" src=\"https:\/\/new.madeinmarruecos.cl\/wp-content\/uploads\/2026\/06\/alfombra-beniourain-87-alfombra-de-lana-natural-2-225x300.jpg\" class=\"attachment-medium size-medium\" alt=\"\" srcset=\"https:\/\/new.madeinmarruecos.cl\/wp-content\/uploads\/2026\/06\/alfombra-beniourain-87-alfombra-de-lana-natural-2-225x300.jpg 225w, https:\/\/new.madeinmarruecos.cl\/wp-content\/uploads\/2026\/06\/alfombra-beniourain-87-alfombra-de-lana-natural-2-768x1024.jpg 768w, https:\/\/new.madeinmarruecos.cl\/wp-content\/uploads\/2026\/06\/alfombra-beniourain-87-alfombra-de-lana-natural-2-1152x1536.jpg 1152w, https:\/\/new.madeinmarruecos.cl\/wp-content\/uploads\/2026\/06\/alfombra-beniourain-87-alfombra-de-lana-natural-2-1200x1600.jpg 1200w, https:\/\/new.madeinmarruecos.cl\/wp-content\/uploads\/2026\/06\/alfombra-beniourain-87-alfombra-de-lana-natural-2-150x200.jpg 150w, https:\/\/new.madeinmarruecos.cl\/wp-content\/uploads\/2026\/06\/alfombra-beniourain-87-alfombra-de-lana-natural-2.jpg 1515w\" sizes=\"auto, (max-width: 225px) 100vw, 225px\" \/>\t\t\t<\/div>\n\t\t\t\n\t\t<div class=\"wd-buttons wd-pos-r-t\">\n\t\t\t\t\t\t<div class=\"wd-wishlist-btn wd-action-btn wd-style-icon wd-wishlist-icon\">\n\t\t\t\t<a class=\"\" href=\"https:\/\/new.madeinmarruecos.cl\/?page_id=76\" data-key=\"1ca7a93047\" data-product-id=\"2237\" rel=\"nofollow\">\n\t\t\t\t\t<span class=\"wd-action-icon\">\n\t\t\t\t\t\t<span class=\"wd-check-icon\"><\/span>\n\t\t\t\t\t<\/span>\n\t\t\t\t\t<span class=\"wd-action-text\">A\u00f1adir a la lista de deseos<\/span>\n\t\t\t\t<\/a>\n\t\t\t<\/div>\n\t\t\t\t<\/div>\n\t<\/div>\n\n\t<div class=\"product-element-bottom\">\n\n\t\t<div class=\"wd-product-header\">\n\t\t\t<h3 class=\"wd-entities-title\"><a href=\"https:\/\/new.madeinmarruecos.cl\/?product=alfombra-beni-ourain-3x4-mts-beni-87\">Alfombra Beni Ourain 3&#215;4 mts BENI-87<\/a><\/h3>\n\t\t\t\t\t<\/div>\n\n\t\t\t\t<div class=\"wd-product-cats\">\n\t\t\t\t\t\t<a href=\"https:\/\/new.madeinmarruecos.cl\/?product_cat=alfombrasstock-chile\" rel=\"tag\">Alfombras&gt;Stock Chile<\/a>\t\t<\/div>\n\t\t\n\t\t\n\t\t<div class=\"wrap-price\">\n\t\t\t\n\t<span class=\"price\"><span class=\"woocommerce-Price-amount amount\"><bdi><span class=\"woocommerce-Price-currencySymbol\">&#36;<\/span>2.700.000<\/bdi><\/span><\/span>\n\n\t\t\t\t\t<\/div>\n\n\t\t\n\t\t\n\t\t\n\t\t\n\t\t<div class=\"wd-product-footer\">\n\t\t\t<div class=\"wd-add-btn wd-add-btn-replace\">\n\t\t\t\t<a href=\"\/index.php?rest_route=%2Fwp%2Fv2%2Fpages%2F62&#038;add-to-cart=2237\"  data-quantity=\"1\" class=\"button product_type_simple add_to_cart_button ajax_add_to_cart add-to-cart-loop\" data-product_id=\"2237\" data-product_sku=\"BENI-87\" aria-label=\"A\u00f1adir al carrito: &ldquo;Alfombra Beni Ourain 3x4 mts BENI-87&rdquo;\" rel=\"nofollow\" data-success_message=\"\u00abAlfombra Beni Ourain 3x4 mts BENI-87\u00bb se ha a\u00f1adido a tu carrito\" role=\"button\"><span class=\"wd-action-icon\"><span class=\"wd-check-icon\"><\/span><\/span><span class=\"wd-action-text\">A\u00f1adir al carrito<\/span><\/a>\t\t\t<\/div>\n\n\t\t\t\t\t<\/div>\n\t<\/div>\n<\/div>\n<\/div>\n\t\t\t\t\t<\/div>\n\t\t\t\t<div class=\"wd-carousel-item\">\n\t\t\t\t\t\t\t\t\t\t\t<div class=\"wd-product wd-hover-buttons-on-hover product-grid-item product type-product post-2214 status-publish last outofstock product_cat-alfombrasstock-chile product_tag-alfombra-1-5x2-5-mts product_tag-alfombra-150x250-cm product_tag-alfombra-blanca-y-negra product_tag-alfombra-blanco-y-negro product_tag-alfombra-cyber-days product_tag-alfombra-mediana-de-lana product_tag-alfombra-para-comedor product_tag-alfombra-para-dormitorio product_tag-alfombra-para-living product_tag-alfombra-para-sala-de-estar product_tag-alfombras-beni-ourain product_tag-alfombras-beniourain product_tag-alfombras-cyber-days product_tag-alfombras-de-lana product_tag-invierno product_tag-liquidacion has-post-thumbnail purchasable product-type-simple\" data-loop=\"3\" data-id=\"2214\">\n\t\n<div class=\"wd-product-wrapper product-wrapper\">\n\t<div class=\"wd-product-thumb product-element-top wd-quick-shop\">\n\t\t<a href=\"https:\/\/new.madeinmarruecos.cl\/?product=alfombra-beni-ourain-beni-59-140-x-249-cm\" class=\"wd-product-img-link product-image-link\" tabindex=\"-1\" aria-label=\"Alfombra Beni Ourain BENI-59 140 x 249 cm\">\n\t\t\t<img loading=\"lazy\" decoding=\"async\" width=\"300\" height=\"225\" src=\"https:\/\/new.madeinmarruecos.cl\/wp-content\/uploads\/2026\/06\/alfombra-beni-ourain-beni-59-1-300x225.jpg\" class=\"attachment-medium size-medium\" alt=\"Alfombra Beni Ourain BENI-59 alfombra-beni-ourain-beni-59-2 alfombra-beni-ourain-beni-59-3 alfombra-beni-ourain-beni-59-4 alfombra-beni-ourain-beni-59-5 alfombra-beni-ourain-beni-59-6 alfombra-beni-ourain-beni-59-7 alfombra-beni-ourain-beni-59-8 alfombra-beni-ourain-beni-59-9\" srcset=\"https:\/\/new.madeinmarruecos.cl\/wp-content\/uploads\/2026\/06\/alfombra-beni-ourain-beni-59-1-300x225.jpg 300w, https:\/\/new.madeinmarruecos.cl\/wp-content\/uploads\/2026\/06\/alfombra-beni-ourain-beni-59-1-1024x768.jpg 1024w, https:\/\/new.madeinmarruecos.cl\/wp-content\/uploads\/2026\/06\/alfombra-beni-ourain-beni-59-1-768x576.jpg 768w, https:\/\/new.madeinmarruecos.cl\/wp-content\/uploads\/2026\/06\/alfombra-beni-ourain-beni-59-1-1536x1152.jpg 1536w, https:\/\/new.madeinmarruecos.cl\/wp-content\/uploads\/2026\/06\/alfombra-beni-ourain-beni-59-1-1200x900.jpg 1200w, https:\/\/new.madeinmarruecos.cl\/wp-content\/uploads\/2026\/06\/alfombra-beni-ourain-beni-59-1-150x113.jpg 150w, https:\/\/new.madeinmarruecos.cl\/wp-content\/uploads\/2026\/06\/alfombra-beni-ourain-beni-59-1.jpg 2020w\" sizes=\"auto, (max-width: 300px) 100vw, 300px\" \/>\t\t<\/a>\n\n\t\t\t\t\t<div class=\"product-labels labels-rounded-sm\">\n\t\t\t\t<span class=\"out-of-stock product-label wd-shape-round-sm\">Agotado<\/span>\t\t\t<\/div>\n\t\t\t\t\t\t<div class=\"wd-product-img-hover hover-img\">\n\t\t\t\t<img loading=\"lazy\" decoding=\"async\" width=\"225\" height=\"300\" src=\"https:\/\/new.madeinmarruecos.cl\/wp-content\/uploads\/2026\/06\/alfombra-beni-ourain-beni-59-2-225x300.jpg\" class=\"attachment-medium size-medium\" alt=\"\" srcset=\"https:\/\/new.madeinmarruecos.cl\/wp-content\/uploads\/2026\/06\/alfombra-beni-ourain-beni-59-2-225x300.jpg 225w, https:\/\/new.madeinmarruecos.cl\/wp-content\/uploads\/2026\/06\/alfombra-beni-ourain-beni-59-2-768x1024.jpg 768w, https:\/\/new.madeinmarruecos.cl\/wp-content\/uploads\/2026\/06\/alfombra-beni-ourain-beni-59-2-1152x1536.jpg 1152w, https:\/\/new.madeinmarruecos.cl\/wp-content\/uploads\/2026\/06\/alfombra-beni-ourain-beni-59-2-1200x1600.jpg 1200w, https:\/\/new.madeinmarruecos.cl\/wp-content\/uploads\/2026\/06\/alfombra-beni-ourain-beni-59-2-150x200.jpg 150w, https:\/\/new.madeinmarruecos.cl\/wp-content\/uploads\/2026\/06\/alfombra-beni-ourain-beni-59-2.jpg 1515w\" sizes=\"auto, (max-width: 225px) 100vw, 225px\" \/>\t\t\t<\/div>\n\t\t\t\n\t\t<div class=\"wd-buttons wd-pos-r-t\">\n\t\t\t\t\t\t<div class=\"wd-wishlist-btn wd-action-btn wd-style-icon wd-wishlist-icon\">\n\t\t\t\t<a class=\"\" href=\"https:\/\/new.madeinmarruecos.cl\/?page_id=76\" data-key=\"1ca7a93047\" data-product-id=\"2214\" rel=\"nofollow\">\n\t\t\t\t\t<span class=\"wd-action-icon\">\n\t\t\t\t\t\t<span class=\"wd-check-icon\"><\/span>\n\t\t\t\t\t<\/span>\n\t\t\t\t\t<span class=\"wd-action-text\">A\u00f1adir a la lista de deseos<\/span>\n\t\t\t\t<\/a>\n\t\t\t<\/div>\n\t\t\t\t<\/div>\n\t<\/div>\n\n\t<div class=\"product-element-bottom\">\n\n\t\t<div class=\"wd-product-header\">\n\t\t\t<h3 class=\"wd-entities-title\"><a href=\"https:\/\/new.madeinmarruecos.cl\/?product=alfombra-beni-ourain-beni-59-140-x-249-cm\">Alfombra Beni Ourain BENI-59 140 x 249 cm<\/a><\/h3>\n\t\t\t\t\t<\/div>\n\n\t\t\t\t<div class=\"wd-product-cats\">\n\t\t\t\t\t\t<a href=\"https:\/\/new.madeinmarruecos.cl\/?product_cat=alfombrasstock-chile\" rel=\"tag\">Alfombras&gt;Stock Chile<\/a>\t\t<\/div>\n\t\t\n\t\t\n\t\t<div class=\"wrap-price\">\n\t\t\t\n\t<span class=\"price\"><span class=\"woocommerce-Price-amount amount\"><bdi><span class=\"woocommerce-Price-currencySymbol\">&#36;<\/span>490.000<\/bdi><\/span><\/span>\n\n\t\t\t\t\t<\/div>\n\n\t\t\n\t\t\n\t\t\n\t\t\n\t\t<div class=\"wd-product-footer\">\n\t\t\t<div class=\"wd-add-btn wd-add-btn-replace\">\n\t\t\t\t<a href=\"https:\/\/new.madeinmarruecos.cl\/?product=alfombra-beni-ourain-beni-59-140-x-249-cm\"  data-quantity=\"1\" class=\"button product_type_simple add-to-cart-loop\" data-product_id=\"2214\" data-product_sku=\"BENI-59\" aria-label=\"Lee m\u00e1s sobre &ldquo;Alfombra Beni Ourain BENI-59 140 x 249 cm&rdquo;\" rel=\"nofollow\" data-success_message=\"\"><span class=\"wd-action-icon\"><span class=\"wd-check-icon\"><\/span><\/span><span class=\"wd-action-text\">Leer m\u00e1s<\/span><\/a>\t\t\t<\/div>\n\n\t\t\t\t\t<\/div>\n\t<\/div>\n<\/div>\n<\/div>\n\t\t\t\t\t<\/div>\n\t\t\t\t<div class=\"wd-carousel-item\">\n\t\t\t\t\t\t\t\t\t\t\t<div class=\"wd-product wd-hover-buttons-on-hover product-grid-item product type-product post-2215 status-publish first outofstock product_cat-alfombrasstock-chile product_tag-alfombra-1-5x2-5-mts product_tag-alfombra-150x250-cm product_tag-alfombra-blanca-y-negra product_tag-alfombra-blanco-y-negro product_tag-alfombra-cyber-days product_tag-alfombra-mediana-de-lana product_tag-alfombra-para-comedor product_tag-alfombra-para-dormitorio product_tag-alfombra-para-living product_tag-alfombra-para-sala-de-estar product_tag-alfombras-beni-ourain product_tag-alfombras-beniourain product_tag-alfombras-cyber-days product_tag-alfombras-de-lana has-post-thumbnail purchasable product-type-simple\" data-loop=\"4\" data-id=\"2215\">\n\t\n<div class=\"wd-product-wrapper product-wrapper\">\n\t<div class=\"wd-product-thumb product-element-top wd-quick-shop\">\n\t\t<a href=\"https:\/\/new.madeinmarruecos.cl\/?product=alfombra-beni-ourain-beni-64\" class=\"wd-product-img-link product-image-link\" tabindex=\"-1\" aria-label=\"Alfombra Beni Ourain BENI-64\">\n\t\t\t<img loading=\"lazy\" decoding=\"async\" width=\"300\" height=\"225\" src=\"https:\/\/new.madeinmarruecos.cl\/wp-content\/uploads\/2026\/06\/alfombra-beni-ourain-beni-64-1-300x225.jpg\" class=\"attachment-medium size-medium\" alt=\"Alfombra Beni Ourain BENI-64 alfombra-beni-ourain-beni-64-2 alfombra-beni-ourain-beni-64-3 alfombra-beni-ourain-beni-64-4 alfombra-beni-ourain-beni-64-5 alfombra-beni-ourain-beni-64-6 alfombra-beni-ourain-beni-64-7 alfombra-beni-ourain-beni-64-8 alfombra-beni-ourain-beni-64-9\" srcset=\"https:\/\/new.madeinmarruecos.cl\/wp-content\/uploads\/2026\/06\/alfombra-beni-ourain-beni-64-1-300x225.jpg 300w, https:\/\/new.madeinmarruecos.cl\/wp-content\/uploads\/2026\/06\/alfombra-beni-ourain-beni-64-1-1024x768.jpg 1024w, https:\/\/new.madeinmarruecos.cl\/wp-content\/uploads\/2026\/06\/alfombra-beni-ourain-beni-64-1-768x576.jpg 768w, https:\/\/new.madeinmarruecos.cl\/wp-content\/uploads\/2026\/06\/alfombra-beni-ourain-beni-64-1-1536x1152.jpg 1536w, https:\/\/new.madeinmarruecos.cl\/wp-content\/uploads\/2026\/06\/alfombra-beni-ourain-beni-64-1-1200x900.jpg 1200w, https:\/\/new.madeinmarruecos.cl\/wp-content\/uploads\/2026\/06\/alfombra-beni-ourain-beni-64-1-150x113.jpg 150w, https:\/\/new.madeinmarruecos.cl\/wp-content\/uploads\/2026\/06\/alfombra-beni-ourain-beni-64-1.jpg 2020w\" sizes=\"auto, (max-width: 300px) 100vw, 300px\" \/>\t\t<\/a>\n\n\t\t\t\t\t<div class=\"product-labels labels-rounded-sm\">\n\t\t\t\t<span class=\"out-of-stock product-label wd-shape-round-sm\">Agotado<\/span>\t\t\t<\/div>\n\t\t\t\t\t\t<div class=\"wd-product-img-hover hover-img\">\n\t\t\t\t<img loading=\"lazy\" decoding=\"async\" width=\"225\" height=\"300\" src=\"https:\/\/new.madeinmarruecos.cl\/wp-content\/uploads\/2026\/06\/alfombra-beni-ourain-beni-64-2-225x300.jpg\" class=\"attachment-medium size-medium\" alt=\"\" srcset=\"https:\/\/new.madeinmarruecos.cl\/wp-content\/uploads\/2026\/06\/alfombra-beni-ourain-beni-64-2-225x300.jpg 225w, https:\/\/new.madeinmarruecos.cl\/wp-content\/uploads\/2026\/06\/alfombra-beni-ourain-beni-64-2-768x1024.jpg 768w, https:\/\/new.madeinmarruecos.cl\/wp-content\/uploads\/2026\/06\/alfombra-beni-ourain-beni-64-2-1152x1536.jpg 1152w, https:\/\/new.madeinmarruecos.cl\/wp-content\/uploads\/2026\/06\/alfombra-beni-ourain-beni-64-2-1200x1600.jpg 1200w, https:\/\/new.madeinmarruecos.cl\/wp-content\/uploads\/2026\/06\/alfombra-beni-ourain-beni-64-2-150x200.jpg 150w, https:\/\/new.madeinmarruecos.cl\/wp-content\/uploads\/2026\/06\/alfombra-beni-ourain-beni-64-2.jpg 1515w\" sizes=\"auto, (max-width: 225px) 100vw, 225px\" \/>\t\t\t<\/div>\n\t\t\t\n\t\t<div class=\"wd-buttons wd-pos-r-t\">\n\t\t\t\t\t\t<div class=\"wd-wishlist-btn wd-action-btn wd-style-icon wd-wishlist-icon\">\n\t\t\t\t<a class=\"\" href=\"https:\/\/new.madeinmarruecos.cl\/?page_id=76\" data-key=\"1ca7a93047\" data-product-id=\"2215\" rel=\"nofollow\">\n\t\t\t\t\t<span class=\"wd-action-icon\">\n\t\t\t\t\t\t<span class=\"wd-check-icon\"><\/span>\n\t\t\t\t\t<\/span>\n\t\t\t\t\t<span class=\"wd-action-text\">A\u00f1adir a la lista de deseos<\/span>\n\t\t\t\t<\/a>\n\t\t\t<\/div>\n\t\t\t\t<\/div>\n\t<\/div>\n\n\t<div class=\"product-element-bottom\">\n\n\t\t<div class=\"wd-product-header\">\n\t\t\t<h3 class=\"wd-entities-title\"><a href=\"https:\/\/new.madeinmarruecos.cl\/?product=alfombra-beni-ourain-beni-64\">Alfombra Beni Ourain BENI-64<\/a><\/h3>\n\t\t\t\t\t<\/div>\n\n\t\t\t\t<div class=\"wd-product-cats\">\n\t\t\t\t\t\t<a href=\"https:\/\/new.madeinmarruecos.cl\/?product_cat=alfombrasstock-chile\" rel=\"tag\">Alfombras&gt;Stock Chile<\/a>\t\t<\/div>\n\t\t\n\t\t\n\t\t<div class=\"wrap-price\">\n\t\t\t\n\t<span class=\"price\"><span class=\"woocommerce-Price-amount amount\"><bdi><span class=\"woocommerce-Price-currencySymbol\">&#36;<\/span>490.000<\/bdi><\/span><\/span>\n\n\t\t\t\t\t<\/div>\n\n\t\t\n\t\t\n\t\t\n\t\t\n\t\t<div class=\"wd-product-footer\">\n\t\t\t<div class=\"wd-add-btn wd-add-btn-replace\">\n\t\t\t\t<a href=\"https:\/\/new.madeinmarruecos.cl\/?product=alfombra-beni-ourain-beni-64\"  data-quantity=\"1\" class=\"button product_type_simple add-to-cart-loop\" data-product_id=\"2215\" data-product_sku=\"BENI-64\" aria-label=\"Lee m\u00e1s sobre &ldquo;Alfombra Beni Ourain BENI-64&rdquo;\" rel=\"nofollow\" data-success_message=\"\"><span class=\"wd-action-icon\"><span class=\"wd-check-icon\"><\/span><\/span><span class=\"wd-action-text\">Leer m\u00e1s<\/span><\/a>\t\t\t<\/div>\n\n\t\t\t\t\t<\/div>\n\t<\/div>\n<\/div>\n<\/div>\n\t\t\t\t\t<\/div>\n\t\t\t\t<div class=\"wd-carousel-item\">\n\t\t\t\t\t\t\t\t\t\t\t<div class=\"wd-product wd-hover-buttons-on-hover product-grid-item product type-product post-2216 status-publish outofstock product_cat-alfombrasstock-chile product_tag-alfombra-1-5x2-5-mts product_tag-alfombra-150x250-cm product_tag-alfombra-blanca-y-negra product_tag-alfombra-blanco-y-negro product_tag-alfombra-cyber-days product_tag-alfombra-mediana-de-lana product_tag-alfombra-para-comedor product_tag-alfombra-para-dormitorio product_tag-alfombra-para-living product_tag-alfombra-para-sala-de-estar product_tag-alfombras-beni-ourain product_tag-alfombras-beniourain product_tag-alfombras-cyber-days product_tag-alfombras-de-lana product_tag-invierno has-post-thumbnail purchasable product-type-simple\" data-loop=\"5\" data-id=\"2216\">\n\t\n<div class=\"wd-product-wrapper product-wrapper\">\n\t<div class=\"wd-product-thumb product-element-top wd-quick-shop\">\n\t\t<a href=\"https:\/\/new.madeinmarruecos.cl\/?product=alfombra-beni-ourain-beni-66-146-x-249-cm\" class=\"wd-product-img-link product-image-link\" tabindex=\"-1\" aria-label=\"Alfombra Beni Ourain BENI-66 &#8211; 146 x 249 cm\">\n\t\t\t<img loading=\"lazy\" decoding=\"async\" width=\"300\" height=\"225\" src=\"https:\/\/new.madeinmarruecos.cl\/wp-content\/uploads\/2026\/06\/alfombra-beni-ourain-beni-66-1-300x225.jpg\" class=\"attachment-medium size-medium\" alt=\"Alfombra Beni Ourain BENI-66 alfombra-beni-ourain-beni-66-10 alfombra-beni-ourain-beni-66-2 alfombra-beni-ourain-beni-66-3 alfombra-beni-ourain-beni-66-4 alfombra-beni-ourain-beni-66-5 alfombra-beni-ourain-beni-66-6 alfombra-beni-ourain-beni-66-7 alfombra-beni-ourain-beni-66-8 alfombra-beni-ourain-beni-66-9\" srcset=\"https:\/\/new.madeinmarruecos.cl\/wp-content\/uploads\/2026\/06\/alfombra-beni-ourain-beni-66-1-300x225.jpg 300w, https:\/\/new.madeinmarruecos.cl\/wp-content\/uploads\/2026\/06\/alfombra-beni-ourain-beni-66-1-1024x768.jpg 1024w, https:\/\/new.madeinmarruecos.cl\/wp-content\/uploads\/2026\/06\/alfombra-beni-ourain-beni-66-1-768x576.jpg 768w, https:\/\/new.madeinmarruecos.cl\/wp-content\/uploads\/2026\/06\/alfombra-beni-ourain-beni-66-1-1536x1152.jpg 1536w, https:\/\/new.madeinmarruecos.cl\/wp-content\/uploads\/2026\/06\/alfombra-beni-ourain-beni-66-1-1200x900.jpg 1200w, https:\/\/new.madeinmarruecos.cl\/wp-content\/uploads\/2026\/06\/alfombra-beni-ourain-beni-66-1-150x113.jpg 150w, https:\/\/new.madeinmarruecos.cl\/wp-content\/uploads\/2026\/06\/alfombra-beni-ourain-beni-66-1.jpg 2020w\" sizes=\"auto, (max-width: 300px) 100vw, 300px\" \/>\t\t<\/a>\n\n\t\t\t\t\t<div class=\"product-labels labels-rounded-sm\">\n\t\t\t\t<span class=\"out-of-stock product-label wd-shape-round-sm\">Agotado<\/span>\t\t\t<\/div>\n\t\t\t\t\t\t<div class=\"wd-product-img-hover hover-img\">\n\t\t\t\t<img loading=\"lazy\" decoding=\"async\" width=\"300\" height=\"225\" src=\"https:\/\/new.madeinmarruecos.cl\/wp-content\/uploads\/2026\/06\/alfombra-beni-ourain-beni-66-10-300x225.jpg\" class=\"attachment-medium size-medium\" alt=\"\" srcset=\"https:\/\/new.madeinmarruecos.cl\/wp-content\/uploads\/2026\/06\/alfombra-beni-ourain-beni-66-10-300x225.jpg 300w, https:\/\/new.madeinmarruecos.cl\/wp-content\/uploads\/2026\/06\/alfombra-beni-ourain-beni-66-10-1024x768.jpg 1024w, https:\/\/new.madeinmarruecos.cl\/wp-content\/uploads\/2026\/06\/alfombra-beni-ourain-beni-66-10-768x576.jpg 768w, https:\/\/new.madeinmarruecos.cl\/wp-content\/uploads\/2026\/06\/alfombra-beni-ourain-beni-66-10-1536x1152.jpg 1536w, https:\/\/new.madeinmarruecos.cl\/wp-content\/uploads\/2026\/06\/alfombra-beni-ourain-beni-66-10-1200x900.jpg 1200w, https:\/\/new.madeinmarruecos.cl\/wp-content\/uploads\/2026\/06\/alfombra-beni-ourain-beni-66-10-150x113.jpg 150w, https:\/\/new.madeinmarruecos.cl\/wp-content\/uploads\/2026\/06\/alfombra-beni-ourain-beni-66-10.jpg 2020w\" sizes=\"auto, (max-width: 300px) 100vw, 300px\" \/>\t\t\t<\/div>\n\t\t\t\n\t\t<div class=\"wd-buttons wd-pos-r-t\">\n\t\t\t\t\t\t<div class=\"wd-wishlist-btn wd-action-btn wd-style-icon wd-wishlist-icon\">\n\t\t\t\t<a class=\"\" href=\"https:\/\/new.madeinmarruecos.cl\/?page_id=76\" data-key=\"1ca7a93047\" data-product-id=\"2216\" rel=\"nofollow\">\n\t\t\t\t\t<span class=\"wd-action-icon\">\n\t\t\t\t\t\t<span class=\"wd-check-icon\"><\/span>\n\t\t\t\t\t<\/span>\n\t\t\t\t\t<span class=\"wd-action-text\">A\u00f1adir a la lista de deseos<\/span>\n\t\t\t\t<\/a>\n\t\t\t<\/div>\n\t\t\t\t<\/div>\n\t<\/div>\n\n\t<div class=\"product-element-bottom\">\n\n\t\t<div class=\"wd-product-header\">\n\t\t\t<h3 class=\"wd-entities-title\"><a href=\"https:\/\/new.madeinmarruecos.cl\/?product=alfombra-beni-ourain-beni-66-146-x-249-cm\">Alfombra Beni Ourain BENI-66 &#8211; 146 x 249 cm<\/a><\/h3>\n\t\t\t\t\t<\/div>\n\n\t\t\t\t<div class=\"wd-product-cats\">\n\t\t\t\t\t\t<a href=\"https:\/\/new.madeinmarruecos.cl\/?product_cat=alfombrasstock-chile\" rel=\"tag\">Alfombras&gt;Stock Chile<\/a>\t\t<\/div>\n\t\t\n\t\t\n\t\t<div class=\"wrap-price\">\n\t\t\t\n\t<span class=\"price\"><span class=\"woocommerce-Price-amount amount\"><bdi><span class=\"woocommerce-Price-currencySymbol\">&#36;<\/span>490.000<\/bdi><\/span><\/span>\n\n\t\t\t\t\t<\/div>\n\n\t\t\n\t\t\n\t\t\n\t\t\n\t\t<div class=\"wd-product-footer\">\n\t\t\t<div class=\"wd-add-btn wd-add-btn-replace\">\n\t\t\t\t<a href=\"https:\/\/new.madeinmarruecos.cl\/?product=alfombra-beni-ourain-beni-66-146-x-249-cm\"  data-quantity=\"1\" class=\"button product_type_simple add-to-cart-loop\" data-product_id=\"2216\" data-product_sku=\"BENI-66\" aria-label=\"Lee m\u00e1s sobre &ldquo;Alfombra Beni Ourain BENI-66 - 146 x 249 cm&rdquo;\" rel=\"nofollow\" data-success_message=\"\"><span class=\"wd-action-icon\"><span class=\"wd-check-icon\"><\/span><\/span><span class=\"wd-action-text\">Leer m\u00e1s<\/span><\/a>\t\t\t<\/div>\n\n\t\t\t\t\t<\/div>\n\t<\/div>\n<\/div>\n<\/div>\n\t\t\t\t\t<\/div>\n\t\t\t\t<div class=\"wd-carousel-item\">\n\t\t\t\t\t\t\t\t\t\t\t<div class=\"wd-product wd-hover-buttons-on-hover product-grid-item product type-product post-2217 status-publish outofstock product_cat-alfombrasstock-chile product_tag-alfombra-1-5x2-5-mts product_tag-alfombra-150x250-cm product_tag-alfombra-blanca-y-negra product_tag-alfombra-blanco-y-negro product_tag-alfombra-cyber-days product_tag-alfombra-mediana-de-lana product_tag-alfombra-para-comedor product_tag-alfombra-para-dormitorio product_tag-alfombra-para-living product_tag-alfombra-para-sala-de-estar product_tag-alfombras-beni-ourain product_tag-alfombras-beniourain product_tag-alfombras-cyber-days product_tag-alfombras-de-lana product_tag-invierno has-post-thumbnail purchasable product-type-simple\" data-loop=\"6\" data-id=\"2217\">\n\t\n<div class=\"wd-product-wrapper product-wrapper\">\n\t<div class=\"wd-product-thumb product-element-top wd-quick-shop\">\n\t\t<a href=\"https:\/\/new.madeinmarruecos.cl\/?product=alfombra-beni-ourain-beni-70-152-x-250-cm\" class=\"wd-product-img-link product-image-link\" tabindex=\"-1\" aria-label=\"Alfombra Beni Ourain BENI-70 &#8211; 152 x 250 cm\">\n\t\t\t<img loading=\"lazy\" decoding=\"async\" width=\"300\" height=\"225\" src=\"https:\/\/new.madeinmarruecos.cl\/wp-content\/uploads\/2026\/06\/alfombra-beni-ourain-beni-70-1-300x225.jpg\" class=\"attachment-medium size-medium\" alt=\"Alfombra Beni Ourain BENI-70 alfombra-beni-ourain-beni-70-2 alfombra-beni-ourain-beni-70-3 alfombra-beni-ourain-beni-70-4 alfombra-beni-ourain-beni-70-5 alfombra-beni-ourain-beni-70-6 alfombra-beni-ourain-beni-70-7 alfombra-beni-ourain-beni-70-8 alfombra-beni-ourain-beni-70-9\" srcset=\"https:\/\/new.madeinmarruecos.cl\/wp-content\/uploads\/2026\/06\/alfombra-beni-ourain-beni-70-1-300x225.jpg 300w, https:\/\/new.madeinmarruecos.cl\/wp-content\/uploads\/2026\/06\/alfombra-beni-ourain-beni-70-1-1024x768.jpg 1024w, https:\/\/new.madeinmarruecos.cl\/wp-content\/uploads\/2026\/06\/alfombra-beni-ourain-beni-70-1-768x576.jpg 768w, https:\/\/new.madeinmarruecos.cl\/wp-content\/uploads\/2026\/06\/alfombra-beni-ourain-beni-70-1-1536x1152.jpg 1536w, https:\/\/new.madeinmarruecos.cl\/wp-content\/uploads\/2026\/06\/alfombra-beni-ourain-beni-70-1-1200x900.jpg 1200w, https:\/\/new.madeinmarruecos.cl\/wp-content\/uploads\/2026\/06\/alfombra-beni-ourain-beni-70-1-150x113.jpg 150w, https:\/\/new.madeinmarruecos.cl\/wp-content\/uploads\/2026\/06\/alfombra-beni-ourain-beni-70-1.jpg 2020w\" sizes=\"auto, (max-width: 300px) 100vw, 300px\" \/>\t\t<\/a>\n\n\t\t\t\t\t<div class=\"product-labels labels-rounded-sm\">\n\t\t\t\t<span class=\"out-of-stock product-label wd-shape-round-sm\">Agotado<\/span>\t\t\t<\/div>\n\t\t\t\t\t\t<div class=\"wd-product-img-hover hover-img\">\n\t\t\t\t<img loading=\"lazy\" decoding=\"async\" width=\"225\" height=\"300\" src=\"https:\/\/new.madeinmarruecos.cl\/wp-content\/uploads\/2026\/06\/alfombra-beni-ourain-beni-70-2-225x300.jpg\" class=\"attachment-medium size-medium\" alt=\"\" srcset=\"https:\/\/new.madeinmarruecos.cl\/wp-content\/uploads\/2026\/06\/alfombra-beni-ourain-beni-70-2-225x300.jpg 225w, https:\/\/new.madeinmarruecos.cl\/wp-content\/uploads\/2026\/06\/alfombra-beni-ourain-beni-70-2-768x1024.jpg 768w, https:\/\/new.madeinmarruecos.cl\/wp-content\/uploads\/2026\/06\/alfombra-beni-ourain-beni-70-2-1152x1536.jpg 1152w, https:\/\/new.madeinmarruecos.cl\/wp-content\/uploads\/2026\/06\/alfombra-beni-ourain-beni-70-2-1200x1600.jpg 1200w, https:\/\/new.madeinmarruecos.cl\/wp-content\/uploads\/2026\/06\/alfombra-beni-ourain-beni-70-2-150x200.jpg 150w, https:\/\/new.madeinmarruecos.cl\/wp-content\/uploads\/2026\/06\/alfombra-beni-ourain-beni-70-2.jpg 1515w\" sizes=\"auto, (max-width: 225px) 100vw, 225px\" \/>\t\t\t<\/div>\n\t\t\t\n\t\t<div class=\"wd-buttons wd-pos-r-t\">\n\t\t\t\t\t\t<div class=\"wd-wishlist-btn wd-action-btn wd-style-icon wd-wishlist-icon\">\n\t\t\t\t<a class=\"\" href=\"https:\/\/new.madeinmarruecos.cl\/?page_id=76\" data-key=\"1ca7a93047\" data-product-id=\"2217\" rel=\"nofollow\">\n\t\t\t\t\t<span class=\"wd-action-icon\">\n\t\t\t\t\t\t<span class=\"wd-check-icon\"><\/span>\n\t\t\t\t\t<\/span>\n\t\t\t\t\t<span class=\"wd-action-text\">A\u00f1adir a la lista de deseos<\/span>\n\t\t\t\t<\/a>\n\t\t\t<\/div>\n\t\t\t\t<\/div>\n\t<\/div>\n\n\t<div class=\"product-element-bottom\">\n\n\t\t<div class=\"wd-product-header\">\n\t\t\t<h3 class=\"wd-entities-title\"><a href=\"https:\/\/new.madeinmarruecos.cl\/?product=alfombra-beni-ourain-beni-70-152-x-250-cm\">Alfombra Beni Ourain BENI-70 &#8211; 152 x 250 cm<\/a><\/h3>\n\t\t\t\t\t<\/div>\n\n\t\t\t\t<div class=\"wd-product-cats\">\n\t\t\t\t\t\t<a href=\"https:\/\/new.madeinmarruecos.cl\/?product_cat=alfombrasstock-chile\" rel=\"tag\">Alfombras&gt;Stock Chile<\/a>\t\t<\/div>\n\t\t\n\t\t\n\t\t<div class=\"wrap-price\">\n\t\t\t\n\t<span class=\"price\"><span class=\"woocommerce-Price-amount amount\"><bdi><span class=\"woocommerce-Price-currencySymbol\">&#36;<\/span>490.000<\/bdi><\/span><\/span>\n\n\t\t\t\t\t<\/div>\n\n\t\t\n\t\t\n\t\t\n\t\t\n\t\t<div class=\"wd-product-footer\">\n\t\t\t<div class=\"wd-add-btn wd-add-btn-replace\">\n\t\t\t\t<a href=\"https:\/\/new.madeinmarruecos.cl\/?product=alfombra-beni-ourain-beni-70-152-x-250-cm\"  data-quantity=\"1\" class=\"button product_type_simple add-to-cart-loop\" data-product_id=\"2217\" data-product_sku=\"BENI-70\" aria-label=\"Lee m\u00e1s sobre &ldquo;Alfombra Beni Ourain BENI-70 - 152 x 250 cm&rdquo;\" rel=\"nofollow\" data-success_message=\"\"><span class=\"wd-action-icon\"><span class=\"wd-check-icon\"><\/span><\/span><span class=\"wd-action-text\">Leer m\u00e1s<\/span><\/a>\t\t\t<\/div>\n\n\t\t\t\t\t<\/div>\n\t<\/div>\n<\/div>\n<\/div>\n\t\t\t\t\t<\/div>\n\t\t\t\t<div class=\"wd-carousel-item\">\n\t\t\t\t\t\t\t\t\t\t\t<div class=\"wd-product wd-hover-buttons-on-hover product-grid-item product type-product post-2218 status-publish last outofstock product_cat-alfombrasstock-chile product_tag-alfombra-1-5x2-5-mts product_tag-alfombra-150x250-cm product_tag-alfombra-blanca-y-negra product_tag-alfombra-blanco-y-negro product_tag-alfombra-cyber-days product_tag-alfombra-mediana-de-lana product_tag-alfombra-para-dormitorio product_tag-alfombra-para-living product_tag-alfombra-para-sala-de-estar product_tag-alfombras-beni-ourain product_tag-alfombras-beniourain product_tag-alfombras-cyber-days product_tag-alfombras-de-lana has-post-thumbnail purchasable product-type-simple\" data-loop=\"7\" data-id=\"2218\">\n\t\n<div class=\"wd-product-wrapper product-wrapper\">\n\t<div class=\"wd-product-thumb product-element-top wd-quick-shop\">\n\t\t<a href=\"https:\/\/new.madeinmarruecos.cl\/?product=alfombra-beni-ourain-beni-72-148-x-250-cm\" class=\"wd-product-img-link product-image-link\" tabindex=\"-1\" aria-label=\"Alfombra Beni Ourain BENI-72 &#8211; 148 x 250 cm\">\n\t\t\t<img loading=\"lazy\" decoding=\"async\" width=\"300\" height=\"225\" src=\"https:\/\/new.madeinmarruecos.cl\/wp-content\/uploads\/2026\/06\/alfombra-beni-ourain-beni-72-1-300x225.jpg\" class=\"attachment-medium size-medium\" alt=\"Alfombra Beni Ourain BENI-72 alfombra-beni-ourain-beni-72-2 alfombra-beni-ourain-beni-72-3 alfombra-beni-ourain-beni-72-4 alfombra-beni-ourain-beni-72-5 alfombra-beni-ourain-beni-72-6 alfombra-beni-ourain-beni-72-7 alfombra-beni-ourain-beni-72-8 alfombra-beni-ourain-beni-72-9\" srcset=\"https:\/\/new.madeinmarruecos.cl\/wp-content\/uploads\/2026\/06\/alfombra-beni-ourain-beni-72-1-300x225.jpg 300w, https:\/\/new.madeinmarruecos.cl\/wp-content\/uploads\/2026\/06\/alfombra-beni-ourain-beni-72-1-1024x768.jpg 1024w, https:\/\/new.madeinmarruecos.cl\/wp-content\/uploads\/2026\/06\/alfombra-beni-ourain-beni-72-1-768x576.jpg 768w, https:\/\/new.madeinmarruecos.cl\/wp-content\/uploads\/2026\/06\/alfombra-beni-ourain-beni-72-1-1536x1152.jpg 1536w, https:\/\/new.madeinmarruecos.cl\/wp-content\/uploads\/2026\/06\/alfombra-beni-ourain-beni-72-1-1200x900.jpg 1200w, https:\/\/new.madeinmarruecos.cl\/wp-content\/uploads\/2026\/06\/alfombra-beni-ourain-beni-72-1-150x113.jpg 150w, https:\/\/new.madeinmarruecos.cl\/wp-content\/uploads\/2026\/06\/alfombra-beni-ourain-beni-72-1.jpg 2020w\" sizes=\"auto, (max-width: 300px) 100vw, 300px\" \/>\t\t<\/a>\n\n\t\t\t\t\t<div class=\"product-labels labels-rounded-sm\">\n\t\t\t\t<span class=\"out-of-stock product-label wd-shape-round-sm\">Agotado<\/span>\t\t\t<\/div>\n\t\t\t\t\t\t<div class=\"wd-product-img-hover hover-img\">\n\t\t\t\t<img loading=\"lazy\" decoding=\"async\" width=\"225\" height=\"300\" src=\"https:\/\/new.madeinmarruecos.cl\/wp-content\/uploads\/2026\/06\/alfombra-beni-ourain-beni-72-2-225x300.jpg\" class=\"attachment-medium size-medium\" alt=\"\" srcset=\"https:\/\/new.madeinmarruecos.cl\/wp-content\/uploads\/2026\/06\/alfombra-beni-ourain-beni-72-2-225x300.jpg 225w, https:\/\/new.madeinmarruecos.cl\/wp-content\/uploads\/2026\/06\/alfombra-beni-ourain-beni-72-2-768x1024.jpg 768w, https:\/\/new.madeinmarruecos.cl\/wp-content\/uploads\/2026\/06\/alfombra-beni-ourain-beni-72-2-1152x1536.jpg 1152w, https:\/\/new.madeinmarruecos.cl\/wp-content\/uploads\/2026\/06\/alfombra-beni-ourain-beni-72-2-1200x1600.jpg 1200w, https:\/\/new.madeinmarruecos.cl\/wp-content\/uploads\/2026\/06\/alfombra-beni-ourain-beni-72-2-150x200.jpg 150w, https:\/\/new.madeinmarruecos.cl\/wp-content\/uploads\/2026\/06\/alfombra-beni-ourain-beni-72-2.jpg 1515w\" sizes=\"auto, (max-width: 225px) 100vw, 225px\" \/>\t\t\t<\/div>\n\t\t\t\n\t\t<div class=\"wd-buttons wd-pos-r-t\">\n\t\t\t\t\t\t<div class=\"wd-wishlist-btn wd-action-btn wd-style-icon wd-wishlist-icon\">\n\t\t\t\t<a class=\"\" href=\"https:\/\/new.madeinmarruecos.cl\/?page_id=76\" data-key=\"1ca7a93047\" data-product-id=\"2218\" rel=\"nofollow\">\n\t\t\t\t\t<span class=\"wd-action-icon\">\n\t\t\t\t\t\t<span class=\"wd-check-icon\"><\/span>\n\t\t\t\t\t<\/span>\n\t\t\t\t\t<span class=\"wd-action-text\">A\u00f1adir a la lista de deseos<\/span>\n\t\t\t\t<\/a>\n\t\t\t<\/div>\n\t\t\t\t<\/div>\n\t<\/div>\n\n\t<div class=\"product-element-bottom\">\n\n\t\t<div class=\"wd-product-header\">\n\t\t\t<h3 class=\"wd-entities-title\"><a href=\"https:\/\/new.madeinmarruecos.cl\/?product=alfombra-beni-ourain-beni-72-148-x-250-cm\">Alfombra Beni Ourain BENI-72 &#8211; 148 x 250 cm<\/a><\/h3>\n\t\t\t\t\t<\/div>\n\n\t\t\t\t<div class=\"wd-product-cats\">\n\t\t\t\t\t\t<a href=\"https:\/\/new.madeinmarruecos.cl\/?product_cat=alfombrasstock-chile\" rel=\"tag\">Alfombras&gt;Stock Chile<\/a>\t\t<\/div>\n\t\t\n\t\t\n\t\t<div class=\"wrap-price\">\n\t\t\t\n\t<span class=\"price\"><span class=\"woocommerce-Price-amount amount\"><bdi><span class=\"woocommerce-Price-currencySymbol\">&#36;<\/span>490.000<\/bdi><\/span><\/span>\n\n\t\t\t\t\t<\/div>\n\n\t\t\n\t\t\n\t\t\n\t\t\n\t\t<div class=\"wd-product-footer\">\n\t\t\t<div class=\"wd-add-btn wd-add-btn-replace\">\n\t\t\t\t<a href=\"https:\/\/new.madeinmarruecos.cl\/?product=alfombra-beni-ourain-beni-72-148-x-250-cm\"  data-quantity=\"1\" class=\"button product_type_simple add-to-cart-loop\" data-product_id=\"2218\" data-product_sku=\"BENI-72\" aria-label=\"Lee m\u00e1s sobre &ldquo;Alfombra Beni Ourain BENI-72 - 148 x 250 cm&rdquo;\" rel=\"nofollow\" data-success_message=\"\"><span class=\"wd-action-icon\"><span class=\"wd-check-icon\"><\/span><\/span><span class=\"wd-action-text\">Leer m\u00e1s<\/span><\/a>\t\t\t<\/div>\n\n\t\t\t\t\t<\/div>\n\t<\/div>\n<\/div>\n<\/div>\n\t\t\t\t\t<\/div>\n\t\t\t\t<div class=\"wd-carousel-item\">\n\t\t\t\t\t\t\t\t\t\t\t<div class=\"wd-product wd-hover-buttons-on-hover product-grid-item product type-product post-2219 status-publish first outofstock product_cat-alfombrasstock-chile product_tag-alfombra-1-5x2-5-mts product_tag-alfombra-150x250-cm product_tag-alfombra-blanca-y-negra product_tag-alfombra-blanco-y-negro product_tag-alfombra-cyber-days product_tag-alfombra-mediana-de-lana product_tag-alfombra-para-dormitorio product_tag-alfombra-para-living product_tag-alfombra-para-sala-de-estar product_tag-alfombras-beni-ourain product_tag-alfombras-beniourain product_tag-alfombras-cyber-days product_tag-alfombras-de-lana has-post-thumbnail purchasable product-type-simple\" data-loop=\"8\" data-id=\"2219\">\n\t\n<div class=\"wd-product-wrapper product-wrapper\">\n\t<div class=\"wd-product-thumb product-element-top wd-quick-shop\">\n\t\t<a href=\"https:\/\/new.madeinmarruecos.cl\/?product=alfombra-beni-ourain-beni-74-148-x-243-cm\" class=\"wd-product-img-link product-image-link\" tabindex=\"-1\" aria-label=\"Alfombra Beni Ourain BENI-74 &#8211; 148 x 243 cm\">\n\t\t\t<img loading=\"lazy\" decoding=\"async\" width=\"300\" height=\"225\" src=\"https:\/\/new.madeinmarruecos.cl\/wp-content\/uploads\/2026\/06\/alfombra-beni-ourain-beni-74-1-300x225.jpg\" class=\"attachment-medium size-medium\" alt=\"Alfombra Beni Ourain BENI-74 alfombra-beni-ourain-beni-74-2 alfombra-beni-ourain-beni-74-3 alfombra-beni-ourain-beni-74-4 alfombra-beni-ourain-beni-74-5 alfombra-beni-ourain-beni-74-6 alfombra-beni-ourain-beni-74-7 alfombra-beni-ourain-beni-74-8 alfombra-beni-ourain-beni-74-9\" srcset=\"https:\/\/new.madeinmarruecos.cl\/wp-content\/uploads\/2026\/06\/alfombra-beni-ourain-beni-74-1-300x225.jpg 300w, https:\/\/new.madeinmarruecos.cl\/wp-content\/uploads\/2026\/06\/alfombra-beni-ourain-beni-74-1-1024x768.jpg 1024w, https:\/\/new.madeinmarruecos.cl\/wp-content\/uploads\/2026\/06\/alfombra-beni-ourain-beni-74-1-768x576.jpg 768w, https:\/\/new.madeinmarruecos.cl\/wp-content\/uploads\/2026\/06\/alfombra-beni-ourain-beni-74-1-1536x1152.jpg 1536w, https:\/\/new.madeinmarruecos.cl\/wp-content\/uploads\/2026\/06\/alfombra-beni-ourain-beni-74-1-1200x900.jpg 1200w, https:\/\/new.madeinmarruecos.cl\/wp-content\/uploads\/2026\/06\/alfombra-beni-ourain-beni-74-1-150x113.jpg 150w, https:\/\/new.madeinmarruecos.cl\/wp-content\/uploads\/2026\/06\/alfombra-beni-ourain-beni-74-1.jpg 2020w\" sizes=\"auto, (max-width: 300px) 100vw, 300px\" \/>\t\t<\/a>\n\n\t\t\t\t\t<div class=\"product-labels labels-rounded-sm\">\n\t\t\t\t<span class=\"out-of-stock product-label wd-shape-round-sm\">Agotado<\/span>\t\t\t<\/div>\n\t\t\t\t\t\t<div class=\"wd-product-img-hover hover-img\">\n\t\t\t\t<img loading=\"lazy\" decoding=\"async\" width=\"225\" height=\"300\" src=\"https:\/\/new.madeinmarruecos.cl\/wp-content\/uploads\/2026\/06\/alfombra-beni-ourain-beni-74-2-225x300.jpg\" class=\"attachment-medium size-medium\" alt=\"\" srcset=\"https:\/\/new.madeinmarruecos.cl\/wp-content\/uploads\/2026\/06\/alfombra-beni-ourain-beni-74-2-225x300.jpg 225w, https:\/\/new.madeinmarruecos.cl\/wp-content\/uploads\/2026\/06\/alfombra-beni-ourain-beni-74-2-768x1024.jpg 768w, https:\/\/new.madeinmarruecos.cl\/wp-content\/uploads\/2026\/06\/alfombra-beni-ourain-beni-74-2-1152x1536.jpg 1152w, https:\/\/new.madeinmarruecos.cl\/wp-content\/uploads\/2026\/06\/alfombra-beni-ourain-beni-74-2-1200x1600.jpg 1200w, https:\/\/new.madeinmarruecos.cl\/wp-content\/uploads\/2026\/06\/alfombra-beni-ourain-beni-74-2-150x200.jpg 150w, https:\/\/new.madeinmarruecos.cl\/wp-content\/uploads\/2026\/06\/alfombra-beni-ourain-beni-74-2.jpg 1515w\" sizes=\"auto, (max-width: 225px) 100vw, 225px\" \/>\t\t\t<\/div>\n\t\t\t\n\t\t<div class=\"wd-buttons wd-pos-r-t\">\n\t\t\t\t\t\t<div class=\"wd-wishlist-btn wd-action-btn wd-style-icon wd-wishlist-icon\">\n\t\t\t\t<a class=\"\" href=\"https:\/\/new.madeinmarruecos.cl\/?page_id=76\" data-key=\"1ca7a93047\" data-product-id=\"2219\" rel=\"nofollow\">\n\t\t\t\t\t<span class=\"wd-action-icon\">\n\t\t\t\t\t\t<span class=\"wd-check-icon\"><\/span>\n\t\t\t\t\t<\/span>\n\t\t\t\t\t<span class=\"wd-action-text\">A\u00f1adir a la lista de deseos<\/span>\n\t\t\t\t<\/a>\n\t\t\t<\/div>\n\t\t\t\t<\/div>\n\t<\/div>\n\n\t<div class=\"product-element-bottom\">\n\n\t\t<div class=\"wd-product-header\">\n\t\t\t<h3 class=\"wd-entities-title\"><a href=\"https:\/\/new.madeinmarruecos.cl\/?product=alfombra-beni-ourain-beni-74-148-x-243-cm\">Alfombra Beni Ourain BENI-74 &#8211; 148 x 243 cm<\/a><\/h3>\n\t\t\t\t\t<\/div>\n\n\t\t\t\t<div class=\"wd-product-cats\">\n\t\t\t\t\t\t<a href=\"https:\/\/new.madeinmarruecos.cl\/?product_cat=alfombrasstock-chile\" rel=\"tag\">Alfombras&gt;Stock Chile<\/a>\t\t<\/div>\n\t\t\n\t\t\n\t\t<div class=\"wrap-price\">\n\t\t\t\n\t<span class=\"price\"><span class=\"woocommerce-Price-amount amount\"><bdi><span class=\"woocommerce-Price-currencySymbol\">&#36;<\/span>490.000<\/bdi><\/span><\/span>\n\n\t\t\t\t\t<\/div>\n\n\t\t\n\t\t\n\t\t\n\t\t\n\t\t<div class=\"wd-product-footer\">\n\t\t\t<div class=\"wd-add-btn wd-add-btn-replace\">\n\t\t\t\t<a href=\"https:\/\/new.madeinmarruecos.cl\/?product=alfombra-beni-ourain-beni-74-148-x-243-cm\"  data-quantity=\"1\" class=\"button product_type_simple add-to-cart-loop\" data-product_id=\"2219\" data-product_sku=\"BENI-74\" aria-label=\"Lee m\u00e1s sobre &ldquo;Alfombra Beni Ourain BENI-74 - 148 x 243 cm&rdquo;\" rel=\"nofollow\" data-success_message=\"\"><span class=\"wd-action-icon\"><span class=\"wd-check-icon\"><\/span><\/span><span class=\"wd-action-text\">Leer m\u00e1s<\/span><\/a>\t\t\t<\/div>\n\n\t\t\t\t\t<\/div>\n\t<\/div>\n<\/div>\n<\/div>\n\t\t\t\t\t<\/div>\n\t\t\t\t<div class=\"wd-carousel-item\">\n\t\t\t\t\t\t\t\t\t\t\t<div class=\"wd-product wd-hover-buttons-on-hover product-grid-item product type-product post-2220 status-publish outofstock product_cat-alfombrasstock-chile product_tag-alfombra-1-5x2-5-mts product_tag-alfombra-150x250-cm product_tag-alfombra-blanca-y-negra product_tag-alfombra-blanco-y-negro product_tag-alfombra-cyber-days product_tag-alfombra-mediana-de-lana product_tag-alfombra-para-dormitorio product_tag-alfombra-para-living product_tag-alfombra-para-sala-de-estar product_tag-alfombras-beni-ourain product_tag-alfombras-beniourain product_tag-alfombras-cyber-days product_tag-alfombras-de-lana product_tag-para-mama has-post-thumbnail purchasable product-type-simple\" data-loop=\"9\" data-id=\"2220\">\n\t\n<div class=\"wd-product-wrapper product-wrapper\">\n\t<div class=\"wd-product-thumb product-element-top wd-quick-shop\">\n\t\t<a href=\"https:\/\/new.madeinmarruecos.cl\/?product=alfombra-beni-ourain-beni-77-150-x-260-cm\" class=\"wd-product-img-link product-image-link\" tabindex=\"-1\" aria-label=\"Alfombra Beni Ourain BENI-77 &#8211; 150 x 260 cm\">\n\t\t\t<img loading=\"lazy\" decoding=\"async\" width=\"300\" height=\"225\" src=\"https:\/\/new.madeinmarruecos.cl\/wp-content\/uploads\/2026\/06\/alfombra-beni-ourain-beni-77-1-300x225.jpg\" class=\"attachment-medium size-medium\" alt=\"Alfombra Beni Ourain BENI-77 alfombra-beni-ourain-beni-77-2 alfombra-beni-ourain-beni-77-3 alfombra-beni-ourain-beni-77-4 alfombra-beni-ourain-beni-77-5 alfombra-beni-ourain-beni-77-6 alfombra-beni-ourain-beni-77-7 alfombra-beni-ourain-beni-77-8 alfombra-beni-ourain-beni-77-9\" srcset=\"https:\/\/new.madeinmarruecos.cl\/wp-content\/uploads\/2026\/06\/alfombra-beni-ourain-beni-77-1-300x225.jpg 300w, https:\/\/new.madeinmarruecos.cl\/wp-content\/uploads\/2026\/06\/alfombra-beni-ourain-beni-77-1-1024x768.jpg 1024w, https:\/\/new.madeinmarruecos.cl\/wp-content\/uploads\/2026\/06\/alfombra-beni-ourain-beni-77-1-768x576.jpg 768w, https:\/\/new.madeinmarruecos.cl\/wp-content\/uploads\/2026\/06\/alfombra-beni-ourain-beni-77-1-1536x1152.jpg 1536w, https:\/\/new.madeinmarruecos.cl\/wp-content\/uploads\/2026\/06\/alfombra-beni-ourain-beni-77-1-1200x900.jpg 1200w, https:\/\/new.madeinmarruecos.cl\/wp-content\/uploads\/2026\/06\/alfombra-beni-ourain-beni-77-1-150x113.jpg 150w, https:\/\/new.madeinmarruecos.cl\/wp-content\/uploads\/2026\/06\/alfombra-beni-ourain-beni-77-1.jpg 2020w\" sizes=\"auto, (max-width: 300px) 100vw, 300px\" \/>\t\t<\/a>\n\n\t\t\t\t\t<div class=\"product-labels labels-rounded-sm\">\n\t\t\t\t<span class=\"out-of-stock product-label wd-shape-round-sm\">Agotado<\/span>\t\t\t<\/div>\n\t\t\t\t\t\t<div class=\"wd-product-img-hover hover-img\">\n\t\t\t\t<img loading=\"lazy\" decoding=\"async\" width=\"300\" height=\"225\" src=\"https:\/\/new.madeinmarruecos.cl\/wp-content\/uploads\/2026\/06\/alfombra-beni-ourain-beni-77-2-300x225.jpg\" class=\"attachment-medium size-medium\" alt=\"\" srcset=\"https:\/\/new.madeinmarruecos.cl\/wp-content\/uploads\/2026\/06\/alfombra-beni-ourain-beni-77-2-300x225.jpg 300w, https:\/\/new.madeinmarruecos.cl\/wp-content\/uploads\/2026\/06\/alfombra-beni-ourain-beni-77-2-1024x768.jpg 1024w, https:\/\/new.madeinmarruecos.cl\/wp-content\/uploads\/2026\/06\/alfombra-beni-ourain-beni-77-2-768x576.jpg 768w, https:\/\/new.madeinmarruecos.cl\/wp-content\/uploads\/2026\/06\/alfombra-beni-ourain-beni-77-2-1536x1152.jpg 1536w, https:\/\/new.madeinmarruecos.cl\/wp-content\/uploads\/2026\/06\/alfombra-beni-ourain-beni-77-2-1200x900.jpg 1200w, https:\/\/new.madeinmarruecos.cl\/wp-content\/uploads\/2026\/06\/alfombra-beni-ourain-beni-77-2-150x113.jpg 150w, https:\/\/new.madeinmarruecos.cl\/wp-content\/uploads\/2026\/06\/alfombra-beni-ourain-beni-77-2.jpg 2020w\" sizes=\"auto, (max-width: 300px) 100vw, 300px\" \/>\t\t\t<\/div>\n\t\t\t\n\t\t<div class=\"wd-buttons wd-pos-r-t\">\n\t\t\t\t\t\t<div class=\"wd-wishlist-btn wd-action-btn wd-style-icon wd-wishlist-icon\">\n\t\t\t\t<a class=\"\" href=\"https:\/\/new.madeinmarruecos.cl\/?page_id=76\" data-key=\"1ca7a93047\" data-product-id=\"2220\" rel=\"nofollow\">\n\t\t\t\t\t<span class=\"wd-action-icon\">\n\t\t\t\t\t\t<span class=\"wd-check-icon\"><\/span>\n\t\t\t\t\t<\/span>\n\t\t\t\t\t<span class=\"wd-action-text\">A\u00f1adir a la lista de deseos<\/span>\n\t\t\t\t<\/a>\n\t\t\t<\/div>\n\t\t\t\t<\/div>\n\t<\/div>\n\n\t<div class=\"product-element-bottom\">\n\n\t\t<div class=\"wd-product-header\">\n\t\t\t<h3 class=\"wd-entities-title\"><a href=\"https:\/\/new.madeinmarruecos.cl\/?product=alfombra-beni-ourain-beni-77-150-x-260-cm\">Alfombra Beni Ourain BENI-77 &#8211; 150 x 260 cm<\/a><\/h3>\n\t\t\t\t\t<\/div>\n\n\t\t\t\t<div class=\"wd-product-cats\">\n\t\t\t\t\t\t<a href=\"https:\/\/new.madeinmarruecos.cl\/?product_cat=alfombrasstock-chile\" rel=\"tag\">Alfombras&gt;Stock Chile<\/a>\t\t<\/div>\n\t\t\n\t\t\n\t\t<div class=\"wrap-price\">\n\t\t\t\n\t<span class=\"price\"><span class=\"woocommerce-Price-amount amount\"><bdi><span class=\"woocommerce-Price-currencySymbol\">&#36;<\/span>490.000<\/bdi><\/span><\/span>\n\n\t\t\t\t\t<\/div>\n\n\t\t\n\t\t\n\t\t\n\t\t\n\t\t<div class=\"wd-product-footer\">\n\t\t\t<div class=\"wd-add-btn wd-add-btn-replace\">\n\t\t\t\t<a href=\"https:\/\/new.madeinmarruecos.cl\/?product=alfombra-beni-ourain-beni-77-150-x-260-cm\"  data-quantity=\"1\" class=\"button product_type_simple add-to-cart-loop\" data-product_id=\"2220\" data-product_sku=\"BENI-77\" aria-label=\"Lee m\u00e1s sobre &ldquo;Alfombra Beni Ourain BENI-77 - 150 x 260 cm&rdquo;\" rel=\"nofollow\" data-success_message=\"\"><span class=\"wd-action-icon\"><span class=\"wd-check-icon\"><\/span><\/span><span class=\"wd-action-text\">Leer m\u00e1s<\/span><\/a>\t\t\t<\/div>\n\n\t\t\t\t\t<\/div>\n\t<\/div>\n<\/div>\n<\/div>\n\t\t\t\t\t<\/div>\n\t\t\t\t<div class=\"wd-carousel-item\">\n\t\t\t\t\t\t\t\t\t\t\t<div class=\"wd-product wd-hover-buttons-on-hover product-grid-item product type-product post-2221 status-publish outofstock product_cat-alfombrasstock-chile product_tag-alfombra-1-5x2-5-mts product_tag-alfombra-150x250-cm product_tag-alfombra-blanca-y-negra product_tag-alfombra-blanco-y-negro product_tag-alfombra-cyber-days product_tag-alfombra-mediana-de-lana product_tag-alfombra-para-dormitorio product_tag-alfombra-para-living product_tag-alfombra-para-sala-de-estar product_tag-alfombras-beni-ourain product_tag-alfombras-beniourain product_tag-alfombras-cyber-days product_tag-alfombras-de-lana has-post-thumbnail purchasable product-type-simple\" data-loop=\"10\" data-id=\"2221\">\n\t\n<div class=\"wd-product-wrapper product-wrapper\">\n\t<div class=\"wd-product-thumb product-element-top wd-quick-shop\">\n\t\t<a href=\"https:\/\/new.madeinmarruecos.cl\/?product=alfombra-beni-ourain-beni-78\" class=\"wd-product-img-link product-image-link\" tabindex=\"-1\" aria-label=\"Alfombra Beni Ourain BENI-78\">\n\t\t\t<img loading=\"lazy\" decoding=\"async\" width=\"300\" height=\"225\" src=\"https:\/\/new.madeinmarruecos.cl\/wp-content\/uploads\/2026\/06\/alfombra-beni-ourain-beni-78-1-300x225.jpg\" class=\"attachment-medium size-medium\" alt=\"Alfombra Beni Ourain BENI-78 alfombra-beni-ourain-beni-78-2 alfombra-beni-ourain-beni-78-3 alfombra-beni-ourain-beni-78-4 alfombra-beni-ourain-beni-78-5 alfombra-beni-ourain-beni-78-6 alfombra-beni-ourain-beni-78-7 alfombra-beni-ourain-beni-78-8 alfombra-beni-ourain-beni-78-9\" srcset=\"https:\/\/new.madeinmarruecos.cl\/wp-content\/uploads\/2026\/06\/alfombra-beni-ourain-beni-78-1-300x225.jpg 300w, https:\/\/new.madeinmarruecos.cl\/wp-content\/uploads\/2026\/06\/alfombra-beni-ourain-beni-78-1-1024x768.jpg 1024w, https:\/\/new.madeinmarruecos.cl\/wp-content\/uploads\/2026\/06\/alfombra-beni-ourain-beni-78-1-768x576.jpg 768w, https:\/\/new.madeinmarruecos.cl\/wp-content\/uploads\/2026\/06\/alfombra-beni-ourain-beni-78-1-1536x1152.jpg 1536w, https:\/\/new.madeinmarruecos.cl\/wp-content\/uploads\/2026\/06\/alfombra-beni-ourain-beni-78-1-1200x900.jpg 1200w, https:\/\/new.madeinmarruecos.cl\/wp-content\/uploads\/2026\/06\/alfombra-beni-ourain-beni-78-1-150x113.jpg 150w, https:\/\/new.madeinmarruecos.cl\/wp-content\/uploads\/2026\/06\/alfombra-beni-ourain-beni-78-1.jpg 2020w\" sizes=\"auto, (max-width: 300px) 100vw, 300px\" \/>\t\t<\/a>\n\n\t\t\t\t\t<div class=\"product-labels labels-rounded-sm\">\n\t\t\t\t<span class=\"out-of-stock product-label wd-shape-round-sm\">Agotado<\/span>\t\t\t<\/div>\n\t\t\t\t\t\t<div class=\"wd-product-img-hover hover-img\">\n\t\t\t\t<img loading=\"lazy\" decoding=\"async\" width=\"225\" height=\"300\" src=\"https:\/\/new.madeinmarruecos.cl\/wp-content\/uploads\/2026\/06\/alfombra-beni-ourain-beni-78-2-225x300.jpg\" class=\"attachment-medium size-medium\" alt=\"\" srcset=\"https:\/\/new.madeinmarruecos.cl\/wp-content\/uploads\/2026\/06\/alfombra-beni-ourain-beni-78-2-225x300.jpg 225w, https:\/\/new.madeinmarruecos.cl\/wp-content\/uploads\/2026\/06\/alfombra-beni-ourain-beni-78-2-768x1024.jpg 768w, https:\/\/new.madeinmarruecos.cl\/wp-content\/uploads\/2026\/06\/alfombra-beni-ourain-beni-78-2-1152x1536.jpg 1152w, https:\/\/new.madeinmarruecos.cl\/wp-content\/uploads\/2026\/06\/alfombra-beni-ourain-beni-78-2-1200x1600.jpg 1200w, https:\/\/new.madeinmarruecos.cl\/wp-content\/uploads\/2026\/06\/alfombra-beni-ourain-beni-78-2-150x200.jpg 150w, https:\/\/new.madeinmarruecos.cl\/wp-content\/uploads\/2026\/06\/alfombra-beni-ourain-beni-78-2.jpg 1515w\" sizes=\"auto, (max-width: 225px) 100vw, 225px\" \/>\t\t\t<\/div>\n\t\t\t\n\t\t<div class=\"wd-buttons wd-pos-r-t\">\n\t\t\t\t\t\t<div class=\"wd-wishlist-btn wd-action-btn wd-style-icon wd-wishlist-icon\">\n\t\t\t\t<a class=\"\" href=\"https:\/\/new.madeinmarruecos.cl\/?page_id=76\" data-key=\"1ca7a93047\" data-product-id=\"2221\" rel=\"nofollow\">\n\t\t\t\t\t<span class=\"wd-action-icon\">\n\t\t\t\t\t\t<span class=\"wd-check-icon\"><\/span>\n\t\t\t\t\t<\/span>\n\t\t\t\t\t<span class=\"wd-action-text\">A\u00f1adir a la lista de deseos<\/span>\n\t\t\t\t<\/a>\n\t\t\t<\/div>\n\t\t\t\t<\/div>\n\t<\/div>\n\n\t<div class=\"product-element-bottom\">\n\n\t\t<div class=\"wd-product-header\">\n\t\t\t<h3 class=\"wd-entities-title\"><a href=\"https:\/\/new.madeinmarruecos.cl\/?product=alfombra-beni-ourain-beni-78\">Alfombra Beni Ourain BENI-78<\/a><\/h3>\n\t\t\t\t\t<\/div>\n\n\t\t\t\t<div class=\"wd-product-cats\">\n\t\t\t\t\t\t<a href=\"https:\/\/new.madeinmarruecos.cl\/?product_cat=alfombrasstock-chile\" rel=\"tag\">Alfombras&gt;Stock Chile<\/a>\t\t<\/div>\n\t\t\n\t\t\n\t\t<div class=\"wrap-price\">\n\t\t\t\n\t<span class=\"price\"><span class=\"woocommerce-Price-amount amount\"><bdi><span class=\"woocommerce-Price-currencySymbol\">&#36;<\/span>490.000<\/bdi><\/span><\/span>\n\n\t\t\t\t\t<\/div>\n\n\t\t\n\t\t\n\t\t\n\t\t\n\t\t<div class=\"wd-product-footer\">\n\t\t\t<div class=\"wd-add-btn wd-add-btn-replace\">\n\t\t\t\t<a href=\"https:\/\/new.madeinmarruecos.cl\/?product=alfombra-beni-ourain-beni-78\"  data-quantity=\"1\" class=\"button product_type_simple add-to-cart-loop\" data-product_id=\"2221\" data-product_sku=\"BENI-78\" aria-label=\"Lee m\u00e1s sobre &ldquo;Alfombra Beni Ourain BENI-78&rdquo;\" rel=\"nofollow\" data-success_message=\"\"><span class=\"wd-action-icon\"><span class=\"wd-check-icon\"><\/span><\/span><span class=\"wd-action-text\">Leer m\u00e1s<\/span><\/a>\t\t\t<\/div>\n\n\t\t\t\t\t<\/div>\n\t<\/div>\n<\/div>\n<\/div>\n\t\t\t\t\t<\/div>\n\t\t\t\t<div class=\"wd-carousel-item\">\n\t\t\t\t\t\t\t\t\t\t\t<div class=\"wd-product wd-hover-buttons-on-hover product-grid-item product type-product post-2222 status-publish last outofstock product_cat-alfombrasstock-chile product_tag-alfombra-2-5x3-mts product_tag-alfombra-250x300-cm product_tag-alfombra-beige-y-negra product_tag-alfombra-beige-y-negro product_tag-alfombra-cyber-days product_tag-alfombra-grande-de-lana product_tag-alfombra-para-dormitorio product_tag-alfombra-para-living product_tag-alfombra-para-sala-de-estar product_tag-alfombras-beni-ourain product_tag-alfombras-beniourain product_tag-alfombras-cyber-days product_tag-alfombras-de-lana product_tag-tienda-de-alfombras has-post-thumbnail purchasable product-type-simple\" data-loop=\"11\" data-id=\"2222\">\n\t\n<div class=\"wd-product-wrapper product-wrapper\">\n\t<div class=\"wd-product-thumb product-element-top wd-quick-shop\">\n\t\t<a href=\"https:\/\/new.madeinmarruecos.cl\/?product=alfombra-beni-ourain-beni-79\" class=\"wd-product-img-link product-image-link\" tabindex=\"-1\" aria-label=\"Alfombra Beni Ourain BENI-79\">\n\t\t\t<img loading=\"lazy\" decoding=\"async\" width=\"300\" height=\"225\" src=\"https:\/\/new.madeinmarruecos.cl\/wp-content\/uploads\/2026\/06\/alfombra-beni-ourain-beni-79-1-300x225.jpg\" class=\"attachment-medium size-medium\" alt=\"Alfombra Beni Ourain BENI-79 alfombra-beni-ourain-beni-79-2 alfombra-beni-ourain-beni-79-3 alfombra-beni-ourain-beni-79-4 alfombra-beni-ourain-beni-79-5 alfombra-beni-ourain-beni-79-6 alfombra-beni-ourain-beni-79-7 alfombra-beni-ourain-beni-79-8 alfombra-beni-ourain-beni-79-9\" srcset=\"https:\/\/new.madeinmarruecos.cl\/wp-content\/uploads\/2026\/06\/alfombra-beni-ourain-beni-79-1-300x225.jpg 300w, https:\/\/new.madeinmarruecos.cl\/wp-content\/uploads\/2026\/06\/alfombra-beni-ourain-beni-79-1-1024x768.jpg 1024w, https:\/\/new.madeinmarruecos.cl\/wp-content\/uploads\/2026\/06\/alfombra-beni-ourain-beni-79-1-768x576.jpg 768w, https:\/\/new.madeinmarruecos.cl\/wp-content\/uploads\/2026\/06\/alfombra-beni-ourain-beni-79-1-1536x1152.jpg 1536w, https:\/\/new.madeinmarruecos.cl\/wp-content\/uploads\/2026\/06\/alfombra-beni-ourain-beni-79-1-1200x900.jpg 1200w, https:\/\/new.madeinmarruecos.cl\/wp-content\/uploads\/2026\/06\/alfombra-beni-ourain-beni-79-1-150x113.jpg 150w, https:\/\/new.madeinmarruecos.cl\/wp-content\/uploads\/2026\/06\/alfombra-beni-ourain-beni-79-1.jpg 2020w\" sizes=\"auto, (max-width: 300px) 100vw, 300px\" \/>\t\t<\/a>\n\n\t\t\t\t\t<div class=\"product-labels labels-rounded-sm\">\n\t\t\t\t<span class=\"out-of-stock product-label wd-shape-round-sm\">Agotado<\/span>\t\t\t<\/div>\n\t\t\t\t\t\t<div class=\"wd-product-img-hover hover-img\">\n\t\t\t\t<img loading=\"lazy\" decoding=\"async\" width=\"225\" height=\"300\" src=\"https:\/\/new.madeinmarruecos.cl\/wp-content\/uploads\/2026\/06\/alfombra-beni-ourain-beni-79-2-225x300.jpg\" class=\"attachment-medium size-medium\" alt=\"\" srcset=\"https:\/\/new.madeinmarruecos.cl\/wp-content\/uploads\/2026\/06\/alfombra-beni-ourain-beni-79-2-225x300.jpg 225w, https:\/\/new.madeinmarruecos.cl\/wp-content\/uploads\/2026\/06\/alfombra-beni-ourain-beni-79-2-768x1024.jpg 768w, https:\/\/new.madeinmarruecos.cl\/wp-content\/uploads\/2026\/06\/alfombra-beni-ourain-beni-79-2-1152x1536.jpg 1152w, https:\/\/new.madeinmarruecos.cl\/wp-content\/uploads\/2026\/06\/alfombra-beni-ourain-beni-79-2-1200x1600.jpg 1200w, https:\/\/new.madeinmarruecos.cl\/wp-content\/uploads\/2026\/06\/alfombra-beni-ourain-beni-79-2-150x200.jpg 150w, https:\/\/new.madeinmarruecos.cl\/wp-content\/uploads\/2026\/06\/alfombra-beni-ourain-beni-79-2.jpg 1515w\" sizes=\"auto, (max-width: 225px) 100vw, 225px\" \/>\t\t\t<\/div>\n\t\t\t\n\t\t<div class=\"wd-buttons wd-pos-r-t\">\n\t\t\t\t\t\t<div class=\"wd-wishlist-btn wd-action-btn wd-style-icon wd-wishlist-icon\">\n\t\t\t\t<a class=\"\" href=\"https:\/\/new.madeinmarruecos.cl\/?page_id=76\" data-key=\"1ca7a93047\" data-product-id=\"2222\" rel=\"nofollow\">\n\t\t\t\t\t<span class=\"wd-action-icon\">\n\t\t\t\t\t\t<span class=\"wd-check-icon\"><\/span>\n\t\t\t\t\t<\/span>\n\t\t\t\t\t<span class=\"wd-action-text\">A\u00f1adir a la lista de deseos<\/span>\n\t\t\t\t<\/a>\n\t\t\t<\/div>\n\t\t\t\t<\/div>\n\t<\/div>\n\n\t<div class=\"product-element-bottom\">\n\n\t\t<div class=\"wd-product-header\">\n\t\t\t<h3 class=\"wd-entities-title\"><a href=\"https:\/\/new.madeinmarruecos.cl\/?product=alfombra-beni-ourain-beni-79\">Alfombra Beni Ourain BENI-79<\/a><\/h3>\n\t\t\t\t\t<\/div>\n\n\t\t\t\t<div class=\"wd-product-cats\">\n\t\t\t\t\t\t<a href=\"https:\/\/new.madeinmarruecos.cl\/?product_cat=alfombrasstock-chile\" rel=\"tag\">Alfombras&gt;Stock Chile<\/a>\t\t<\/div>\n\t\t\n\t\t\n\t\t<div class=\"wrap-price\">\n\t\t\t\n\t<span class=\"price\"><span class=\"woocommerce-Price-amount amount\"><bdi><span class=\"woocommerce-Price-currencySymbol\">&#36;<\/span>1.450.000<\/bdi><\/span><\/span>\n\n\t\t\t\t\t<\/div>\n\n\t\t\n\t\t\n\t\t\n\t\t\n\t\t<div class=\"wd-product-footer\">\n\t\t\t<div class=\"wd-add-btn wd-add-btn-replace\">\n\t\t\t\t<a href=\"https:\/\/new.madeinmarruecos.cl\/?product=alfombra-beni-ourain-beni-79\"  data-quantity=\"1\" class=\"button product_type_simple add-to-cart-loop\" data-product_id=\"2222\" data-product_sku=\"BENI-79\" aria-label=\"Lee m\u00e1s sobre &ldquo;Alfombra Beni Ourain BENI-79&rdquo;\" rel=\"nofollow\" data-success_message=\"\"><span class=\"wd-action-icon\"><span class=\"wd-check-icon\"><\/span><\/span><span class=\"wd-action-text\">Leer m\u00e1s<\/span><\/a>\t\t\t<\/div>\n\n\t\t\t\t\t<\/div>\n\t<\/div>\n<\/div>\n<\/div>\n\t\t\t\t\t<\/div>\n\t\t\t\t<div class=\"wd-carousel-item\">\n\t\t\t\t\t\t\t\t\t\t\t<div class=\"wd-product wd-hover-buttons-on-hover product-grid-item product type-product post-2223 status-publish first outofstock product_cat-alfombrasstock-chile product_tag-alfombra-1-5x2-5-mts product_tag-alfombra-150x250-cm product_tag-alfombra-blanca-y-negra product_tag-alfombra-blanco-y-negro product_tag-alfombra-cyber-days product_tag-alfombra-mediana-de-lana product_tag-alfombra-para-dormitorio product_tag-alfombra-para-living product_tag-alfombra-para-sala-de-estar product_tag-alfombras-beni-ourain product_tag-alfombras-beniourain product_tag-alfombras-cyber-days product_tag-alfombras-de-lana product_tag-invierno has-post-thumbnail purchasable product-type-simple\" data-loop=\"12\" data-id=\"2223\">\n\t\n<div class=\"wd-product-wrapper product-wrapper\">\n\t<div class=\"wd-product-thumb product-element-top wd-quick-shop\">\n\t\t<a href=\"https:\/\/new.madeinmarruecos.cl\/?product=alfombra-beni-ourain-beni-82-144-x-233-cm\" class=\"wd-product-img-link product-image-link\" tabindex=\"-1\" aria-label=\"Alfombra Beni Ourain BENI-82 &#8211; 144 x 233 cm\">\n\t\t\t<img loading=\"lazy\" decoding=\"async\" width=\"300\" height=\"225\" src=\"https:\/\/new.madeinmarruecos.cl\/wp-content\/uploads\/2026\/06\/alfombra-beni-ourain-beni-82-1-300x225.jpg\" class=\"attachment-medium size-medium\" alt=\"Alfombra Beni Ourain BENI-82 alfombra-beni-ourain-beni-82-2 alfombra-beni-ourain-beni-82-3 alfombra-beni-ourain-beni-82-4 alfombra-beni-ourain-beni-82-5 alfombra-beni-ourain-beni-82-6 alfombra-beni-ourain-beni-82-7 alfombra-beni-ourain-beni-82-8 alfombra-beni-ourain-beni-82-9\" srcset=\"https:\/\/new.madeinmarruecos.cl\/wp-content\/uploads\/2026\/06\/alfombra-beni-ourain-beni-82-1-300x225.jpg 300w, https:\/\/new.madeinmarruecos.cl\/wp-content\/uploads\/2026\/06\/alfombra-beni-ourain-beni-82-1-1024x768.jpg 1024w, https:\/\/new.madeinmarruecos.cl\/wp-content\/uploads\/2026\/06\/alfombra-beni-ourain-beni-82-1-768x576.jpg 768w, https:\/\/new.madeinmarruecos.cl\/wp-content\/uploads\/2026\/06\/alfombra-beni-ourain-beni-82-1-1536x1152.jpg 1536w, https:\/\/new.madeinmarruecos.cl\/wp-content\/uploads\/2026\/06\/alfombra-beni-ourain-beni-82-1-1200x900.jpg 1200w, https:\/\/new.madeinmarruecos.cl\/wp-content\/uploads\/2026\/06\/alfombra-beni-ourain-beni-82-1-150x113.jpg 150w, https:\/\/new.madeinmarruecos.cl\/wp-content\/uploads\/2026\/06\/alfombra-beni-ourain-beni-82-1.jpg 2020w\" sizes=\"auto, (max-width: 300px) 100vw, 300px\" \/>\t\t<\/a>\n\n\t\t\t\t\t<div class=\"product-labels labels-rounded-sm\">\n\t\t\t\t<span class=\"out-of-stock product-label wd-shape-round-sm\">Agotado<\/span>\t\t\t<\/div>\n\t\t\t\t\t\t<div class=\"wd-product-img-hover hover-img\">\n\t\t\t\t<img loading=\"lazy\" decoding=\"async\" width=\"225\" height=\"300\" src=\"https:\/\/new.madeinmarruecos.cl\/wp-content\/uploads\/2026\/06\/alfombra-beni-ourain-beni-82-2-225x300.jpg\" class=\"attachment-medium size-medium\" alt=\"\" srcset=\"https:\/\/new.madeinmarruecos.cl\/wp-content\/uploads\/2026\/06\/alfombra-beni-ourain-beni-82-2-225x300.jpg 225w, https:\/\/new.madeinmarruecos.cl\/wp-content\/uploads\/2026\/06\/alfombra-beni-ourain-beni-82-2-768x1024.jpg 768w, https:\/\/new.madeinmarruecos.cl\/wp-content\/uploads\/2026\/06\/alfombra-beni-ourain-beni-82-2-1152x1536.jpg 1152w, https:\/\/new.madeinmarruecos.cl\/wp-content\/uploads\/2026\/06\/alfombra-beni-ourain-beni-82-2-1200x1600.jpg 1200w, https:\/\/new.madeinmarruecos.cl\/wp-content\/uploads\/2026\/06\/alfombra-beni-ourain-beni-82-2-150x200.jpg 150w, https:\/\/new.madeinmarruecos.cl\/wp-content\/uploads\/2026\/06\/alfombra-beni-ourain-beni-82-2.jpg 1515w\" sizes=\"auto, (max-width: 225px) 100vw, 225px\" \/>\t\t\t<\/div>\n\t\t\t\n\t\t<div class=\"wd-buttons wd-pos-r-t\">\n\t\t\t\t\t\t<div class=\"wd-wishlist-btn wd-action-btn wd-style-icon wd-wishlist-icon\">\n\t\t\t\t<a class=\"\" href=\"https:\/\/new.madeinmarruecos.cl\/?page_id=76\" data-key=\"1ca7a93047\" data-product-id=\"2223\" rel=\"nofollow\">\n\t\t\t\t\t<span class=\"wd-action-icon\">\n\t\t\t\t\t\t<span class=\"wd-check-icon\"><\/span>\n\t\t\t\t\t<\/span>\n\t\t\t\t\t<span class=\"wd-action-text\">A\u00f1adir a la lista de deseos<\/span>\n\t\t\t\t<\/a>\n\t\t\t<\/div>\n\t\t\t\t<\/div>\n\t<\/div>\n\n\t<div class=\"product-element-bottom\">\n\n\t\t<div class=\"wd-product-header\">\n\t\t\t<h3 class=\"wd-entities-title\"><a href=\"https:\/\/new.madeinmarruecos.cl\/?product=alfombra-beni-ourain-beni-82-144-x-233-cm\">Alfombra Beni Ourain BENI-82 &#8211; 144 x 233 cm<\/a><\/h3>\n\t\t\t\t\t<\/div>\n\n\t\t\t\t<div class=\"wd-product-cats\">\n\t\t\t\t\t\t<a href=\"https:\/\/new.madeinmarruecos.cl\/?product_cat=alfombrasstock-chile\" rel=\"tag\">Alfombras&gt;Stock Chile<\/a>\t\t<\/div>\n\t\t\n\t\t\n\t\t<div class=\"wrap-price\">\n\t\t\t\n\t<span class=\"price\"><span class=\"woocommerce-Price-amount amount\"><bdi><span class=\"woocommerce-Price-currencySymbol\">&#36;<\/span>490.000<\/bdi><\/span><\/span>\n\n\t\t\t\t\t<\/div>\n\n\t\t\n\t\t\n\t\t\n\t\t\n\t\t<div class=\"wd-product-footer\">\n\t\t\t<div class=\"wd-add-btn wd-add-btn-replace\">\n\t\t\t\t<a href=\"https:\/\/new.madeinmarruecos.cl\/?product=alfombra-beni-ourain-beni-82-144-x-233-cm\"  data-quantity=\"1\" class=\"button product_type_simple add-to-cart-loop\" data-product_id=\"2223\" data-product_sku=\"BENI-82\" aria-label=\"Lee m\u00e1s sobre &ldquo;Alfombra Beni Ourain BENI-82 - 144 x 233 cm&rdquo;\" rel=\"nofollow\" data-success_message=\"\"><span class=\"wd-action-icon\"><span class=\"wd-check-icon\"><\/span><\/span><span class=\"wd-action-text\">Leer m\u00e1s<\/span><\/a>\t\t\t<\/div>\n\n\t\t\t\t\t<\/div>\n\t<\/div>\n<\/div>\n<\/div>\n\t\t\t\t\t<\/div>\n\t\t\t\t\t\t\t\t<\/div>\n\t\t\t\t\t<\/div>\n\n\t\t\t\t\t\t\t<div class=\"wd-nav-arrows wd-pos-sep wd-hover-1 wd-icon-1\">\n\t\t\t<div class=\"wd-btn-arrow wd-prev wd-disabled\">\n\t\t\t\t<div class=\"wd-arrow-inner\"><\/div>\n\t\t\t<\/div>\n\t\t\t<div class=\"wd-btn-arrow wd-next\">\n\t\t\t\t<div class=\"wd-arrow-inner\"><\/div>\n\t\t\t<\/div>\n\t\t<\/div>\n\t\t\t\t\t\t<\/div>\n\n\t\t\t\t\t\t\t\t\t\t\t\t\t<div class=\"wd-nav-scroll\"><\/div>\n\t\t\t\t\t<\/div>\n\t\t\t\t\t\t\n\n\n<div class=\"wp-block-wd-section wd-c48c68cf\">\n<div class=\"wp-block-wd-row wd-5acb9c2d\">\n<div class=\"wp-block-wd-column wd-3e6d1d4b\">\n<div class=\"wp-block-wd-cover wd-hover-parent wd-hover-zoom-in color-scheme-light wd-a962e383\"><div class=\"wd-block-cover-img\"><\/div>\n<div class=\"wp-block-wd-container wd-dir-col wd-3488fa7e wd-custom-width\">\n<h2 class=\"wp-block-wd-title title wd-a5121b1a wd-custom-width\">Save Up to 25% With Promo Code<\/h2>\n\n\n\n<div class=\"wp-block-wd-container wd-dir-row wd-align-is-lg-center wd-6f7995cf\">\n<p class=\"wp-block-wd-paragraph wd-5f882ac2\">Promo code:<\/p>\n\n\n\n<p class=\"wp-block-wd-paragraph wd-9e1dd14d\">WOODVEG25<\/p>\n<\/div>\n\n\n\n<p class=\"wp-block-wd-paragraph wd-1ed5405d\">*Not combined with promotional offers and discounts<\/p>\n<\/div>\n<\/div>\n<\/div>\n\n\n\n<div class=\"wp-block-wd-column wd-2edf72a5\">\n<div class=\"wp-block-wd-cover wd-hover-parent wd-hover-zoom-in color-scheme-light wd-8fc2fb36\"><div class=\"wd-block-cover-img\"><\/div>\n<div class=\"wp-block-wd-container wd-dir-col wd-7dee73eb wd-custom-width\">\n<h2 class=\"wp-block-wd-title title wd-780b2e4d wd-custom-width\">Free Delivery To Your Door<\/h2>\n\n\n\n<p class=\"wp-block-wd-paragraph wd-7acf78fa\">Collect a basket worth more than \u00a330 and get free delivery to your door.<\/p>\n<\/div>\n<\/div>\n<\/div>\n<\/div>\n<\/div>\n\n\n\n<div class=\"wp-block-wd-container wd-dir-row wd-align-is-lg-center wd-c7cca0a2\">\n<h2 class=\"wp-block-wd-title title wd-9a7f9ca2\"><strong>Mantas y Pieceras<\/strong><\/h2>\n\n\n\n<a class=\"wp-block-wd-button btn btn-style-link btn-color-primary btn-size-large wd-08eb9ca5\" href=\"\/shop\"><span>Todos los Productos<\/span><\/a>\n<\/div>\n\n\n\t\t\t\n\t\t\t<div id=\"carousel-288\" class=\"wd-carousel-container  wd-3718fccb wd-products-element wd-products products wd-loop-builder-off wd-quantity-enabled wd-products-with-bg title-line-one\">\n\t\t\t\t\n\t\t\t\t\t\t\t\n\t\t\t\t<div class=\"wd-carousel-inner\">\n\t\t\t\t\t<div class=\" wd-carousel wd-grid\" data-scroll_per_page=\"yes\" style=\"--wd-col-lg:5.5;--wd-col-md:3.5;--wd-col-sm:1.5;--wd-gap-lg:20px;--wd-gap-sm:10px;\">\n\t\t\t\t\t\t<div class=\"wd-carousel-wrap\">\n\t\t\t\t\t\t\t\t\t<div class=\"wd-carousel-item\">\n\t\t\t\t\t\t\t\t\t\t\t<div class=\"wd-product wd-hover-buttons-on-hover product-grid-item product type-product post-2092 status-publish instock product_cat-mantas-y-pieceras product_tag-colchas product_tag-colchas-de-algodon product_tag-cubrecama-de-algodon product_tag-cubrecamas product_tag-handira product_tag-handiras product_tag-invierno product_tag-manta-blanca product_tag-mantas product_tag-mantas-bereber product_tag-mantas-decorativas product_tag-mantas-para-cama product_tag-mantas-para-camas product_tag-mantas-para-sillones product_tag-mantas-para-sofa product_tag-mantas-y-cojines product_tag-para-cama-2-plazas product_tag-piecera product_tag-pieceras has-post-thumbnail purchasable product-type-simple\" data-loop=\"1\" data-id=\"2092\">\n\t\n<div class=\"wd-product-wrapper product-wrapper\">\n\t<div class=\"wd-product-thumb product-element-top wd-quick-shop\">\n\t\t<a href=\"https:\/\/new.madeinmarruecos.cl\/?product=handira-manta-blanca-cubrecama-2-plazas\" class=\"wd-product-img-link product-image-link\" tabindex=\"-1\" aria-label=\"Handira Manta Blanca Cubrecama 2 plazas\">\n\t\t\t<img loading=\"lazy\" decoding=\"async\" width=\"208\" height=\"300\" src=\"https:\/\/new.madeinmarruecos.cl\/wp-content\/uploads\/2026\/06\/handira-marroqui-220x240-cm-manta-de-boda-bereber-1-208x300.jpg\" class=\"attachment-medium size-medium\" alt=\"handira marroqui 220x240 cm manta de boda bereber handira marroqui 220x240 cm manta de boda bereber Handira Blanca Simple Marroqu\u00ed 180x280 cm\" srcset=\"https:\/\/new.madeinmarruecos.cl\/wp-content\/uploads\/2026\/06\/handira-marroqui-220x240-cm-manta-de-boda-bereber-1-208x300.jpg 208w, https:\/\/new.madeinmarruecos.cl\/wp-content\/uploads\/2026\/06\/handira-marroqui-220x240-cm-manta-de-boda-bereber-1-150x217.jpg 150w, https:\/\/new.madeinmarruecos.cl\/wp-content\/uploads\/2026\/06\/handira-marroqui-220x240-cm-manta-de-boda-bereber-1.jpg 415w\" sizes=\"auto, (max-width: 208px) 100vw, 208px\" \/>\t\t<\/a>\n\n\t\t\t\t\t<div class=\"wd-product-img-hover hover-img\">\n\t\t\t\t<img loading=\"lazy\" decoding=\"async\" width=\"245\" height=\"300\" src=\"https:\/\/new.madeinmarruecos.cl\/wp-content\/uploads\/2026\/06\/handira-blanca-simple-marroqui-180x280-cm-manta-de-boda-bereber-245x300.jpg\" class=\"attachment-medium size-medium\" alt=\"\" srcset=\"https:\/\/new.madeinmarruecos.cl\/wp-content\/uploads\/2026\/06\/handira-blanca-simple-marroqui-180x280-cm-manta-de-boda-bereber-245x300.jpg 245w, https:\/\/new.madeinmarruecos.cl\/wp-content\/uploads\/2026\/06\/handira-blanca-simple-marroqui-180x280-cm-manta-de-boda-bereber-150x184.jpg 150w, https:\/\/new.madeinmarruecos.cl\/wp-content\/uploads\/2026\/06\/handira-blanca-simple-marroqui-180x280-cm-manta-de-boda-bereber.jpg 489w\" sizes=\"auto, (max-width: 245px) 100vw, 245px\" \/>\t\t\t<\/div>\n\t\t\t\n\t\t<div class=\"wd-buttons wd-pos-r-t\">\n\t\t\t\t\t\t<div class=\"wd-wishlist-btn wd-action-btn wd-style-icon wd-wishlist-icon\">\n\t\t\t\t<a class=\"\" href=\"https:\/\/new.madeinmarruecos.cl\/?page_id=76\" data-key=\"1ca7a93047\" data-product-id=\"2092\" rel=\"nofollow\">\n\t\t\t\t\t<span class=\"wd-action-icon\">\n\t\t\t\t\t\t<span class=\"wd-check-icon\"><\/span>\n\t\t\t\t\t<\/span>\n\t\t\t\t\t<span class=\"wd-action-text\">A\u00f1adir a la lista de deseos<\/span>\n\t\t\t\t<\/a>\n\t\t\t<\/div>\n\t\t\t\t<\/div>\n\t<\/div>\n\n\t<div class=\"product-element-bottom\">\n\n\t\t<div class=\"wd-product-header\">\n\t\t\t<h3 class=\"wd-entities-title\"><a href=\"https:\/\/new.madeinmarruecos.cl\/?product=handira-manta-blanca-cubrecama-2-plazas\">Handira Manta Blanca Cubrecama 2 plazas<\/a><\/h3>\n\t\t\t\t\t<\/div>\n\n\t\t\t\t<div class=\"wd-product-cats\">\n\t\t\t\t\t\t<a href=\"https:\/\/new.madeinmarruecos.cl\/?product_cat=mantas-y-pieceras\" rel=\"tag\">Mantas y Pieceras<\/a>\t\t<\/div>\n\t\t\n\t\t\n\t\t<div class=\"wrap-price\">\n\t\t\t\n\t<span class=\"price\"><span class=\"woocommerce-Price-amount amount\"><bdi><span class=\"woocommerce-Price-currencySymbol\">&#36;<\/span>200.000<\/bdi><\/span><\/span>\n\n\t\t\t\t\t<\/div>\n\n\t\t\n\t\t\n\t\t\n\t\t\n\t\t<div class=\"wd-product-footer\">\n\t\t\t<div class=\"wd-add-btn wd-add-btn-replace\">\n\t\t\t\t<a href=\"\/index.php?rest_route=%2Fwp%2Fv2%2Fpages%2F62&#038;add-to-cart=2092\"  data-quantity=\"1\" class=\"button product_type_simple add_to_cart_button ajax_add_to_cart add-to-cart-loop\" data-product_id=\"2092\" data-product_sku=\"HANDIRA-BLANCA\" aria-label=\"A\u00f1adir al carrito: &ldquo;Handira Manta Blanca Cubrecama 2 plazas&rdquo;\" rel=\"nofollow\" data-success_message=\"\u00abHandira Manta Blanca Cubrecama 2 plazas\u00bb se ha a\u00f1adido a tu carrito\" role=\"button\"><span class=\"wd-action-icon\"><span class=\"wd-check-icon\"><\/span><\/span><span class=\"wd-action-text\">A\u00f1adir al carrito<\/span><\/a>\t\t\t<\/div>\n\n\t\t\t\t\t<\/div>\n\t<\/div>\n<\/div>\n<\/div>\n\t\t\t\t\t<\/div>\n\t\t\t\t<div class=\"wd-carousel-item\">\n\t\t\t\t\t\t\t\t\t\t\t<div class=\"wd-product wd-hover-buttons-on-hover product-grid-item product type-product post-2319 status-publish instock product_cat-mantas-y-pieceras product_tag-handira product_tag-handiras product_tag-invierno product_tag-manta-blanca product_tag-mantas product_tag-mantas-bereber product_tag-mantas-decorativas product_tag-mantas-para-cama product_tag-mantas-para-camas product_tag-mantas-para-sillones product_tag-mantas-para-sofa product_tag-mantas-y-cojines product_tag-para-cama-2-plazas product_tag-para-mama product_tag-piecera product_tag-pieceras has-post-thumbnail purchasable product-type-simple\" data-loop=\"2\" data-id=\"2319\">\n\t\n<div class=\"wd-product-wrapper product-wrapper\">\n\t<div class=\"wd-product-thumb product-element-top wd-quick-shop\">\n\t\t<a href=\"https:\/\/new.madeinmarruecos.cl\/?product=handira-piecera-blanca-para-cama-1-plaza-y-media\" class=\"wd-product-img-link product-image-link\" tabindex=\"-1\" aria-label=\"Handira Piecera Blanca para Cama 1 Plaza y media\">\n\t\t\t<img loading=\"lazy\" decoding=\"async\" width=\"300\" height=\"200\" src=\"https:\/\/new.madeinmarruecos.cl\/wp-content\/uploads\/2026\/06\/piecera-handira-de-algodon-100-marroqui-original-1-300x200.jpg\" class=\"attachment-medium size-medium\" alt=\"piecera handira de algodon 100% marroqui original piecera handira de algodon 100% marroqui original piecera handira de algodon 100% marroqui original piecera handira de algodon 100% marroqui original\" srcset=\"https:\/\/new.madeinmarruecos.cl\/wp-content\/uploads\/2026\/06\/piecera-handira-de-algodon-100-marroqui-original-1-300x200.jpg 300w, https:\/\/new.madeinmarruecos.cl\/wp-content\/uploads\/2026\/06\/piecera-handira-de-algodon-100-marroqui-original-1-768x512.jpg 768w, https:\/\/new.madeinmarruecos.cl\/wp-content\/uploads\/2026\/06\/piecera-handira-de-algodon-100-marroqui-original-1-150x100.jpg 150w, https:\/\/new.madeinmarruecos.cl\/wp-content\/uploads\/2026\/06\/piecera-handira-de-algodon-100-marroqui-original-1.jpg 999w\" sizes=\"auto, (max-width: 300px) 100vw, 300px\" \/>\t\t<\/a>\n\n\t\t\t\t\t<div class=\"wd-product-img-hover hover-img\">\n\t\t\t\t<img loading=\"lazy\" decoding=\"async\" width=\"300\" height=\"200\" src=\"https:\/\/new.madeinmarruecos.cl\/wp-content\/uploads\/2026\/06\/piecera-handira-de-algodon-100-marroqui-original-2-300x200.jpg\" class=\"attachment-medium size-medium\" alt=\"\" srcset=\"https:\/\/new.madeinmarruecos.cl\/wp-content\/uploads\/2026\/06\/piecera-handira-de-algodon-100-marroqui-original-2-300x200.jpg 300w, https:\/\/new.madeinmarruecos.cl\/wp-content\/uploads\/2026\/06\/piecera-handira-de-algodon-100-marroqui-original-2-768x512.jpg 768w, https:\/\/new.madeinmarruecos.cl\/wp-content\/uploads\/2026\/06\/piecera-handira-de-algodon-100-marroqui-original-2-150x100.jpg 150w, https:\/\/new.madeinmarruecos.cl\/wp-content\/uploads\/2026\/06\/piecera-handira-de-algodon-100-marroqui-original-2.jpg 999w\" sizes=\"auto, (max-width: 300px) 100vw, 300px\" \/>\t\t\t<\/div>\n\t\t\t\n\t\t<div class=\"wd-buttons wd-pos-r-t\">\n\t\t\t\t\t\t<div class=\"wd-wishlist-btn wd-action-btn wd-style-icon wd-wishlist-icon\">\n\t\t\t\t<a class=\"\" href=\"https:\/\/new.madeinmarruecos.cl\/?page_id=76\" data-key=\"1ca7a93047\" data-product-id=\"2319\" rel=\"nofollow\">\n\t\t\t\t\t<span class=\"wd-action-icon\">\n\t\t\t\t\t\t<span class=\"wd-check-icon\"><\/span>\n\t\t\t\t\t<\/span>\n\t\t\t\t\t<span class=\"wd-action-text\">A\u00f1adir a la lista de deseos<\/span>\n\t\t\t\t<\/a>\n\t\t\t<\/div>\n\t\t\t\t<\/div>\n\t<\/div>\n\n\t<div class=\"product-element-bottom\">\n\n\t\t<div class=\"wd-product-header\">\n\t\t\t<h3 class=\"wd-entities-title\"><a href=\"https:\/\/new.madeinmarruecos.cl\/?product=handira-piecera-blanca-para-cama-1-plaza-y-media\">Handira Piecera Blanca para Cama 1 Plaza y media<\/a><\/h3>\n\t\t\t\t\t<\/div>\n\n\t\t\t\t<div class=\"wd-product-cats\">\n\t\t\t\t\t\t<a href=\"https:\/\/new.madeinmarruecos.cl\/?product_cat=mantas-y-pieceras\" rel=\"tag\">Mantas y Pieceras<\/a>\t\t<\/div>\n\t\t\n\t\t\n\t\t<div class=\"wrap-price\">\n\t\t\t\n\t<span class=\"price\"><span class=\"woocommerce-Price-amount amount\"><bdi><span class=\"woocommerce-Price-currencySymbol\">&#36;<\/span>80.000<\/bdi><\/span><\/span>\n\n\t\t\t\t\t<\/div>\n\n\t\t\n\t\t\n\t\t\n\t\t\n\t\t<div class=\"wd-product-footer\">\n\t\t\t<div class=\"wd-add-btn wd-add-btn-replace\">\n\t\t\t\t<a href=\"\/index.php?rest_route=%2Fwp%2Fv2%2Fpages%2F62&#038;add-to-cart=2319\"  data-quantity=\"1\" class=\"button product_type_simple add_to_cart_button ajax_add_to_cart add-to-cart-loop\" data-product_id=\"2319\" data-product_sku=\"PIECERA-BLANCA-1PM\" aria-label=\"A\u00f1adir al carrito: &ldquo;Handira Piecera Blanca para Cama 1 Plaza y media&rdquo;\" rel=\"nofollow\" data-success_message=\"\u00abHandira Piecera Blanca para Cama 1 Plaza y media\u00bb se ha a\u00f1adido a tu carrito\" role=\"button\"><span class=\"wd-action-icon\"><span class=\"wd-check-icon\"><\/span><\/span><span class=\"wd-action-text\">A\u00f1adir al carrito<\/span><\/a>\t\t\t<\/div>\n\n\t\t\t\t\t<\/div>\n\t<\/div>\n<\/div>\n<\/div>\n\t\t\t\t\t<\/div>\n\t\t\t\t<div class=\"wd-carousel-item\">\n\t\t\t\t\t\t\t\t\t\t\t<div class=\"wd-product wd-hover-buttons-on-hover product-grid-item product type-product post-2235 status-publish last instock product_cat-mantas-y-pieceras product_tag-handira product_tag-handiras product_tag-invierno product_tag-manta-blanca product_tag-mantas product_tag-mantas-bereber product_tag-mantas-decorativas product_tag-mantas-para-cama product_tag-mantas-para-camas product_tag-mantas-para-sillones product_tag-mantas-para-sofa product_tag-mantas-y-cojines product_tag-para-cama-2-plazas product_tag-piecera product_tag-pieceras has-post-thumbnail purchasable product-type-simple\" data-loop=\"3\" data-id=\"2235\">\n\t\n<div class=\"wd-product-wrapper product-wrapper\">\n\t<div class=\"wd-product-thumb product-element-top wd-quick-shop\">\n\t\t<a href=\"https:\/\/new.madeinmarruecos.cl\/?product=handira-piecera-blanca-para-cama-2-plazas\" class=\"wd-product-img-link product-image-link\" tabindex=\"-1\" aria-label=\"Handira Piecera Blanca para Cama 2 Plazas\">\n\t\t\t<img loading=\"lazy\" decoding=\"async\" width=\"300\" height=\"200\" src=\"https:\/\/new.madeinmarruecos.cl\/wp-content\/uploads\/2026\/06\/piecera-handira-de-algodon-100-marroqui-original-1-300x200.jpg\" class=\"attachment-medium size-medium\" alt=\"piecera handira de algodon 100% marroqui original piecera handira de algodon 100% marroqui original piecera handira de algodon 100% marroqui original piecera handira de algodon 100% marroqui original\" srcset=\"https:\/\/new.madeinmarruecos.cl\/wp-content\/uploads\/2026\/06\/piecera-handira-de-algodon-100-marroqui-original-1-300x200.jpg 300w, https:\/\/new.madeinmarruecos.cl\/wp-content\/uploads\/2026\/06\/piecera-handira-de-algodon-100-marroqui-original-1-768x512.jpg 768w, https:\/\/new.madeinmarruecos.cl\/wp-content\/uploads\/2026\/06\/piecera-handira-de-algodon-100-marroqui-original-1-150x100.jpg 150w, https:\/\/new.madeinmarruecos.cl\/wp-content\/uploads\/2026\/06\/piecera-handira-de-algodon-100-marroqui-original-1.jpg 999w\" sizes=\"auto, (max-width: 300px) 100vw, 300px\" \/>\t\t<\/a>\n\n\t\t\t\t\t<div class=\"wd-product-img-hover hover-img\">\n\t\t\t\t<img loading=\"lazy\" decoding=\"async\" width=\"300\" height=\"200\" src=\"https:\/\/new.madeinmarruecos.cl\/wp-content\/uploads\/2026\/06\/piecera-handira-de-algodon-100-marroqui-original-2-300x200.jpg\" class=\"attachment-medium size-medium\" alt=\"\" srcset=\"https:\/\/new.madeinmarruecos.cl\/wp-content\/uploads\/2026\/06\/piecera-handira-de-algodon-100-marroqui-original-2-300x200.jpg 300w, https:\/\/new.madeinmarruecos.cl\/wp-content\/uploads\/2026\/06\/piecera-handira-de-algodon-100-marroqui-original-2-768x512.jpg 768w, https:\/\/new.madeinmarruecos.cl\/wp-content\/uploads\/2026\/06\/piecera-handira-de-algodon-100-marroqui-original-2-150x100.jpg 150w, https:\/\/new.madeinmarruecos.cl\/wp-content\/uploads\/2026\/06\/piecera-handira-de-algodon-100-marroqui-original-2.jpg 999w\" sizes=\"auto, (max-width: 300px) 100vw, 300px\" \/>\t\t\t<\/div>\n\t\t\t\n\t\t<div class=\"wd-buttons wd-pos-r-t\">\n\t\t\t\t\t\t<div class=\"wd-wishlist-btn wd-action-btn wd-style-icon wd-wishlist-icon\">\n\t\t\t\t<a class=\"\" href=\"https:\/\/new.madeinmarruecos.cl\/?page_id=76\" data-key=\"1ca7a93047\" data-product-id=\"2235\" rel=\"nofollow\">\n\t\t\t\t\t<span class=\"wd-action-icon\">\n\t\t\t\t\t\t<span class=\"wd-check-icon\"><\/span>\n\t\t\t\t\t<\/span>\n\t\t\t\t\t<span class=\"wd-action-text\">A\u00f1adir a la lista de deseos<\/span>\n\t\t\t\t<\/a>\n\t\t\t<\/div>\n\t\t\t\t<\/div>\n\t<\/div>\n\n\t<div class=\"product-element-bottom\">\n\n\t\t<div class=\"wd-product-header\">\n\t\t\t<h3 class=\"wd-entities-title\"><a href=\"https:\/\/new.madeinmarruecos.cl\/?product=handira-piecera-blanca-para-cama-2-plazas\">Handira Piecera Blanca para Cama 2 Plazas<\/a><\/h3>\n\t\t\t\t\t<\/div>\n\n\t\t\t\t<div class=\"wd-product-cats\">\n\t\t\t\t\t\t<a href=\"https:\/\/new.madeinmarruecos.cl\/?product_cat=mantas-y-pieceras\" rel=\"tag\">Mantas y Pieceras<\/a>\t\t<\/div>\n\t\t\n\t\t\n\t\t<div class=\"wrap-price\">\n\t\t\t\n\t<span class=\"price\"><span class=\"woocommerce-Price-amount amount\"><bdi><span class=\"woocommerce-Price-currencySymbol\">&#36;<\/span>85.000<\/bdi><\/span><\/span>\n\n\t\t\t\t\t<\/div>\n\n\t\t\n\t\t\n\t\t\n\t\t\n\t\t<div class=\"wd-product-footer\">\n\t\t\t<div class=\"wd-add-btn wd-add-btn-replace\">\n\t\t\t\t<a href=\"\/index.php?rest_route=%2Fwp%2Fv2%2Fpages%2F62&#038;add-to-cart=2235\"  data-quantity=\"1\" class=\"button product_type_simple add_to_cart_button ajax_add_to_cart add-to-cart-loop\" data-product_id=\"2235\" data-product_sku=\"PIECERA-BLANCA-2P\" aria-label=\"A\u00f1adir al carrito: &ldquo;Handira Piecera Blanca para Cama 2 Plazas&rdquo;\" rel=\"nofollow\" data-success_message=\"\u00abHandira Piecera Blanca para Cama 2 Plazas\u00bb se ha a\u00f1adido a tu carrito\" role=\"button\"><span class=\"wd-action-icon\"><span class=\"wd-check-icon\"><\/span><\/span><span class=\"wd-action-text\">A\u00f1adir al carrito<\/span><\/a>\t\t\t<\/div>\n\n\t\t\t\t\t<\/div>\n\t<\/div>\n<\/div>\n<\/div>\n\t\t\t\t\t<\/div>\n\t\t\t\t<div class=\"wd-carousel-item\">\n\t\t\t\t\t\t\t\t\t\t\t<div class=\"wd-product wd-hover-buttons-on-hover product-grid-item product type-product post-2236 status-publish first instock product_cat-mantas-y-pieceras product_tag-handira product_tag-handiras product_tag-invierno product_tag-manta-blanca product_tag-mantas product_tag-mantas-bereber product_tag-mantas-decorativas product_tag-mantas-para-cama product_tag-mantas-para-camas product_tag-mantas-para-sillones product_tag-mantas-para-sofa product_tag-mantas-y-cojines product_tag-para-cama-king product_tag-piecera product_tag-pieceras has-post-thumbnail purchasable product-type-simple\" data-loop=\"4\" data-id=\"2236\">\n\t\n<div class=\"wd-product-wrapper product-wrapper\">\n\t<div class=\"wd-product-thumb product-element-top wd-quick-shop\">\n\t\t<a href=\"https:\/\/new.madeinmarruecos.cl\/?product=handira-piecera-blanca-para-cama-king-super-king\" class=\"wd-product-img-link product-image-link\" tabindex=\"-1\" aria-label=\"Handira Piecera Blanca para Cama King\/Super King\">\n\t\t\t<img loading=\"lazy\" decoding=\"async\" width=\"300\" height=\"200\" src=\"https:\/\/new.madeinmarruecos.cl\/wp-content\/uploads\/2026\/06\/piecera-handira-de-algodon-100-marroqui-original-1-300x200.jpg\" class=\"attachment-medium size-medium\" alt=\"piecera handira de algodon 100% marroqui original piecera handira de algodon 100% marroqui original piecera handira de algodon 100% marroqui original piecera handira de algodon 100% marroqui original\" srcset=\"https:\/\/new.madeinmarruecos.cl\/wp-content\/uploads\/2026\/06\/piecera-handira-de-algodon-100-marroqui-original-1-300x200.jpg 300w, https:\/\/new.madeinmarruecos.cl\/wp-content\/uploads\/2026\/06\/piecera-handira-de-algodon-100-marroqui-original-1-768x512.jpg 768w, https:\/\/new.madeinmarruecos.cl\/wp-content\/uploads\/2026\/06\/piecera-handira-de-algodon-100-marroqui-original-1-150x100.jpg 150w, https:\/\/new.madeinmarruecos.cl\/wp-content\/uploads\/2026\/06\/piecera-handira-de-algodon-100-marroqui-original-1.jpg 999w\" sizes=\"auto, (max-width: 300px) 100vw, 300px\" \/>\t\t<\/a>\n\n\t\t\t\t\t<div class=\"wd-product-img-hover hover-img\">\n\t\t\t\t<img loading=\"lazy\" decoding=\"async\" width=\"300\" height=\"200\" src=\"https:\/\/new.madeinmarruecos.cl\/wp-content\/uploads\/2026\/06\/piecera-handira-de-algodon-100-marroqui-original-2-300x200.jpg\" class=\"attachment-medium size-medium\" alt=\"\" srcset=\"https:\/\/new.madeinmarruecos.cl\/wp-content\/uploads\/2026\/06\/piecera-handira-de-algodon-100-marroqui-original-2-300x200.jpg 300w, https:\/\/new.madeinmarruecos.cl\/wp-content\/uploads\/2026\/06\/piecera-handira-de-algodon-100-marroqui-original-2-768x512.jpg 768w, https:\/\/new.madeinmarruecos.cl\/wp-content\/uploads\/2026\/06\/piecera-handira-de-algodon-100-marroqui-original-2-150x100.jpg 150w, https:\/\/new.madeinmarruecos.cl\/wp-content\/uploads\/2026\/06\/piecera-handira-de-algodon-100-marroqui-original-2.jpg 999w\" sizes=\"auto, (max-width: 300px) 100vw, 300px\" \/>\t\t\t<\/div>\n\t\t\t\n\t\t<div class=\"wd-buttons wd-pos-r-t\">\n\t\t\t\t\t\t<div class=\"wd-wishlist-btn wd-action-btn wd-style-icon wd-wishlist-icon\">\n\t\t\t\t<a class=\"\" href=\"https:\/\/new.madeinmarruecos.cl\/?page_id=76\" data-key=\"1ca7a93047\" data-product-id=\"2236\" rel=\"nofollow\">\n\t\t\t\t\t<span class=\"wd-action-icon\">\n\t\t\t\t\t\t<span class=\"wd-check-icon\"><\/span>\n\t\t\t\t\t<\/span>\n\t\t\t\t\t<span class=\"wd-action-text\">A\u00f1adir a la lista de deseos<\/span>\n\t\t\t\t<\/a>\n\t\t\t<\/div>\n\t\t\t\t<\/div>\n\t<\/div>\n\n\t<div class=\"product-element-bottom\">\n\n\t\t<div class=\"wd-product-header\">\n\t\t\t<h3 class=\"wd-entities-title\"><a href=\"https:\/\/new.madeinmarruecos.cl\/?product=handira-piecera-blanca-para-cama-king-super-king\">Handira Piecera Blanca para Cama King\/Super King<\/a><\/h3>\n\t\t\t\t\t<\/div>\n\n\t\t\t\t<div class=\"wd-product-cats\">\n\t\t\t\t\t\t<a href=\"https:\/\/new.madeinmarruecos.cl\/?product_cat=mantas-y-pieceras\" rel=\"tag\">Mantas y Pieceras<\/a>\t\t<\/div>\n\t\t\n\t\t\n\t\t<div class=\"wrap-price\">\n\t\t\t\n\t<span class=\"price\"><span class=\"woocommerce-Price-amount amount\"><bdi><span class=\"woocommerce-Price-currencySymbol\">&#36;<\/span>90.000<\/bdi><\/span><\/span>\n\n\t\t\t\t\t<\/div>\n\n\t\t\n\t\t\n\t\t\n\t\t\n\t\t<div class=\"wd-product-footer\">\n\t\t\t<div class=\"wd-add-btn wd-add-btn-replace\">\n\t\t\t\t<a href=\"\/index.php?rest_route=%2Fwp%2Fv2%2Fpages%2F62&#038;add-to-cart=2236\"  data-quantity=\"1\" class=\"button product_type_simple add_to_cart_button ajax_add_to_cart add-to-cart-loop\" data-product_id=\"2236\" data-product_sku=\"PIECERA-BLANCA-2P-1\" aria-label=\"A\u00f1adir al carrito: &ldquo;Handira Piecera Blanca para Cama King\/Super King&rdquo;\" rel=\"nofollow\" data-success_message=\"\u00abHandira Piecera Blanca para Cama King\/Super King\u00bb se ha a\u00f1adido a tu carrito\" role=\"button\"><span class=\"wd-action-icon\"><span class=\"wd-check-icon\"><\/span><\/span><span class=\"wd-action-text\">A\u00f1adir al carrito<\/span><\/a>\t\t\t<\/div>\n\n\t\t\t\t\t<\/div>\n\t<\/div>\n<\/div>\n<\/div>\n\t\t\t\t\t<\/div>\n\t\t\t\t<div class=\"wd-carousel-item\">\n\t\t\t\t\t\t\t\t\t\t\t<div class=\"wd-product wd-hover-buttons-on-hover product-grid-item product type-product post-2453 status-publish instock product_cat-mantas-y-pieceras product_tag-colchas product_tag-colchas-de-algodon product_tag-cubrecama-de-algodon product_tag-cubrecamas product_tag-invierno product_tag-mantas product_tag-mantas-de-algodon product_tag-mantas-decorativas product_tag-mantas-para-cama product_tag-mantas-para-cama-2-plazas product_tag-mantas-para-camas product_tag-mantas-para-sillones product_tag-mantas-para-sofa product_tag-mantas-y-cojines product_tag-para-cama-2-plazas product_tag-para-cama-king product_tag-para-cama-super-king product_tag-piecera product_tag-pieceras has-post-thumbnail purchasable product-type-simple\" data-loop=\"5\" data-id=\"2453\">\n\t\n<div class=\"wd-product-wrapper product-wrapper\">\n\t<div class=\"wd-product-thumb product-element-top wd-quick-shop\">\n\t\t<a href=\"https:\/\/new.madeinmarruecos.cl\/?product=manta-100-algodon-amarilla-con-pompones-blancos\" class=\"wd-product-img-link product-image-link\" tabindex=\"-1\" aria-label=\"Manta 100% Algod\u00f3n Amarilla con pompones blancos\">\n\t\t\t<img loading=\"lazy\" decoding=\"async\" width=\"300\" height=\"300\" src=\"https:\/\/new.madeinmarruecos.cl\/wp-content\/uploads\/2026\/06\/manta-de-algodon-amarilla-con-pompones-blancos-1-300x300.jpg\" class=\"attachment-medium size-medium\" alt=\"Manta Amarilla con lineas plateadas y pompones\" srcset=\"https:\/\/new.madeinmarruecos.cl\/wp-content\/uploads\/2026\/06\/manta-de-algodon-amarilla-con-pompones-blancos-1-300x300.jpg 300w, https:\/\/new.madeinmarruecos.cl\/wp-content\/uploads\/2026\/06\/manta-de-algodon-amarilla-con-pompones-blancos-1-150x150.jpg 150w, https:\/\/new.madeinmarruecos.cl\/wp-content\/uploads\/2026\/06\/manta-de-algodon-amarilla-con-pompones-blancos-1-768x768.jpg 768w, https:\/\/new.madeinmarruecos.cl\/wp-content\/uploads\/2026\/06\/manta-de-algodon-amarilla-con-pompones-blancos-1-600x600.jpg 600w, https:\/\/new.madeinmarruecos.cl\/wp-content\/uploads\/2026\/06\/manta-de-algodon-amarilla-con-pompones-blancos-1.jpg 1000w\" sizes=\"auto, (max-width: 300px) 100vw, 300px\" \/>\t\t<\/a>\n\n\t\t\t\t\t<div class=\"wd-product-img-hover hover-img\">\n\t\t\t\t<img loading=\"lazy\" decoding=\"async\" width=\"300\" height=\"300\" src=\"https:\/\/new.madeinmarruecos.cl\/wp-content\/uploads\/2026\/06\/manta-amarilla-pompones-blancas-1-300x300.jpg\" class=\"attachment-medium size-medium\" alt=\"\" srcset=\"https:\/\/new.madeinmarruecos.cl\/wp-content\/uploads\/2026\/06\/manta-amarilla-pompones-blancas-1-300x300.jpg 300w, https:\/\/new.madeinmarruecos.cl\/wp-content\/uploads\/2026\/06\/manta-amarilla-pompones-blancas-1-1024x1024.jpg 1024w, https:\/\/new.madeinmarruecos.cl\/wp-content\/uploads\/2026\/06\/manta-amarilla-pompones-blancas-1-150x150.jpg 150w, https:\/\/new.madeinmarruecos.cl\/wp-content\/uploads\/2026\/06\/manta-amarilla-pompones-blancas-1-768x768.jpg 768w, https:\/\/new.madeinmarruecos.cl\/wp-content\/uploads\/2026\/06\/manta-amarilla-pompones-blancas-1-600x600.jpg 600w, https:\/\/new.madeinmarruecos.cl\/wp-content\/uploads\/2026\/06\/manta-amarilla-pompones-blancas-1-1200x1200.jpg 1200w, https:\/\/new.madeinmarruecos.cl\/wp-content\/uploads\/2026\/06\/manta-amarilla-pompones-blancas-1.jpg 1500w\" sizes=\"auto, (max-width: 300px) 100vw, 300px\" \/>\t\t\t<\/div>\n\t\t\t\n\t\t<div class=\"wd-buttons wd-pos-r-t\">\n\t\t\t\t\t\t<div class=\"wd-wishlist-btn wd-action-btn wd-style-icon wd-wishlist-icon\">\n\t\t\t\t<a class=\"\" href=\"https:\/\/new.madeinmarruecos.cl\/?page_id=76\" data-key=\"1ca7a93047\" data-product-id=\"2453\" rel=\"nofollow\">\n\t\t\t\t\t<span class=\"wd-action-icon\">\n\t\t\t\t\t\t<span class=\"wd-check-icon\"><\/span>\n\t\t\t\t\t<\/span>\n\t\t\t\t\t<span class=\"wd-action-text\">A\u00f1adir a la lista de deseos<\/span>\n\t\t\t\t<\/a>\n\t\t\t<\/div>\n\t\t\t\t<\/div>\n\t<\/div>\n\n\t<div class=\"product-element-bottom\">\n\n\t\t<div class=\"wd-product-header\">\n\t\t\t<h3 class=\"wd-entities-title\"><a href=\"https:\/\/new.madeinmarruecos.cl\/?product=manta-100-algodon-amarilla-con-pompones-blancos\">Manta 100% Algod\u00f3n Amarilla con pompones blancos<\/a><\/h3>\n\t\t\t\t\t<\/div>\n\n\t\t\t\t<div class=\"wd-product-cats\">\n\t\t\t\t\t\t<a href=\"https:\/\/new.madeinmarruecos.cl\/?product_cat=mantas-y-pieceras\" rel=\"tag\">Mantas y Pieceras<\/a>\t\t<\/div>\n\t\t\n\t\t\n\t\t<div class=\"wrap-price\">\n\t\t\t\n\t<span class=\"price\"><span class=\"woocommerce-Price-amount amount\"><bdi><span class=\"woocommerce-Price-currencySymbol\">&#36;<\/span>95.000<\/bdi><\/span><\/span>\n\n\t\t\t\t\t<\/div>\n\n\t\t\n\t\t\n\t\t\n\t\t\n\t\t<div class=\"wd-product-footer\">\n\t\t\t<div class=\"wd-add-btn wd-add-btn-replace\">\n\t\t\t\t<a href=\"\/index.php?rest_route=%2Fwp%2Fv2%2Fpages%2F62&#038;add-to-cart=2453\"  data-quantity=\"1\" class=\"button product_type_simple add_to_cart_button ajax_add_to_cart add-to-cart-loop\" data-product_id=\"2453\" data-product_sku=\"MANTA-AMARILLA-PM-BLANCOS\" aria-label=\"A\u00f1adir al carrito: &ldquo;Manta 100% Algod\u00f3n Amarilla con pompones blancos&rdquo;\" rel=\"nofollow\" data-success_message=\"\u00abManta 100% Algod\u00f3n Amarilla con pompones blancos\u00bb se ha a\u00f1adido a tu carrito\" role=\"button\"><span class=\"wd-action-icon\"><span class=\"wd-check-icon\"><\/span><\/span><span class=\"wd-action-text\">A\u00f1adir al carrito<\/span><\/a>\t\t\t<\/div>\n\n\t\t\t\t\t<\/div>\n\t<\/div>\n<\/div>\n<\/div>\n\t\t\t\t\t<\/div>\n\t\t\t\t<div class=\"wd-carousel-item\">\n\t\t\t\t\t\t\t\t\t\t\t<div class=\"wd-product wd-hover-buttons-on-hover product-grid-item product type-product post-2916 status-publish instock product_cat-mantas-y-pieceras product_tag-invierno product_tag-mantas-para-camas product_tag-mantas-para-sillones product_tag-mantas-para-sofa product_tag-mantas-y-cojines product_tag-para-cama-2-plazas product_tag-piecera product_tag-pieceras has-post-thumbnail purchasable product-type-simple\" data-loop=\"6\" data-id=\"2916\">\n\t\n<div class=\"wd-product-wrapper product-wrapper\">\n\t<div class=\"wd-product-thumb product-element-top wd-quick-shop\">\n\t\t<a href=\"https:\/\/new.madeinmarruecos.cl\/?product=manta-100-algodon-color-camel-cama-2-plazas-king-super-king\" class=\"wd-product-img-link product-image-link\" tabindex=\"-1\" aria-label=\"Manta 100% algod\u00f3n color camel cama 2 plazas\/King\/Super king\">\n\t\t\t<img loading=\"lazy\" decoding=\"async\" width=\"300\" height=\"300\" src=\"https:\/\/new.madeinmarruecos.cl\/wp-content\/uploads\/2026\/06\/manta-algodon-color-camel-2-300x300.jpg\" class=\"attachment-medium size-medium\" alt=\"manta 100% algodon color camel\" srcset=\"https:\/\/new.madeinmarruecos.cl\/wp-content\/uploads\/2026\/06\/manta-algodon-color-camel-2-300x300.jpg 300w, https:\/\/new.madeinmarruecos.cl\/wp-content\/uploads\/2026\/06\/manta-algodon-color-camel-2-150x150.jpg 150w, https:\/\/new.madeinmarruecos.cl\/wp-content\/uploads\/2026\/06\/manta-algodon-color-camel-2-768x768.jpg 768w, https:\/\/new.madeinmarruecos.cl\/wp-content\/uploads\/2026\/06\/manta-algodon-color-camel-2-600x600.jpg 600w, https:\/\/new.madeinmarruecos.cl\/wp-content\/uploads\/2026\/06\/manta-algodon-color-camel-2.jpg 1024w\" sizes=\"auto, (max-width: 300px) 100vw, 300px\" \/>\t\t<\/a>\n\n\t\t\t\t\t<div class=\"wd-product-img-hover hover-img\">\n\t\t\t\t<img loading=\"lazy\" decoding=\"async\" width=\"300\" height=\"300\" src=\"https:\/\/new.madeinmarruecos.cl\/wp-content\/uploads\/2026\/06\/manta-algodon-color-camel-1-300x300.jpg\" class=\"attachment-medium size-medium\" alt=\"manta 100% algodon color camel\" srcset=\"https:\/\/new.madeinmarruecos.cl\/wp-content\/uploads\/2026\/06\/manta-algodon-color-camel-1-300x300.jpg 300w, https:\/\/new.madeinmarruecos.cl\/wp-content\/uploads\/2026\/06\/manta-algodon-color-camel-1-150x150.jpg 150w, https:\/\/new.madeinmarruecos.cl\/wp-content\/uploads\/2026\/06\/manta-algodon-color-camel-1-768x768.jpg 768w, https:\/\/new.madeinmarruecos.cl\/wp-content\/uploads\/2026\/06\/manta-algodon-color-camel-1-600x600.jpg 600w, https:\/\/new.madeinmarruecos.cl\/wp-content\/uploads\/2026\/06\/manta-algodon-color-camel-1.jpg 1024w\" sizes=\"auto, (max-width: 300px) 100vw, 300px\" \/>\t\t\t<\/div>\n\t\t\t\n\t\t<div class=\"wd-buttons wd-pos-r-t\">\n\t\t\t\t\t\t<div class=\"wd-wishlist-btn wd-action-btn wd-style-icon wd-wishlist-icon\">\n\t\t\t\t<a class=\"\" href=\"https:\/\/new.madeinmarruecos.cl\/?page_id=76\" data-key=\"1ca7a93047\" data-product-id=\"2916\" rel=\"nofollow\">\n\t\t\t\t\t<span class=\"wd-action-icon\">\n\t\t\t\t\t\t<span class=\"wd-check-icon\"><\/span>\n\t\t\t\t\t<\/span>\n\t\t\t\t\t<span class=\"wd-action-text\">A\u00f1adir a la lista de deseos<\/span>\n\t\t\t\t<\/a>\n\t\t\t<\/div>\n\t\t\t\t<\/div>\n\t<\/div>\n\n\t<div class=\"product-element-bottom\">\n\n\t\t<div class=\"wd-product-header\">\n\t\t\t<h3 class=\"wd-entities-title\"><a href=\"https:\/\/new.madeinmarruecos.cl\/?product=manta-100-algodon-color-camel-cama-2-plazas-king-super-king\">Manta 100% algod\u00f3n color camel cama 2 plazas\/King\/Super king<\/a><\/h3>\n\t\t\t\t\t<\/div>\n\n\t\t\t\t<div class=\"wd-product-cats\">\n\t\t\t\t\t\t<a href=\"https:\/\/new.madeinmarruecos.cl\/?product_cat=mantas-y-pieceras\" rel=\"tag\">Mantas y Pieceras<\/a>\t\t<\/div>\n\t\t\n\t\t\n\t\t<div class=\"wrap-price\">\n\t\t\t\n\t<span class=\"price\"><span class=\"woocommerce-Price-amount amount\"><bdi><span class=\"woocommerce-Price-currencySymbol\">&#36;<\/span>95.000<\/bdi><\/span><\/span>\n\n\t\t\t\t\t<\/div>\n\n\t\t\n\t\t\n\t\t\n\t\t\n\t\t<div class=\"wd-product-footer\">\n\t\t\t<div class=\"wd-add-btn wd-add-btn-replace\">\n\t\t\t\t<a href=\"\/index.php?rest_route=%2Fwp%2Fv2%2Fpages%2F62&#038;add-to-cart=2916\"  data-quantity=\"1\" class=\"button product_type_simple add_to_cart_button ajax_add_to_cart add-to-cart-loop\" data-product_id=\"2916\" data-product_sku=\"MANTA-ALGODON-CAMEL\" aria-label=\"A\u00f1adir al carrito: &ldquo;Manta 100% algod\u00f3n color camel cama 2 plazas\/King\/Super king&rdquo;\" rel=\"nofollow\" data-success_message=\"\u00abManta 100% algod\u00f3n color camel cama 2 plazas\/King\/Super king\u00bb se ha a\u00f1adido a tu carrito\" role=\"button\"><span class=\"wd-action-icon\"><span class=\"wd-check-icon\"><\/span><\/span><span class=\"wd-action-text\">A\u00f1adir al carrito<\/span><\/a>\t\t\t<\/div>\n\n\t\t\t\t\t<\/div>\n\t<\/div>\n<\/div>\n<\/div>\n\t\t\t\t\t<\/div>\n\t\t\t\t<div class=\"wd-carousel-item\">\n\t\t\t\t\t\t\t\t\t\t\t<div class=\"wd-product wd-hover-buttons-on-hover product-grid-item product type-product post-2915 status-publish last instock product_cat-mantas-y-pieceras product_tag-invierno product_tag-mantas-para-camas product_tag-mantas-para-sillones product_tag-mantas-para-sofa product_tag-mantas-y-cojines product_tag-para-cama-2-plazas product_tag-piecera product_tag-pieceras has-post-thumbnail purchasable product-type-simple\" data-loop=\"7\" data-id=\"2915\">\n\t\n<div class=\"wd-product-wrapper product-wrapper\">\n\t<div class=\"wd-product-thumb product-element-top wd-quick-shop\">\n\t\t<a href=\"https:\/\/new.madeinmarruecos.cl\/?product=manta-100-algodon-color-crudo-cama-king-super-king-2-plazas\" class=\"wd-product-img-link product-image-link\" tabindex=\"-1\" aria-label=\"Manta 100% algod\u00f3n color crudo cama King\/Super king\/2 Plazas\">\n\t\t\t<img loading=\"lazy\" decoding=\"async\" width=\"225\" height=\"300\" src=\"https:\/\/new.madeinmarruecos.cl\/wp-content\/uploads\/2026\/06\/manta-algodon-color-crudo-1-225x300.jpg\" class=\"attachment-medium size-medium\" alt=\"manta 100% algodon color crudo\" srcset=\"https:\/\/new.madeinmarruecos.cl\/wp-content\/uploads\/2026\/06\/manta-algodon-color-crudo-1-225x300.jpg 225w, https:\/\/new.madeinmarruecos.cl\/wp-content\/uploads\/2026\/06\/manta-algodon-color-crudo-1-768x1024.jpg 768w, https:\/\/new.madeinmarruecos.cl\/wp-content\/uploads\/2026\/06\/manta-algodon-color-crudo-1-150x200.jpg 150w, https:\/\/new.madeinmarruecos.cl\/wp-content\/uploads\/2026\/06\/manta-algodon-color-crudo-1.jpg 1140w\" sizes=\"auto, (max-width: 225px) 100vw, 225px\" \/>\t\t<\/a>\n\n\t\t\t\t\t<div class=\"wd-product-img-hover hover-img\">\n\t\t\t\t<img loading=\"lazy\" decoding=\"async\" width=\"225\" height=\"300\" src=\"https:\/\/new.madeinmarruecos.cl\/wp-content\/uploads\/2026\/06\/manta-algodon-color-crudo-4-225x300.jpg\" class=\"attachment-medium size-medium\" alt=\"manta 100% algodon color crudo\" srcset=\"https:\/\/new.madeinmarruecos.cl\/wp-content\/uploads\/2026\/06\/manta-algodon-color-crudo-4-225x300.jpg 225w, https:\/\/new.madeinmarruecos.cl\/wp-content\/uploads\/2026\/06\/manta-algodon-color-crudo-4-768x1024.jpg 768w, https:\/\/new.madeinmarruecos.cl\/wp-content\/uploads\/2026\/06\/manta-algodon-color-crudo-4-150x200.jpg 150w, https:\/\/new.madeinmarruecos.cl\/wp-content\/uploads\/2026\/06\/manta-algodon-color-crudo-4.jpg 1140w\" sizes=\"auto, (max-width: 225px) 100vw, 225px\" \/>\t\t\t<\/div>\n\t\t\t\n\t\t<div class=\"wd-buttons wd-pos-r-t\">\n\t\t\t\t\t\t<div class=\"wd-wishlist-btn wd-action-btn wd-style-icon wd-wishlist-icon\">\n\t\t\t\t<a class=\"\" href=\"https:\/\/new.madeinmarruecos.cl\/?page_id=76\" data-key=\"1ca7a93047\" data-product-id=\"2915\" rel=\"nofollow\">\n\t\t\t\t\t<span class=\"wd-action-icon\">\n\t\t\t\t\t\t<span class=\"wd-check-icon\"><\/span>\n\t\t\t\t\t<\/span>\n\t\t\t\t\t<span class=\"wd-action-text\">A\u00f1adir a la lista de deseos<\/span>\n\t\t\t\t<\/a>\n\t\t\t<\/div>\n\t\t\t\t<\/div>\n\t<\/div>\n\n\t<div class=\"product-element-bottom\">\n\n\t\t<div class=\"wd-product-header\">\n\t\t\t<h3 class=\"wd-entities-title\"><a href=\"https:\/\/new.madeinmarruecos.cl\/?product=manta-100-algodon-color-crudo-cama-king-super-king-2-plazas\">Manta 100% algod\u00f3n color crudo cama King\/Super king\/2 Plazas<\/a><\/h3>\n\t\t\t\t\t<\/div>\n\n\t\t\t\t<div class=\"wd-product-cats\">\n\t\t\t\t\t\t<a href=\"https:\/\/new.madeinmarruecos.cl\/?product_cat=mantas-y-pieceras\" rel=\"tag\">Mantas y Pieceras<\/a>\t\t<\/div>\n\t\t\n\t\t\n\t\t<div class=\"wrap-price\">\n\t\t\t\n\t<span class=\"price\"><span class=\"woocommerce-Price-amount amount\"><bdi><span class=\"woocommerce-Price-currencySymbol\">&#36;<\/span>95.000<\/bdi><\/span><\/span>\n\n\t\t\t\t\t<\/div>\n\n\t\t\n\t\t\n\t\t\n\t\t\n\t\t<div class=\"wd-product-footer\">\n\t\t\t<div class=\"wd-add-btn wd-add-btn-replace\">\n\t\t\t\t<a href=\"\/index.php?rest_route=%2Fwp%2Fv2%2Fpages%2F62&#038;add-to-cart=2915\"  data-quantity=\"1\" class=\"button product_type_simple add_to_cart_button ajax_add_to_cart add-to-cart-loop\" data-product_id=\"2915\" data-product_sku=\"MANTA-ALGODON-CRUDO\" aria-label=\"A\u00f1adir al carrito: &ldquo;Manta 100% algod\u00f3n color crudo cama King\/Super king\/2 Plazas&rdquo;\" rel=\"nofollow\" data-success_message=\"\u00abManta 100% algod\u00f3n color crudo cama King\/Super king\/2 Plazas\u00bb se ha a\u00f1adido a tu carrito\" role=\"button\"><span class=\"wd-action-icon\"><span class=\"wd-check-icon\"><\/span><\/span><span class=\"wd-action-text\">A\u00f1adir al carrito<\/span><\/a>\t\t\t<\/div>\n\n\t\t\t\t\t<\/div>\n\t<\/div>\n<\/div>\n<\/div>\n\t\t\t\t\t<\/div>\n\t\t\t\t<div class=\"wd-carousel-item\">\n\t\t\t\t\t\t\t\t\t\t\t<div class=\"wd-product wd-hover-buttons-on-hover product-grid-item product type-product post-2487 status-publish first instock product_cat-mantas-y-pieceras product_tag-colchas product_tag-colchas-de-algodon product_tag-cubrecama-de-algodon product_tag-cubrecamas product_tag-invierno product_tag-mantas product_tag-mantas-de-algodon product_tag-mantas-decorativas product_tag-mantas-para-cama product_tag-mantas-para-cama-2-plazas product_tag-mantas-para-camas product_tag-mantas-para-sillones product_tag-mantas-para-sofa product_tag-mantas-y-cojines product_tag-para-cama-2-plazas product_tag-para-cama-king product_tag-para-cama-super-king product_tag-piecera product_tag-pieceras has-post-thumbnail purchasable product-type-simple\" data-loop=\"8\" data-id=\"2487\">\n\t\n<div class=\"wd-product-wrapper product-wrapper\">\n\t<div class=\"wd-product-thumb product-element-top wd-quick-shop\">\n\t\t<a href=\"https:\/\/new.madeinmarruecos.cl\/?product=manta-amarilla-con-flecos-blancos\" class=\"wd-product-img-link product-image-link\" tabindex=\"-1\" aria-label=\"Manta Amarilla con flecos blancos\">\n\t\t\t<img loading=\"lazy\" decoding=\"async\" width=\"300\" height=\"300\" src=\"https:\/\/new.madeinmarruecos.cl\/wp-content\/uploads\/2026\/06\/manta-amarilla-delgada-con-lineas-blancas-2-300x300.jpg\" class=\"attachment-medium size-medium\" alt=\"Manta delgada Amarilla con flecos blancos Manta delgada Amarilla con flecos blancos Manta delgada Amarilla con flecos blancos\" srcset=\"https:\/\/new.madeinmarruecos.cl\/wp-content\/uploads\/2026\/06\/manta-amarilla-delgada-con-lineas-blancas-2-300x300.jpg 300w, https:\/\/new.madeinmarruecos.cl\/wp-content\/uploads\/2026\/06\/manta-amarilla-delgada-con-lineas-blancas-2-1024x1024.jpg 1024w, https:\/\/new.madeinmarruecos.cl\/wp-content\/uploads\/2026\/06\/manta-amarilla-delgada-con-lineas-blancas-2-150x150.jpg 150w, https:\/\/new.madeinmarruecos.cl\/wp-content\/uploads\/2026\/06\/manta-amarilla-delgada-con-lineas-blancas-2-768x768.jpg 768w, https:\/\/new.madeinmarruecos.cl\/wp-content\/uploads\/2026\/06\/manta-amarilla-delgada-con-lineas-blancas-2-600x600.jpg 600w, https:\/\/new.madeinmarruecos.cl\/wp-content\/uploads\/2026\/06\/manta-amarilla-delgada-con-lineas-blancas-2-1200x1200.jpg 1200w, https:\/\/new.madeinmarruecos.cl\/wp-content\/uploads\/2026\/06\/manta-amarilla-delgada-con-lineas-blancas-2.jpg 1500w\" sizes=\"auto, (max-width: 300px) 100vw, 300px\" \/>\t\t<\/a>\n\n\t\t\t\t\t<div class=\"wd-product-img-hover hover-img\">\n\t\t\t\t<img loading=\"lazy\" decoding=\"async\" width=\"300\" height=\"300\" src=\"https:\/\/new.madeinmarruecos.cl\/wp-content\/uploads\/2026\/06\/manta-amarilla-delgada-con-lineas-blancas-1-300x300.jpg\" class=\"attachment-medium size-medium\" alt=\"\" srcset=\"https:\/\/new.madeinmarruecos.cl\/wp-content\/uploads\/2026\/06\/manta-amarilla-delgada-con-lineas-blancas-1-300x300.jpg 300w, https:\/\/new.madeinmarruecos.cl\/wp-content\/uploads\/2026\/06\/manta-amarilla-delgada-con-lineas-blancas-1-1024x1024.jpg 1024w, https:\/\/new.madeinmarruecos.cl\/wp-content\/uploads\/2026\/06\/manta-amarilla-delgada-con-lineas-blancas-1-150x150.jpg 150w, https:\/\/new.madeinmarruecos.cl\/wp-content\/uploads\/2026\/06\/manta-amarilla-delgada-con-lineas-blancas-1-768x768.jpg 768w, https:\/\/new.madeinmarruecos.cl\/wp-content\/uploads\/2026\/06\/manta-amarilla-delgada-con-lineas-blancas-1-600x600.jpg 600w, https:\/\/new.madeinmarruecos.cl\/wp-content\/uploads\/2026\/06\/manta-amarilla-delgada-con-lineas-blancas-1-1200x1200.jpg 1200w, https:\/\/new.madeinmarruecos.cl\/wp-content\/uploads\/2026\/06\/manta-amarilla-delgada-con-lineas-blancas-1.jpg 1500w\" sizes=\"auto, (max-width: 300px) 100vw, 300px\" \/>\t\t\t<\/div>\n\t\t\t\n\t\t<div class=\"wd-buttons wd-pos-r-t\">\n\t\t\t\t\t\t<div class=\"wd-wishlist-btn wd-action-btn wd-style-icon wd-wishlist-icon\">\n\t\t\t\t<a class=\"\" href=\"https:\/\/new.madeinmarruecos.cl\/?page_id=76\" data-key=\"1ca7a93047\" data-product-id=\"2487\" rel=\"nofollow\">\n\t\t\t\t\t<span class=\"wd-action-icon\">\n\t\t\t\t\t\t<span class=\"wd-check-icon\"><\/span>\n\t\t\t\t\t<\/span>\n\t\t\t\t\t<span class=\"wd-action-text\">A\u00f1adir a la lista de deseos<\/span>\n\t\t\t\t<\/a>\n\t\t\t<\/div>\n\t\t\t\t<\/div>\n\t<\/div>\n\n\t<div class=\"product-element-bottom\">\n\n\t\t<div class=\"wd-product-header\">\n\t\t\t<h3 class=\"wd-entities-title\"><a href=\"https:\/\/new.madeinmarruecos.cl\/?product=manta-amarilla-con-flecos-blancos\">Manta Amarilla con flecos blancos<\/a><\/h3>\n\t\t\t\t\t<\/div>\n\n\t\t\t\t<div class=\"wd-product-cats\">\n\t\t\t\t\t\t<a href=\"https:\/\/new.madeinmarruecos.cl\/?product_cat=mantas-y-pieceras\" rel=\"tag\">Mantas y Pieceras<\/a>\t\t<\/div>\n\t\t\n\t\t\n\t\t<div class=\"wrap-price\">\n\t\t\t\n\t<span class=\"price\"><span class=\"woocommerce-Price-amount amount\"><bdi><span class=\"woocommerce-Price-currencySymbol\">&#36;<\/span>70.000<\/bdi><\/span><\/span>\n\n\t\t\t\t\t<\/div>\n\n\t\t\n\t\t\n\t\t\n\t\t\n\t\t<div class=\"wd-product-footer\">\n\t\t\t<div class=\"wd-add-btn wd-add-btn-replace\">\n\t\t\t\t<a href=\"\/index.php?rest_route=%2Fwp%2Fv2%2Fpages%2F62&#038;add-to-cart=2487\"  data-quantity=\"1\" class=\"button product_type_simple add_to_cart_button ajax_add_to_cart add-to-cart-loop\" data-product_id=\"2487\" data-product_sku=\"MANTA-AMARILLA-FL\" aria-label=\"A\u00f1adir al carrito: &ldquo;Manta Amarilla con flecos blancos&rdquo;\" rel=\"nofollow\" data-success_message=\"\u00abManta Amarilla con flecos blancos\u00bb se ha a\u00f1adido a tu carrito\" role=\"button\"><span class=\"wd-action-icon\"><span class=\"wd-check-icon\"><\/span><\/span><span class=\"wd-action-text\">A\u00f1adir al carrito<\/span><\/a>\t\t\t<\/div>\n\n\t\t\t\t\t<\/div>\n\t<\/div>\n<\/div>\n<\/div>\n\t\t\t\t\t<\/div>\n\t\t\t\t<div class=\"wd-carousel-item\">\n\t\t\t\t\t\t\t\t\t\t\t<div class=\"wd-product wd-hover-buttons-on-hover product-grid-item product type-product post-2452 status-publish instock product_cat-mantas-y-pieceras product_tag-colchas product_tag-colchas-de-algodon product_tag-cubrecama-de-algodon product_tag-cubrecamas product_tag-invierno product_tag-mantas product_tag-mantas-de-algodon product_tag-mantas-decorativas product_tag-mantas-para-cama product_tag-mantas-para-cama-2-plazas product_tag-mantas-para-camas product_tag-mantas-para-sillones product_tag-mantas-para-sofa product_tag-mantas-y-cojines product_tag-para-cama-2-plazas product_tag-para-cama-king product_tag-para-cama-super-king product_tag-piecera product_tag-pieceras has-post-thumbnail purchasable product-type-simple\" data-loop=\"9\" data-id=\"2452\">\n\t\n<div class=\"wd-product-wrapper product-wrapper\">\n\t<div class=\"wd-product-thumb product-element-top wd-quick-shop\">\n\t\t<a href=\"https:\/\/new.madeinmarruecos.cl\/?product=manta-amarilla-con-lineas-plateadas-y-pompones\" class=\"wd-product-img-link product-image-link\" tabindex=\"-1\" aria-label=\"Manta Amarilla con lineas plateadas y pompones\">\n\t\t\t<img loading=\"lazy\" decoding=\"async\" width=\"300\" height=\"300\" src=\"https:\/\/new.madeinmarruecos.cl\/wp-content\/uploads\/2026\/06\/manta-de-algodon-amarilla-con-lineas-plateadas-1-300x300.jpg\" class=\"attachment-medium size-medium\" alt=\"Manta Amarilla con lineas plateadas y pompones\" srcset=\"https:\/\/new.madeinmarruecos.cl\/wp-content\/uploads\/2026\/06\/manta-de-algodon-amarilla-con-lineas-plateadas-1-300x300.jpg 300w, https:\/\/new.madeinmarruecos.cl\/wp-content\/uploads\/2026\/06\/manta-de-algodon-amarilla-con-lineas-plateadas-1-1024x1024.jpg 1024w, https:\/\/new.madeinmarruecos.cl\/wp-content\/uploads\/2026\/06\/manta-de-algodon-amarilla-con-lineas-plateadas-1-150x150.jpg 150w, https:\/\/new.madeinmarruecos.cl\/wp-content\/uploads\/2026\/06\/manta-de-algodon-amarilla-con-lineas-plateadas-1-768x768.jpg 768w, https:\/\/new.madeinmarruecos.cl\/wp-content\/uploads\/2026\/06\/manta-de-algodon-amarilla-con-lineas-plateadas-1-600x600.jpg 600w, https:\/\/new.madeinmarruecos.cl\/wp-content\/uploads\/2026\/06\/manta-de-algodon-amarilla-con-lineas-plateadas-1-1200x1200.jpg 1200w, https:\/\/new.madeinmarruecos.cl\/wp-content\/uploads\/2026\/06\/manta-de-algodon-amarilla-con-lineas-plateadas-1.jpg 1500w\" sizes=\"auto, (max-width: 300px) 100vw, 300px\" \/>\t\t<\/a>\n\n\t\t\t\t\t<div class=\"wd-product-img-hover hover-img\">\n\t\t\t\t<img loading=\"lazy\" decoding=\"async\" width=\"300\" height=\"300\" src=\"https:\/\/new.madeinmarruecos.cl\/wp-content\/uploads\/2026\/06\/manta-amarilla-con-lineas-plateadas-pmpones-amarillas-1-300x300.jpg\" class=\"attachment-medium size-medium\" alt=\"\" srcset=\"https:\/\/new.madeinmarruecos.cl\/wp-content\/uploads\/2026\/06\/manta-amarilla-con-lineas-plateadas-pmpones-amarillas-1-300x300.jpg 300w, https:\/\/new.madeinmarruecos.cl\/wp-content\/uploads\/2026\/06\/manta-amarilla-con-lineas-plateadas-pmpones-amarillas-1-1024x1024.jpg 1024w, https:\/\/new.madeinmarruecos.cl\/wp-content\/uploads\/2026\/06\/manta-amarilla-con-lineas-plateadas-pmpones-amarillas-1-150x150.jpg 150w, https:\/\/new.madeinmarruecos.cl\/wp-content\/uploads\/2026\/06\/manta-amarilla-con-lineas-plateadas-pmpones-amarillas-1-768x768.jpg 768w, https:\/\/new.madeinmarruecos.cl\/wp-content\/uploads\/2026\/06\/manta-amarilla-con-lineas-plateadas-pmpones-amarillas-1-600x600.jpg 600w, https:\/\/new.madeinmarruecos.cl\/wp-content\/uploads\/2026\/06\/manta-amarilla-con-lineas-plateadas-pmpones-amarillas-1-1200x1200.jpg 1200w, https:\/\/new.madeinmarruecos.cl\/wp-content\/uploads\/2026\/06\/manta-amarilla-con-lineas-plateadas-pmpones-amarillas-1.jpg 1500w\" sizes=\"auto, (max-width: 300px) 100vw, 300px\" \/>\t\t\t<\/div>\n\t\t\t\n\t\t<div class=\"wd-buttons wd-pos-r-t\">\n\t\t\t\t\t\t<div class=\"wd-wishlist-btn wd-action-btn wd-style-icon wd-wishlist-icon\">\n\t\t\t\t<a class=\"\" href=\"https:\/\/new.madeinmarruecos.cl\/?page_id=76\" data-key=\"1ca7a93047\" data-product-id=\"2452\" rel=\"nofollow\">\n\t\t\t\t\t<span class=\"wd-action-icon\">\n\t\t\t\t\t\t<span class=\"wd-check-icon\"><\/span>\n\t\t\t\t\t<\/span>\n\t\t\t\t\t<span class=\"wd-action-text\">A\u00f1adir a la lista de deseos<\/span>\n\t\t\t\t<\/a>\n\t\t\t<\/div>\n\t\t\t\t<\/div>\n\t<\/div>\n\n\t<div class=\"product-element-bottom\">\n\n\t\t<div class=\"wd-product-header\">\n\t\t\t<h3 class=\"wd-entities-title\"><a href=\"https:\/\/new.madeinmarruecos.cl\/?product=manta-amarilla-con-lineas-plateadas-y-pompones\">Manta Amarilla con lineas plateadas y pompones<\/a><\/h3>\n\t\t\t\t\t<\/div>\n\n\t\t\t\t<div class=\"wd-product-cats\">\n\t\t\t\t\t\t<a href=\"https:\/\/new.madeinmarruecos.cl\/?product_cat=mantas-y-pieceras\" rel=\"tag\">Mantas y Pieceras<\/a>\t\t<\/div>\n\t\t\n\t\t\n\t\t<div class=\"wrap-price\">\n\t\t\t\n\t<span class=\"price\"><span class=\"woocommerce-Price-amount amount\"><bdi><span class=\"woocommerce-Price-currencySymbol\">&#36;<\/span>95.000<\/bdi><\/span><\/span>\n\n\t\t\t\t\t<\/div>\n\n\t\t\n\t\t\n\t\t\n\t\t\n\t\t<div class=\"wd-product-footer\">\n\t\t\t<div class=\"wd-add-btn wd-add-btn-replace\">\n\t\t\t\t<a href=\"\/index.php?rest_route=%2Fwp%2Fv2%2Fpages%2F62&#038;add-to-cart=2452\"  data-quantity=\"1\" class=\"button product_type_simple add_to_cart_button ajax_add_to_cart add-to-cart-loop\" data-product_id=\"2452\" data-product_sku=\"MANTA-AMARILLA\" aria-label=\"A\u00f1adir al carrito: &ldquo;Manta Amarilla con lineas plateadas y pompones&rdquo;\" rel=\"nofollow\" data-success_message=\"\u00abManta Amarilla con lineas plateadas y pompones\u00bb se ha a\u00f1adido a tu carrito\" role=\"button\"><span class=\"wd-action-icon\"><span class=\"wd-check-icon\"><\/span><\/span><span class=\"wd-action-text\">A\u00f1adir al carrito<\/span><\/a>\t\t\t<\/div>\n\n\t\t\t\t\t<\/div>\n\t<\/div>\n<\/div>\n<\/div>\n\t\t\t\t\t<\/div>\n\t\t\t\t<div class=\"wd-carousel-item\">\n\t\t\t\t\t\t\t\t\t\t\t<div class=\"wd-product wd-hover-buttons-on-hover product-grid-item product type-product post-2490 status-publish instock product_cat-mantas-y-pieceras product_tag-colchas product_tag-colchas-de-algodon product_tag-cubrecama-de-algodon product_tag-cubrecamas product_tag-invierno product_tag-mantas product_tag-mantas-de-algodon product_tag-mantas-decorativas product_tag-mantas-para-cama product_tag-mantas-para-cama-2-plazas product_tag-mantas-para-camas product_tag-mantas-para-sillones product_tag-mantas-para-sofa product_tag-mantas-y-cojines product_tag-para-cama-2-plazas product_tag-para-cama-king product_tag-para-cama-super-king product_tag-para-mama product_tag-piecera product_tag-pieceras has-post-thumbnail purchasable product-type-simple\" data-loop=\"10\" data-id=\"2490\">\n\t\n<div class=\"wd-product-wrapper product-wrapper\">\n\t<div class=\"wd-product-thumb product-element-top wd-quick-shop\">\n\t\t<a href=\"https:\/\/new.madeinmarruecos.cl\/?product=manta-anaranjada-con-flecos-blancos\" class=\"wd-product-img-link product-image-link\" tabindex=\"-1\" aria-label=\"Manta Anaranjada con flecos blancos\">\n\t\t\t<img loading=\"lazy\" decoding=\"async\" width=\"300\" height=\"300\" src=\"https:\/\/new.madeinmarruecos.cl\/wp-content\/uploads\/2026\/06\/manta-anaranjada-delgada-con-lineas-blancas-2-300x300.jpg\" class=\"attachment-medium size-medium\" alt=\"Manta delgada Anaranjada con flecos blancos Manta delgada Anaranjada con flecos blancos Manta delgada Anaranjada con flecos blancos\" srcset=\"https:\/\/new.madeinmarruecos.cl\/wp-content\/uploads\/2026\/06\/manta-anaranjada-delgada-con-lineas-blancas-2-300x300.jpg 300w, https:\/\/new.madeinmarruecos.cl\/wp-content\/uploads\/2026\/06\/manta-anaranjada-delgada-con-lineas-blancas-2-1024x1024.jpg 1024w, https:\/\/new.madeinmarruecos.cl\/wp-content\/uploads\/2026\/06\/manta-anaranjada-delgada-con-lineas-blancas-2-150x150.jpg 150w, https:\/\/new.madeinmarruecos.cl\/wp-content\/uploads\/2026\/06\/manta-anaranjada-delgada-con-lineas-blancas-2-768x768.jpg 768w, https:\/\/new.madeinmarruecos.cl\/wp-content\/uploads\/2026\/06\/manta-anaranjada-delgada-con-lineas-blancas-2-600x600.jpg 600w, https:\/\/new.madeinmarruecos.cl\/wp-content\/uploads\/2026\/06\/manta-anaranjada-delgada-con-lineas-blancas-2-1200x1200.jpg 1200w, https:\/\/new.madeinmarruecos.cl\/wp-content\/uploads\/2026\/06\/manta-anaranjada-delgada-con-lineas-blancas-2.jpg 1500w\" sizes=\"auto, (max-width: 300px) 100vw, 300px\" \/>\t\t<\/a>\n\n\t\t\t\t\t<div class=\"wd-product-img-hover hover-img\">\n\t\t\t\t<img loading=\"lazy\" decoding=\"async\" width=\"300\" height=\"300\" src=\"https:\/\/new.madeinmarruecos.cl\/wp-content\/uploads\/2026\/06\/manta-anaranjada-delgada-con-lineas-blancas-1-300x300.jpg\" class=\"attachment-medium size-medium\" alt=\"\" srcset=\"https:\/\/new.madeinmarruecos.cl\/wp-content\/uploads\/2026\/06\/manta-anaranjada-delgada-con-lineas-blancas-1-300x300.jpg 300w, https:\/\/new.madeinmarruecos.cl\/wp-content\/uploads\/2026\/06\/manta-anaranjada-delgada-con-lineas-blancas-1-1024x1024.jpg 1024w, https:\/\/new.madeinmarruecos.cl\/wp-content\/uploads\/2026\/06\/manta-anaranjada-delgada-con-lineas-blancas-1-150x150.jpg 150w, https:\/\/new.madeinmarruecos.cl\/wp-content\/uploads\/2026\/06\/manta-anaranjada-delgada-con-lineas-blancas-1-768x768.jpg 768w, https:\/\/new.madeinmarruecos.cl\/wp-content\/uploads\/2026\/06\/manta-anaranjada-delgada-con-lineas-blancas-1-600x600.jpg 600w, https:\/\/new.madeinmarruecos.cl\/wp-content\/uploads\/2026\/06\/manta-anaranjada-delgada-con-lineas-blancas-1-1200x1200.jpg 1200w, https:\/\/new.madeinmarruecos.cl\/wp-content\/uploads\/2026\/06\/manta-anaranjada-delgada-con-lineas-blancas-1.jpg 1500w\" sizes=\"auto, (max-width: 300px) 100vw, 300px\" \/>\t\t\t<\/div>\n\t\t\t\n\t\t<div class=\"wd-buttons wd-pos-r-t\">\n\t\t\t\t\t\t<div class=\"wd-wishlist-btn wd-action-btn wd-style-icon wd-wishlist-icon\">\n\t\t\t\t<a class=\"\" href=\"https:\/\/new.madeinmarruecos.cl\/?page_id=76\" data-key=\"1ca7a93047\" data-product-id=\"2490\" rel=\"nofollow\">\n\t\t\t\t\t<span class=\"wd-action-icon\">\n\t\t\t\t\t\t<span class=\"wd-check-icon\"><\/span>\n\t\t\t\t\t<\/span>\n\t\t\t\t\t<span class=\"wd-action-text\">A\u00f1adir a la lista de deseos<\/span>\n\t\t\t\t<\/a>\n\t\t\t<\/div>\n\t\t\t\t<\/div>\n\t<\/div>\n\n\t<div class=\"product-element-bottom\">\n\n\t\t<div class=\"wd-product-header\">\n\t\t\t<h3 class=\"wd-entities-title\"><a href=\"https:\/\/new.madeinmarruecos.cl\/?product=manta-anaranjada-con-flecos-blancos\">Manta Anaranjada con flecos blancos<\/a><\/h3>\n\t\t\t\t\t<\/div>\n\n\t\t\t\t<div class=\"wd-product-cats\">\n\t\t\t\t\t\t<a href=\"https:\/\/new.madeinmarruecos.cl\/?product_cat=mantas-y-pieceras\" rel=\"tag\">Mantas y Pieceras<\/a>\t\t<\/div>\n\t\t\n\t\t\n\t\t<div class=\"wrap-price\">\n\t\t\t\n\t<span class=\"price\"><span class=\"woocommerce-Price-amount amount\"><bdi><span class=\"woocommerce-Price-currencySymbol\">&#36;<\/span>70.000<\/bdi><\/span><\/span>\n\n\t\t\t\t\t<\/div>\n\n\t\t\n\t\t\n\t\t\n\t\t\n\t\t<div class=\"wd-product-footer\">\n\t\t\t<div class=\"wd-add-btn wd-add-btn-replace\">\n\t\t\t\t<a href=\"\/index.php?rest_route=%2Fwp%2Fv2%2Fpages%2F62&#038;add-to-cart=2490\"  data-quantity=\"1\" class=\"button product_type_simple add_to_cart_button ajax_add_to_cart add-to-cart-loop\" data-product_id=\"2490\" data-product_sku=\"MANTA-ANARANJADA-FL\" aria-label=\"A\u00f1adir al carrito: &ldquo;Manta Anaranjada con flecos blancos&rdquo;\" rel=\"nofollow\" data-success_message=\"\u00abManta Anaranjada con flecos blancos\u00bb se ha a\u00f1adido a tu carrito\" role=\"button\"><span class=\"wd-action-icon\"><span class=\"wd-check-icon\"><\/span><\/span><span class=\"wd-action-text\">A\u00f1adir al carrito<\/span><\/a>\t\t\t<\/div>\n\n\t\t\t\t\t<\/div>\n\t<\/div>\n<\/div>\n<\/div>\n\t\t\t\t\t<\/div>\n\t\t\t\t<div class=\"wd-carousel-item\">\n\t\t\t\t\t\t\t\t\t\t\t<div class=\"wd-product wd-hover-buttons-on-hover product-grid-item product type-product post-2470 status-publish last instock product_cat-mantas-y-pieceras product_tag-colchas product_tag-colchas-de-algodon product_tag-cubrecama-de-algodon product_tag-cubrecamas product_tag-invierno product_tag-manta-blanca product_tag-mantas product_tag-mantas-de-algodon product_tag-mantas-decorativas product_tag-mantas-para-cama product_tag-mantas-para-camas product_tag-mantas-para-sillones product_tag-mantas-para-sofa product_tag-mantas-y-cojines product_tag-para-cama-2-plazas product_tag-para-cama-king product_tag-para-cama-super-king product_tag-piecera product_tag-pieceras has-post-thumbnail purchasable product-type-simple\" data-loop=\"11\" data-id=\"2470\">\n\t\n<div class=\"wd-product-wrapper product-wrapper\">\n\t<div class=\"wd-product-thumb product-element-top wd-quick-shop\">\n\t\t<a href=\"https:\/\/new.madeinmarruecos.cl\/?product=manta-anaranjada-con-lineas-y-pompones-blancos\" class=\"wd-product-img-link product-image-link\" tabindex=\"-1\" aria-label=\"Manta anaranjada con l\u00edneas y pompones blancos\">\n\t\t\t<img loading=\"lazy\" decoding=\"async\" width=\"300\" height=\"300\" src=\"https:\/\/new.madeinmarruecos.cl\/wp-content\/uploads\/2026\/06\/manta-roja-con-lineas-y-pompones-blancas-2-300x300.jpg\" class=\"attachment-medium size-medium\" alt=\"manta-roja-con-lineas-y-pompones-blancas-2 manta-roja-con-lineas-y-pompones-blancas-1 manta-roja-con-lineas-y-pompones-blancas-3\" srcset=\"https:\/\/new.madeinmarruecos.cl\/wp-content\/uploads\/2026\/06\/manta-roja-con-lineas-y-pompones-blancas-2-300x300.jpg 300w, https:\/\/new.madeinmarruecos.cl\/wp-content\/uploads\/2026\/06\/manta-roja-con-lineas-y-pompones-blancas-2-1024x1024.jpg 1024w, https:\/\/new.madeinmarruecos.cl\/wp-content\/uploads\/2026\/06\/manta-roja-con-lineas-y-pompones-blancas-2-150x150.jpg 150w, https:\/\/new.madeinmarruecos.cl\/wp-content\/uploads\/2026\/06\/manta-roja-con-lineas-y-pompones-blancas-2-768x768.jpg 768w, https:\/\/new.madeinmarruecos.cl\/wp-content\/uploads\/2026\/06\/manta-roja-con-lineas-y-pompones-blancas-2-600x600.jpg 600w, https:\/\/new.madeinmarruecos.cl\/wp-content\/uploads\/2026\/06\/manta-roja-con-lineas-y-pompones-blancas-2-1200x1200.jpg 1200w, https:\/\/new.madeinmarruecos.cl\/wp-content\/uploads\/2026\/06\/manta-roja-con-lineas-y-pompones-blancas-2.jpg 1500w\" sizes=\"auto, (max-width: 300px) 100vw, 300px\" \/>\t\t<\/a>\n\n\t\t\t\t\t<div class=\"wd-product-img-hover hover-img\">\n\t\t\t\t<img loading=\"lazy\" decoding=\"async\" width=\"300\" height=\"300\" src=\"https:\/\/new.madeinmarruecos.cl\/wp-content\/uploads\/2026\/06\/manta-roja-con-lineas-y-pompones-blancas-1-300x300.jpg\" class=\"attachment-medium size-medium\" alt=\"\" srcset=\"https:\/\/new.madeinmarruecos.cl\/wp-content\/uploads\/2026\/06\/manta-roja-con-lineas-y-pompones-blancas-1-300x300.jpg 300w, https:\/\/new.madeinmarruecos.cl\/wp-content\/uploads\/2026\/06\/manta-roja-con-lineas-y-pompones-blancas-1-1024x1024.jpg 1024w, https:\/\/new.madeinmarruecos.cl\/wp-content\/uploads\/2026\/06\/manta-roja-con-lineas-y-pompones-blancas-1-150x150.jpg 150w, https:\/\/new.madeinmarruecos.cl\/wp-content\/uploads\/2026\/06\/manta-roja-con-lineas-y-pompones-blancas-1-768x768.jpg 768w, https:\/\/new.madeinmarruecos.cl\/wp-content\/uploads\/2026\/06\/manta-roja-con-lineas-y-pompones-blancas-1-600x600.jpg 600w, https:\/\/new.madeinmarruecos.cl\/wp-content\/uploads\/2026\/06\/manta-roja-con-lineas-y-pompones-blancas-1-1200x1200.jpg 1200w, https:\/\/new.madeinmarruecos.cl\/wp-content\/uploads\/2026\/06\/manta-roja-con-lineas-y-pompones-blancas-1.jpg 1500w\" sizes=\"auto, (max-width: 300px) 100vw, 300px\" \/>\t\t\t<\/div>\n\t\t\t\n\t\t<div class=\"wd-buttons wd-pos-r-t\">\n\t\t\t\t\t\t<div class=\"wd-wishlist-btn wd-action-btn wd-style-icon wd-wishlist-icon\">\n\t\t\t\t<a class=\"\" href=\"https:\/\/new.madeinmarruecos.cl\/?page_id=76\" data-key=\"1ca7a93047\" data-product-id=\"2470\" rel=\"nofollow\">\n\t\t\t\t\t<span class=\"wd-action-icon\">\n\t\t\t\t\t\t<span class=\"wd-check-icon\"><\/span>\n\t\t\t\t\t<\/span>\n\t\t\t\t\t<span class=\"wd-action-text\">A\u00f1adir a la lista de deseos<\/span>\n\t\t\t\t<\/a>\n\t\t\t<\/div>\n\t\t\t\t<\/div>\n\t<\/div>\n\n\t<div class=\"product-element-bottom\">\n\n\t\t<div class=\"wd-product-header\">\n\t\t\t<h3 class=\"wd-entities-title\"><a href=\"https:\/\/new.madeinmarruecos.cl\/?product=manta-anaranjada-con-lineas-y-pompones-blancos\">Manta anaranjada con l\u00edneas y pompones blancos<\/a><\/h3>\n\t\t\t\t\t<\/div>\n\n\t\t\t\t<div class=\"wd-product-cats\">\n\t\t\t\t\t\t<a href=\"https:\/\/new.madeinmarruecos.cl\/?product_cat=mantas-y-pieceras\" rel=\"tag\">Mantas y Pieceras<\/a>\t\t<\/div>\n\t\t\n\t\t\n\t\t<div class=\"wrap-price\">\n\t\t\t\n\t<span class=\"price\"><span class=\"woocommerce-Price-amount amount\"><bdi><span class=\"woocommerce-Price-currencySymbol\">&#36;<\/span>95.000<\/bdi><\/span><\/span>\n\n\t\t\t\t\t<\/div>\n\n\t\t\n\t\t\n\t\t\n\t\t\n\t\t<div class=\"wd-product-footer\">\n\t\t\t<div class=\"wd-add-btn wd-add-btn-replace\">\n\t\t\t\t<a href=\"\/index.php?rest_route=%2Fwp%2Fv2%2Fpages%2F62&#038;add-to-cart=2470\"  data-quantity=\"1\" class=\"button product_type_simple add_to_cart_button ajax_add_to_cart add-to-cart-loop\" data-product_id=\"2470\" data-product_sku=\"MANTA-ANARANJADA-LN-BLANCO-PM-BLANCO\" aria-label=\"A\u00f1adir al carrito: &ldquo;Manta anaranjada con l\u00edneas y pompones blancos&rdquo;\" rel=\"nofollow\" data-success_message=\"\u00abManta anaranjada con l\u00edneas y pompones blancos\u00bb se ha a\u00f1adido a tu carrito\" role=\"button\"><span class=\"wd-action-icon\"><span class=\"wd-check-icon\"><\/span><\/span><span class=\"wd-action-text\">A\u00f1adir al carrito<\/span><\/a>\t\t\t<\/div>\n\n\t\t\t\t\t<\/div>\n\t<\/div>\n<\/div>\n<\/div>\n\t\t\t\t\t<\/div>\n\t\t\t\t<div class=\"wd-carousel-item\">\n\t\t\t\t\t\t\t\t\t\t\t<div class=\"wd-product wd-hover-buttons-on-hover product-grid-item product type-product post-2489 status-publish first instock product_cat-mantas-y-pieceras product_tag-colchas product_tag-colchas-de-algodon product_tag-cubrecama-de-algodon product_tag-cubrecamas product_tag-invierno product_tag-mantas product_tag-mantas-de-algodon product_tag-mantas-decorativas product_tag-mantas-para-cama product_tag-mantas-para-cama-2-plazas product_tag-mantas-para-camas product_tag-mantas-para-sillones product_tag-mantas-para-sofa product_tag-mantas-y-cojines product_tag-para-cama-2-plazas product_tag-para-cama-king product_tag-para-cama-super-king product_tag-para-mama product_tag-piecera product_tag-pieceras has-post-thumbnail purchasable product-type-simple\" data-loop=\"12\" data-id=\"2489\">\n\t\n<div class=\"wd-product-wrapper product-wrapper\">\n\t<div class=\"wd-product-thumb product-element-top wd-quick-shop\">\n\t\t<a href=\"https:\/\/new.madeinmarruecos.cl\/?product=manta-azul-con-flecos-blancos\" class=\"wd-product-img-link product-image-link\" tabindex=\"-1\" aria-label=\"Manta Azul con flecos blancos\">\n\t\t\t<img loading=\"lazy\" decoding=\"async\" width=\"300\" height=\"300\" src=\"https:\/\/new.madeinmarruecos.cl\/wp-content\/uploads\/2026\/06\/manta-azul-delgada-con-lineas-blancas-2-300x300.jpg\" class=\"attachment-medium size-medium\" alt=\"Manta delgada Azul con flecos blancos Manta delgada Azul con flecos blancos Manta delgada Azul con flecos blancos\" srcset=\"https:\/\/new.madeinmarruecos.cl\/wp-content\/uploads\/2026\/06\/manta-azul-delgada-con-lineas-blancas-2-300x300.jpg 300w, https:\/\/new.madeinmarruecos.cl\/wp-content\/uploads\/2026\/06\/manta-azul-delgada-con-lineas-blancas-2-1024x1024.jpg 1024w, https:\/\/new.madeinmarruecos.cl\/wp-content\/uploads\/2026\/06\/manta-azul-delgada-con-lineas-blancas-2-150x150.jpg 150w, https:\/\/new.madeinmarruecos.cl\/wp-content\/uploads\/2026\/06\/manta-azul-delgada-con-lineas-blancas-2-768x768.jpg 768w, https:\/\/new.madeinmarruecos.cl\/wp-content\/uploads\/2026\/06\/manta-azul-delgada-con-lineas-blancas-2-600x600.jpg 600w, https:\/\/new.madeinmarruecos.cl\/wp-content\/uploads\/2026\/06\/manta-azul-delgada-con-lineas-blancas-2-1200x1200.jpg 1200w, https:\/\/new.madeinmarruecos.cl\/wp-content\/uploads\/2026\/06\/manta-azul-delgada-con-lineas-blancas-2.jpg 1500w\" sizes=\"auto, (max-width: 300px) 100vw, 300px\" \/>\t\t<\/a>\n\n\t\t\t\t\t<div class=\"wd-product-img-hover hover-img\">\n\t\t\t\t<img loading=\"lazy\" decoding=\"async\" width=\"300\" height=\"300\" src=\"https:\/\/new.madeinmarruecos.cl\/wp-content\/uploads\/2026\/06\/manta-azul-delgada-con-lineas-blancas-1-300x300.jpg\" class=\"attachment-medium size-medium\" alt=\"\" srcset=\"https:\/\/new.madeinmarruecos.cl\/wp-content\/uploads\/2026\/06\/manta-azul-delgada-con-lineas-blancas-1-300x300.jpg 300w, https:\/\/new.madeinmarruecos.cl\/wp-content\/uploads\/2026\/06\/manta-azul-delgada-con-lineas-blancas-1-1024x1024.jpg 1024w, https:\/\/new.madeinmarruecos.cl\/wp-content\/uploads\/2026\/06\/manta-azul-delgada-con-lineas-blancas-1-150x150.jpg 150w, https:\/\/new.madeinmarruecos.cl\/wp-content\/uploads\/2026\/06\/manta-azul-delgada-con-lineas-blancas-1-768x768.jpg 768w, https:\/\/new.madeinmarruecos.cl\/wp-content\/uploads\/2026\/06\/manta-azul-delgada-con-lineas-blancas-1-600x600.jpg 600w, https:\/\/new.madeinmarruecos.cl\/wp-content\/uploads\/2026\/06\/manta-azul-delgada-con-lineas-blancas-1-1200x1200.jpg 1200w, https:\/\/new.madeinmarruecos.cl\/wp-content\/uploads\/2026\/06\/manta-azul-delgada-con-lineas-blancas-1.jpg 1500w\" sizes=\"auto, (max-width: 300px) 100vw, 300px\" \/>\t\t\t<\/div>\n\t\t\t\n\t\t<div class=\"wd-buttons wd-pos-r-t\">\n\t\t\t\t\t\t<div class=\"wd-wishlist-btn wd-action-btn wd-style-icon wd-wishlist-icon\">\n\t\t\t\t<a class=\"\" href=\"https:\/\/new.madeinmarruecos.cl\/?page_id=76\" data-key=\"1ca7a93047\" data-product-id=\"2489\" rel=\"nofollow\">\n\t\t\t\t\t<span class=\"wd-action-icon\">\n\t\t\t\t\t\t<span class=\"wd-check-icon\"><\/span>\n\t\t\t\t\t<\/span>\n\t\t\t\t\t<span class=\"wd-action-text\">A\u00f1adir a la lista de deseos<\/span>\n\t\t\t\t<\/a>\n\t\t\t<\/div>\n\t\t\t\t<\/div>\n\t<\/div>\n\n\t<div class=\"product-element-bottom\">\n\n\t\t<div class=\"wd-product-header\">\n\t\t\t<h3 class=\"wd-entities-title\"><a href=\"https:\/\/new.madeinmarruecos.cl\/?product=manta-azul-con-flecos-blancos\">Manta Azul con flecos blancos<\/a><\/h3>\n\t\t\t\t\t<\/div>\n\n\t\t\t\t<div class=\"wd-product-cats\">\n\t\t\t\t\t\t<a href=\"https:\/\/new.madeinmarruecos.cl\/?product_cat=mantas-y-pieceras\" rel=\"tag\">Mantas y Pieceras<\/a>\t\t<\/div>\n\t\t\n\t\t\n\t\t<div class=\"wrap-price\">\n\t\t\t\n\t<span class=\"price\"><span class=\"woocommerce-Price-amount amount\"><bdi><span class=\"woocommerce-Price-currencySymbol\">&#36;<\/span>70.000<\/bdi><\/span><\/span>\n\n\t\t\t\t\t<\/div>\n\n\t\t\n\t\t\n\t\t\n\t\t\n\t\t<div class=\"wd-product-footer\">\n\t\t\t<div class=\"wd-add-btn wd-add-btn-replace\">\n\t\t\t\t<a href=\"\/index.php?rest_route=%2Fwp%2Fv2%2Fpages%2F62&#038;add-to-cart=2489\"  data-quantity=\"1\" class=\"button product_type_simple add_to_cart_button ajax_add_to_cart add-to-cart-loop\" data-product_id=\"2489\" data-product_sku=\"MANTA-AZUL-FL\" aria-label=\"A\u00f1adir al carrito: &ldquo;Manta Azul con flecos blancos&rdquo;\" rel=\"nofollow\" data-success_message=\"\u00abManta Azul con flecos blancos\u00bb se ha a\u00f1adido a tu carrito\" role=\"button\"><span class=\"wd-action-icon\"><span class=\"wd-check-icon\"><\/span><\/span><span class=\"wd-action-text\">A\u00f1adir al carrito<\/span><\/a>\t\t\t<\/div>\n\n\t\t\t\t\t<\/div>\n\t<\/div>\n<\/div>\n<\/div>\n\t\t\t\t\t<\/div>\n\t\t\t\t\t\t\t\t<\/div>\n\t\t\t\t\t<\/div>\n\n\t\t\t\t\t\t\t<div class=\"wd-nav-arrows wd-pos-sep wd-hover-1 wd-icon-1\">\n\t\t\t<div class=\"wd-btn-arrow wd-prev wd-disabled\">\n\t\t\t\t<div class=\"wd-arrow-inner\"><\/div>\n\t\t\t<\/div>\n\t\t\t<div class=\"wd-btn-arrow wd-next\">\n\t\t\t\t<div class=\"wd-arrow-inner\"><\/div>\n\t\t\t<\/div>\n\t\t<\/div>\n\t\t\t\t\t\t<\/div>\n\n\t\t\t\t\t\t\t\t\t\t\t\t\t<div class=\"wd-nav-scroll\"><\/div>\n\t\t\t\t\t<\/div>\n\t\t\t\t\t\t\n\n\n<div class=\"wp-block-wd-container wd-dir-row wd-align-is-lg-center wd-91fdbf7c\">\n<h2 class=\"wp-block-wd-title title wd-26d965ce\"><strong>Cojines<\/strong><\/h2>\n\n\n\n<a class=\"wp-block-wd-button btn btn-style-link btn-color-primary btn-size-large wd-a5e25e83\" href=\"\/shop\"><span>Todos los Productos<\/span><\/a>\n<\/div>\n\n\n\t\t\t\n\t\t\t<div id=\"carousel-348\" class=\"wd-carousel-container  wd-8ca709f6 wd-products-element wd-products products wd-loop-builder-off wd-quantity-enabled wd-products-with-bg title-line-one\">\n\t\t\t\t\n\t\t\t\t\t\t\t\n\t\t\t\t<div class=\"wd-carousel-inner\">\n\t\t\t\t\t<div class=\" wd-carousel wd-grid\" data-scroll_per_page=\"yes\" style=\"--wd-col-lg:5.5;--wd-col-md:3.5;--wd-col-sm:1.5;--wd-gap-lg:20px;--wd-gap-sm:10px;\">\n\t\t\t\t\t\t<div class=\"wd-carousel-wrap\">\n\t\t\t\t\t\t\t\t\t<div class=\"wd-carousel-item\">\n\t\t\t\t\t\t\t\t\t\t\t<div class=\"wd-product wd-hover-buttons-on-hover product-grid-item product type-product post-2128 status-publish instock product_cat-cojines product_tag-barbie product_tag-cojin-cyber-days product_tag-cojin-sabra product_tag-cojin-sabra-xl product_tag-cojin-vegano product_tag-cojin-xl product_tag-cojines-cyber-days product_tag-cojines-deco product_tag-invierno product_tag-mantas-y-cojines product_tag-rosado product_tag-rosado-claro has-post-thumbnail purchasable product-type-simple\" data-loop=\"1\" data-id=\"2128\">\n\t\n<div class=\"wd-product-wrapper product-wrapper\">\n\t<div class=\"wd-product-thumb product-element-top wd-quick-shop\">\n\t\t<a href=\"https:\/\/new.madeinmarruecos.cl\/?product=cojin-sabra-xl-flamenco-2\" class=\"wd-product-img-link product-image-link\" tabindex=\"-1\" aria-label=\"Cojin  Sabra XL Flamenco 2\">\n\t\t\t<img loading=\"lazy\" decoding=\"async\" width=\"300\" height=\"300\" src=\"https:\/\/new.madeinmarruecos.cl\/wp-content\/uploads\/2026\/06\/cojin-de-sabra-XL-color-flamenco-2-1-300x300.jpg\" class=\"attachment-medium size-medium\" alt=\"cojin-de-sabra-XL-color-flamenco-2-1 cojin-de-sabra-XL-color-flamenco-2-2\" srcset=\"https:\/\/new.madeinmarruecos.cl\/wp-content\/uploads\/2026\/06\/cojin-de-sabra-XL-color-flamenco-2-1-300x300.jpg 300w, https:\/\/new.madeinmarruecos.cl\/wp-content\/uploads\/2026\/06\/cojin-de-sabra-XL-color-flamenco-2-1-1024x1024.jpg 1024w, https:\/\/new.madeinmarruecos.cl\/wp-content\/uploads\/2026\/06\/cojin-de-sabra-XL-color-flamenco-2-1-150x150.jpg 150w, https:\/\/new.madeinmarruecos.cl\/wp-content\/uploads\/2026\/06\/cojin-de-sabra-XL-color-flamenco-2-1-768x768.jpg 768w, https:\/\/new.madeinmarruecos.cl\/wp-content\/uploads\/2026\/06\/cojin-de-sabra-XL-color-flamenco-2-1-600x600.jpg 600w, https:\/\/new.madeinmarruecos.cl\/wp-content\/uploads\/2026\/06\/cojin-de-sabra-XL-color-flamenco-2-1-1200x1200.jpg 1200w, https:\/\/new.madeinmarruecos.cl\/wp-content\/uploads\/2026\/06\/cojin-de-sabra-XL-color-flamenco-2-1.jpg 1500w\" sizes=\"auto, (max-width: 300px) 100vw, 300px\" \/>\t\t<\/a>\n\n\t\t\t\t\t<div class=\"wd-product-img-hover hover-img\">\n\t\t\t\t<img loading=\"lazy\" decoding=\"async\" width=\"300\" height=\"300\" src=\"https:\/\/new.madeinmarruecos.cl\/wp-content\/uploads\/2026\/06\/cojin-de-sabra-XL-color-flamenco-2-2-300x300.jpg\" class=\"attachment-medium size-medium\" alt=\"\" srcset=\"https:\/\/new.madeinmarruecos.cl\/wp-content\/uploads\/2026\/06\/cojin-de-sabra-XL-color-flamenco-2-2-300x300.jpg 300w, https:\/\/new.madeinmarruecos.cl\/wp-content\/uploads\/2026\/06\/cojin-de-sabra-XL-color-flamenco-2-2-1024x1024.jpg 1024w, https:\/\/new.madeinmarruecos.cl\/wp-content\/uploads\/2026\/06\/cojin-de-sabra-XL-color-flamenco-2-2-150x150.jpg 150w, https:\/\/new.madeinmarruecos.cl\/wp-content\/uploads\/2026\/06\/cojin-de-sabra-XL-color-flamenco-2-2-768x768.jpg 768w, https:\/\/new.madeinmarruecos.cl\/wp-content\/uploads\/2026\/06\/cojin-de-sabra-XL-color-flamenco-2-2-600x600.jpg 600w, https:\/\/new.madeinmarruecos.cl\/wp-content\/uploads\/2026\/06\/cojin-de-sabra-XL-color-flamenco-2-2-1200x1200.jpg 1200w, https:\/\/new.madeinmarruecos.cl\/wp-content\/uploads\/2026\/06\/cojin-de-sabra-XL-color-flamenco-2-2.jpg 1500w\" sizes=\"auto, (max-width: 300px) 100vw, 300px\" \/>\t\t\t<\/div>\n\t\t\t\n\t\t<div class=\"wd-buttons wd-pos-r-t\">\n\t\t\t\t\t\t<div class=\"wd-wishlist-btn wd-action-btn wd-style-icon wd-wishlist-icon\">\n\t\t\t\t<a class=\"\" href=\"https:\/\/new.madeinmarruecos.cl\/?page_id=76\" data-key=\"1ca7a93047\" data-product-id=\"2128\" rel=\"nofollow\">\n\t\t\t\t\t<span class=\"wd-action-icon\">\n\t\t\t\t\t\t<span class=\"wd-check-icon\"><\/span>\n\t\t\t\t\t<\/span>\n\t\t\t\t\t<span class=\"wd-action-text\">A\u00f1adir a la lista de deseos<\/span>\n\t\t\t\t<\/a>\n\t\t\t<\/div>\n\t\t\t\t<\/div>\n\t<\/div>\n\n\t<div class=\"product-element-bottom\">\n\n\t\t<div class=\"wd-product-header\">\n\t\t\t<h3 class=\"wd-entities-title\"><a href=\"https:\/\/new.madeinmarruecos.cl\/?product=cojin-sabra-xl-flamenco-2\">Cojin  Sabra XL Flamenco 2<\/a><\/h3>\n\t\t\t\t\t<\/div>\n\n\t\t\t\t<div class=\"wd-product-cats\">\n\t\t\t\t\t\t<a href=\"https:\/\/new.madeinmarruecos.cl\/?product_cat=cojines\" rel=\"tag\">Cojines<\/a>\t\t<\/div>\n\t\t\n\t\t\n\t\t<div class=\"wrap-price\">\n\t\t\t\n\t<span class=\"price\"><span class=\"woocommerce-Price-amount amount\"><bdi><span class=\"woocommerce-Price-currencySymbol\">&#36;<\/span>75.000<\/bdi><\/span><\/span>\n\n\t\t\t\t\t<\/div>\n\n\t\t\n\t\t\n\t\t\n\t\t\n\t\t<div class=\"wd-product-footer\">\n\t\t\t<div class=\"wd-add-btn wd-add-btn-replace\">\n\t\t\t\t<a href=\"\/index.php?rest_route=%2Fwp%2Fv2%2Fpages%2F62&#038;add-to-cart=2128\"  data-quantity=\"1\" class=\"button product_type_simple add_to_cart_button ajax_add_to_cart add-to-cart-loop\" data-product_id=\"2128\" data-product_sku=\"SABRA-XL-FLAMENCO-2\" aria-label=\"A\u00f1adir al carrito: &ldquo;Cojin  Sabra XL Flamenco 2&rdquo;\" rel=\"nofollow\" data-success_message=\"\u00abCojin  Sabra XL Flamenco 2\u00bb se ha a\u00f1adido a tu carrito\" role=\"button\"><span class=\"wd-action-icon\"><span class=\"wd-check-icon\"><\/span><\/span><span class=\"wd-action-text\">A\u00f1adir al carrito<\/span><\/a>\t\t\t<\/div>\n\n\t\t\t\t\t<\/div>\n\t<\/div>\n<\/div>\n<\/div>\n\t\t\t\t\t<\/div>\n\t\t\t\t<div class=\"wd-carousel-item\">\n\t\t\t\t\t\t\t\t\t\t\t<div class=\"wd-product wd-hover-buttons-on-hover product-grid-item product type-product post-2142 status-publish instock product_cat-cojines product_tag-cojin-cyber-days product_tag-cojin-sabra product_tag-cojin-sabra-xl product_tag-cojin-vegano product_tag-cojin-xl product_tag-cojines-cyber-days product_tag-cojines-deco product_tag-mantas-y-cojines product_tag-rosado product_tag-rosado-claro has-post-thumbnail purchasable product-type-simple\" data-loop=\"2\" data-id=\"2142\">\n\t\n<div class=\"wd-product-wrapper product-wrapper\">\n\t<div class=\"wd-product-thumb product-element-top wd-quick-shop\">\n\t\t<a href=\"https:\/\/new.madeinmarruecos.cl\/?product=cojin-sabra-xl-flamenco-4\" class=\"wd-product-img-link product-image-link\" tabindex=\"-1\" aria-label=\"Cojin  Sabra XL Flamenco 4\">\n\t\t\t<img loading=\"lazy\" decoding=\"async\" width=\"300\" height=\"300\" src=\"https:\/\/new.madeinmarruecos.cl\/wp-content\/uploads\/2026\/06\/cojin-de-sabra-XL-color-flamenco-4-1-300x300.jpg\" class=\"attachment-medium size-medium\" alt=\"cojin-de-sabra-XL-color-flamenco-4-1 cojin-de-sabra-XL-color-flamenco-4-2\" srcset=\"https:\/\/new.madeinmarruecos.cl\/wp-content\/uploads\/2026\/06\/cojin-de-sabra-XL-color-flamenco-4-1-300x300.jpg 300w, https:\/\/new.madeinmarruecos.cl\/wp-content\/uploads\/2026\/06\/cojin-de-sabra-XL-color-flamenco-4-1-1024x1024.jpg 1024w, https:\/\/new.madeinmarruecos.cl\/wp-content\/uploads\/2026\/06\/cojin-de-sabra-XL-color-flamenco-4-1-150x150.jpg 150w, https:\/\/new.madeinmarruecos.cl\/wp-content\/uploads\/2026\/06\/cojin-de-sabra-XL-color-flamenco-4-1-768x768.jpg 768w, https:\/\/new.madeinmarruecos.cl\/wp-content\/uploads\/2026\/06\/cojin-de-sabra-XL-color-flamenco-4-1-600x600.jpg 600w, https:\/\/new.madeinmarruecos.cl\/wp-content\/uploads\/2026\/06\/cojin-de-sabra-XL-color-flamenco-4-1-1200x1200.jpg 1200w, https:\/\/new.madeinmarruecos.cl\/wp-content\/uploads\/2026\/06\/cojin-de-sabra-XL-color-flamenco-4-1.jpg 1500w\" sizes=\"auto, (max-width: 300px) 100vw, 300px\" \/>\t\t<\/a>\n\n\t\t\t\t\t<div class=\"wd-product-img-hover hover-img\">\n\t\t\t\t<img loading=\"lazy\" decoding=\"async\" width=\"300\" height=\"300\" src=\"https:\/\/new.madeinmarruecos.cl\/wp-content\/uploads\/2026\/06\/cojin-de-sabra-XL-color-flamenco-4-2-300x300.jpg\" class=\"attachment-medium size-medium\" alt=\"\" srcset=\"https:\/\/new.madeinmarruecos.cl\/wp-content\/uploads\/2026\/06\/cojin-de-sabra-XL-color-flamenco-4-2-300x300.jpg 300w, https:\/\/new.madeinmarruecos.cl\/wp-content\/uploads\/2026\/06\/cojin-de-sabra-XL-color-flamenco-4-2-1024x1024.jpg 1024w, https:\/\/new.madeinmarruecos.cl\/wp-content\/uploads\/2026\/06\/cojin-de-sabra-XL-color-flamenco-4-2-150x150.jpg 150w, https:\/\/new.madeinmarruecos.cl\/wp-content\/uploads\/2026\/06\/cojin-de-sabra-XL-color-flamenco-4-2-768x768.jpg 768w, https:\/\/new.madeinmarruecos.cl\/wp-content\/uploads\/2026\/06\/cojin-de-sabra-XL-color-flamenco-4-2-600x600.jpg 600w, https:\/\/new.madeinmarruecos.cl\/wp-content\/uploads\/2026\/06\/cojin-de-sabra-XL-color-flamenco-4-2-1200x1200.jpg 1200w, https:\/\/new.madeinmarruecos.cl\/wp-content\/uploads\/2026\/06\/cojin-de-sabra-XL-color-flamenco-4-2.jpg 1500w\" sizes=\"auto, (max-width: 300px) 100vw, 300px\" \/>\t\t\t<\/div>\n\t\t\t\n\t\t<div class=\"wd-buttons wd-pos-r-t\">\n\t\t\t\t\t\t<div class=\"wd-wishlist-btn wd-action-btn wd-style-icon wd-wishlist-icon\">\n\t\t\t\t<a class=\"\" href=\"https:\/\/new.madeinmarruecos.cl\/?page_id=76\" data-key=\"1ca7a93047\" data-product-id=\"2142\" rel=\"nofollow\">\n\t\t\t\t\t<span class=\"wd-action-icon\">\n\t\t\t\t\t\t<span class=\"wd-check-icon\"><\/span>\n\t\t\t\t\t<\/span>\n\t\t\t\t\t<span class=\"wd-action-text\">A\u00f1adir a la lista de deseos<\/span>\n\t\t\t\t<\/a>\n\t\t\t<\/div>\n\t\t\t\t<\/div>\n\t<\/div>\n\n\t<div class=\"product-element-bottom\">\n\n\t\t<div class=\"wd-product-header\">\n\t\t\t<h3 class=\"wd-entities-title\"><a href=\"https:\/\/new.madeinmarruecos.cl\/?product=cojin-sabra-xl-flamenco-4\">Cojin  Sabra XL Flamenco 4<\/a><\/h3>\n\t\t\t\t\t<\/div>\n\n\t\t\t\t<div class=\"wd-product-cats\">\n\t\t\t\t\t\t<a href=\"https:\/\/new.madeinmarruecos.cl\/?product_cat=cojines\" rel=\"tag\">Cojines<\/a>\t\t<\/div>\n\t\t\n\t\t\n\t\t<div class=\"wrap-price\">\n\t\t\t\n\t<span class=\"price\"><span class=\"woocommerce-Price-amount amount\"><bdi><span class=\"woocommerce-Price-currencySymbol\">&#36;<\/span>75.000<\/bdi><\/span><\/span>\n\n\t\t\t\t\t<\/div>\n\n\t\t\n\t\t\n\t\t\n\t\t\n\t\t<div class=\"wd-product-footer\">\n\t\t\t<div class=\"wd-add-btn wd-add-btn-replace\">\n\t\t\t\t<a href=\"\/index.php?rest_route=%2Fwp%2Fv2%2Fpages%2F62&#038;add-to-cart=2142\"  data-quantity=\"1\" class=\"button product_type_simple add_to_cart_button ajax_add_to_cart add-to-cart-loop\" data-product_id=\"2142\" data-product_sku=\"SABRA-XL-FLAMENCO-4\" aria-label=\"A\u00f1adir al carrito: &ldquo;Cojin  Sabra XL Flamenco 4&rdquo;\" rel=\"nofollow\" data-success_message=\"\u00abCojin  Sabra XL Flamenco 4\u00bb se ha a\u00f1adido a tu carrito\" role=\"button\"><span class=\"wd-action-icon\"><span class=\"wd-check-icon\"><\/span><\/span><span class=\"wd-action-text\">A\u00f1adir al carrito<\/span><\/a>\t\t\t<\/div>\n\n\t\t\t\t\t<\/div>\n\t<\/div>\n<\/div>\n<\/div>\n\t\t\t\t\t<\/div>\n\t\t\t\t<div class=\"wd-carousel-item\">\n\t\t\t\t\t\t\t\t\t\t\t<div class=\"wd-product wd-hover-buttons-on-hover product-grid-item product type-product post-2140 status-publish last instock product_cat-cojines product_tag-cojin-cyber-days product_tag-cojin-sabra product_tag-cojin-sabra-xl product_tag-cojin-vegano product_tag-cojin-xl product_tag-cojines-cyber-days product_tag-cojines-deco product_tag-mantas-y-cojines product_tag-rosado product_tag-rosado-claro has-post-thumbnail purchasable product-type-simple\" data-loop=\"3\" data-id=\"2140\">\n\t\n<div class=\"wd-product-wrapper product-wrapper\">\n\t<div class=\"wd-product-thumb product-element-top wd-quick-shop\">\n\t\t<a href=\"https:\/\/new.madeinmarruecos.cl\/?product=cojin-sabra-xl-flamenco-6\" class=\"wd-product-img-link product-image-link\" tabindex=\"-1\" aria-label=\"Cojin  Sabra XL Flamenco 6\">\n\t\t\t<img loading=\"lazy\" decoding=\"async\" width=\"300\" height=\"300\" src=\"https:\/\/new.madeinmarruecos.cl\/wp-content\/uploads\/2026\/06\/cojin-de-sabra-XL-color-flamenco-6-1-300x300.jpg\" class=\"attachment-medium size-medium\" alt=\"cojin-de-sabra-XL-color-flamenco-6-1 cojin-de-sabra-XL-color-flamenco-6-2\" srcset=\"https:\/\/new.madeinmarruecos.cl\/wp-content\/uploads\/2026\/06\/cojin-de-sabra-XL-color-flamenco-6-1-300x300.jpg 300w, https:\/\/new.madeinmarruecos.cl\/wp-content\/uploads\/2026\/06\/cojin-de-sabra-XL-color-flamenco-6-1-1024x1024.jpg 1024w, https:\/\/new.madeinmarruecos.cl\/wp-content\/uploads\/2026\/06\/cojin-de-sabra-XL-color-flamenco-6-1-150x150.jpg 150w, https:\/\/new.madeinmarruecos.cl\/wp-content\/uploads\/2026\/06\/cojin-de-sabra-XL-color-flamenco-6-1-768x768.jpg 768w, https:\/\/new.madeinmarruecos.cl\/wp-content\/uploads\/2026\/06\/cojin-de-sabra-XL-color-flamenco-6-1-600x600.jpg 600w, https:\/\/new.madeinmarruecos.cl\/wp-content\/uploads\/2026\/06\/cojin-de-sabra-XL-color-flamenco-6-1-1200x1200.jpg 1200w, https:\/\/new.madeinmarruecos.cl\/wp-content\/uploads\/2026\/06\/cojin-de-sabra-XL-color-flamenco-6-1.jpg 1500w\" sizes=\"auto, (max-width: 300px) 100vw, 300px\" \/>\t\t<\/a>\n\n\t\t\t\t\t<div class=\"wd-product-img-hover hover-img\">\n\t\t\t\t<img loading=\"lazy\" decoding=\"async\" width=\"300\" height=\"300\" src=\"https:\/\/new.madeinmarruecos.cl\/wp-content\/uploads\/2026\/06\/cojin-de-sabra-XL-color-flamenco-6-2-300x300.jpg\" class=\"attachment-medium size-medium\" alt=\"\" srcset=\"https:\/\/new.madeinmarruecos.cl\/wp-content\/uploads\/2026\/06\/cojin-de-sabra-XL-color-flamenco-6-2-300x300.jpg 300w, https:\/\/new.madeinmarruecos.cl\/wp-content\/uploads\/2026\/06\/cojin-de-sabra-XL-color-flamenco-6-2-1024x1024.jpg 1024w, https:\/\/new.madeinmarruecos.cl\/wp-content\/uploads\/2026\/06\/cojin-de-sabra-XL-color-flamenco-6-2-150x150.jpg 150w, https:\/\/new.madeinmarruecos.cl\/wp-content\/uploads\/2026\/06\/cojin-de-sabra-XL-color-flamenco-6-2-768x768.jpg 768w, https:\/\/new.madeinmarruecos.cl\/wp-content\/uploads\/2026\/06\/cojin-de-sabra-XL-color-flamenco-6-2-600x600.jpg 600w, https:\/\/new.madeinmarruecos.cl\/wp-content\/uploads\/2026\/06\/cojin-de-sabra-XL-color-flamenco-6-2-1200x1200.jpg 1200w, https:\/\/new.madeinmarruecos.cl\/wp-content\/uploads\/2026\/06\/cojin-de-sabra-XL-color-flamenco-6-2.jpg 1500w\" sizes=\"auto, (max-width: 300px) 100vw, 300px\" \/>\t\t\t<\/div>\n\t\t\t\n\t\t<div class=\"wd-buttons wd-pos-r-t\">\n\t\t\t\t\t\t<div class=\"wd-wishlist-btn wd-action-btn wd-style-icon wd-wishlist-icon\">\n\t\t\t\t<a class=\"\" href=\"https:\/\/new.madeinmarruecos.cl\/?page_id=76\" data-key=\"1ca7a93047\" data-product-id=\"2140\" rel=\"nofollow\">\n\t\t\t\t\t<span class=\"wd-action-icon\">\n\t\t\t\t\t\t<span class=\"wd-check-icon\"><\/span>\n\t\t\t\t\t<\/span>\n\t\t\t\t\t<span class=\"wd-action-text\">A\u00f1adir a la lista de deseos<\/span>\n\t\t\t\t<\/a>\n\t\t\t<\/div>\n\t\t\t\t<\/div>\n\t<\/div>\n\n\t<div class=\"product-element-bottom\">\n\n\t\t<div class=\"wd-product-header\">\n\t\t\t<h3 class=\"wd-entities-title\"><a href=\"https:\/\/new.madeinmarruecos.cl\/?product=cojin-sabra-xl-flamenco-6\">Cojin  Sabra XL Flamenco 6<\/a><\/h3>\n\t\t\t\t\t<\/div>\n\n\t\t\t\t<div class=\"wd-product-cats\">\n\t\t\t\t\t\t<a href=\"https:\/\/new.madeinmarruecos.cl\/?product_cat=cojines\" rel=\"tag\">Cojines<\/a>\t\t<\/div>\n\t\t\n\t\t\n\t\t<div class=\"wrap-price\">\n\t\t\t\n\t<span class=\"price\"><span class=\"woocommerce-Price-amount amount\"><bdi><span class=\"woocommerce-Price-currencySymbol\">&#36;<\/span>75.000<\/bdi><\/span><\/span>\n\n\t\t\t\t\t<\/div>\n\n\t\t\n\t\t\n\t\t\n\t\t\n\t\t<div class=\"wd-product-footer\">\n\t\t\t<div class=\"wd-add-btn wd-add-btn-replace\">\n\t\t\t\t<a href=\"\/index.php?rest_route=%2Fwp%2Fv2%2Fpages%2F62&#038;add-to-cart=2140\"  data-quantity=\"1\" class=\"button product_type_simple add_to_cart_button ajax_add_to_cart add-to-cart-loop\" data-product_id=\"2140\" data-product_sku=\"0f0-01\" aria-label=\"A\u00f1adir al carrito: &ldquo;Cojin  Sabra XL Flamenco 6&rdquo;\" rel=\"nofollow\" data-success_message=\"\u00abCojin  Sabra XL Flamenco 6\u00bb se ha a\u00f1adido a tu carrito\" role=\"button\"><span class=\"wd-action-icon\"><span class=\"wd-check-icon\"><\/span><\/span><span class=\"wd-action-text\">A\u00f1adir al carrito<\/span><\/a>\t\t\t<\/div>\n\n\t\t\t\t\t<\/div>\n\t<\/div>\n<\/div>\n<\/div>\n\t\t\t\t\t<\/div>\n\t\t\t\t<div class=\"wd-carousel-item\">\n\t\t\t\t\t\t\t\t\t\t\t<div class=\"wd-product wd-hover-buttons-on-hover product-grid-item product type-product post-2614 status-publish first instock product_cat-cojines product_tag-cojin-cyber-days product_tag-cojin-de-algodon product_tag-cojin-de-pompones product_tag-cojin-m product_tag-cojin-pompom product_tag-cojines-cyber-days product_tag-cojines-deco product_tag-invierno product_tag-mantas-y-cojines has-post-thumbnail purchasable product-type-simple\" data-loop=\"4\" data-id=\"2614\">\n\t\n<div class=\"wd-product-wrapper product-wrapper\">\n\t<div class=\"wd-product-thumb product-element-top wd-quick-shop\">\n\t\t<a href=\"https:\/\/new.madeinmarruecos.cl\/?product=cojin-100-algodon-blanco-con-lineas-y-pompon-negro\" class=\"wd-product-img-link product-image-link\" tabindex=\"-1\" aria-label=\"Coj\u00edn 100% algod\u00f3n blanco con l\u00edneas y pomp\u00f3n negro\">\n\t\t\t<img loading=\"lazy\" decoding=\"async\" width=\"300\" height=\"300\" src=\"https:\/\/new.madeinmarruecos.cl\/wp-content\/uploads\/2026\/06\/cojin-de-algodon-blanco-con-lineas-y-pompones-negros-3-300x300.jpg\" class=\"attachment-medium size-medium\" alt=\"cojin-de-algodon-blanco-con-lineas-y-pompones-negros-3 cojin-de-algodon-blanco-con-lineas-y-pompones-negros-1 cojin-de-algodon-blanco-con-lineas-y-pompones-negros-2\" srcset=\"https:\/\/new.madeinmarruecos.cl\/wp-content\/uploads\/2026\/06\/cojin-de-algodon-blanco-con-lineas-y-pompones-negros-3-300x300.jpg 300w, https:\/\/new.madeinmarruecos.cl\/wp-content\/uploads\/2026\/06\/cojin-de-algodon-blanco-con-lineas-y-pompones-negros-3-1024x1024.jpg 1024w, https:\/\/new.madeinmarruecos.cl\/wp-content\/uploads\/2026\/06\/cojin-de-algodon-blanco-con-lineas-y-pompones-negros-3-150x150.jpg 150w, https:\/\/new.madeinmarruecos.cl\/wp-content\/uploads\/2026\/06\/cojin-de-algodon-blanco-con-lineas-y-pompones-negros-3-768x768.jpg 768w, https:\/\/new.madeinmarruecos.cl\/wp-content\/uploads\/2026\/06\/cojin-de-algodon-blanco-con-lineas-y-pompones-negros-3-600x600.jpg 600w, https:\/\/new.madeinmarruecos.cl\/wp-content\/uploads\/2026\/06\/cojin-de-algodon-blanco-con-lineas-y-pompones-negros-3-1200x1200.jpg 1200w, https:\/\/new.madeinmarruecos.cl\/wp-content\/uploads\/2026\/06\/cojin-de-algodon-blanco-con-lineas-y-pompones-negros-3.jpg 1500w\" sizes=\"auto, (max-width: 300px) 100vw, 300px\" \/>\t\t<\/a>\n\n\t\t\t\t\t<div class=\"wd-product-img-hover hover-img\">\n\t\t\t\t<img loading=\"lazy\" decoding=\"async\" width=\"300\" height=\"300\" src=\"https:\/\/new.madeinmarruecos.cl\/wp-content\/uploads\/2026\/06\/cojin-de-algodon-blanco-con-lineas-y-pompones-negros-1-300x300.jpg\" class=\"attachment-medium size-medium\" alt=\"\" srcset=\"https:\/\/new.madeinmarruecos.cl\/wp-content\/uploads\/2026\/06\/cojin-de-algodon-blanco-con-lineas-y-pompones-negros-1-300x300.jpg 300w, https:\/\/new.madeinmarruecos.cl\/wp-content\/uploads\/2026\/06\/cojin-de-algodon-blanco-con-lineas-y-pompones-negros-1-1024x1024.jpg 1024w, https:\/\/new.madeinmarruecos.cl\/wp-content\/uploads\/2026\/06\/cojin-de-algodon-blanco-con-lineas-y-pompones-negros-1-150x150.jpg 150w, https:\/\/new.madeinmarruecos.cl\/wp-content\/uploads\/2026\/06\/cojin-de-algodon-blanco-con-lineas-y-pompones-negros-1-768x768.jpg 768w, https:\/\/new.madeinmarruecos.cl\/wp-content\/uploads\/2026\/06\/cojin-de-algodon-blanco-con-lineas-y-pompones-negros-1-600x600.jpg 600w, https:\/\/new.madeinmarruecos.cl\/wp-content\/uploads\/2026\/06\/cojin-de-algodon-blanco-con-lineas-y-pompones-negros-1-1200x1200.jpg 1200w, https:\/\/new.madeinmarruecos.cl\/wp-content\/uploads\/2026\/06\/cojin-de-algodon-blanco-con-lineas-y-pompones-negros-1.jpg 1500w\" sizes=\"auto, (max-width: 300px) 100vw, 300px\" \/>\t\t\t<\/div>\n\t\t\t\n\t\t<div class=\"wd-buttons wd-pos-r-t\">\n\t\t\t\t\t\t<div class=\"wd-wishlist-btn wd-action-btn wd-style-icon wd-wishlist-icon\">\n\t\t\t\t<a class=\"\" href=\"https:\/\/new.madeinmarruecos.cl\/?page_id=76\" data-key=\"1ca7a93047\" data-product-id=\"2614\" rel=\"nofollow\">\n\t\t\t\t\t<span class=\"wd-action-icon\">\n\t\t\t\t\t\t<span class=\"wd-check-icon\"><\/span>\n\t\t\t\t\t<\/span>\n\t\t\t\t\t<span class=\"wd-action-text\">A\u00f1adir a la lista de deseos<\/span>\n\t\t\t\t<\/a>\n\t\t\t<\/div>\n\t\t\t\t<\/div>\n\t<\/div>\n\n\t<div class=\"product-element-bottom\">\n\n\t\t<div class=\"wd-product-header\">\n\t\t\t<h3 class=\"wd-entities-title\"><a href=\"https:\/\/new.madeinmarruecos.cl\/?product=cojin-100-algodon-blanco-con-lineas-y-pompon-negro\">Coj\u00edn 100% algod\u00f3n blanco con l\u00edneas y pomp\u00f3n negro<\/a><\/h3>\n\t\t\t\t\t<\/div>\n\n\t\t\t\t<div class=\"wd-product-cats\">\n\t\t\t\t\t\t<a href=\"https:\/\/new.madeinmarruecos.cl\/?product_cat=cojines\" rel=\"tag\">Cojines<\/a>\t\t<\/div>\n\t\t\n\t\t\n\t\t<div class=\"wrap-price\">\n\t\t\t\n\t<span class=\"price\"><span class=\"woocommerce-Price-amount amount\"><bdi><span class=\"woocommerce-Price-currencySymbol\">&#36;<\/span>30.000<\/bdi><\/span><\/span>\n\n\t\t\t\t\t<\/div>\n\n\t\t\n\t\t\n\t\t\n\t\t\n\t\t<div class=\"wd-product-footer\">\n\t\t\t<div class=\"wd-add-btn wd-add-btn-replace\">\n\t\t\t\t<a href=\"\/index.php?rest_route=%2Fwp%2Fv2%2Fpages%2F62&#038;add-to-cart=2614\"  data-quantity=\"1\" class=\"button product_type_simple add_to_cart_button ajax_add_to_cart add-to-cart-loop\" data-product_id=\"2614\" data-product_sku=\"COJIN-POMPOM-BLANCO-LN-N\" aria-label=\"A\u00f1adir al carrito: &ldquo;Coj\u00edn 100% algod\u00f3n blanco con l\u00edneas y pomp\u00f3n negro&rdquo;\" rel=\"nofollow\" data-success_message=\"\u00abCoj\u00edn 100% algod\u00f3n blanco con l\u00edneas y pomp\u00f3n negro\u00bb se ha a\u00f1adido a tu carrito\" role=\"button\"><span class=\"wd-action-icon\"><span class=\"wd-check-icon\"><\/span><\/span><span class=\"wd-action-text\">A\u00f1adir al carrito<\/span><\/a>\t\t\t<\/div>\n\n\t\t\t\t\t<\/div>\n\t<\/div>\n<\/div>\n<\/div>\n\t\t\t\t\t<\/div>\n\t\t\t\t<div class=\"wd-carousel-item\">\n\t\t\t\t\t\t\t\t\t\t\t<div class=\"wd-product wd-hover-buttons-on-hover product-grid-item product type-product post-2601 status-publish instock product_cat-cojines product_tag-cojin-cyber-days product_tag-cojin-de-algodon product_tag-cojin-de-pompones product_tag-cojin-m product_tag-cojin-pompom product_tag-cojines-cyber-days product_tag-cojines-deco product_tag-invierno product_tag-mantas-y-cojines has-post-thumbnail purchasable product-type-simple\" data-loop=\"5\" data-id=\"2601\">\n\t\n<div class=\"wd-product-wrapper product-wrapper\">\n\t<div class=\"wd-product-thumb product-element-top wd-quick-shop\">\n\t\t<a href=\"https:\/\/new.madeinmarruecos.cl\/?product=cojin-100-algodon-blanco-lineas-negras-pompon-mostaza\" class=\"wd-product-img-link product-image-link\" tabindex=\"-1\" aria-label=\"Coj\u00edn 100% algod\u00f3n blanco l\u00edneas negras pomp\u00f3n mostaza\">\n\t\t\t<img loading=\"lazy\" decoding=\"async\" width=\"300\" height=\"300\" src=\"https:\/\/new.madeinmarruecos.cl\/wp-content\/uploads\/2026\/06\/cojin-de-algodon-blanco-con-lineas-negras-y-pompones-en-color-mostaza-1-300x300.jpg\" class=\"attachment-medium size-medium\" alt=\"cojin-de-algodon-blanco-con-lineas-negras-y-pompones-en-color-mostaza-1 cojin-de-algodon-blanco-con-lineas-negras-y-pompones-en-color-mostaza-2 cojin-de-algodon-blanco-con-lineas-negras-y-pompones-en-color-mostaza-3\" srcset=\"https:\/\/new.madeinmarruecos.cl\/wp-content\/uploads\/2026\/06\/cojin-de-algodon-blanco-con-lineas-negras-y-pompones-en-color-mostaza-1-300x300.jpg 300w, https:\/\/new.madeinmarruecos.cl\/wp-content\/uploads\/2026\/06\/cojin-de-algodon-blanco-con-lineas-negras-y-pompones-en-color-mostaza-1-1024x1024.jpg 1024w, https:\/\/new.madeinmarruecos.cl\/wp-content\/uploads\/2026\/06\/cojin-de-algodon-blanco-con-lineas-negras-y-pompones-en-color-mostaza-1-150x150.jpg 150w, https:\/\/new.madeinmarruecos.cl\/wp-content\/uploads\/2026\/06\/cojin-de-algodon-blanco-con-lineas-negras-y-pompones-en-color-mostaza-1-768x768.jpg 768w, https:\/\/new.madeinmarruecos.cl\/wp-content\/uploads\/2026\/06\/cojin-de-algodon-blanco-con-lineas-negras-y-pompones-en-color-mostaza-1-600x600.jpg 600w, https:\/\/new.madeinmarruecos.cl\/wp-content\/uploads\/2026\/06\/cojin-de-algodon-blanco-con-lineas-negras-y-pompones-en-color-mostaza-1-1200x1200.jpg 1200w, https:\/\/new.madeinmarruecos.cl\/wp-content\/uploads\/2026\/06\/cojin-de-algodon-blanco-con-lineas-negras-y-pompones-en-color-mostaza-1.jpg 1500w\" sizes=\"auto, (max-width: 300px) 100vw, 300px\" \/>\t\t<\/a>\n\n\t\t\t\t\t<div class=\"wd-product-img-hover hover-img\">\n\t\t\t\t<img loading=\"lazy\" decoding=\"async\" width=\"300\" height=\"300\" src=\"https:\/\/new.madeinmarruecos.cl\/wp-content\/uploads\/2026\/06\/cojin-de-algodon-blanco-con-lineas-negras-y-pompones-en-color-mostaza-2-300x300.jpg\" class=\"attachment-medium size-medium\" alt=\"\" srcset=\"https:\/\/new.madeinmarruecos.cl\/wp-content\/uploads\/2026\/06\/cojin-de-algodon-blanco-con-lineas-negras-y-pompones-en-color-mostaza-2-300x300.jpg 300w, https:\/\/new.madeinmarruecos.cl\/wp-content\/uploads\/2026\/06\/cojin-de-algodon-blanco-con-lineas-negras-y-pompones-en-color-mostaza-2-1024x1024.jpg 1024w, https:\/\/new.madeinmarruecos.cl\/wp-content\/uploads\/2026\/06\/cojin-de-algodon-blanco-con-lineas-negras-y-pompones-en-color-mostaza-2-150x150.jpg 150w, https:\/\/new.madeinmarruecos.cl\/wp-content\/uploads\/2026\/06\/cojin-de-algodon-blanco-con-lineas-negras-y-pompones-en-color-mostaza-2-768x768.jpg 768w, https:\/\/new.madeinmarruecos.cl\/wp-content\/uploads\/2026\/06\/cojin-de-algodon-blanco-con-lineas-negras-y-pompones-en-color-mostaza-2-600x600.jpg 600w, https:\/\/new.madeinmarruecos.cl\/wp-content\/uploads\/2026\/06\/cojin-de-algodon-blanco-con-lineas-negras-y-pompones-en-color-mostaza-2-1200x1200.jpg 1200w, https:\/\/new.madeinmarruecos.cl\/wp-content\/uploads\/2026\/06\/cojin-de-algodon-blanco-con-lineas-negras-y-pompones-en-color-mostaza-2.jpg 1500w\" sizes=\"auto, (max-width: 300px) 100vw, 300px\" \/>\t\t\t<\/div>\n\t\t\t\n\t\t<div class=\"wd-buttons wd-pos-r-t\">\n\t\t\t\t\t\t<div class=\"wd-wishlist-btn wd-action-btn wd-style-icon wd-wishlist-icon\">\n\t\t\t\t<a class=\"\" href=\"https:\/\/new.madeinmarruecos.cl\/?page_id=76\" data-key=\"1ca7a93047\" data-product-id=\"2601\" rel=\"nofollow\">\n\t\t\t\t\t<span class=\"wd-action-icon\">\n\t\t\t\t\t\t<span class=\"wd-check-icon\"><\/span>\n\t\t\t\t\t<\/span>\n\t\t\t\t\t<span class=\"wd-action-text\">A\u00f1adir a la lista de deseos<\/span>\n\t\t\t\t<\/a>\n\t\t\t<\/div>\n\t\t\t\t<\/div>\n\t<\/div>\n\n\t<div class=\"product-element-bottom\">\n\n\t\t<div class=\"wd-product-header\">\n\t\t\t<h3 class=\"wd-entities-title\"><a href=\"https:\/\/new.madeinmarruecos.cl\/?product=cojin-100-algodon-blanco-lineas-negras-pompon-mostaza\">Coj\u00edn 100% algod\u00f3n blanco l\u00edneas negras pomp\u00f3n mostaza<\/a><\/h3>\n\t\t\t\t\t<\/div>\n\n\t\t\t\t<div class=\"wd-product-cats\">\n\t\t\t\t\t\t<a href=\"https:\/\/new.madeinmarruecos.cl\/?product_cat=cojines\" rel=\"tag\">Cojines<\/a>\t\t<\/div>\n\t\t\n\t\t\n\t\t<div class=\"wrap-price\">\n\t\t\t\n\t<span class=\"price\"><span class=\"woocommerce-Price-amount amount\"><bdi><span class=\"woocommerce-Price-currencySymbol\">&#36;<\/span>30.000<\/bdi><\/span><\/span>\n\n\t\t\t\t\t<\/div>\n\n\t\t\n\t\t\n\t\t\n\t\t\n\t\t<div class=\"wd-product-footer\">\n\t\t\t<div class=\"wd-add-btn wd-add-btn-replace\">\n\t\t\t\t<a href=\"\/index.php?rest_route=%2Fwp%2Fv2%2Fpages%2F62&#038;add-to-cart=2601\"  data-quantity=\"1\" class=\"button product_type_simple add_to_cart_button ajax_add_to_cart add-to-cart-loop\" data-product_id=\"2601\" data-product_sku=\"COJIN-BLANCO-LN-POMPOM-MOSTAZA\" aria-label=\"A\u00f1adir al carrito: &ldquo;Coj\u00edn 100% algod\u00f3n blanco l\u00edneas negras pomp\u00f3n mostaza&rdquo;\" rel=\"nofollow\" data-success_message=\"\u00abCoj\u00edn 100% algod\u00f3n blanco l\u00edneas negras pomp\u00f3n mostaza\u00bb se ha a\u00f1adido a tu carrito\" role=\"button\"><span class=\"wd-action-icon\"><span class=\"wd-check-icon\"><\/span><\/span><span class=\"wd-action-text\">A\u00f1adir al carrito<\/span><\/a>\t\t\t<\/div>\n\n\t\t\t\t\t<\/div>\n\t<\/div>\n<\/div>\n<\/div>\n\t\t\t\t\t<\/div>\n\t\t\t\t<div class=\"wd-carousel-item\">\n\t\t\t\t\t\t\t\t\t\t\t<div class=\"wd-product wd-hover-buttons-on-hover product-grid-item product type-product post-2102 status-publish instock product_cat-cojines product_tag-almohada product_tag-beni-ourain product_tag-blanco product_tag-cojin-cyber-days product_tag-cojin-m product_tag-cojines-cyber-days product_tag-cojines-deco product_tag-invierno product_tag-mantas-y-cojines has-post-thumbnail purchasable product-type-simple\" data-loop=\"6\" data-id=\"2102\">\n\t\n<div class=\"wd-product-wrapper product-wrapper\">\n\t<div class=\"wd-product-thumb product-element-top wd-quick-shop\">\n\t\t<a href=\"https:\/\/new.madeinmarruecos.cl\/?product=cojin-100-lana-calentito-con-rombos-blanco-y-negro-50x50cm\" class=\"wd-product-img-link product-image-link\" tabindex=\"-1\" aria-label=\"Coj\u00edn 100% lana Calentito con rombos Blanco y Negro 50x50cm\">\n\t\t\t<img loading=\"lazy\" decoding=\"async\" width=\"300\" height=\"300\" src=\"https:\/\/new.madeinmarruecos.cl\/wp-content\/uploads\/2026\/06\/cojin-hecho-de-alfombra-de-lana-beniourain-con-pompones-1-300x300.jpg\" class=\"attachment-medium size-medium\" alt=\"cojin-hecho-de-alfombra-de-lana-beniourain-con-pompones-1 cojin-hecho-de-alfombra-de-lana-beniourain-con-pompones-2 cojin-hecho-de-alfombra-de-lana-beniourain-con-pompones-3 cojin-hecho-de-alfombra-de-lana-beniourain-con-pompones-4 \u25b7 Coj\u00edn de LANA con Rombos : Color Blanco y Negro Made in Marruecos \u25b7 Coj\u00edn de LANA con Rombos : Color Blanco y Negro Made in Marruecos\" srcset=\"https:\/\/new.madeinmarruecos.cl\/wp-content\/uploads\/2026\/06\/cojin-hecho-de-alfombra-de-lana-beniourain-con-pompones-1-300x300.jpg 300w, https:\/\/new.madeinmarruecos.cl\/wp-content\/uploads\/2026\/06\/cojin-hecho-de-alfombra-de-lana-beniourain-con-pompones-1-1024x1024.jpg 1024w, https:\/\/new.madeinmarruecos.cl\/wp-content\/uploads\/2026\/06\/cojin-hecho-de-alfombra-de-lana-beniourain-con-pompones-1-150x150.jpg 150w, https:\/\/new.madeinmarruecos.cl\/wp-content\/uploads\/2026\/06\/cojin-hecho-de-alfombra-de-lana-beniourain-con-pompones-1-768x768.jpg 768w, https:\/\/new.madeinmarruecos.cl\/wp-content\/uploads\/2026\/06\/cojin-hecho-de-alfombra-de-lana-beniourain-con-pompones-1-600x600.jpg 600w, https:\/\/new.madeinmarruecos.cl\/wp-content\/uploads\/2026\/06\/cojin-hecho-de-alfombra-de-lana-beniourain-con-pompones-1-1200x1200.jpg 1200w, https:\/\/new.madeinmarruecos.cl\/wp-content\/uploads\/2026\/06\/cojin-hecho-de-alfombra-de-lana-beniourain-con-pompones-1.jpg 1500w\" sizes=\"auto, (max-width: 300px) 100vw, 300px\" \/>\t\t<\/a>\n\n\t\t\t\t\t<div class=\"wd-product-img-hover hover-img\">\n\t\t\t\t<img loading=\"lazy\" decoding=\"async\" width=\"300\" height=\"300\" src=\"https:\/\/new.madeinmarruecos.cl\/wp-content\/uploads\/2026\/06\/cojin-hecho-de-alfombra-de-lana-beniourain-con-pompones-2-300x300.jpg\" class=\"attachment-medium size-medium\" alt=\"\" srcset=\"https:\/\/new.madeinmarruecos.cl\/wp-content\/uploads\/2026\/06\/cojin-hecho-de-alfombra-de-lana-beniourain-con-pompones-2-300x300.jpg 300w, https:\/\/new.madeinmarruecos.cl\/wp-content\/uploads\/2026\/06\/cojin-hecho-de-alfombra-de-lana-beniourain-con-pompones-2-1024x1024.jpg 1024w, https:\/\/new.madeinmarruecos.cl\/wp-content\/uploads\/2026\/06\/cojin-hecho-de-alfombra-de-lana-beniourain-con-pompones-2-150x150.jpg 150w, https:\/\/new.madeinmarruecos.cl\/wp-content\/uploads\/2026\/06\/cojin-hecho-de-alfombra-de-lana-beniourain-con-pompones-2-768x768.jpg 768w, https:\/\/new.madeinmarruecos.cl\/wp-content\/uploads\/2026\/06\/cojin-hecho-de-alfombra-de-lana-beniourain-con-pompones-2-600x600.jpg 600w, https:\/\/new.madeinmarruecos.cl\/wp-content\/uploads\/2026\/06\/cojin-hecho-de-alfombra-de-lana-beniourain-con-pompones-2-1200x1200.jpg 1200w, https:\/\/new.madeinmarruecos.cl\/wp-content\/uploads\/2026\/06\/cojin-hecho-de-alfombra-de-lana-beniourain-con-pompones-2.jpg 1500w\" sizes=\"auto, (max-width: 300px) 100vw, 300px\" \/>\t\t\t<\/div>\n\t\t\t\n\t\t<div class=\"wd-buttons wd-pos-r-t\">\n\t\t\t\t\t\t<div class=\"wd-wishlist-btn wd-action-btn wd-style-icon wd-wishlist-icon\">\n\t\t\t\t<a class=\"\" href=\"https:\/\/new.madeinmarruecos.cl\/?page_id=76\" data-key=\"1ca7a93047\" data-product-id=\"2102\" rel=\"nofollow\">\n\t\t\t\t\t<span class=\"wd-action-icon\">\n\t\t\t\t\t\t<span class=\"wd-check-icon\"><\/span>\n\t\t\t\t\t<\/span>\n\t\t\t\t\t<span class=\"wd-action-text\">A\u00f1adir a la lista de deseos<\/span>\n\t\t\t\t<\/a>\n\t\t\t<\/div>\n\t\t\t\t<\/div>\n\t<\/div>\n\n\t<div class=\"product-element-bottom\">\n\n\t\t<div class=\"wd-product-header\">\n\t\t\t<h3 class=\"wd-entities-title\"><a href=\"https:\/\/new.madeinmarruecos.cl\/?product=cojin-100-lana-calentito-con-rombos-blanco-y-negro-50x50cm\">Coj\u00edn 100% lana Calentito con rombos Blanco y Negro 50x50cm<\/a><\/h3>\n\t\t\t\t\t<\/div>\n\n\t\t\t\t<div class=\"wd-product-cats\">\n\t\t\t\t\t\t<a href=\"https:\/\/new.madeinmarruecos.cl\/?product_cat=cojines\" rel=\"tag\">Cojines<\/a>\t\t<\/div>\n\t\t\n\t\t\n\t\t<div class=\"wrap-price\">\n\t\t\t\n\t<span class=\"price\"><span class=\"woocommerce-Price-amount amount\"><bdi><span class=\"woocommerce-Price-currencySymbol\">&#36;<\/span>49.000<\/bdi><\/span><\/span>\n\n\t\t\t\t\t<\/div>\n\n\t\t\n\t\t\n\t\t\n\t\t\n\t\t<div class=\"wd-product-footer\">\n\t\t\t<div class=\"wd-add-btn wd-add-btn-replace\">\n\t\t\t\t<a href=\"\/index.php?rest_route=%2Fwp%2Fv2%2Fpages%2F62&#038;add-to-cart=2102\"  data-quantity=\"1\" class=\"button product_type_simple add_to_cart_button ajax_add_to_cart add-to-cart-loop\" data-product_id=\"2102\" data-product_sku=\"COJIN-LANA-BENI\" aria-label=\"A\u00f1adir al carrito: &ldquo;Coj\u00edn 100% lana Calentito con rombos Blanco y Negro 50x50cm&rdquo;\" rel=\"nofollow\" data-success_message=\"\u00abCoj\u00edn 100% lana Calentito con rombos Blanco y Negro 50x50cm\u00bb se ha a\u00f1adido a tu carrito\" role=\"button\"><span class=\"wd-action-icon\"><span class=\"wd-check-icon\"><\/span><\/span><span class=\"wd-action-text\">A\u00f1adir al carrito<\/span><\/a>\t\t\t<\/div>\n\n\t\t\t\t\t<\/div>\n\t<\/div>\n<\/div>\n<\/div>\n\t\t\t\t\t<\/div>\n\t\t\t\t<div class=\"wd-carousel-item\">\n\t\t\t\t\t\t\t\t\t\t\t<div class=\"wd-product wd-hover-buttons-on-hover product-grid-item product type-product post-2184 status-publish last instock product_cat-cojines product_tag-cojin-africano product_tag-cojin-cyber-days product_tag-cojin-m product_tag-cojines-cyber-days product_tag-cojines-deco product_tag-mantas-y-cojines has-post-thumbnail purchasable product-type-simple\" data-loop=\"7\" data-id=\"2184\">\n\t\n<div class=\"wd-product-wrapper product-wrapper\">\n\t<div class=\"wd-product-thumb product-element-top wd-quick-shop\">\n\t\t<a href=\"https:\/\/new.madeinmarruecos.cl\/?product=cojin-africano-de-tela-de-barro-color-blanco\" class=\"wd-product-img-link product-image-link\" tabindex=\"-1\" aria-label=\"Cojin Africano de tela de Barro color blanco\">\n\t\t\t<img loading=\"lazy\" decoding=\"async\" width=\"300\" height=\"200\" src=\"https:\/\/new.madeinmarruecos.cl\/wp-content\/uploads\/2026\/06\/cojin-tela-de-barro-africa-blanco-con-patrones-en-negro-2-rotated-1-300x200.jpg\" class=\"attachment-medium size-medium\" alt=\"\" srcset=\"https:\/\/new.madeinmarruecos.cl\/wp-content\/uploads\/2026\/06\/cojin-tela-de-barro-africa-blanco-con-patrones-en-negro-2-rotated-1-300x200.jpg 300w, https:\/\/new.madeinmarruecos.cl\/wp-content\/uploads\/2026\/06\/cojin-tela-de-barro-africa-blanco-con-patrones-en-negro-2-rotated-1-150x100.jpg 150w, https:\/\/new.madeinmarruecos.cl\/wp-content\/uploads\/2026\/06\/cojin-tela-de-barro-africa-blanco-con-patrones-en-negro-2-rotated-1.jpg 666w\" sizes=\"auto, (max-width: 300px) 100vw, 300px\" \/>\t\t<\/a>\n\n\t\t\t\t\t<div class=\"wd-product-img-hover hover-img\">\n\t\t\t\t<img loading=\"lazy\" decoding=\"async\" width=\"300\" height=\"200\" src=\"https:\/\/new.madeinmarruecos.cl\/wp-content\/uploads\/2026\/06\/cojin-tela-de-barro-africa-blanco-con-patrones-en-negro-3-300x200.jpg\" class=\"attachment-medium size-medium\" alt=\"\" srcset=\"https:\/\/new.madeinmarruecos.cl\/wp-content\/uploads\/2026\/06\/cojin-tela-de-barro-africa-blanco-con-patrones-en-negro-3-300x200.jpg 300w, https:\/\/new.madeinmarruecos.cl\/wp-content\/uploads\/2026\/06\/cojin-tela-de-barro-africa-blanco-con-patrones-en-negro-3-768x512.jpg 768w, https:\/\/new.madeinmarruecos.cl\/wp-content\/uploads\/2026\/06\/cojin-tela-de-barro-africa-blanco-con-patrones-en-negro-3-150x100.jpg 150w, https:\/\/new.madeinmarruecos.cl\/wp-content\/uploads\/2026\/06\/cojin-tela-de-barro-africa-blanco-con-patrones-en-negro-3.jpg 999w\" sizes=\"auto, (max-width: 300px) 100vw, 300px\" \/>\t\t\t<\/div>\n\t\t\t\n\t\t<div class=\"wd-buttons wd-pos-r-t\">\n\t\t\t\t\t\t<div class=\"wd-wishlist-btn wd-action-btn wd-style-icon wd-wishlist-icon\">\n\t\t\t\t<a class=\"\" href=\"https:\/\/new.madeinmarruecos.cl\/?page_id=76\" data-key=\"1ca7a93047\" data-product-id=\"2184\" rel=\"nofollow\">\n\t\t\t\t\t<span class=\"wd-action-icon\">\n\t\t\t\t\t\t<span class=\"wd-check-icon\"><\/span>\n\t\t\t\t\t<\/span>\n\t\t\t\t\t<span class=\"wd-action-text\">A\u00f1adir a la lista de deseos<\/span>\n\t\t\t\t<\/a>\n\t\t\t<\/div>\n\t\t\t\t<\/div>\n\t<\/div>\n\n\t<div class=\"product-element-bottom\">\n\n\t\t<div class=\"wd-product-header\">\n\t\t\t<h3 class=\"wd-entities-title\"><a href=\"https:\/\/new.madeinmarruecos.cl\/?product=cojin-africano-de-tela-de-barro-color-blanco\">Cojin Africano de tela de Barro color blanco<\/a><\/h3>\n\t\t\t\t\t<\/div>\n\n\t\t\t\t<div class=\"wd-product-cats\">\n\t\t\t\t\t\t<a href=\"https:\/\/new.madeinmarruecos.cl\/?product_cat=cojines\" rel=\"tag\">Cojines<\/a>\t\t<\/div>\n\t\t\n\t\t\n\t\t<div class=\"wrap-price\">\n\t\t\t\n\t<span class=\"price\"><span class=\"woocommerce-Price-amount amount\"><bdi><span class=\"woocommerce-Price-currencySymbol\">&#36;<\/span>25.000<\/bdi><\/span><\/span>\n\n\t\t\t\t\t<\/div>\n\n\t\t\n\t\t\n\t\t\n\t\t\n\t\t<div class=\"wd-product-footer\">\n\t\t\t<div class=\"wd-add-btn wd-add-btn-replace\">\n\t\t\t\t<a href=\"\/index.php?rest_route=%2Fwp%2Fv2%2Fpages%2F62&#038;add-to-cart=2184\"  data-quantity=\"1\" class=\"button product_type_simple add_to_cart_button ajax_add_to_cart add-to-cart-loop\" data-product_id=\"2184\" data-product_sku=\"COJIN-AFRICA-MARRON-1\" aria-label=\"A\u00f1adir al carrito: &ldquo;Cojin Africano de tela de Barro color blanco&rdquo;\" rel=\"nofollow\" data-success_message=\"\u00abCojin Africano de tela de Barro color blanco\u00bb se ha a\u00f1adido a tu carrito\" role=\"button\"><span class=\"wd-action-icon\"><span class=\"wd-check-icon\"><\/span><\/span><span class=\"wd-action-text\">A\u00f1adir al carrito<\/span><\/a>\t\t\t<\/div>\n\n\t\t\t\t\t<\/div>\n\t<\/div>\n<\/div>\n<\/div>\n\t\t\t\t\t<\/div>\n\t\t\t\t<div class=\"wd-carousel-item\">\n\t\t\t\t\t\t\t\t\t\t\t<div class=\"wd-product wd-hover-buttons-on-hover product-grid-item product type-product post-2183 status-publish first instock product_cat-cojines product_tag-cojin-africano product_tag-cojin-cyber-days product_tag-cojin-m product_tag-cojines-cyber-days product_tag-cojines-deco product_tag-mantas-y-cojines product_tag-negro has-post-thumbnail purchasable product-type-simple\" data-loop=\"8\" data-id=\"2183\">\n\t\n<div class=\"wd-product-wrapper product-wrapper\">\n\t<div class=\"wd-product-thumb product-element-top wd-quick-shop\">\n\t\t<a href=\"https:\/\/new.madeinmarruecos.cl\/?product=cojin-africano-de-tela-de-barro-color-marron\" class=\"wd-product-img-link product-image-link\" tabindex=\"-1\" aria-label=\"Cojin Africano de tela de Barro color marr\u00f3n\">\n\t\t\t<img loading=\"lazy\" decoding=\"async\" width=\"300\" height=\"200\" src=\"https:\/\/new.madeinmarruecos.cl\/wp-content\/uploads\/2026\/06\/cojin-tela-de-barro-africa-marron-con-patrones-en-blanco-3-300x200.jpg\" class=\"attachment-medium size-medium\" alt=\"\" srcset=\"https:\/\/new.madeinmarruecos.cl\/wp-content\/uploads\/2026\/06\/cojin-tela-de-barro-africa-marron-con-patrones-en-blanco-3-300x200.jpg 300w, https:\/\/new.madeinmarruecos.cl\/wp-content\/uploads\/2026\/06\/cojin-tela-de-barro-africa-marron-con-patrones-en-blanco-3-768x512.jpg 768w, https:\/\/new.madeinmarruecos.cl\/wp-content\/uploads\/2026\/06\/cojin-tela-de-barro-africa-marron-con-patrones-en-blanco-3-150x100.jpg 150w, https:\/\/new.madeinmarruecos.cl\/wp-content\/uploads\/2026\/06\/cojin-tela-de-barro-africa-marron-con-patrones-en-blanco-3.jpg 999w\" sizes=\"auto, (max-width: 300px) 100vw, 300px\" \/>\t\t<\/a>\n\n\t\t\t\t\t<div class=\"wd-product-img-hover hover-img\">\n\t\t\t\t<img loading=\"lazy\" decoding=\"async\" width=\"300\" height=\"200\" src=\"https:\/\/new.madeinmarruecos.cl\/wp-content\/uploads\/2026\/06\/cojin-tela-de-barro-africa-marron-con-patrones-en-blanco-2-300x200.jpg\" class=\"attachment-medium size-medium\" alt=\"\" srcset=\"https:\/\/new.madeinmarruecos.cl\/wp-content\/uploads\/2026\/06\/cojin-tela-de-barro-africa-marron-con-patrones-en-blanco-2-300x200.jpg 300w, https:\/\/new.madeinmarruecos.cl\/wp-content\/uploads\/2026\/06\/cojin-tela-de-barro-africa-marron-con-patrones-en-blanco-2-768x512.jpg 768w, https:\/\/new.madeinmarruecos.cl\/wp-content\/uploads\/2026\/06\/cojin-tela-de-barro-africa-marron-con-patrones-en-blanco-2-150x100.jpg 150w, https:\/\/new.madeinmarruecos.cl\/wp-content\/uploads\/2026\/06\/cojin-tela-de-barro-africa-marron-con-patrones-en-blanco-2.jpg 999w\" sizes=\"auto, (max-width: 300px) 100vw, 300px\" \/>\t\t\t<\/div>\n\t\t\t\n\t\t<div class=\"wd-buttons wd-pos-r-t\">\n\t\t\t\t\t\t<div class=\"wd-wishlist-btn wd-action-btn wd-style-icon wd-wishlist-icon\">\n\t\t\t\t<a class=\"\" href=\"https:\/\/new.madeinmarruecos.cl\/?page_id=76\" data-key=\"1ca7a93047\" data-product-id=\"2183\" rel=\"nofollow\">\n\t\t\t\t\t<span class=\"wd-action-icon\">\n\t\t\t\t\t\t<span class=\"wd-check-icon\"><\/span>\n\t\t\t\t\t<\/span>\n\t\t\t\t\t<span class=\"wd-action-text\">A\u00f1adir a la lista de deseos<\/span>\n\t\t\t\t<\/a>\n\t\t\t<\/div>\n\t\t\t\t<\/div>\n\t<\/div>\n\n\t<div class=\"product-element-bottom\">\n\n\t\t<div class=\"wd-product-header\">\n\t\t\t<h3 class=\"wd-entities-title\"><a href=\"https:\/\/new.madeinmarruecos.cl\/?product=cojin-africano-de-tela-de-barro-color-marron\">Cojin Africano de tela de Barro color marr\u00f3n<\/a><\/h3>\n\t\t\t\t\t<\/div>\n\n\t\t\t\t<div class=\"wd-product-cats\">\n\t\t\t\t\t\t<a href=\"https:\/\/new.madeinmarruecos.cl\/?product_cat=cojines\" rel=\"tag\">Cojines<\/a>\t\t<\/div>\n\t\t\n\t\t\n\t\t<div class=\"wrap-price\">\n\t\t\t\n\t<span class=\"price\"><span class=\"woocommerce-Price-amount amount\"><bdi><span class=\"woocommerce-Price-currencySymbol\">&#36;<\/span>25.000<\/bdi><\/span><\/span>\n\n\t\t\t\t\t<\/div>\n\n\t\t\n\t\t\n\t\t\n\t\t\n\t\t<div class=\"wd-product-footer\">\n\t\t\t<div class=\"wd-add-btn wd-add-btn-replace\">\n\t\t\t\t<a href=\"\/index.php?rest_route=%2Fwp%2Fv2%2Fpages%2F62&#038;add-to-cart=2183\"  data-quantity=\"1\" class=\"button product_type_simple add_to_cart_button ajax_add_to_cart add-to-cart-loop\" data-product_id=\"2183\" data-product_sku=\"COJIN-AFRICA-MARRON\" aria-label=\"A\u00f1adir al carrito: &ldquo;Cojin Africano de tela de Barro color marr\u00f3n&rdquo;\" rel=\"nofollow\" data-success_message=\"\u00abCojin Africano de tela de Barro color marr\u00f3n\u00bb se ha a\u00f1adido a tu carrito\" role=\"button\"><span class=\"wd-action-icon\"><span class=\"wd-check-icon\"><\/span><\/span><span class=\"wd-action-text\">A\u00f1adir al carrito<\/span><\/a>\t\t\t<\/div>\n\n\t\t\t\t\t<\/div>\n\t<\/div>\n<\/div>\n<\/div>\n\t\t\t\t\t<\/div>\n\t\t\t\t<div class=\"wd-carousel-item\">\n\t\t\t\t\t\t\t\t\t\t\t<div class=\"wd-product wd-hover-buttons-on-hover product-grid-item product type-product post-2606 status-publish instock product_cat-cojines product_tag-cojin-cyber-days product_tag-cojin-de-algodon product_tag-cojin-de-pompones product_tag-cojin-m product_tag-cojin-pompom product_tag-cojines-cyber-days product_tag-cojines-deco product_tag-invierno product_tag-mantas-y-cojines has-post-thumbnail purchasable product-type-simple\" data-loop=\"9\" data-id=\"2606\">\n\t\n<div class=\"wd-product-wrapper product-wrapper\">\n\t<div class=\"wd-product-thumb product-element-top wd-quick-shop\">\n\t\t<a href=\"https:\/\/new.madeinmarruecos.cl\/?product=cojin-de-algodon-amarillo-pompon\" class=\"wd-product-img-link product-image-link\" tabindex=\"-1\" aria-label=\"Coj\u00edn de algod\u00f3n amarillo pomp\u00f3n\">\n\t\t\t<img loading=\"lazy\" decoding=\"async\" width=\"300\" height=\"300\" src=\"https:\/\/new.madeinmarruecos.cl\/wp-content\/uploads\/2026\/06\/cojin-de-algodon-amarillo-con-pompones-amarillos-3-300x300.jpg\" class=\"attachment-medium size-medium\" alt=\"cojin-de-algodon-amarillo--con-pompones-amarillos-3 cojin-de-algodon-amarillo--con-pompones-amarillos-2 cojin-de-algodon-amarillo--con-pompones-amarillos-1\" srcset=\"https:\/\/new.madeinmarruecos.cl\/wp-content\/uploads\/2026\/06\/cojin-de-algodon-amarillo-con-pompones-amarillos-3-300x300.jpg 300w, https:\/\/new.madeinmarruecos.cl\/wp-content\/uploads\/2026\/06\/cojin-de-algodon-amarillo-con-pompones-amarillos-3-1024x1024.jpg 1024w, https:\/\/new.madeinmarruecos.cl\/wp-content\/uploads\/2026\/06\/cojin-de-algodon-amarillo-con-pompones-amarillos-3-150x150.jpg 150w, https:\/\/new.madeinmarruecos.cl\/wp-content\/uploads\/2026\/06\/cojin-de-algodon-amarillo-con-pompones-amarillos-3-768x768.jpg 768w, https:\/\/new.madeinmarruecos.cl\/wp-content\/uploads\/2026\/06\/cojin-de-algodon-amarillo-con-pompones-amarillos-3-600x600.jpg 600w, https:\/\/new.madeinmarruecos.cl\/wp-content\/uploads\/2026\/06\/cojin-de-algodon-amarillo-con-pompones-amarillos-3-1200x1200.jpg 1200w, https:\/\/new.madeinmarruecos.cl\/wp-content\/uploads\/2026\/06\/cojin-de-algodon-amarillo-con-pompones-amarillos-3.jpg 1500w\" sizes=\"auto, (max-width: 300px) 100vw, 300px\" \/>\t\t<\/a>\n\n\t\t\t\t\t<div class=\"wd-product-img-hover hover-img\">\n\t\t\t\t<img loading=\"lazy\" decoding=\"async\" width=\"300\" height=\"300\" src=\"https:\/\/new.madeinmarruecos.cl\/wp-content\/uploads\/2026\/06\/cojin-de-algodon-amarillo-con-pompones-amarillos-2-300x300.jpg\" class=\"attachment-medium size-medium\" alt=\"\" srcset=\"https:\/\/new.madeinmarruecos.cl\/wp-content\/uploads\/2026\/06\/cojin-de-algodon-amarillo-con-pompones-amarillos-2-300x300.jpg 300w, https:\/\/new.madeinmarruecos.cl\/wp-content\/uploads\/2026\/06\/cojin-de-algodon-amarillo-con-pompones-amarillos-2-1024x1024.jpg 1024w, https:\/\/new.madeinmarruecos.cl\/wp-content\/uploads\/2026\/06\/cojin-de-algodon-amarillo-con-pompones-amarillos-2-150x150.jpg 150w, https:\/\/new.madeinmarruecos.cl\/wp-content\/uploads\/2026\/06\/cojin-de-algodon-amarillo-con-pompones-amarillos-2-768x768.jpg 768w, https:\/\/new.madeinmarruecos.cl\/wp-content\/uploads\/2026\/06\/cojin-de-algodon-amarillo-con-pompones-amarillos-2-600x600.jpg 600w, https:\/\/new.madeinmarruecos.cl\/wp-content\/uploads\/2026\/06\/cojin-de-algodon-amarillo-con-pompones-amarillos-2-1200x1200.jpg 1200w, https:\/\/new.madeinmarruecos.cl\/wp-content\/uploads\/2026\/06\/cojin-de-algodon-amarillo-con-pompones-amarillos-2.jpg 1500w\" sizes=\"auto, (max-width: 300px) 100vw, 300px\" \/>\t\t\t<\/div>\n\t\t\t\n\t\t<div class=\"wd-buttons wd-pos-r-t\">\n\t\t\t\t\t\t<div class=\"wd-wishlist-btn wd-action-btn wd-style-icon wd-wishlist-icon\">\n\t\t\t\t<a class=\"\" href=\"https:\/\/new.madeinmarruecos.cl\/?page_id=76\" data-key=\"1ca7a93047\" data-product-id=\"2606\" rel=\"nofollow\">\n\t\t\t\t\t<span class=\"wd-action-icon\">\n\t\t\t\t\t\t<span class=\"wd-check-icon\"><\/span>\n\t\t\t\t\t<\/span>\n\t\t\t\t\t<span class=\"wd-action-text\">A\u00f1adir a la lista de deseos<\/span>\n\t\t\t\t<\/a>\n\t\t\t<\/div>\n\t\t\t\t<\/div>\n\t<\/div>\n\n\t<div class=\"product-element-bottom\">\n\n\t\t<div class=\"wd-product-header\">\n\t\t\t<h3 class=\"wd-entities-title\"><a href=\"https:\/\/new.madeinmarruecos.cl\/?product=cojin-de-algodon-amarillo-pompon\">Coj\u00edn de algod\u00f3n amarillo pomp\u00f3n<\/a><\/h3>\n\t\t\t\t\t<\/div>\n\n\t\t\t\t<div class=\"wd-product-cats\">\n\t\t\t\t\t\t<a href=\"https:\/\/new.madeinmarruecos.cl\/?product_cat=cojines\" rel=\"tag\">Cojines<\/a>\t\t<\/div>\n\t\t\n\t\t\n\t\t<div class=\"wrap-price\">\n\t\t\t\n\t<span class=\"price\"><span class=\"woocommerce-Price-amount amount\"><bdi><span class=\"woocommerce-Price-currencySymbol\">&#36;<\/span>30.000<\/bdi><\/span><\/span>\n\n\t\t\t\t\t<\/div>\n\n\t\t\n\t\t\n\t\t\n\t\t\n\t\t<div class=\"wd-product-footer\">\n\t\t\t<div class=\"wd-add-btn wd-add-btn-replace\">\n\t\t\t\t<a href=\"\/index.php?rest_route=%2Fwp%2Fv2%2Fpages%2F62&#038;add-to-cart=2606\"  data-quantity=\"1\" class=\"button product_type_simple add_to_cart_button ajax_add_to_cart add-to-cart-loop\" data-product_id=\"2606\" data-product_sku=\"COJIN-POMPOM-AMARILLO\" aria-label=\"A\u00f1adir al carrito: &ldquo;Coj\u00edn de algod\u00f3n amarillo pomp\u00f3n&rdquo;\" rel=\"nofollow\" data-success_message=\"\u00abCoj\u00edn de algod\u00f3n amarillo pomp\u00f3n\u00bb se ha a\u00f1adido a tu carrito\" role=\"button\"><span class=\"wd-action-icon\"><span class=\"wd-check-icon\"><\/span><\/span><span class=\"wd-action-text\">A\u00f1adir al carrito<\/span><\/a>\t\t\t<\/div>\n\n\t\t\t\t\t<\/div>\n\t<\/div>\n<\/div>\n<\/div>\n\t\t\t\t\t<\/div>\n\t\t\t\t<div class=\"wd-carousel-item\">\n\t\t\t\t\t\t\t\t\t\t\t<div class=\"wd-product wd-hover-buttons-on-hover product-grid-item product type-product post-2599 status-publish instock product_cat-cojines product_tag-cojin-cyber-days product_tag-cojin-de-algodon product_tag-cojin-de-pompones product_tag-cojin-m product_tag-cojin-pompom product_tag-cojines-cyber-days product_tag-cojines-deco product_tag-invierno product_tag-mantas-y-cojines has-post-thumbnail purchasable product-type-simple\" data-loop=\"10\" data-id=\"2599\">\n\t\n<div class=\"wd-product-wrapper product-wrapper\">\n\t<div class=\"wd-product-thumb product-element-top wd-quick-shop\">\n\t\t<a href=\"https:\/\/new.madeinmarruecos.cl\/?product=cojin-de-algodon-anaranjado-lineas-y-pompon-blanco\" class=\"wd-product-img-link product-image-link\" tabindex=\"-1\" aria-label=\"Coj\u00edn de algod\u00f3n anaranjado l\u00edneas y pomp\u00f3n blanco\">\n\t\t\t<img loading=\"lazy\" decoding=\"async\" width=\"300\" height=\"300\" src=\"https:\/\/new.madeinmarruecos.cl\/wp-content\/uploads\/2026\/06\/cojin-de-algodon-anaranjado-con-lineas-y-pompones-blancos-3-300x300.jpg\" class=\"attachment-medium size-medium\" alt=\"cojin-de-algodon-anaranjado-con-lineas-y-pompones-blancos-3 cojin-de-algodon-anaranjado-con-lineas-y-pompones-blancos-2 cojin-de-algodon-anaranjado-con-lineas-y-pompones-blancos-1\" srcset=\"https:\/\/new.madeinmarruecos.cl\/wp-content\/uploads\/2026\/06\/cojin-de-algodon-anaranjado-con-lineas-y-pompones-blancos-3-300x300.jpg 300w, https:\/\/new.madeinmarruecos.cl\/wp-content\/uploads\/2026\/06\/cojin-de-algodon-anaranjado-con-lineas-y-pompones-blancos-3-1024x1024.jpg 1024w, https:\/\/new.madeinmarruecos.cl\/wp-content\/uploads\/2026\/06\/cojin-de-algodon-anaranjado-con-lineas-y-pompones-blancos-3-150x150.jpg 150w, https:\/\/new.madeinmarruecos.cl\/wp-content\/uploads\/2026\/06\/cojin-de-algodon-anaranjado-con-lineas-y-pompones-blancos-3-768x768.jpg 768w, https:\/\/new.madeinmarruecos.cl\/wp-content\/uploads\/2026\/06\/cojin-de-algodon-anaranjado-con-lineas-y-pompones-blancos-3-600x600.jpg 600w, https:\/\/new.madeinmarruecos.cl\/wp-content\/uploads\/2026\/06\/cojin-de-algodon-anaranjado-con-lineas-y-pompones-blancos-3-1200x1200.jpg 1200w, https:\/\/new.madeinmarruecos.cl\/wp-content\/uploads\/2026\/06\/cojin-de-algodon-anaranjado-con-lineas-y-pompones-blancos-3.jpg 1500w\" sizes=\"auto, (max-width: 300px) 100vw, 300px\" \/>\t\t<\/a>\n\n\t\t\t\t\t<div class=\"wd-product-img-hover hover-img\">\n\t\t\t\t<img loading=\"lazy\" decoding=\"async\" width=\"300\" height=\"300\" src=\"https:\/\/new.madeinmarruecos.cl\/wp-content\/uploads\/2026\/06\/cojin-de-algodon-anaranjado-con-lineas-y-pompones-blancos-2-300x300.jpg\" class=\"attachment-medium size-medium\" alt=\"\" srcset=\"https:\/\/new.madeinmarruecos.cl\/wp-content\/uploads\/2026\/06\/cojin-de-algodon-anaranjado-con-lineas-y-pompones-blancos-2-300x300.jpg 300w, https:\/\/new.madeinmarruecos.cl\/wp-content\/uploads\/2026\/06\/cojin-de-algodon-anaranjado-con-lineas-y-pompones-blancos-2-1024x1024.jpg 1024w, https:\/\/new.madeinmarruecos.cl\/wp-content\/uploads\/2026\/06\/cojin-de-algodon-anaranjado-con-lineas-y-pompones-blancos-2-150x150.jpg 150w, https:\/\/new.madeinmarruecos.cl\/wp-content\/uploads\/2026\/06\/cojin-de-algodon-anaranjado-con-lineas-y-pompones-blancos-2-768x768.jpg 768w, https:\/\/new.madeinmarruecos.cl\/wp-content\/uploads\/2026\/06\/cojin-de-algodon-anaranjado-con-lineas-y-pompones-blancos-2-600x600.jpg 600w, https:\/\/new.madeinmarruecos.cl\/wp-content\/uploads\/2026\/06\/cojin-de-algodon-anaranjado-con-lineas-y-pompones-blancos-2-1200x1200.jpg 1200w, https:\/\/new.madeinmarruecos.cl\/wp-content\/uploads\/2026\/06\/cojin-de-algodon-anaranjado-con-lineas-y-pompones-blancos-2.jpg 1500w\" sizes=\"auto, (max-width: 300px) 100vw, 300px\" \/>\t\t\t<\/div>\n\t\t\t\n\t\t<div class=\"wd-buttons wd-pos-r-t\">\n\t\t\t\t\t\t<div class=\"wd-wishlist-btn wd-action-btn wd-style-icon wd-wishlist-icon\">\n\t\t\t\t<a class=\"\" href=\"https:\/\/new.madeinmarruecos.cl\/?page_id=76\" data-key=\"1ca7a93047\" data-product-id=\"2599\" rel=\"nofollow\">\n\t\t\t\t\t<span class=\"wd-action-icon\">\n\t\t\t\t\t\t<span class=\"wd-check-icon\"><\/span>\n\t\t\t\t\t<\/span>\n\t\t\t\t\t<span class=\"wd-action-text\">A\u00f1adir a la lista de deseos<\/span>\n\t\t\t\t<\/a>\n\t\t\t<\/div>\n\t\t\t\t<\/div>\n\t<\/div>\n\n\t<div class=\"product-element-bottom\">\n\n\t\t<div class=\"wd-product-header\">\n\t\t\t<h3 class=\"wd-entities-title\"><a href=\"https:\/\/new.madeinmarruecos.cl\/?product=cojin-de-algodon-anaranjado-lineas-y-pompon-blanco\">Coj\u00edn de algod\u00f3n anaranjado l\u00edneas y pomp\u00f3n blanco<\/a><\/h3>\n\t\t\t\t\t<\/div>\n\n\t\t\t\t<div class=\"wd-product-cats\">\n\t\t\t\t\t\t<a href=\"https:\/\/new.madeinmarruecos.cl\/?product_cat=cojines\" rel=\"tag\">Cojines<\/a>\t\t<\/div>\n\t\t\n\t\t\n\t\t<div class=\"wrap-price\">\n\t\t\t\n\t<span class=\"price\"><span class=\"woocommerce-Price-amount amount\"><bdi><span class=\"woocommerce-Price-currencySymbol\">&#36;<\/span>30.000<\/bdi><\/span><\/span>\n\n\t\t\t\t\t<\/div>\n\n\t\t\n\t\t\n\t\t\n\t\t\n\t\t<div class=\"wd-product-footer\">\n\t\t\t<div class=\"wd-add-btn wd-add-btn-replace\">\n\t\t\t\t<a href=\"\/index.php?rest_route=%2Fwp%2Fv2%2Fpages%2F62&#038;add-to-cart=2599\"  data-quantity=\"1\" class=\"button product_type_simple add_to_cart_button ajax_add_to_cart add-to-cart-loop\" data-product_id=\"2599\" data-product_sku=\"COJIN-ANARANJADO-POMPOM\" aria-label=\"A\u00f1adir al carrito: &ldquo;Coj\u00edn de algod\u00f3n anaranjado l\u00edneas y pomp\u00f3n blanco&rdquo;\" rel=\"nofollow\" data-success_message=\"\u00abCoj\u00edn de algod\u00f3n anaranjado l\u00edneas y pomp\u00f3n blanco\u00bb se ha a\u00f1adido a tu carrito\" role=\"button\"><span class=\"wd-action-icon\"><span class=\"wd-check-icon\"><\/span><\/span><span class=\"wd-action-text\">A\u00f1adir al carrito<\/span><\/a>\t\t\t<\/div>\n\n\t\t\t\t\t<\/div>\n\t<\/div>\n<\/div>\n<\/div>\n\t\t\t\t\t<\/div>\n\t\t\t\t<div class=\"wd-carousel-item\">\n\t\t\t\t\t\t\t\t\t\t\t<div class=\"wd-product wd-hover-buttons-on-hover product-grid-item product type-product post-2185 status-publish last instock product_cat-cojines product_tag-cojin-cyber-days product_tag-cojin-de-algodon product_tag-cojin-de-pompones product_tag-cojin-m product_tag-cojin-pompom product_tag-cojines-cyber-days product_tag-cojines-deco product_tag-invierno product_tag-mantas-y-cojines has-post-thumbnail purchasable product-type-simple\" data-loop=\"11\" data-id=\"2185\">\n\t\n<div class=\"wd-product-wrapper product-wrapper\">\n\t<div class=\"wd-product-thumb product-element-top wd-quick-shop\">\n\t\t<a href=\"https:\/\/new.madeinmarruecos.cl\/?product=cojin-de-algodon-azul-y-blanco-con-pompones\" class=\"wd-product-img-link product-image-link\" tabindex=\"-1\" aria-label=\"Coj\u00edn de algod\u00f3n azul y blanco con pompones\">\n\t\t\t<img loading=\"lazy\" decoding=\"async\" width=\"300\" height=\"300\" src=\"https:\/\/new.madeinmarruecos.cl\/wp-content\/uploads\/2026\/06\/cojinde-algodon-azul-y-blanco-con-pompones-blancos-2-300x300.jpg\" class=\"attachment-medium size-medium\" alt=\"cojinde-algodon-azul-y-blanco-con-pompones-blancos-2 cojinde-algodon-azul-y-blanco-con-pompones-blancos-3 cojinde-algodon-azul-y-blanco-con-pompones-blancos-1 cojin grande de lana marroqui blanco con pompones 50x50 cm cojin grande de lana marroqui blanco con pompones 50x50 cm cojin grande de lana marroqui blanco con pompones 50x50 cm cojin grande de lana marroqui blanco con pompones 50x50 cm\" srcset=\"https:\/\/new.madeinmarruecos.cl\/wp-content\/uploads\/2026\/06\/cojinde-algodon-azul-y-blanco-con-pompones-blancos-2-300x300.jpg 300w, https:\/\/new.madeinmarruecos.cl\/wp-content\/uploads\/2026\/06\/cojinde-algodon-azul-y-blanco-con-pompones-blancos-2-1024x1024.jpg 1024w, https:\/\/new.madeinmarruecos.cl\/wp-content\/uploads\/2026\/06\/cojinde-algodon-azul-y-blanco-con-pompones-blancos-2-150x150.jpg 150w, https:\/\/new.madeinmarruecos.cl\/wp-content\/uploads\/2026\/06\/cojinde-algodon-azul-y-blanco-con-pompones-blancos-2-768x768.jpg 768w, https:\/\/new.madeinmarruecos.cl\/wp-content\/uploads\/2026\/06\/cojinde-algodon-azul-y-blanco-con-pompones-blancos-2-600x600.jpg 600w, https:\/\/new.madeinmarruecos.cl\/wp-content\/uploads\/2026\/06\/cojinde-algodon-azul-y-blanco-con-pompones-blancos-2-1200x1200.jpg 1200w, https:\/\/new.madeinmarruecos.cl\/wp-content\/uploads\/2026\/06\/cojinde-algodon-azul-y-blanco-con-pompones-blancos-2.jpg 1500w\" sizes=\"auto, (max-width: 300px) 100vw, 300px\" \/>\t\t<\/a>\n\n\t\t\t\t\t<div class=\"wd-product-img-hover hover-img\">\n\t\t\t\t<img loading=\"lazy\" decoding=\"async\" width=\"300\" height=\"300\" src=\"https:\/\/new.madeinmarruecos.cl\/wp-content\/uploads\/2026\/06\/cojinde-algodon-azul-y-blanco-con-pompones-blancos-3-300x300.jpg\" class=\"attachment-medium size-medium\" alt=\"\" srcset=\"https:\/\/new.madeinmarruecos.cl\/wp-content\/uploads\/2026\/06\/cojinde-algodon-azul-y-blanco-con-pompones-blancos-3-300x300.jpg 300w, https:\/\/new.madeinmarruecos.cl\/wp-content\/uploads\/2026\/06\/cojinde-algodon-azul-y-blanco-con-pompones-blancos-3-1024x1024.jpg 1024w, https:\/\/new.madeinmarruecos.cl\/wp-content\/uploads\/2026\/06\/cojinde-algodon-azul-y-blanco-con-pompones-blancos-3-150x150.jpg 150w, https:\/\/new.madeinmarruecos.cl\/wp-content\/uploads\/2026\/06\/cojinde-algodon-azul-y-blanco-con-pompones-blancos-3-768x768.jpg 768w, https:\/\/new.madeinmarruecos.cl\/wp-content\/uploads\/2026\/06\/cojinde-algodon-azul-y-blanco-con-pompones-blancos-3-600x600.jpg 600w, https:\/\/new.madeinmarruecos.cl\/wp-content\/uploads\/2026\/06\/cojinde-algodon-azul-y-blanco-con-pompones-blancos-3-1200x1200.jpg 1200w, https:\/\/new.madeinmarruecos.cl\/wp-content\/uploads\/2026\/06\/cojinde-algodon-azul-y-blanco-con-pompones-blancos-3.jpg 1500w\" sizes=\"auto, (max-width: 300px) 100vw, 300px\" \/>\t\t\t<\/div>\n\t\t\t\n\t\t<div class=\"wd-buttons wd-pos-r-t\">\n\t\t\t\t\t\t<div class=\"wd-wishlist-btn wd-action-btn wd-style-icon wd-wishlist-icon\">\n\t\t\t\t<a class=\"\" href=\"https:\/\/new.madeinmarruecos.cl\/?page_id=76\" data-key=\"1ca7a93047\" data-product-id=\"2185\" rel=\"nofollow\">\n\t\t\t\t\t<span class=\"wd-action-icon\">\n\t\t\t\t\t\t<span class=\"wd-check-icon\"><\/span>\n\t\t\t\t\t<\/span>\n\t\t\t\t\t<span class=\"wd-action-text\">A\u00f1adir a la lista de deseos<\/span>\n\t\t\t\t<\/a>\n\t\t\t<\/div>\n\t\t\t\t<\/div>\n\t<\/div>\n\n\t<div class=\"product-element-bottom\">\n\n\t\t<div class=\"wd-product-header\">\n\t\t\t<h3 class=\"wd-entities-title\"><a href=\"https:\/\/new.madeinmarruecos.cl\/?product=cojin-de-algodon-azul-y-blanco-con-pompones\">Coj\u00edn de algod\u00f3n azul y blanco con pompones<\/a><\/h3>\n\t\t\t\t\t<\/div>\n\n\t\t\t\t<div class=\"wd-product-cats\">\n\t\t\t\t\t\t<a href=\"https:\/\/new.madeinmarruecos.cl\/?product_cat=cojines\" rel=\"tag\">Cojines<\/a>\t\t<\/div>\n\t\t\n\t\t\n\t\t<div class=\"wrap-price\">\n\t\t\t\n\t<span class=\"price\"><span class=\"woocommerce-Price-amount amount\"><bdi><span class=\"woocommerce-Price-currencySymbol\">&#36;<\/span>30.000<\/bdi><\/span><\/span>\n\n\t\t\t\t\t<\/div>\n\n\t\t\n\t\t\n\t\t\n\t\t\n\t\t<div class=\"wd-product-footer\">\n\t\t\t<div class=\"wd-add-btn wd-add-btn-replace\">\n\t\t\t\t<a href=\"\/index.php?rest_route=%2Fwp%2Fv2%2Fpages%2F62&#038;add-to-cart=2185\"  data-quantity=\"1\" class=\"button product_type_simple add_to_cart_button ajax_add_to_cart add-to-cart-loop\" data-product_id=\"2185\" data-product_sku=\"COJIN-POMPOM-BLANCO-AZUL\" aria-label=\"A\u00f1adir al carrito: &ldquo;Coj\u00edn de algod\u00f3n azul y blanco con pompones&rdquo;\" rel=\"nofollow\" data-success_message=\"\u00abCoj\u00edn de algod\u00f3n azul y blanco con pompones\u00bb se ha a\u00f1adido a tu carrito\" role=\"button\"><span class=\"wd-action-icon\"><span class=\"wd-check-icon\"><\/span><\/span><span class=\"wd-action-text\">A\u00f1adir al carrito<\/span><\/a>\t\t\t<\/div>\n\n\t\t\t\t\t<\/div>\n\t<\/div>\n<\/div>\n<\/div>\n\t\t\t\t\t<\/div>\n\t\t\t\t<div class=\"wd-carousel-item\">\n\t\t\t\t\t\t\t\t\t\t\t<div class=\"wd-product wd-hover-buttons-on-hover product-grid-item product type-product post-2613 status-publish first instock product_cat-cojines product_tag-cojin-cyber-days product_tag-cojin-de-algodon product_tag-cojin-de-pompones product_tag-cojin-m product_tag-cojin-pompom product_tag-cojines-cyber-days product_tag-cojines-deco product_tag-invierno product_tag-mantas-y-cojines has-post-thumbnail purchasable product-type-simple\" data-loop=\"12\" data-id=\"2613\">\n\t\n<div class=\"wd-product-wrapper product-wrapper\">\n\t<div class=\"wd-product-thumb product-element-top wd-quick-shop\">\n\t\t<a href=\"https:\/\/new.madeinmarruecos.cl\/?product=cojin-de-algodon-blanco-con-lineas-y-pompon-azul\" class=\"wd-product-img-link product-image-link\" tabindex=\"-1\" aria-label=\"Coj\u00edn de algod\u00f3n blanco con l\u00edneas y pomp\u00f3n azul\">\n\t\t\t<img loading=\"lazy\" decoding=\"async\" width=\"300\" height=\"300\" src=\"https:\/\/new.madeinmarruecos.cl\/wp-content\/uploads\/2026\/06\/cojin-de-algodon-blanco-con-lineas-y-pompones-azules-3-300x300.jpg\" class=\"attachment-medium size-medium\" alt=\"cojin-de-algodon-blanco-con-lineas-y-pompones-azules-3 cojin-de-algodon-blanco-con-lineas-y-pompones-azules-1 cojin-de-algodon-blanco-con-lineas-y-pompones-azules-2\" srcset=\"https:\/\/new.madeinmarruecos.cl\/wp-content\/uploads\/2026\/06\/cojin-de-algodon-blanco-con-lineas-y-pompones-azules-3-300x300.jpg 300w, https:\/\/new.madeinmarruecos.cl\/wp-content\/uploads\/2026\/06\/cojin-de-algodon-blanco-con-lineas-y-pompones-azules-3-1024x1024.jpg 1024w, https:\/\/new.madeinmarruecos.cl\/wp-content\/uploads\/2026\/06\/cojin-de-algodon-blanco-con-lineas-y-pompones-azules-3-150x150.jpg 150w, https:\/\/new.madeinmarruecos.cl\/wp-content\/uploads\/2026\/06\/cojin-de-algodon-blanco-con-lineas-y-pompones-azules-3-768x768.jpg 768w, https:\/\/new.madeinmarruecos.cl\/wp-content\/uploads\/2026\/06\/cojin-de-algodon-blanco-con-lineas-y-pompones-azules-3-600x600.jpg 600w, https:\/\/new.madeinmarruecos.cl\/wp-content\/uploads\/2026\/06\/cojin-de-algodon-blanco-con-lineas-y-pompones-azules-3-1200x1200.jpg 1200w, https:\/\/new.madeinmarruecos.cl\/wp-content\/uploads\/2026\/06\/cojin-de-algodon-blanco-con-lineas-y-pompones-azules-3.jpg 1500w\" sizes=\"auto, (max-width: 300px) 100vw, 300px\" \/>\t\t<\/a>\n\n\t\t\t\t\t<div class=\"wd-product-img-hover hover-img\">\n\t\t\t\t<img loading=\"lazy\" decoding=\"async\" width=\"300\" height=\"300\" src=\"https:\/\/new.madeinmarruecos.cl\/wp-content\/uploads\/2026\/06\/cojin-de-algodon-blanco-con-lineas-y-pompones-azules-1-300x300.jpg\" class=\"attachment-medium size-medium\" alt=\"\" srcset=\"https:\/\/new.madeinmarruecos.cl\/wp-content\/uploads\/2026\/06\/cojin-de-algodon-blanco-con-lineas-y-pompones-azules-1-300x300.jpg 300w, https:\/\/new.madeinmarruecos.cl\/wp-content\/uploads\/2026\/06\/cojin-de-algodon-blanco-con-lineas-y-pompones-azules-1-1024x1024.jpg 1024w, https:\/\/new.madeinmarruecos.cl\/wp-content\/uploads\/2026\/06\/cojin-de-algodon-blanco-con-lineas-y-pompones-azules-1-150x150.jpg 150w, https:\/\/new.madeinmarruecos.cl\/wp-content\/uploads\/2026\/06\/cojin-de-algodon-blanco-con-lineas-y-pompones-azules-1-768x768.jpg 768w, https:\/\/new.madeinmarruecos.cl\/wp-content\/uploads\/2026\/06\/cojin-de-algodon-blanco-con-lineas-y-pompones-azules-1-600x600.jpg 600w, https:\/\/new.madeinmarruecos.cl\/wp-content\/uploads\/2026\/06\/cojin-de-algodon-blanco-con-lineas-y-pompones-azules-1-1200x1200.jpg 1200w, https:\/\/new.madeinmarruecos.cl\/wp-content\/uploads\/2026\/06\/cojin-de-algodon-blanco-con-lineas-y-pompones-azules-1.jpg 1500w\" sizes=\"auto, (max-width: 300px) 100vw, 300px\" \/>\t\t\t<\/div>\n\t\t\t\n\t\t<div class=\"wd-buttons wd-pos-r-t\">\n\t\t\t\t\t\t<div class=\"wd-wishlist-btn wd-action-btn wd-style-icon wd-wishlist-icon\">\n\t\t\t\t<a class=\"\" href=\"https:\/\/new.madeinmarruecos.cl\/?page_id=76\" data-key=\"1ca7a93047\" data-product-id=\"2613\" rel=\"nofollow\">\n\t\t\t\t\t<span class=\"wd-action-icon\">\n\t\t\t\t\t\t<span class=\"wd-check-icon\"><\/span>\n\t\t\t\t\t<\/span>\n\t\t\t\t\t<span class=\"wd-action-text\">A\u00f1adir a la lista de deseos<\/span>\n\t\t\t\t<\/a>\n\t\t\t<\/div>\n\t\t\t\t<\/div>\n\t<\/div>\n\n\t<div class=\"product-element-bottom\">\n\n\t\t<div class=\"wd-product-header\">\n\t\t\t<h3 class=\"wd-entities-title\"><a href=\"https:\/\/new.madeinmarruecos.cl\/?product=cojin-de-algodon-blanco-con-lineas-y-pompon-azul\">Coj\u00edn de algod\u00f3n blanco con l\u00edneas y pomp\u00f3n azul<\/a><\/h3>\n\t\t\t\t\t<\/div>\n\n\t\t\t\t<div class=\"wd-product-cats\">\n\t\t\t\t\t\t<a href=\"https:\/\/new.madeinmarruecos.cl\/?product_cat=cojines\" rel=\"tag\">Cojines<\/a>\t\t<\/div>\n\t\t\n\t\t\n\t\t<div class=\"wrap-price\">\n\t\t\t\n\t<span class=\"price\"><span class=\"woocommerce-Price-amount amount\"><bdi><span class=\"woocommerce-Price-currencySymbol\">&#36;<\/span>30.000<\/bdi><\/span><\/span>\n\n\t\t\t\t\t<\/div>\n\n\t\t\n\t\t\n\t\t\n\t\t\n\t\t<div class=\"wd-product-footer\">\n\t\t\t<div class=\"wd-add-btn wd-add-btn-replace\">\n\t\t\t\t<a href=\"\/index.php?rest_route=%2Fwp%2Fv2%2Fpages%2F62&#038;add-to-cart=2613\"  data-quantity=\"1\" class=\"button product_type_simple add_to_cart_button ajax_add_to_cart add-to-cart-loop\" data-product_id=\"2613\" data-product_sku=\"COJIN-POMPOM-AZUL-LIN-AZUL\" aria-label=\"A\u00f1adir al carrito: &ldquo;Coj\u00edn de algod\u00f3n blanco con l\u00edneas y pomp\u00f3n azul&rdquo;\" rel=\"nofollow\" data-success_message=\"\u00abCoj\u00edn de algod\u00f3n blanco con l\u00edneas y pomp\u00f3n azul\u00bb se ha a\u00f1adido a tu carrito\" role=\"button\"><span class=\"wd-action-icon\"><span class=\"wd-check-icon\"><\/span><\/span><span class=\"wd-action-text\">A\u00f1adir al carrito<\/span><\/a>\t\t\t<\/div>\n\n\t\t\t\t\t<\/div>\n\t<\/div>\n<\/div>\n<\/div>\n\t\t\t\t\t<\/div>\n\t\t\t\t\t\t\t\t<\/div>\n\t\t\t\t\t<\/div>\n\n\t\t\t\t\t\t\t<div class=\"wd-nav-arrows wd-pos-sep wd-hover-1 wd-icon-1\">\n\t\t\t<div class=\"wd-btn-arrow wd-prev wd-disabled\">\n\t\t\t\t<div class=\"wd-arrow-inner\"><\/div>\n\t\t\t<\/div>\n\t\t\t<div class=\"wd-btn-arrow wd-next\">\n\t\t\t\t<div class=\"wd-arrow-inner\"><\/div>\n\t\t\t<\/div>\n\t\t<\/div>\n\t\t\t\t\t\t<\/div>\n\n\t\t\t\t\t\t\t\t\t\t\t\t\t<div class=\"wd-nav-scroll\"><\/div>\n\t\t\t\t\t<\/div>\n\t\t\t\t\t\t","protected":false},"excerpt":{"rendered":"","protected":false},"author":1,"featured_media":0,"parent":0,"menu_order":0,"comment_status":"closed","ping_status":"closed","template":"","meta":{"footnotes":""},"class_list":["post-62","page","type-page","status-publish","hentry"],"yoast_head":"<!-- This site is optimized with the Yoast SEO plugin v27.8 - https:\/\/yoast.com\/product\/yoast-seo-wordpress\/ -->\n<title>Inicio - Made in Marruecos<\/title>\n<meta name=\"robots\" content=\"noindex, follow, max-snippet:-1, max-image-preview:large, max-video-preview:-1\" \/>\n<meta property=\"og:locale\" content=\"es_ES\" \/>\n<meta property=\"og:type\" content=\"article\" \/>\n<meta property=\"og:title\" content=\"Inicio - Made in Marruecos\" \/>\n<meta property=\"og:url\" content=\"https:\/\/new.madeinmarruecos.cl\/\" \/>\n<meta property=\"og:site_name\" content=\"Made in Marruecos\" \/>\n<meta property=\"article:modified_time\" content=\"2026-06-18T16:54:21+00:00\" \/>\n<meta property=\"og:image\" content=\"https:\/\/new.madeinmarruecos.cl\/wp-content\/uploads\/2024\/08\/vg-slider-1-label.svg\" \/>\n<meta name=\"twitter:card\" content=\"summary_large_image\" \/>\n<meta name=\"twitter:label1\" content=\"Tiempo de lectura\" \/>\n\t<meta name=\"twitter:data1\" content=\"4 minutos\" \/>\n<script type=\"application\/ld+json\" class=\"yoast-schema-graph\">{\"@context\":\"https:\\\/\\\/schema.org\",\"@graph\":[{\"@type\":\"WebPage\",\"@id\":\"https:\\\/\\\/new.madeinmarruecos.cl\\\/\",\"url\":\"https:\\\/\\\/new.madeinmarruecos.cl\\\/\",\"name\":\"Inicio - Made in Marruecos\",\"isPartOf\":{\"@id\":\"https:\\\/\\\/new.madeinmarruecos.cl\\\/#website\"},\"primaryImageOfPage\":{\"@id\":\"https:\\\/\\\/new.madeinmarruecos.cl\\\/#primaryimage\"},\"image\":{\"@id\":\"https:\\\/\\\/new.madeinmarruecos.cl\\\/#primaryimage\"},\"thumbnailUrl\":\"https:\\\/\\\/new.madeinmarruecos.cl\\\/wp-content\\\/uploads\\\/2024\\\/08\\\/vg-slider-1-label.svg\",\"datePublished\":\"2024-08-05T09:40:36+00:00\",\"dateModified\":\"2026-06-18T16:54:21+00:00\",\"breadcrumb\":{\"@id\":\"https:\\\/\\\/new.madeinmarruecos.cl\\\/#breadcrumb\"},\"inLanguage\":\"es\",\"potentialAction\":[{\"@type\":\"ReadAction\",\"target\":[\"https:\\\/\\\/new.madeinmarruecos.cl\\\/\"]}]},{\"@type\":\"ImageObject\",\"inLanguage\":\"es\",\"@id\":\"https:\\\/\\\/new.madeinmarruecos.cl\\\/#primaryimage\",\"url\":\"https:\\\/\\\/new.madeinmarruecos.cl\\\/wp-content\\\/uploads\\\/2024\\\/08\\\/vg-slider-1-label.svg\",\"contentUrl\":\"https:\\\/\\\/new.madeinmarruecos.cl\\\/wp-content\\\/uploads\\\/2024\\\/08\\\/vg-slider-1-label.svg\"},{\"@type\":\"BreadcrumbList\",\"@id\":\"https:\\\/\\\/new.madeinmarruecos.cl\\\/#breadcrumb\",\"itemListElement\":[{\"@type\":\"ListItem\",\"position\":1,\"name\":\"Portada\",\"item\":\"https:\\\/\\\/new.madeinmarruecos.cl\\\/\"},{\"@type\":\"ListItem\",\"position\":2,\"name\":\"Inicio\"}]},{\"@type\":\"WebSite\",\"@id\":\"https:\\\/\\\/new.madeinmarruecos.cl\\\/#website\",\"url\":\"https:\\\/\\\/new.madeinmarruecos.cl\\\/\",\"name\":\"Made in Marruecos\",\"description\":\"\",\"potentialAction\":[{\"@type\":\"SearchAction\",\"target\":{\"@type\":\"EntryPoint\",\"urlTemplate\":\"https:\\\/\\\/new.madeinmarruecos.cl\\\/?s={search_term_string}\"},\"query-input\":{\"@type\":\"PropertyValueSpecification\",\"valueRequired\":true,\"valueName\":\"search_term_string\"}}],\"inLanguage\":\"es\"}]}<\/script>\n<!-- \/ Yoast SEO plugin. -->","yoast_head_json":{"title":"Inicio - Made in Marruecos","robots":{"index":"noindex","follow":"follow","max-snippet":"max-snippet:-1","max-image-preview":"max-image-preview:large","max-video-preview":"max-video-preview:-1"},"og_locale":"es_ES","og_type":"article","og_title":"Inicio - Made in Marruecos","og_url":"https:\/\/new.madeinmarruecos.cl\/","og_site_name":"Made in Marruecos","article_modified_time":"2026-06-18T16:54:21+00:00","og_image":[{"url":"https:\/\/new.madeinmarruecos.cl\/wp-content\/uploads\/2024\/08\/vg-slider-1-label.svg","type":"","width":"","height":""}],"twitter_card":"summary_large_image","twitter_misc":{"Tiempo de lectura":"4 minutos"},"schema":{"@context":"https:\/\/schema.org","@graph":[{"@type":"WebPage","@id":"https:\/\/new.madeinmarruecos.cl\/","url":"https:\/\/new.madeinmarruecos.cl\/","name":"Inicio - Made in Marruecos","isPartOf":{"@id":"https:\/\/new.madeinmarruecos.cl\/#website"},"primaryImageOfPage":{"@id":"https:\/\/new.madeinmarruecos.cl\/#primaryimage"},"image":{"@id":"https:\/\/new.madeinmarruecos.cl\/#primaryimage"},"thumbnailUrl":"https:\/\/new.madeinmarruecos.cl\/wp-content\/uploads\/2024\/08\/vg-slider-1-label.svg","datePublished":"2024-08-05T09:40:36+00:00","dateModified":"2026-06-18T16:54:21+00:00","breadcrumb":{"@id":"https:\/\/new.madeinmarruecos.cl\/#breadcrumb"},"inLanguage":"es","potentialAction":[{"@type":"ReadAction","target":["https:\/\/new.madeinmarruecos.cl\/"]}]},{"@type":"ImageObject","inLanguage":"es","@id":"https:\/\/new.madeinmarruecos.cl\/#primaryimage","url":"https:\/\/new.madeinmarruecos.cl\/wp-content\/uploads\/2024\/08\/vg-slider-1-label.svg","contentUrl":"https:\/\/new.madeinmarruecos.cl\/wp-content\/uploads\/2024\/08\/vg-slider-1-label.svg"},{"@type":"BreadcrumbList","@id":"https:\/\/new.madeinmarruecos.cl\/#breadcrumb","itemListElement":[{"@type":"ListItem","position":1,"name":"Portada","item":"https:\/\/new.madeinmarruecos.cl\/"},{"@type":"ListItem","position":2,"name":"Inicio"}]},{"@type":"WebSite","@id":"https:\/\/new.madeinmarruecos.cl\/#website","url":"https:\/\/new.madeinmarruecos.cl\/","name":"Made in Marruecos","description":"","potentialAction":[{"@type":"SearchAction","target":{"@type":"EntryPoint","urlTemplate":"https:\/\/new.madeinmarruecos.cl\/?s={search_term_string}"},"query-input":{"@type":"PropertyValueSpecification","valueRequired":true,"valueName":"search_term_string"}}],"inLanguage":"es"}]}},"_links":{"self":[{"href":"https:\/\/new.madeinmarruecos.cl\/index.php?rest_route=\/wp\/v2\/pages\/62","targetHints":{"allow":["GET"]}}],"collection":[{"href":"https:\/\/new.madeinmarruecos.cl\/index.php?rest_route=\/wp\/v2\/pages"}],"about":[{"href":"https:\/\/new.madeinmarruecos.cl\/index.php?rest_route=\/wp\/v2\/types\/page"}],"author":[{"embeddable":true,"href":"https:\/\/new.madeinmarruecos.cl\/index.php?rest_route=\/wp\/v2\/users\/1"}],"replies":[{"embeddable":true,"href":"https:\/\/new.madeinmarruecos.cl\/index.php?rest_route=%2Fwp%2Fv2%2Fcomments&post=62"}],"version-history":[{"count":4,"href":"https:\/\/new.madeinmarruecos.cl\/index.php?rest_route=\/wp\/v2\/pages\/62\/revisions"}],"predecessor-version":[{"id":7890,"href":"https:\/\/new.madeinmarruecos.cl\/index.php?rest_route=\/wp\/v2\/pages\/62\/revisions\/7890"}],"wp:attachment":[{"href":"https:\/\/new.madeinmarruecos.cl\/index.php?rest_route=%2Fwp%2Fv2%2Fmedia&parent=62"}],"curies":[{"name":"wp","href":"https:\/\/api.w.org\/{rel}","templated":true}]}}